{"id":27090,"date":"2025-10-11T20:08:59","date_gmt":"2025-10-11T20:08:59","guid":{"rendered":"https:\/\/climbat.com\/?page_id=27090"},"modified":"2025-10-28T12:44:42","modified_gmt":"2025-10-28T12:44:42","slug":"noticies-la-foixarda","status":"publish","type":"page","link":"https:\/\/climbat.com\/ca\/noticies-la-foixarda\/","title":{"rendered":"Not\u00edcies La Foixarda"},"content":{"rendered":"<div class=\"wpb-content-wrapper\"><section data-vc-full-width=\"true\" data-vc-full-width-init=\"false\" class=\"vc_row wpb_row vc_row-fluid   pofo-stretch-content pofo-stretch-row-container\"><div class=\"wpb_column vc_column_container vc_col-sm-12  col-xs-mobile-fullwidth\"><div class=\"vc_column-inner \"><div class=\"wpb_wrapper\"><div class=\"last-paragraph-no-margin\"><div class=\"pofo-blog-clean\">    <div class=\"col-3-nth-item gutter-medium blog-post-gutter\">        <div class=\"blog-style7-1  margin-60px-bottom sm-margin-30px-bottom xs-margin-15px-bottom col-md-4 col-sm-6 col-xs-12 \">            <div class=\"post-23460 post type-post status-publish format-image has-post-thumbnail new-cajetilla-blanca\">                <div class=\"blog-post blog-post-style2 xs-text-center\">                    <div class=\"blog-post-images overflow-hidden margin-25px-bottom xs-margin-15px-bottom\"><a href=\"https:\/\/climbat.com\/ca\/lliga-infantil-climbat-final-2025-2026\/\"><img width=\"1156\" height=\"771\" src=\"https:\/\/climbat.com\/wp-content\/uploads\/2026\/04\/LIGA-INFANTIL-CLIMBAT-1156x771.jpeg\" class=\"attachment-post-thumbnail size-post-thumbnail wp-post-image\" alt=\"Ni\u00f1os practicando escalada en roc\u00f3dromo Climbat durante actividad infantil guiada\" decoding=\"async\" srcset=\"https:\/\/climbat.com\/wp-content\/uploads\/2026\/04\/LIGA-INFANTIL-CLIMBAT-1156x771.jpeg 1156w, https:\/\/climbat.com\/wp-content\/uploads\/2026\/04\/LIGA-INFANTIL-CLIMBAT-300x200.jpeg 300w, https:\/\/climbat.com\/wp-content\/uploads\/2026\/04\/LIGA-INFANTIL-CLIMBAT-1024x683.jpeg 1024w, https:\/\/climbat.com\/wp-content\/uploads\/2026\/04\/LIGA-INFANTIL-CLIMBAT-768x512.jpeg 768w, https:\/\/climbat.com\/wp-content\/uploads\/2026\/04\/LIGA-INFANTIL-CLIMBAT-1536x1024.jpeg 1536w, https:\/\/climbat.com\/wp-content\/uploads\/2026\/04\/LIGA-INFANTIL-CLIMBAT-120x80.jpeg 120w, https:\/\/climbat.com\/wp-content\/uploads\/2026\/04\/LIGA-INFANTIL-CLIMBAT-81x54.jpeg 81w, https:\/\/climbat.com\/wp-content\/uploads\/2026\/04\/LIGA-INFANTIL-CLIMBAT.jpeg 1600w\" sizes=\"(max-width: 1156px) 100vw, 1156px\" \/><\/a><\/div>                   \t\t<div class=\"post-details pofo-post-description\">  \t\t\t\t\t\t<div class=\"novedad-title-container\"><a href=\"https:\/\/climbat.com\/ca\/lliga-infantil-climbat-final-2025-2026\/\" class=\"title-novedad-post\">LA LLIGA INFANTIL CLIMBAT POSA EL PUNT FINAL A LA SEVA EDICI\u00d3 2025\u20112026<\/a><\/div>                        <div class=\"entry-content margin-10px-bottom\"                            style=\"font-size: 16px; font-weight: 400; color: #000000;\" data-fontsize=\"16px\">El diumenge 19 d\u2019abril va tenir lloc la tercera i \u00faltima jornada de la Lliga...<\/div>                        <div class=\"separator-line-horrizontal-full bg-medium-light-gray no-margin-top margin-20px-bottom xs-margin-15px-bottom\"                            style=\"background-color:#000;\"><\/div>                            <a href=\"https:\/\/climbat.com\/ca\/lliga-infantil-climbat-final-2025-2026\/\"                            class=\"btn-black btn no-margin white-space-normal btn-small\">Llegir m\u00e9s<\/a>                    <\/div>                <\/div>            <\/div>        <\/div>        <div class=\"blog-style7-1  margin-60px-bottom sm-margin-30px-bottom xs-margin-15px-bottom col-md-4 col-sm-6 col-xs-12 \">            <div class=\"post-23460 post type-post status-publish format-image has-post-thumbnail new-cajetilla-blanca\">                <div class=\"blog-post blog-post-style2 xs-text-center\">                    <div class=\"blog-post-images overflow-hidden margin-25px-bottom xs-margin-15px-bottom\"><a href=\"https:\/\/climbat.com\/ca\/climbat-kombat-2026-open-bloc-barcelona\/\"><img width=\"1044\" height=\"771\" src=\"https:\/\/climbat.com\/wp-content\/uploads\/2026\/03\/NDP_KOMBAT26_11-1044x771.jpeg\" class=\"attachment-post-thumbnail size-post-thumbnail wp-post-image\" alt=\"Ana Bel\u00e9n Argudo y H\u00e9ctor Baz\u00e1n ganadores del Climbat Kombat con premio de 1000\u20ac en competici\u00f3n de escalada\" decoding=\"async\" srcset=\"https:\/\/climbat.com\/wp-content\/uploads\/2026\/03\/NDP_KOMBAT26_11-1044x771.jpeg 1044w, https:\/\/climbat.com\/wp-content\/uploads\/2026\/03\/NDP_KOMBAT26_11-300x222.jpeg 300w, https:\/\/climbat.com\/wp-content\/uploads\/2026\/03\/NDP_KOMBAT26_11-1024x756.jpeg 1024w, https:\/\/climbat.com\/wp-content\/uploads\/2026\/03\/NDP_KOMBAT26_11-768x567.jpeg 768w, https:\/\/climbat.com\/wp-content\/uploads\/2026\/03\/NDP_KOMBAT26_11-120x89.jpeg 120w, https:\/\/climbat.com\/wp-content\/uploads\/2026\/03\/NDP_KOMBAT26_11-81x60.jpeg 81w, https:\/\/climbat.com\/wp-content\/uploads\/2026\/03\/NDP_KOMBAT26_11.jpeg 1381w\" sizes=\"(max-width: 1044px) 100vw, 1044px\" \/><\/a><\/div>                   \t\t<div class=\"post-details pofo-post-description\">  \t\t\t\t\t\t<div class=\"novedad-title-container\"><a href=\"https:\/\/climbat.com\/ca\/climbat-kombat-2026-open-bloc-barcelona\/\" class=\"title-novedad-post\">ANA BEL\u00c9N ARGUDO I H\u00c9CTOR BAZ\u00c1N GUANYEN EL CLIMBAT KOMBAT EN UNA JORNADA AMB M\u00c9S DE 300 PARTICIPANTS A L&#8217;OPEN BLOC CIUTAT DE BARCELONA<\/a><\/div>                        <div class=\"entry-content margin-10px-bottom\"                            style=\"font-size: 16px; font-weight: 400; color: #000000;\" data-fontsize=\"16px\">El CEM d\u2019Escalada Climbat La Foixarda va viure una jornada per al record amb m\u00e9s...<\/div>                        <div class=\"separator-line-horrizontal-full bg-medium-light-gray no-margin-top margin-20px-bottom xs-margin-15px-bottom\"                            style=\"background-color:#000;\"><\/div>                            <a href=\"https:\/\/climbat.com\/ca\/climbat-kombat-2026-open-bloc-barcelona\/\"                            class=\"btn-black btn no-margin white-space-normal btn-small\">Llegir m\u00e9s<\/a>                    <\/div>                <\/div>            <\/div>        <\/div>        <div class=\"blog-style7-1  margin-60px-bottom sm-margin-30px-bottom xs-margin-15px-bottom col-md-4 col-sm-6 col-xs-12 \">            <div class=\"post-23460 post type-post status-publish format-image has-post-thumbnail new-cajetilla-blanca\">                <div class=\"blog-post blog-post-style2 xs-text-center\">                    <div class=\"blog-post-images overflow-hidden margin-25px-bottom xs-margin-15px-bottom\"><a href=\"https:\/\/climbat.com\/ca\/online-days-climbat-bono-5-sessions-2-entrades-extra\/\"><img width=\"1200\" height=\"675\" src=\"https:\/\/climbat.com\/wp-content\/uploads\/2026\/03\/TV_ONLINEDAYS_ABRIL_CLIMBAT_CAT_LOW-1200x675.jpeg\" class=\"attachment-post-thumbnail size-post-thumbnail wp-post-image\" alt=\"Promoci\u00f3 Online Days Climbat 2026 amb bono de 5 sessions online i 2 entrades extra als centres d\u2019escalada indoor\" decoding=\"async\" srcset=\"https:\/\/climbat.com\/wp-content\/uploads\/2026\/03\/TV_ONLINEDAYS_ABRIL_CLIMBAT_CAT_LOW-1200x675.jpeg 1200w, https:\/\/climbat.com\/wp-content\/uploads\/2026\/03\/TV_ONLINEDAYS_ABRIL_CLIMBAT_CAT_LOW-300x169.jpeg 300w, https:\/\/climbat.com\/wp-content\/uploads\/2026\/03\/TV_ONLINEDAYS_ABRIL_CLIMBAT_CAT_LOW-1024x576.jpeg 1024w, https:\/\/climbat.com\/wp-content\/uploads\/2026\/03\/TV_ONLINEDAYS_ABRIL_CLIMBAT_CAT_LOW-768x432.jpeg 768w, https:\/\/climbat.com\/wp-content\/uploads\/2026\/03\/TV_ONLINEDAYS_ABRIL_CLIMBAT_CAT_LOW-1536x864.jpeg 1536w, https:\/\/climbat.com\/wp-content\/uploads\/2026\/03\/TV_ONLINEDAYS_ABRIL_CLIMBAT_CAT_LOW-120x68.jpeg 120w, https:\/\/climbat.com\/wp-content\/uploads\/2026\/03\/TV_ONLINEDAYS_ABRIL_CLIMBAT_CAT_LOW-81x46.jpeg 81w, https:\/\/climbat.com\/wp-content\/uploads\/2026\/03\/TV_ONLINEDAYS_ABRIL_CLIMBAT_CAT_LOW.jpeg 1600w\" sizes=\"(max-width: 1200px) 100vw, 1200px\" \/><\/a><\/div>                   \t\t<div class=\"post-details pofo-post-description\">  \t\t\t\t\t\t<div class=\"novedad-title-container\"><a href=\"https:\/\/climbat.com\/ca\/online-days-climbat-bono-5-sessions-2-entrades-extra\/\" class=\"title-novedad-post\">ONLINE DAYS<\/a><\/div>                        <div class=\"entry-content margin-10px-bottom\"                            style=\"font-size: 16px; font-weight: 400; color: #000000;\" data-fontsize=\"16px\">Online Days a Climbat: compra 5 sessions online i emporta\u2019t 2 entrades extra Del 13...<\/div>                        <div class=\"separator-line-horrizontal-full bg-medium-light-gray no-margin-top margin-20px-bottom xs-margin-15px-bottom\"                            style=\"background-color:#000;\"><\/div>                            <a href=\"https:\/\/climbat.com\/ca\/online-days-climbat-bono-5-sessions-2-entrades-extra\/\"                            class=\"btn-black btn no-margin white-space-normal btn-small\">Llegir m\u00e9s<\/a>                    <\/div>                <\/div>            <\/div>        <\/div>        <div class=\"blog-style7-1  margin-60px-bottom sm-margin-30px-bottom xs-margin-15px-bottom col-md-4 col-sm-6 col-xs-12 \">            <div class=\"post-23460 post type-post status-publish format-image has-post-thumbnail new-cajetilla-blanca\">                <div class=\"blog-post blog-post-style2 xs-text-center\">                    <div class=\"blog-post-images overflow-hidden margin-25px-bottom xs-margin-15px-bottom\"><a href=\"https:\/\/climbat.com\/ca\/promo-trimestral-climbat-abril\/\"><img width=\"1200\" height=\"675\" src=\"https:\/\/climbat.com\/wp-content\/uploads\/2026\/03\/TV-CAT_TRIMESTRAL-1200x675.jpg\" class=\"attachment-post-thumbnail size-post-thumbnail wp-post-image\" alt=\"Promo Trimestral Climbat amb sessi\u00f3 de descobriment inclosa\" decoding=\"async\" srcset=\"https:\/\/climbat.com\/wp-content\/uploads\/2026\/03\/TV-CAT_TRIMESTRAL-1200x675.jpg 1200w, https:\/\/climbat.com\/wp-content\/uploads\/2026\/03\/TV-CAT_TRIMESTRAL-300x169.jpg 300w, https:\/\/climbat.com\/wp-content\/uploads\/2026\/03\/TV-CAT_TRIMESTRAL-1024x576.jpg 1024w, https:\/\/climbat.com\/wp-content\/uploads\/2026\/03\/TV-CAT_TRIMESTRAL-768x432.jpg 768w, https:\/\/climbat.com\/wp-content\/uploads\/2026\/03\/TV-CAT_TRIMESTRAL-1536x864.jpg 1536w, https:\/\/climbat.com\/wp-content\/uploads\/2026\/03\/TV-CAT_TRIMESTRAL-120x68.jpg 120w, https:\/\/climbat.com\/wp-content\/uploads\/2026\/03\/TV-CAT_TRIMESTRAL-81x46.jpg 81w, https:\/\/climbat.com\/wp-content\/uploads\/2026\/03\/TV-CAT_TRIMESTRAL.jpg 1920w\" sizes=\"(max-width: 1200px) 100vw, 1200px\" \/><\/a><\/div>                   \t\t<div class=\"post-details pofo-post-description\">  \t\t\t\t\t\t<div class=\"novedad-title-container\"><a href=\"https:\/\/climbat.com\/ca\/promo-trimestral-climbat-abril\/\" class=\"title-novedad-post\">PROMO TRIMESTRAL<\/a><\/div>                        <div class=\"entry-content margin-10px-bottom\"                            style=\"font-size: 16px; font-weight: 400; color: #000000;\" data-fontsize=\"16px\">Promo Trimestral: aquest abril comen\u00e7a a escalar amb un regal especial Aquest mes d\u2019abril arriba...<\/div>                        <div class=\"separator-line-horrizontal-full bg-medium-light-gray no-margin-top margin-20px-bottom xs-margin-15px-bottom\"                            style=\"background-color:#000;\"><\/div>                            <a href=\"https:\/\/climbat.com\/ca\/promo-trimestral-climbat-abril\/\"                            class=\"btn-black btn no-margin white-space-normal btn-small\">Llegir m\u00e9s<\/a>                    <\/div>                <\/div>            <\/div>        <\/div>        <div class=\"blog-style7-1  margin-60px-bottom sm-margin-30px-bottom xs-margin-15px-bottom col-md-4 col-sm-6 col-xs-12 \">            <div class=\"post-23460 post type-post status-publish format-image has-post-thumbnail new-cajetilla-blanca\">                <div class=\"blog-post blog-post-style2 xs-text-center\">                    <div class=\"blog-post-images overflow-hidden margin-25px-bottom xs-margin-15px-bottom\"><a href=\"https:\/\/climbat.com\/ca\/summer-festival-2026-climbat\/\"><img width=\"1200\" height=\"675\" src=\"https:\/\/climbat.com\/wp-content\/uploads\/2026\/03\/TV-CAT_SUMMER-1200x675.jpg\" class=\"attachment-post-thumbnail size-post-thumbnail wp-post-image\" alt=\"Cartell del Summer Festival 2026 amb informaci\u00f3 de l\u2019open d\u2019escalada del 9 de maig.\" decoding=\"async\" srcset=\"https:\/\/climbat.com\/wp-content\/uploads\/2026\/03\/TV-CAT_SUMMER-1200x675.jpg 1200w, https:\/\/climbat.com\/wp-content\/uploads\/2026\/03\/TV-CAT_SUMMER-300x169.jpg 300w, https:\/\/climbat.com\/wp-content\/uploads\/2026\/03\/TV-CAT_SUMMER-1024x576.jpg 1024w, https:\/\/climbat.com\/wp-content\/uploads\/2026\/03\/TV-CAT_SUMMER-768x432.jpg 768w, https:\/\/climbat.com\/wp-content\/uploads\/2026\/03\/TV-CAT_SUMMER-1536x864.jpg 1536w, https:\/\/climbat.com\/wp-content\/uploads\/2026\/03\/TV-CAT_SUMMER-120x68.jpg 120w, https:\/\/climbat.com\/wp-content\/uploads\/2026\/03\/TV-CAT_SUMMER-81x46.jpg 81w, https:\/\/climbat.com\/wp-content\/uploads\/2026\/03\/TV-CAT_SUMMER.jpg 1920w\" sizes=\"(max-width: 1200px) 100vw, 1200px\" \/><\/a><\/div>                   \t\t<div class=\"post-details pofo-post-description\">  \t\t\t\t\t\t<div class=\"novedad-title-container\"><a href=\"https:\/\/climbat.com\/ca\/summer-festival-2026-climbat\/\" class=\"title-novedad-post\">SUMMER FESTIVAL<\/a><\/div>                        <div class=\"entry-content margin-10px-bottom\"                            style=\"font-size: 16px; font-weight: 400; color: #000000;\" data-fontsize=\"16px\">Summer Festival 2026: l\u2019open d\u2019escalada arriba el 9 de maig a Climbat El Summer Festival...<\/div>                        <div class=\"separator-line-horrizontal-full bg-medium-light-gray no-margin-top margin-20px-bottom xs-margin-15px-bottom\"                            style=\"background-color:#000;\"><\/div>                            <a href=\"https:\/\/climbat.com\/ca\/summer-festival-2026-climbat\/\"                            class=\"btn-black btn no-margin white-space-normal btn-small\">Llegir m\u00e9s<\/a>                    <\/div>                <\/div>            <\/div>        <\/div>        <div class=\"blog-style7-1  margin-60px-bottom sm-margin-30px-bottom xs-margin-15px-bottom col-md-4 col-sm-6 col-xs-12 \">            <div class=\"post-23460 post type-post status-publish format-image has-post-thumbnail new-cajetilla-blanca\">                <div class=\"blog-post blog-post-style2 xs-text-center\">                    <div class=\"blog-post-images overflow-hidden margin-25px-bottom xs-margin-15px-bottom\"><a href=\"https:\/\/climbat.com\/ca\/climbat-20-aniversari-descompte-marc\/\"><img width=\"1200\" height=\"675\" src=\"https:\/\/climbat.com\/wp-content\/uploads\/2026\/02\/TV_PROMO20_CAT_LOW-1200x675.jpeg\" class=\"attachment-post-thumbnail size-post-thumbnail wp-post-image\" alt=\"20 aniversari Climbat amb 20% de descompte en entrades i bons online d\u2019escalada\" decoding=\"async\" srcset=\"https:\/\/climbat.com\/wp-content\/uploads\/2026\/02\/TV_PROMO20_CAT_LOW-1200x675.jpeg 1200w, https:\/\/climbat.com\/wp-content\/uploads\/2026\/02\/TV_PROMO20_CAT_LOW-300x169.jpeg 300w, https:\/\/climbat.com\/wp-content\/uploads\/2026\/02\/TV_PROMO20_CAT_LOW-1024x576.jpeg 1024w, https:\/\/climbat.com\/wp-content\/uploads\/2026\/02\/TV_PROMO20_CAT_LOW-768x432.jpeg 768w, https:\/\/climbat.com\/wp-content\/uploads\/2026\/02\/TV_PROMO20_CAT_LOW-1536x864.jpeg 1536w, https:\/\/climbat.com\/wp-content\/uploads\/2026\/02\/TV_PROMO20_CAT_LOW-120x68.jpeg 120w, https:\/\/climbat.com\/wp-content\/uploads\/2026\/02\/TV_PROMO20_CAT_LOW-81x46.jpeg 81w, https:\/\/climbat.com\/wp-content\/uploads\/2026\/02\/TV_PROMO20_CAT_LOW.jpeg 1600w\" sizes=\"(max-width: 1200px) 100vw, 1200px\" \/><\/a><\/div>                   \t\t<div class=\"post-details pofo-post-description\">  \t\t\t\t\t\t<div class=\"novedad-title-container\"><a href=\"https:\/\/climbat.com\/ca\/climbat-20-aniversari-descompte-marc\/\" class=\"title-novedad-post\">PROMO 20 ANYS CLIMBAT<\/a><\/div>                        <div class=\"entry-content margin-10px-bottom\"                            style=\"font-size: 16px; font-weight: 400; color: #000000;\" data-fontsize=\"16px\">Climbat\u00a0fa 20 anys: dues d\u00e8cades impulsant l'escalada i la comunitat\u00a0 Aquest 2026, a Climbat celebrem...<\/div>                        <div class=\"separator-line-horrizontal-full bg-medium-light-gray no-margin-top margin-20px-bottom xs-margin-15px-bottom\"                            style=\"background-color:#000;\"><\/div>                            <a href=\"https:\/\/climbat.com\/ca\/climbat-20-aniversari-descompte-marc\/\"                            class=\"btn-black btn no-margin white-space-normal btn-small\">Llegir m\u00e9s<\/a>                    <\/div>                <\/div>            <\/div>        <\/div>        <div class=\"blog-style7-1  margin-60px-bottom sm-margin-30px-bottom xs-margin-15px-bottom col-md-4 col-sm-6 col-xs-12 \">            <div class=\"post-23460 post type-post status-publish format-image has-post-thumbnail new-cajetilla-blanca\">                <div class=\"blog-post blog-post-style2 xs-text-center\">                    <div class=\"blog-post-images overflow-hidden margin-25px-bottom xs-margin-15px-bottom\"><a href=\"https:\/\/climbat.com\/ca\/escalada-en-familia-beneficis-climbat\/\"><img width=\"1200\" height=\"675\" src=\"https:\/\/climbat.com\/wp-content\/uploads\/2026\/02\/TV_CLIMBAT_DIADELPADRE_CAT-1200x675.jpg\" class=\"attachment-post-thumbnail size-post-thumbnail wp-post-image\" alt=\"Promoci\u00f3 Dia del Pare a Climbat: escalada en fam\u00edlia amb entrada infantil i entrada d\u2019adult gratu\u00efta el 19 de mar\u00e7.\" decoding=\"async\" srcset=\"https:\/\/climbat.com\/wp-content\/uploads\/2026\/02\/TV_CLIMBAT_DIADELPADRE_CAT-1200x675.jpg 1200w, https:\/\/climbat.com\/wp-content\/uploads\/2026\/02\/TV_CLIMBAT_DIADELPADRE_CAT-300x169.jpg 300w, https:\/\/climbat.com\/wp-content\/uploads\/2026\/02\/TV_CLIMBAT_DIADELPADRE_CAT-1024x576.jpg 1024w, https:\/\/climbat.com\/wp-content\/uploads\/2026\/02\/TV_CLIMBAT_DIADELPADRE_CAT-768x432.jpg 768w, https:\/\/climbat.com\/wp-content\/uploads\/2026\/02\/TV_CLIMBAT_DIADELPADRE_CAT-1536x864.jpg 1536w, https:\/\/climbat.com\/wp-content\/uploads\/2026\/02\/TV_CLIMBAT_DIADELPADRE_CAT-120x68.jpg 120w, https:\/\/climbat.com\/wp-content\/uploads\/2026\/02\/TV_CLIMBAT_DIADELPADRE_CAT-81x46.jpg 81w, https:\/\/climbat.com\/wp-content\/uploads\/2026\/02\/TV_CLIMBAT_DIADELPADRE_CAT.jpg 1920w\" sizes=\"(max-width: 1200px) 100vw, 1200px\" \/><\/a><\/div>                   \t\t<div class=\"post-details pofo-post-description\">  \t\t\t\t\t\t<div class=\"novedad-title-container\"><a href=\"https:\/\/climbat.com\/ca\/escalada-en-familia-beneficis-climbat\/\" class=\"title-novedad-post\">ESCALA EN FAM\u00cdLIA<\/a><\/div>                        <div class=\"entry-content margin-10px-bottom\"                            style=\"font-size: 16px; font-weight: 400; color: #000000;\" data-fontsize=\"16px\">Escalar en fam\u00edlia: l\u2019aventura que enforteix vincles i crea records per a tota la vida...<\/div>                        <div class=\"separator-line-horrizontal-full bg-medium-light-gray no-margin-top margin-20px-bottom xs-margin-15px-bottom\"                            style=\"background-color:#000;\"><\/div>                            <a href=\"https:\/\/climbat.com\/ca\/escalada-en-familia-beneficis-climbat\/\"                            class=\"btn-black btn no-margin white-space-normal btn-small\">Llegir m\u00e9s<\/a>                    <\/div>                <\/div>            <\/div>        <\/div>        <div class=\"blog-style7-1  margin-60px-bottom sm-margin-30px-bottom xs-margin-15px-bottom col-md-4 col-sm-6 col-xs-12 \">            <div class=\"post-23460 post type-post status-publish format-image has-post-thumbnail new-cajetilla-blanca\">                <div class=\"blog-post blog-post-style2 xs-text-center\">                    <div class=\"blog-post-images overflow-hidden margin-25px-bottom xs-margin-15px-bottom\"><a href=\"https:\/\/climbat.com\/ca\/4t-open-bloc-ciutat-de-barcelona-i-climbat-kombat\/\"><img width=\"1200\" height=\"675\" src=\"https:\/\/climbat.com\/wp-content\/uploads\/2026\/02\/KOMBAT_TV_V3_LOW-1200x675.jpeg\" class=\"attachment-post-thumbnail size-post-thumbnail wp-post-image\" alt=\"Cartell del Climbat Komb4t 2026, 4t Open Bloc Ciutat de Barcelona al CEM d\u2019Escalada Climbat La Foixarda.\" decoding=\"async\" srcset=\"https:\/\/climbat.com\/wp-content\/uploads\/2026\/02\/KOMBAT_TV_V3_LOW-1200x675.jpeg 1200w, https:\/\/climbat.com\/wp-content\/uploads\/2026\/02\/KOMBAT_TV_V3_LOW-300x169.jpeg 300w, https:\/\/climbat.com\/wp-content\/uploads\/2026\/02\/KOMBAT_TV_V3_LOW-1024x576.jpeg 1024w, https:\/\/climbat.com\/wp-content\/uploads\/2026\/02\/KOMBAT_TV_V3_LOW-768x432.jpeg 768w, https:\/\/climbat.com\/wp-content\/uploads\/2026\/02\/KOMBAT_TV_V3_LOW-1536x864.jpeg 1536w, https:\/\/climbat.com\/wp-content\/uploads\/2026\/02\/KOMBAT_TV_V3_LOW-120x68.jpeg 120w, https:\/\/climbat.com\/wp-content\/uploads\/2026\/02\/KOMBAT_TV_V3_LOW-81x46.jpeg 81w, https:\/\/climbat.com\/wp-content\/uploads\/2026\/02\/KOMBAT_TV_V3_LOW.jpeg 1600w\" sizes=\"(max-width: 1200px) 100vw, 1200px\" \/><\/a><\/div>                   \t\t<div class=\"post-details pofo-post-description\">  \t\t\t\t\t\t<div class=\"novedad-title-container\"><a href=\"https:\/\/climbat.com\/ca\/4t-open-bloc-ciutat-de-barcelona-i-climbat-kombat\/\" class=\"title-novedad-post\">4T OPEN BLOC CIUTAT DE BARCELONA I CLIMBAT KOMBAT<\/a><\/div>                        <div class=\"entry-content margin-10px-bottom\"                            style=\"font-size: 16px; font-weight: 400; color: #000000;\" data-fontsize=\"16px\">Inscripcions obertes per una nova edici\u00f3 de l'Open Bloc Ciutat de Barcelona i Climbat Kombat...<\/div>                        <div class=\"separator-line-horrizontal-full bg-medium-light-gray no-margin-top margin-20px-bottom xs-margin-15px-bottom\"                            style=\"background-color:#000;\"><\/div>                            <a href=\"https:\/\/climbat.com\/ca\/4t-open-bloc-ciutat-de-barcelona-i-climbat-kombat\/\"                            class=\"btn-black btn no-margin white-space-normal btn-small\">Llegir m\u00e9s<\/a>                    <\/div>                <\/div>            <\/div>        <\/div>        <div class=\"blog-style7-1  margin-60px-bottom sm-margin-30px-bottom xs-margin-15px-bottom col-md-4 col-sm-6 col-xs-12 \">            <div class=\"post-23460 post type-post status-publish format-image has-post-thumbnail new-cajetilla-blanca\">                <div class=\"blog-post blog-post-style2 xs-text-center\">                    <div class=\"blog-post-images overflow-hidden margin-25px-bottom xs-margin-15px-bottom\"><a href=\"https:\/\/climbat.com\/ca\/promo-anual-horari-reduit-climbat-foixarda\/\"><img width=\"1200\" height=\"675\" src=\"https:\/\/climbat.com\/wp-content\/uploads\/2026\/01\/TV_PROMOANUAL_REDUCIDA_BARCELONA_LOW-1200x675.jpeg\" class=\"attachment-post-thumbnail size-post-thumbnail wp-post-image\" alt=\"Promoci\u00f3 *Climbat amb 15% de descompte en la quota anual d&#039;escalada en horari redu\u00eft per a escaladors matiners.\" decoding=\"async\" srcset=\"https:\/\/climbat.com\/wp-content\/uploads\/2026\/01\/TV_PROMOANUAL_REDUCIDA_BARCELONA_LOW-1200x675.jpeg 1200w, https:\/\/climbat.com\/wp-content\/uploads\/2026\/01\/TV_PROMOANUAL_REDUCIDA_BARCELONA_LOW-300x169.jpeg 300w, https:\/\/climbat.com\/wp-content\/uploads\/2026\/01\/TV_PROMOANUAL_REDUCIDA_BARCELONA_LOW-1024x576.jpeg 1024w, https:\/\/climbat.com\/wp-content\/uploads\/2026\/01\/TV_PROMOANUAL_REDUCIDA_BARCELONA_LOW-768x432.jpeg 768w, https:\/\/climbat.com\/wp-content\/uploads\/2026\/01\/TV_PROMOANUAL_REDUCIDA_BARCELONA_LOW-1536x864.jpeg 1536w, https:\/\/climbat.com\/wp-content\/uploads\/2026\/01\/TV_PROMOANUAL_REDUCIDA_BARCELONA_LOW-120x68.jpeg 120w, https:\/\/climbat.com\/wp-content\/uploads\/2026\/01\/TV_PROMOANUAL_REDUCIDA_BARCELONA_LOW-81x46.jpeg 81w, https:\/\/climbat.com\/wp-content\/uploads\/2026\/01\/TV_PROMOANUAL_REDUCIDA_BARCELONA_LOW.jpeg 1600w\" sizes=\"(max-width: 1200px) 100vw, 1200px\" \/><\/a><\/div>                   \t\t<div class=\"post-details pofo-post-description\">  \t\t\t\t\t\t<div class=\"novedad-title-container\"><a href=\"https:\/\/climbat.com\/ca\/promo-anual-horari-reduit-climbat-foixarda\/\" class=\"title-novedad-post\">PROMO ANUAL HORARI REDU\u00cfT<\/a><\/div>                        <div class=\"entry-content margin-10px-bottom\"                            style=\"font-size: 16px; font-weight: 400; color: #000000;\" data-fontsize=\"16px\">Si ets dels quals prefereixen escalar amb calma, gaudir del roc\u00f2drom amb m\u00e9s espai i...<\/div>                        <div class=\"separator-line-horrizontal-full bg-medium-light-gray no-margin-top margin-20px-bottom xs-margin-15px-bottom\"                            style=\"background-color:#000;\"><\/div>                            <a href=\"https:\/\/climbat.com\/ca\/promo-anual-horari-reduit-climbat-foixarda\/\"                            class=\"btn-black btn no-margin white-space-normal btn-small\">Llegir m\u00e9s<\/a>                    <\/div>                <\/div>            <\/div>        <\/div>        <div class=\"blog-style7-1  margin-60px-bottom sm-margin-30px-bottom xs-margin-15px-bottom col-md-4 col-sm-6 col-xs-12 \">            <div class=\"post-23460 post type-post status-publish format-image has-post-thumbnail new-cajetilla-blanca\">                <div class=\"blog-post blog-post-style2 xs-text-center\">                    <div class=\"blog-post-images overflow-hidden margin-25px-bottom xs-margin-15px-bottom\"><a href=\"https:\/\/climbat.com\/ca\/promocio-sant-valenti-climbat-socis\/\"><img width=\"1200\" height=\"675\" src=\"https:\/\/climbat.com\/wp-content\/uploads\/2026\/01\/TV_SANVALENTIN_CAT_LOW-1200x675.jpeg\" class=\"attachment-post-thumbnail size-post-thumbnail wp-post-image\" alt=\"Promoci\u00f3 Climbat de Sant Valent\u00ed amb presa d\u2019escalada i mitja taronja, descompte del 50% en la quota del mes de mar\u00e7.\" decoding=\"async\" srcset=\"https:\/\/climbat.com\/wp-content\/uploads\/2026\/01\/TV_SANVALENTIN_CAT_LOW-1200x675.jpeg 1200w, https:\/\/climbat.com\/wp-content\/uploads\/2026\/01\/TV_SANVALENTIN_CAT_LOW-300x169.jpeg 300w, https:\/\/climbat.com\/wp-content\/uploads\/2026\/01\/TV_SANVALENTIN_CAT_LOW-1024x576.jpeg 1024w, https:\/\/climbat.com\/wp-content\/uploads\/2026\/01\/TV_SANVALENTIN_CAT_LOW-768x432.jpeg 768w, https:\/\/climbat.com\/wp-content\/uploads\/2026\/01\/TV_SANVALENTIN_CAT_LOW-1536x864.jpeg 1536w, https:\/\/climbat.com\/wp-content\/uploads\/2026\/01\/TV_SANVALENTIN_CAT_LOW-120x68.jpeg 120w, https:\/\/climbat.com\/wp-content\/uploads\/2026\/01\/TV_SANVALENTIN_CAT_LOW-81x46.jpeg 81w, https:\/\/climbat.com\/wp-content\/uploads\/2026\/01\/TV_SANVALENTIN_CAT_LOW.jpeg 1600w\" sizes=\"(max-width: 1200px) 100vw, 1200px\" \/><\/a><\/div>                   \t\t<div class=\"post-details pofo-post-description\">  \t\t\t\t\t\t<div class=\"novedad-title-container\"><a href=\"https:\/\/climbat.com\/ca\/promocio-sant-valenti-climbat-socis\/\" class=\"title-novedad-post\">PROMOCI\u00d3 SANT VALENT\u00cd<\/a><\/div>                        <div class=\"entry-content margin-10px-bottom\"                            style=\"font-size: 16px; font-weight: 400; color: #000000;\" data-fontsize=\"16px\">Aquest Sant Valent\u00ed, fes match amb l'escalada. Si et fas soci\/a mensual a Climbat entre...<\/div>                        <div class=\"separator-line-horrizontal-full bg-medium-light-gray no-margin-top margin-20px-bottom xs-margin-15px-bottom\"                            style=\"background-color:#000;\"><\/div>                            <a href=\"https:\/\/climbat.com\/ca\/promocio-sant-valenti-climbat-socis\/\"                            class=\"btn-black btn no-margin white-space-normal btn-small\">Llegir m\u00e9s<\/a>                    <\/div>                <\/div>            <\/div>        <\/div>        <div class=\"blog-style7-1  margin-60px-bottom sm-margin-30px-bottom xs-margin-15px-bottom col-md-4 col-sm-6 col-xs-12 \">            <div class=\"post-23460 post type-post status-publish format-image has-post-thumbnail new-cajetilla-blanca\">                <div class=\"blog-post blog-post-style2 xs-text-center\">                    <div class=\"blog-post-images overflow-hidden margin-25px-bottom xs-margin-15px-bottom\"><a href=\"https:\/\/climbat.com\/ca\/promocio-anual-climbat-2026-arnes-regal\/\"><img width=\"1200\" height=\"675\" src=\"https:\/\/climbat.com\/wp-content\/uploads\/2025\/12\/PROMOANUAL_TV_CAT_LOW-1200x675.jpeg\" class=\"attachment-post-thumbnail size-post-thumbnail wp-post-image\" alt=\"Escalador en un roc\u00f2drom Climbat amb promoci\u00f3 de quota anual 2026 i arn\u00e8s d\u2019escalada Onyx de regal\" decoding=\"async\" srcset=\"https:\/\/climbat.com\/wp-content\/uploads\/2025\/12\/PROMOANUAL_TV_CAT_LOW-1200x675.jpeg 1200w, https:\/\/climbat.com\/wp-content\/uploads\/2025\/12\/PROMOANUAL_TV_CAT_LOW-300x169.jpeg 300w, https:\/\/climbat.com\/wp-content\/uploads\/2025\/12\/PROMOANUAL_TV_CAT_LOW-1024x576.jpeg 1024w, https:\/\/climbat.com\/wp-content\/uploads\/2025\/12\/PROMOANUAL_TV_CAT_LOW-768x432.jpeg 768w, https:\/\/climbat.com\/wp-content\/uploads\/2025\/12\/PROMOANUAL_TV_CAT_LOW-1536x864.jpeg 1536w, https:\/\/climbat.com\/wp-content\/uploads\/2025\/12\/PROMOANUAL_TV_CAT_LOW-120x68.jpeg 120w, https:\/\/climbat.com\/wp-content\/uploads\/2025\/12\/PROMOANUAL_TV_CAT_LOW-81x46.jpeg 81w, https:\/\/climbat.com\/wp-content\/uploads\/2025\/12\/PROMOANUAL_TV_CAT_LOW.jpeg 1600w\" sizes=\"(max-width: 1200px) 100vw, 1200px\" \/><\/a><\/div>                   \t\t<div class=\"post-details pofo-post-description\">  \t\t\t\t\t\t<div class=\"novedad-title-container\"><a href=\"https:\/\/climbat.com\/ca\/promocio-anual-climbat-2026-arnes-regal\/\" class=\"title-novedad-post\">FES-TE SOCI\/A I ACONSEGUEIX UN ARN\u00c8S GRATIS\u00a0\u00a0<\/a><\/div>                        <div class=\"entry-content margin-10px-bottom\"                            style=\"font-size: 16px; font-weight: 400; color: #000000;\" data-fontsize=\"16px\">Al 2026, Climbat et convida a posar el&nbsp;mode&nbsp;avi\u00f3 i&nbsp;reconnectar&nbsp;amb&nbsp;el que de&nbsp;veritat&nbsp;importa: el&nbsp;teu&nbsp;cos, la&nbsp;teva&nbsp;ment&nbsp;i&nbsp;l'escalada.&nbsp;&nbsp; Amb&nbsp;la&nbsp;quota&nbsp;anual en&nbsp;horari&nbsp;complet,&nbsp;podr\u00e0s&nbsp;gaudir&nbsp;de...<\/div>                        <div class=\"separator-line-horrizontal-full bg-medium-light-gray no-margin-top margin-20px-bottom xs-margin-15px-bottom\"                            style=\"background-color:#000;\"><\/div>                            <a href=\"https:\/\/climbat.com\/ca\/promocio-anual-climbat-2026-arnes-regal\/\"                            class=\"btn-black btn no-margin white-space-normal btn-small\">Llegir m\u00e9s<\/a>                    <\/div>                <\/div>            <\/div>        <\/div>        <div class=\"blog-style7-1  margin-60px-bottom sm-margin-30px-bottom xs-margin-15px-bottom col-md-4 col-sm-6 col-xs-12 \">            <div class=\"post-23460 post type-post status-publish format-image has-post-thumbnail new-cajetilla-blanca\">                <div class=\"blog-post blog-post-style2 xs-text-center\">                    <div class=\"blog-post-images overflow-hidden margin-25px-bottom xs-margin-15px-bottom\"><a href=\"https:\/\/climbat.com\/ca\/lliga-socis-es-climbat-season-1\/\"><img width=\"1200\" height=\"675\" src=\"https:\/\/climbat.com\/wp-content\/uploads\/2025\/11\/LIGA-SOCIOS-TV-CAT-LOW-1200x675.jpeg\" class=\"attachment-post-thumbnail size-post-thumbnail wp-post-image\" alt=\"\" decoding=\"async\" srcset=\"https:\/\/climbat.com\/wp-content\/uploads\/2025\/11\/LIGA-SOCIOS-TV-CAT-LOW-1200x675.jpeg 1200w, https:\/\/climbat.com\/wp-content\/uploads\/2025\/11\/LIGA-SOCIOS-TV-CAT-LOW-300x169.jpeg 300w, https:\/\/climbat.com\/wp-content\/uploads\/2025\/11\/LIGA-SOCIOS-TV-CAT-LOW-1024x576.jpeg 1024w, https:\/\/climbat.com\/wp-content\/uploads\/2025\/11\/LIGA-SOCIOS-TV-CAT-LOW-768x432.jpeg 768w, https:\/\/climbat.com\/wp-content\/uploads\/2025\/11\/LIGA-SOCIOS-TV-CAT-LOW-1536x864.jpeg 1536w, https:\/\/climbat.com\/wp-content\/uploads\/2025\/11\/LIGA-SOCIOS-TV-CAT-LOW-120x68.jpeg 120w, https:\/\/climbat.com\/wp-content\/uploads\/2025\/11\/LIGA-SOCIOS-TV-CAT-LOW-81x46.jpeg 81w, https:\/\/climbat.com\/wp-content\/uploads\/2025\/11\/LIGA-SOCIOS-TV-CAT-LOW.jpeg 1600w\" sizes=\"(max-width: 1200px) 100vw, 1200px\" \/><\/a><\/div>                   \t\t<div class=\"post-details pofo-post-description\">  \t\t\t\t\t\t<div class=\"novedad-title-container\"><a href=\"https:\/\/climbat.com\/ca\/lliga-socis-es-climbat-season-1\/\" class=\"title-novedad-post\">LLIGA SOCIS CLIMBAT<\/a><\/div>                        <div class=\"entry-content margin-10px-bottom\"                            style=\"font-size: 16px; font-weight: 400; color: #000000;\" data-fontsize=\"16px\">Comen\u00e7a la Lliga Socis\/es Climbat Formar part de la comunitat Climbat \u00e9s compartir passi\u00f3, esfor\u00e7...<\/div>                        <div class=\"separator-line-horrizontal-full bg-medium-light-gray no-margin-top margin-20px-bottom xs-margin-15px-bottom\"                            style=\"background-color:#000;\"><\/div>                            <a href=\"https:\/\/climbat.com\/ca\/lliga-socis-es-climbat-season-1\/\"                            class=\"btn-black btn no-margin white-space-normal btn-small\">Llegir m\u00e9s<\/a>                    <\/div>                <\/div>            <\/div>        <\/div>        <div class=\"blog-style7-1  margin-60px-bottom sm-margin-30px-bottom xs-margin-15px-bottom col-md-4 col-sm-6 col-xs-12 \">            <div class=\"post-23460 post type-post status-publish format-image has-post-thumbnail new-cajetilla-blanca\">                <div class=\"blog-post blog-post-style2 xs-text-center\">                    <div class=\"blog-post-images overflow-hidden margin-25px-bottom xs-margin-15px-bottom\"><a href=\"https:\/\/climbat.com\/ca\/cursos-escalada-barcelona-la-foixarda\/\"><img width=\"1157\" height=\"771\" src=\"https:\/\/climbat.com\/wp-content\/uploads\/2022\/03\/INICIACIO-1157x771.jpeg\" class=\"attachment-post-thumbnail size-post-thumbnail wp-post-image\" alt=\"CURSO NIVEL 3 BASE\" decoding=\"async\" srcset=\"https:\/\/climbat.com\/wp-content\/uploads\/2022\/03\/INICIACIO-1157x771.jpeg 1157w, https:\/\/climbat.com\/wp-content\/uploads\/2022\/03\/INICIACIO-300x200.jpeg 300w, https:\/\/climbat.com\/wp-content\/uploads\/2022\/03\/INICIACIO-1024x682.jpeg 1024w, https:\/\/climbat.com\/wp-content\/uploads\/2022\/03\/INICIACIO-768x512.jpeg 768w, https:\/\/climbat.com\/wp-content\/uploads\/2022\/03\/INICIACIO-1536x1023.jpeg 1536w, https:\/\/climbat.com\/wp-content\/uploads\/2022\/03\/INICIACIO-120x80.jpeg 120w, https:\/\/climbat.com\/wp-content\/uploads\/2022\/03\/INICIACIO-81x54.jpeg 81w, https:\/\/climbat.com\/wp-content\/uploads\/2022\/03\/INICIACIO.jpeg 1600w\" sizes=\"(max-width: 1157px) 100vw, 1157px\" \/><\/a><\/div>                   \t\t<div class=\"post-details pofo-post-description\">  \t\t\t\t\t\t<div class=\"novedad-title-container\"><a href=\"https:\/\/climbat.com\/ca\/cursos-escalada-barcelona-la-foixarda\/\" class=\"title-novedad-post\">CURSOS D&#8217;ESCALADA A BARCELONA<\/a><\/div>                        <div class=\"entry-content margin-10px-bottom\"                            style=\"font-size: 16px; font-weight: 400; color: #000000;\" data-fontsize=\"16px\">Vols comen\u00e7ar a escalar? A Climbat t\u2019ho posem f\u00e0cil amb els nostres cursos d\u2019iniciaci\u00f3 a...<\/div>                        <div class=\"separator-line-horrizontal-full bg-medium-light-gray no-margin-top margin-20px-bottom xs-margin-15px-bottom\"                            style=\"background-color:#000;\"><\/div>                            <a href=\"https:\/\/climbat.com\/ca\/cursos-escalada-barcelona-la-foixarda\/\"                            class=\"btn-black btn no-margin white-space-normal btn-small\">Llegir m\u00e9s<\/a>                    <\/div>                <\/div>            <\/div>        <\/div>        <div class=\"blog-style7-1  margin-60px-bottom sm-margin-30px-bottom xs-margin-15px-bottom col-md-4 col-sm-6 col-xs-12 \">            <div class=\"post-23460 post type-post status-publish format-image has-post-thumbnail new-cajetilla-blanca\">                <div class=\"blog-post blog-post-style2 xs-text-center\">                    <div class=\"blog-post-images overflow-hidden margin-25px-bottom xs-margin-15px-bottom\"><a href=\"https:\/\/climbat.com\/ca\/sessio-descobriment-escalada-barcelona-climbat-la-foixarda\/\"><img width=\"1156\" height=\"771\" src=\"https:\/\/climbat.com\/wp-content\/uploads\/2025\/07\/mas8000low1-1156x771.jpeg\" class=\"attachment-post-thumbnail size-post-thumbnail wp-post-image\" alt=\"\" decoding=\"async\" srcset=\"https:\/\/climbat.com\/wp-content\/uploads\/2025\/07\/mas8000low1-1156x771.jpeg 1156w, https:\/\/climbat.com\/wp-content\/uploads\/2025\/07\/mas8000low1-300x200.jpeg 300w, https:\/\/climbat.com\/wp-content\/uploads\/2025\/07\/mas8000low1-1024x683.jpeg 1024w, https:\/\/climbat.com\/wp-content\/uploads\/2025\/07\/mas8000low1-768x512.jpeg 768w, https:\/\/climbat.com\/wp-content\/uploads\/2025\/07\/mas8000low1-1536x1024.jpeg 1536w, https:\/\/climbat.com\/wp-content\/uploads\/2025\/07\/mas8000low1-120x80.jpeg 120w, https:\/\/climbat.com\/wp-content\/uploads\/2025\/07\/mas8000low1-81x54.jpeg 81w, https:\/\/climbat.com\/wp-content\/uploads\/2025\/07\/mas8000low1.jpeg 1600w\" sizes=\"(max-width: 1156px) 100vw, 1156px\" \/><\/a><\/div>                   \t\t<div class=\"post-details pofo-post-description\">  \t\t\t\t\t\t<div class=\"novedad-title-container\"><a href=\"https:\/\/climbat.com\/ca\/sessio-descobriment-escalada-barcelona-climbat-la-foixarda\/\" class=\"title-novedad-post\">SESSI\u00d3 DE DESCOBRIMENT<\/a><\/div>                        <div class=\"entry-content margin-10px-bottom\"                            style=\"font-size: 16px; font-weight: 400; color: #000000;\" data-fontsize=\"16px\">Vols descobrir l\u2019escalada a Barcelona d\u2019una manera divertida, segura i guiada per professionals?La Sessi\u00f3 de...<\/div>                        <div class=\"separator-line-horrizontal-full bg-medium-light-gray no-margin-top margin-20px-bottom xs-margin-15px-bottom\"                            style=\"background-color:#000;\"><\/div>                            <a href=\"https:\/\/climbat.com\/ca\/sessio-descobriment-escalada-barcelona-climbat-la-foixarda\/\"                            class=\"btn-black btn no-margin white-space-normal btn-small\">Llegir m\u00e9s<\/a>                    <\/div>                <\/div>            <\/div>        <\/div>        <div class=\"blog-style7-1  margin-60px-bottom sm-margin-30px-bottom xs-margin-15px-bottom col-md-4 col-sm-6 col-xs-12 \">            <div class=\"post-23460 post type-post status-publish format-image has-post-thumbnail new-cajetilla-blanca\">                <div class=\"blog-post blog-post-style2 xs-text-center\">                    <div class=\"blog-post-images overflow-hidden margin-25px-bottom xs-margin-15px-bottom\"><a href=\"https:\/\/climbat.com\/ca\/yellow-week\/\"><img width=\"1200\" height=\"675\" src=\"https:\/\/climbat.com\/wp-content\/uploads\/2025\/10\/WEB_YELLOW_WEEK-1200x675.jpg\" class=\"attachment-post-thumbnail size-post-thumbnail wp-post-image\" alt=\"Promoci\u00f3n Yellow Week Climbat 2025 \u2013 Ofertas de escalada del 24 al 30 de noviembre\" decoding=\"async\" srcset=\"https:\/\/climbat.com\/wp-content\/uploads\/2025\/10\/WEB_YELLOW_WEEK-1200x675.jpg 1200w, https:\/\/climbat.com\/wp-content\/uploads\/2025\/10\/WEB_YELLOW_WEEK-300x169.jpg 300w, https:\/\/climbat.com\/wp-content\/uploads\/2025\/10\/WEB_YELLOW_WEEK-1024x576.jpg 1024w, https:\/\/climbat.com\/wp-content\/uploads\/2025\/10\/WEB_YELLOW_WEEK-768x432.jpg 768w, https:\/\/climbat.com\/wp-content\/uploads\/2025\/10\/WEB_YELLOW_WEEK-1536x864.jpg 1536w, https:\/\/climbat.com\/wp-content\/uploads\/2025\/10\/WEB_YELLOW_WEEK-120x68.jpg 120w, https:\/\/climbat.com\/wp-content\/uploads\/2025\/10\/WEB_YELLOW_WEEK-81x46.jpg 81w, https:\/\/climbat.com\/wp-content\/uploads\/2025\/10\/WEB_YELLOW_WEEK.jpg 1920w\" sizes=\"(max-width: 1200px) 100vw, 1200px\" \/><\/a><\/div>                   \t\t<div class=\"post-details pofo-post-description\">  \t\t\t\t\t\t<div class=\"novedad-title-container\"><a href=\"https:\/\/climbat.com\/ca\/yellow-week\/\" class=\"title-novedad-post\">YELLOW WEEK<\/a><\/div>                        <div class=\"entry-content margin-10px-bottom\"                            style=\"font-size: 16px; font-weight: 400; color: #000000;\" data-fontsize=\"16px\">Arriba la Yellow Week a Climbat!Del 24 al 30 de novembre, a Climbat celebrem una...<\/div>                        <div class=\"separator-line-horrizontal-full bg-medium-light-gray no-margin-top margin-20px-bottom xs-margin-15px-bottom\"                            style=\"background-color:#000;\"><\/div>                            <a href=\"https:\/\/climbat.com\/ca\/yellow-week\/\"                            class=\"btn-black btn no-margin white-space-normal btn-small\">Llegir m\u00e9s<\/a>                    <\/div>                <\/div>            <\/div>        <\/div>        <div class=\"blog-style7-1  margin-60px-bottom sm-margin-30px-bottom xs-margin-15px-bottom col-md-4 col-sm-6 col-xs-12 \">            <div class=\"post-23460 post type-post status-publish format-image has-post-thumbnail new-cajetilla-blanca\">                <div class=\"blog-post blog-post-style2 xs-text-center\">                    <div class=\"blog-post-images overflow-hidden margin-25px-bottom xs-margin-15px-bottom\"><a href=\"https:\/\/climbat.com\/ca\/winter-festival-2025-climbat-open-escalada\/\"><img width=\"1200\" height=\"675\" src=\"https:\/\/climbat.com\/wp-content\/uploads\/2025\/11\/TV_WINTER25_ESP_LOW-1200x675.jpeg\" class=\"attachment-post-thumbnail size-post-thumbnail wp-post-image\" alt=\"Cartell promocional del Winter Festival de Climbat 2025, amb informaci\u00f3 sobre activitats d&#039;escalada, data, horari i centres participants.\" decoding=\"async\" srcset=\"https:\/\/climbat.com\/wp-content\/uploads\/2025\/11\/TV_WINTER25_ESP_LOW-1200x675.jpeg 1200w, https:\/\/climbat.com\/wp-content\/uploads\/2025\/11\/TV_WINTER25_ESP_LOW-300x169.jpeg 300w, https:\/\/climbat.com\/wp-content\/uploads\/2025\/11\/TV_WINTER25_ESP_LOW-1024x576.jpeg 1024w, https:\/\/climbat.com\/wp-content\/uploads\/2025\/11\/TV_WINTER25_ESP_LOW-768x432.jpeg 768w, https:\/\/climbat.com\/wp-content\/uploads\/2025\/11\/TV_WINTER25_ESP_LOW-1536x864.jpeg 1536w, https:\/\/climbat.com\/wp-content\/uploads\/2025\/11\/TV_WINTER25_ESP_LOW-120x68.jpeg 120w, https:\/\/climbat.com\/wp-content\/uploads\/2025\/11\/TV_WINTER25_ESP_LOW-81x46.jpeg 81w, https:\/\/climbat.com\/wp-content\/uploads\/2025\/11\/TV_WINTER25_ESP_LOW.jpeg 1600w\" sizes=\"(max-width: 1200px) 100vw, 1200px\" \/><\/a><\/div>                   \t\t<div class=\"post-details pofo-post-description\">  \t\t\t\t\t\t<div class=\"novedad-title-container\"><a href=\"https:\/\/climbat.com\/ca\/winter-festival-2025-climbat-open-escalada\/\" class=\"title-novedad-post\">WINTER FESTIVAL<\/a><\/div>                        <div class=\"entry-content margin-10px-bottom\"                            style=\"font-size: 16px; font-weight: 400; color: #000000;\" data-fontsize=\"16px\">El pr\u00f2xim 29 de novembre torna un dels esdeveniments m\u00e9s esperats de Climbat: El Winter...<\/div>                        <div class=\"separator-line-horrizontal-full bg-medium-light-gray no-margin-top margin-20px-bottom xs-margin-15px-bottom\"                            style=\"background-color:#000;\"><\/div>                            <a href=\"https:\/\/climbat.com\/ca\/winter-festival-2025-climbat-open-escalada\/\"                            class=\"btn-black btn no-margin white-space-normal btn-small\">Llegir m\u00e9s<\/a>                    <\/div>                <\/div>            <\/div>        <\/div>        <div class=\"blog-style7-1  margin-60px-bottom sm-margin-30px-bottom xs-margin-15px-bottom col-md-4 col-sm-6 col-xs-12 \">            <div class=\"post-23460 post type-post status-publish format-image has-post-thumbnail new-cajetilla-blanca\">                <div class=\"blog-post blog-post-style2 xs-text-center\">                    <div class=\"blog-post-images overflow-hidden margin-25px-bottom xs-margin-15px-bottom\"><a href=\"https:\/\/climbat.com\/ca\/30-anys-mountain-shop-vertic-climbat\/\"><img width=\"1028\" height=\"771\" src=\"https:\/\/climbat.com\/wp-content\/uploads\/2025\/10\/WhatsApp-Image-2023-05-12-at-08.25.40-1028x771.jpeg\" class=\"attachment-post-thumbnail size-post-thumbnail wp-post-image\" alt=\"Tienda Mountain Shop V\u00e8rtic con ropa y material t\u00e9cnico de monta\u00f1a, escalada y senderismo.\" decoding=\"async\" srcset=\"https:\/\/climbat.com\/wp-content\/uploads\/2025\/10\/WhatsApp-Image-2023-05-12-at-08.25.40-1028x771.jpeg 1028w, https:\/\/climbat.com\/wp-content\/uploads\/2025\/10\/WhatsApp-Image-2023-05-12-at-08.25.40-300x225.jpeg 300w, https:\/\/climbat.com\/wp-content\/uploads\/2025\/10\/WhatsApp-Image-2023-05-12-at-08.25.40-1024x768.jpeg 1024w, https:\/\/climbat.com\/wp-content\/uploads\/2025\/10\/WhatsApp-Image-2023-05-12-at-08.25.40-768x576.jpeg 768w, https:\/\/climbat.com\/wp-content\/uploads\/2025\/10\/WhatsApp-Image-2023-05-12-at-08.25.40-1536x1152.jpeg 1536w, https:\/\/climbat.com\/wp-content\/uploads\/2025\/10\/WhatsApp-Image-2023-05-12-at-08.25.40-120x90.jpeg 120w, https:\/\/climbat.com\/wp-content\/uploads\/2025\/10\/WhatsApp-Image-2023-05-12-at-08.25.40-81x61.jpeg 81w, https:\/\/climbat.com\/wp-content\/uploads\/2025\/10\/WhatsApp-Image-2023-05-12-at-08.25.40.jpeg 1600w\" sizes=\"(max-width: 1028px) 100vw, 1028px\" \/><\/a><\/div>                   \t\t<div class=\"post-details pofo-post-description\">  \t\t\t\t\t\t<div class=\"novedad-title-container\"><a href=\"https:\/\/climbat.com\/ca\/30-anys-mountain-shop-vertic-climbat\/\" class=\"title-novedad-post\">30 ANYS MOUNTAIN SHOP V\u00c8RTIC<\/a><\/div>                        <div class=\"entry-content margin-10px-bottom\"                            style=\"font-size: 16px; font-weight: 400; color: #000000;\" data-fontsize=\"16px\">Mountain Shop V\u00e8rtic: tres d\u00e8cades inspirant la passi\u00f3 per la muntanya En el m\u00f3n de...<\/div>                        <div class=\"separator-line-horrizontal-full bg-medium-light-gray no-margin-top margin-20px-bottom xs-margin-15px-bottom\"                            style=\"background-color:#000;\"><\/div>                            <a href=\"https:\/\/climbat.com\/ca\/30-anys-mountain-shop-vertic-climbat\/\"                            class=\"btn-black btn no-margin white-space-normal btn-small\">Llegir m\u00e9s<\/a>                    <\/div>                <\/div>            <\/div>        <\/div>        <div class=\"blog-style7-1  margin-60px-bottom sm-margin-30px-bottom xs-margin-15px-bottom col-md-4 col-sm-6 col-xs-12 \">            <div class=\"post-23460 post type-post status-publish format-image has-post-thumbnail new-cajetilla-blanca\">                <div class=\"blog-post blog-post-style2 xs-text-center\">                    <div class=\"blog-post-images overflow-hidden margin-25px-bottom xs-margin-15px-bottom\"><a href=\"https:\/\/climbat.com\/ca\/casals-hivern-climbat-2025\/\"><img width=\"1200\" height=\"675\" src=\"https:\/\/climbat.com\/wp-content\/uploads\/2025\/09\/TV_CAMPSINV_CAT_LOW-1200x675.jpeg\" class=\"attachment-post-thumbnail size-post-thumbnail wp-post-image\" alt=\"Cartell promocional Casals a Climbat\" decoding=\"async\" srcset=\"https:\/\/climbat.com\/wp-content\/uploads\/2025\/09\/TV_CAMPSINV_CAT_LOW-1200x675.jpeg 1200w, https:\/\/climbat.com\/wp-content\/uploads\/2025\/09\/TV_CAMPSINV_CAT_LOW-300x169.jpeg 300w, https:\/\/climbat.com\/wp-content\/uploads\/2025\/09\/TV_CAMPSINV_CAT_LOW-1024x576.jpeg 1024w, https:\/\/climbat.com\/wp-content\/uploads\/2025\/09\/TV_CAMPSINV_CAT_LOW-768x432.jpeg 768w, https:\/\/climbat.com\/wp-content\/uploads\/2025\/09\/TV_CAMPSINV_CAT_LOW-1536x864.jpeg 1536w, https:\/\/climbat.com\/wp-content\/uploads\/2025\/09\/TV_CAMPSINV_CAT_LOW-120x68.jpeg 120w, https:\/\/climbat.com\/wp-content\/uploads\/2025\/09\/TV_CAMPSINV_CAT_LOW-81x46.jpeg 81w, https:\/\/climbat.com\/wp-content\/uploads\/2025\/09\/TV_CAMPSINV_CAT_LOW.jpeg 1600w\" sizes=\"(max-width: 1200px) 100vw, 1200px\" \/><\/a><\/div>                   \t\t<div class=\"post-details pofo-post-description\">  \t\t\t\t\t\t<div class=\"novedad-title-container\"><a href=\"https:\/\/climbat.com\/ca\/casals-hivern-climbat-2025\/\" class=\"title-novedad-post\">CASALS D&#8217;HIVERN<\/a><\/div>                        <div class=\"entry-content margin-10px-bottom\"                            style=\"font-size: 16px; font-weight: 400; color: #000000;\" data-fontsize=\"16px\">Aquest hivern, l\u00b4aventura continua a Climbat amb els nostres campaments d\u00b4escalada i activitats per a...<\/div>                        <div class=\"separator-line-horrizontal-full bg-medium-light-gray no-margin-top margin-20px-bottom xs-margin-15px-bottom\"                            style=\"background-color:#000;\"><\/div>                            <a href=\"https:\/\/climbat.com\/ca\/casals-hivern-climbat-2025\/\"                            class=\"btn-black btn no-margin white-space-normal btn-small\">Llegir m\u00e9s<\/a>                    <\/div>                <\/div>            <\/div>        <\/div>        <div class=\"blog-style7-1  margin-60px-bottom sm-margin-30px-bottom xs-margin-15px-bottom col-md-4 col-sm-6 col-xs-12 \">            <div class=\"post-23460 post type-post status-publish format-image has-post-thumbnail new-cajetilla-blanca\">                <div class=\"blog-post blog-post-style2 xs-text-center\">                    <div class=\"blog-post-images overflow-hidden margin-25px-bottom xs-margin-15px-bottom\"><a href=\"https:\/\/climbat.com\/ca\/promocio-halloween-climbat-2x1\/\"><img width=\"1200\" height=\"675\" src=\"https:\/\/climbat.com\/wp-content\/uploads\/2025\/09\/TV_HALLO_CAT-1-1200x675.jpg\" class=\"attachment-post-thumbnail size-post-thumbnail wp-post-image\" alt=\"Cartell promocional Halloween a Climbat\" decoding=\"async\" srcset=\"https:\/\/climbat.com\/wp-content\/uploads\/2025\/09\/TV_HALLO_CAT-1-1200x675.jpg 1200w, https:\/\/climbat.com\/wp-content\/uploads\/2025\/09\/TV_HALLO_CAT-1-300x169.jpg 300w, https:\/\/climbat.com\/wp-content\/uploads\/2025\/09\/TV_HALLO_CAT-1-1024x576.jpg 1024w, https:\/\/climbat.com\/wp-content\/uploads\/2025\/09\/TV_HALLO_CAT-1-768x432.jpg 768w, https:\/\/climbat.com\/wp-content\/uploads\/2025\/09\/TV_HALLO_CAT-1-1536x864.jpg 1536w, https:\/\/climbat.com\/wp-content\/uploads\/2025\/09\/TV_HALLO_CAT-1-120x68.jpg 120w, https:\/\/climbat.com\/wp-content\/uploads\/2025\/09\/TV_HALLO_CAT-1-81x46.jpg 81w, https:\/\/climbat.com\/wp-content\/uploads\/2025\/09\/TV_HALLO_CAT-1.jpg 1920w\" sizes=\"(max-width: 1200px) 100vw, 1200px\" \/><\/a><\/div>                   \t\t<div class=\"post-details pofo-post-description\">  \t\t\t\t\t\t<div class=\"novedad-title-container\"><a href=\"https:\/\/climbat.com\/ca\/promocio-halloween-climbat-2x1\/\" class=\"title-novedad-post\">HALLOWEEN 2&#215;1<\/a><\/div>                        <div class=\"entry-content margin-10px-bottom\"                            style=\"font-size: 16px; font-weight: 400; color: #000000;\" data-fontsize=\"16px\">Celebra Halloween escalant als centres Climbat amb una promoci\u00f3 especial! El dijous 31 d\u2019octubre, gaudeix...<\/div>                        <div class=\"separator-line-horrizontal-full bg-medium-light-gray no-margin-top margin-20px-bottom xs-margin-15px-bottom\"                            style=\"background-color:#000;\"><\/div>                            <a href=\"https:\/\/climbat.com\/ca\/promocio-halloween-climbat-2x1\/\"                            class=\"btn-black btn no-margin white-space-normal btn-small\">Llegir m\u00e9s<\/a>                    <\/div>                <\/div>            <\/div>        <\/div>        <div class=\"blog-style7-1  margin-60px-bottom sm-margin-30px-bottom xs-margin-15px-bottom col-md-4 col-sm-6 col-xs-12 \">            <div class=\"post-23460 post type-post status-publish format-image has-post-thumbnail new-cajetilla-blanca\">                <div class=\"blog-post blog-post-style2 xs-text-center\">                    <div class=\"blog-post-images overflow-hidden margin-25px-bottom xs-margin-15px-bottom\"><a href=\"https:\/\/climbat.com\/ca\/climbat-renova-certificacio-iso-9001-escalada\/\"><img width=\"1200\" height=\"675\" src=\"https:\/\/climbat.com\/wp-content\/uploads\/2025\/09\/ISO_TV_LOW-1200x675.jpg\" class=\"attachment-post-thumbnail size-post-thumbnail wp-post-image\" alt=\"Dos personas escalando en un gimnasio de escalada con una certificaci\u00f3n ISO 9001 de Applus+ en el centro.\" decoding=\"async\" srcset=\"https:\/\/climbat.com\/wp-content\/uploads\/2025\/09\/ISO_TV_LOW-1200x675.jpg 1200w, https:\/\/climbat.com\/wp-content\/uploads\/2025\/09\/ISO_TV_LOW-300x169.jpg 300w, https:\/\/climbat.com\/wp-content\/uploads\/2025\/09\/ISO_TV_LOW-1024x576.jpg 1024w, https:\/\/climbat.com\/wp-content\/uploads\/2025\/09\/ISO_TV_LOW-768x432.jpg 768w, https:\/\/climbat.com\/wp-content\/uploads\/2025\/09\/ISO_TV_LOW-1536x864.jpg 1536w, https:\/\/climbat.com\/wp-content\/uploads\/2025\/09\/ISO_TV_LOW-120x68.jpg 120w, https:\/\/climbat.com\/wp-content\/uploads\/2025\/09\/ISO_TV_LOW-81x46.jpg 81w, https:\/\/climbat.com\/wp-content\/uploads\/2025\/09\/ISO_TV_LOW.jpg 1920w\" sizes=\"(max-width: 1200px) 100vw, 1200px\" \/><\/a><\/div>                   \t\t<div class=\"post-details pofo-post-description\">  \t\t\t\t\t\t<div class=\"novedad-title-container\"><a href=\"https:\/\/climbat.com\/ca\/climbat-renova-certificacio-iso-9001-escalada\/\" class=\"title-novedad-post\">RENOVEM LA ISO 9001<\/a><\/div>                        <div class=\"entry-content margin-10px-bottom\"                            style=\"font-size: 16px; font-weight: 400; color: #000000;\" data-fontsize=\"16px\">CLIMBAT RENOVA LA CERTIFICACI\u00d3 ISO 9001:2015 I REAFIRMA EL SEU LIDERATGE ABSOLUT EN QUALITAT EN...<\/div>                        <div class=\"separator-line-horrizontal-full bg-medium-light-gray no-margin-top margin-20px-bottom xs-margin-15px-bottom\"                            style=\"background-color:#000;\"><\/div>                            <a href=\"https:\/\/climbat.com\/ca\/climbat-renova-certificacio-iso-9001-escalada\/\"                            class=\"btn-black btn no-margin white-space-normal btn-small\">Llegir m\u00e9s<\/a>                    <\/div>                <\/div>            <\/div>        <\/div>        <div class=\"blog-style7-1  margin-60px-bottom sm-margin-30px-bottom xs-margin-15px-bottom col-md-4 col-sm-6 col-xs-12 \">            <div class=\"post-23460 post type-post status-publish format-image has-post-thumbnail new-cajetilla-blanca\">                <div class=\"blog-post blog-post-style2 xs-text-center\">                    <div class=\"blog-post-images overflow-hidden margin-25px-bottom xs-margin-15px-bottom\"><a href=\"https:\/\/climbat.com\/ca\/lliga-infantil-climbat-25-26\/\"><img width=\"1200\" height=\"675\" src=\"https:\/\/climbat.com\/wp-content\/uploads\/2025\/09\/TV_LIGAINF_2526_CAT_LOW-1200x675.jpg\" class=\"attachment-post-thumbnail size-post-thumbnail wp-post-image\" alt=\"\" decoding=\"async\" srcset=\"https:\/\/climbat.com\/wp-content\/uploads\/2025\/09\/TV_LIGAINF_2526_CAT_LOW-1200x675.jpg 1200w, https:\/\/climbat.com\/wp-content\/uploads\/2025\/09\/TV_LIGAINF_2526_CAT_LOW-300x169.jpg 300w, https:\/\/climbat.com\/wp-content\/uploads\/2025\/09\/TV_LIGAINF_2526_CAT_LOW-1024x576.jpg 1024w, https:\/\/climbat.com\/wp-content\/uploads\/2025\/09\/TV_LIGAINF_2526_CAT_LOW-768x432.jpg 768w, https:\/\/climbat.com\/wp-content\/uploads\/2025\/09\/TV_LIGAINF_2526_CAT_LOW-1536x864.jpg 1536w, https:\/\/climbat.com\/wp-content\/uploads\/2025\/09\/TV_LIGAINF_2526_CAT_LOW-120x68.jpg 120w, https:\/\/climbat.com\/wp-content\/uploads\/2025\/09\/TV_LIGAINF_2526_CAT_LOW-81x46.jpg 81w, https:\/\/climbat.com\/wp-content\/uploads\/2025\/09\/TV_LIGAINF_2526_CAT_LOW.jpg 1920w\" sizes=\"(max-width: 1200px) 100vw, 1200px\" \/><\/a><\/div>                   \t\t<div class=\"post-details pofo-post-description\">  \t\t\t\t\t\t<div class=\"novedad-title-container\"><a href=\"https:\/\/climbat.com\/ca\/lliga-infantil-climbat-25-26\/\" class=\"title-novedad-post\">LLIGA INFANTIL CLIMBAT 25-26<\/a><\/div>                        <div class=\"entry-content margin-10px-bottom\"                            style=\"font-size: 16px; font-weight: 400; color: #000000;\" data-fontsize=\"16px\">Despr\u00e9s de l\u2019\u00e8xit rotund de l\u2019edici\u00f3 anterior, amb m\u00e9s de 1500 participacions, Climbat dona el...<\/div>                        <div class=\"separator-line-horrizontal-full bg-medium-light-gray no-margin-top margin-20px-bottom xs-margin-15px-bottom\"                            style=\"background-color:#000;\"><\/div>                            <a href=\"https:\/\/climbat.com\/ca\/lliga-infantil-climbat-25-26\/\"                            class=\"btn-black btn no-margin white-space-normal btn-small\">Llegir m\u00e9s<\/a>                    <\/div>                <\/div>            <\/div>        <\/div>        <div class=\"blog-style7-1  margin-60px-bottom sm-margin-30px-bottom xs-margin-15px-bottom col-md-4 col-sm-6 col-xs-12 \">            <div class=\"post-23460 post type-post status-publish format-image has-post-thumbnail new-cajetilla-blanca\">                <div class=\"blog-post blog-post-style2 xs-text-center\">                    <div class=\"blog-post-images overflow-hidden margin-25px-bottom xs-margin-15px-bottom\"><a href=\"https:\/\/climbat.com\/ca\/lloguer-material-escalada\/\"><img width=\"1200\" height=\"675\" src=\"https:\/\/climbat.com\/wp-content\/uploads\/2024\/10\/BOREAL1-EDIT-1200x675.jpg\" class=\"attachment-post-thumbnail size-post-thumbnail wp-post-image\" alt=\"BOREAL\" decoding=\"async\" srcset=\"https:\/\/climbat.com\/wp-content\/uploads\/2024\/10\/BOREAL1-EDIT-1200x675.jpg 1200w, https:\/\/climbat.com\/wp-content\/uploads\/2024\/10\/BOREAL1-EDIT-300x169.jpg 300w, https:\/\/climbat.com\/wp-content\/uploads\/2024\/10\/BOREAL1-EDIT-1024x576.jpg 1024w, https:\/\/climbat.com\/wp-content\/uploads\/2024\/10\/BOREAL1-EDIT-768x432.jpg 768w, https:\/\/climbat.com\/wp-content\/uploads\/2024\/10\/BOREAL1-EDIT-1536x864.jpg 1536w, https:\/\/climbat.com\/wp-content\/uploads\/2024\/10\/BOREAL1-EDIT-120x68.jpg 120w, https:\/\/climbat.com\/wp-content\/uploads\/2024\/10\/BOREAL1-EDIT-81x46.jpg 81w, https:\/\/climbat.com\/wp-content\/uploads\/2024\/10\/BOREAL1-EDIT.jpg 1920w\" sizes=\"(max-width: 1200px) 100vw, 1200px\" \/><\/a><\/div>                   \t\t<div class=\"post-details pofo-post-description\">  \t\t\t\t\t\t<div class=\"novedad-title-container\"><a href=\"https:\/\/climbat.com\/ca\/lloguer-material-escalada\/\" class=\"title-novedad-post\">LLOGUER DE MATERIAL D&#8217;ESCALADA<\/a><\/div>                        <div class=\"entry-content margin-10px-bottom\"                            style=\"font-size: 16px; font-weight: 400; color: #000000;\" data-fontsize=\"16px\">Et ve de gust escalar per\u00f2 no disposes de l\u2019equip necessari? A&nbsp;Climbat Centers&nbsp;t\u2019ho posem f\u00e0cil:...<\/div>                        <div class=\"separator-line-horrizontal-full bg-medium-light-gray no-margin-top margin-20px-bottom xs-margin-15px-bottom\"                            style=\"background-color:#000;\"><\/div>                            <a href=\"https:\/\/climbat.com\/ca\/lloguer-material-escalada\/\"                            class=\"btn-black btn no-margin white-space-normal btn-small\">Llegir m\u00e9s<\/a>                    <\/div>                <\/div>            <\/div>        <\/div>        <div class=\"blog-style7-1  margin-60px-bottom sm-margin-30px-bottom xs-margin-15px-bottom col-md-4 col-sm-6 col-xs-12 \">            <div class=\"post-23460 post type-post status-publish format-image has-post-thumbnail new-cajetilla-blanca\">                <div class=\"blog-post blog-post-style2 xs-text-center\">                    <div class=\"blog-post-images overflow-hidden margin-25px-bottom xs-margin-15px-bottom\"><a href=\"https:\/\/climbat.com\/ca\/preinscripcions-escola-escalada-climbat-2025-2026\/\"><img width=\"1200\" height=\"675\" src=\"https:\/\/climbat.com\/wp-content\/uploads\/2025\/06\/ESCUELAESCALADA25_TV_CAT_LOW-1200x675.jpeg\" class=\"attachment-post-thumbnail size-post-thumbnail wp-post-image\" alt=\"Preinscripcions obertes per a l\u2019Escola d\u2019Escalada Climbat 2025-2026 amb grups infantils, juvenils, de fam\u00edlies i tecnificaci\u00f3\" decoding=\"async\" srcset=\"https:\/\/climbat.com\/wp-content\/uploads\/2025\/06\/ESCUELAESCALADA25_TV_CAT_LOW-1200x675.jpeg 1200w, https:\/\/climbat.com\/wp-content\/uploads\/2025\/06\/ESCUELAESCALADA25_TV_CAT_LOW-300x169.jpeg 300w, https:\/\/climbat.com\/wp-content\/uploads\/2025\/06\/ESCUELAESCALADA25_TV_CAT_LOW-1024x576.jpeg 1024w, https:\/\/climbat.com\/wp-content\/uploads\/2025\/06\/ESCUELAESCALADA25_TV_CAT_LOW-768x432.jpeg 768w, https:\/\/climbat.com\/wp-content\/uploads\/2025\/06\/ESCUELAESCALADA25_TV_CAT_LOW-1536x864.jpeg 1536w, https:\/\/climbat.com\/wp-content\/uploads\/2025\/06\/ESCUELAESCALADA25_TV_CAT_LOW-120x68.jpeg 120w, https:\/\/climbat.com\/wp-content\/uploads\/2025\/06\/ESCUELAESCALADA25_TV_CAT_LOW-81x46.jpeg 81w, https:\/\/climbat.com\/wp-content\/uploads\/2025\/06\/ESCUELAESCALADA25_TV_CAT_LOW.jpeg 1600w\" sizes=\"(max-width: 1200px) 100vw, 1200px\" \/><\/a><\/div>                   \t\t<div class=\"post-details pofo-post-description\">  \t\t\t\t\t\t<div class=\"novedad-title-container\"><a href=\"https:\/\/climbat.com\/ca\/preinscripcions-escola-escalada-climbat-2025-2026\/\" class=\"title-novedad-post\">PREINSCRIPCIONS ESCOLA D&#8217;ESCALADA 25-26<\/a><\/div>                        <div class=\"entry-content margin-10px-bottom\"                            style=\"font-size: 16px; font-weight: 400; color: #000000;\" data-fontsize=\"16px\">Busques una activitat esportiva completa, divertida i segura per al proper curs?A Climbat ja estan...<\/div>                        <div class=\"separator-line-horrizontal-full bg-medium-light-gray no-margin-top margin-20px-bottom xs-margin-15px-bottom\"                            style=\"background-color:#000;\"><\/div>                            <a href=\"https:\/\/climbat.com\/ca\/preinscripcions-escola-escalada-climbat-2025-2026\/\"                            class=\"btn-black btn no-margin white-space-normal btn-small\">Llegir m\u00e9s<\/a>                    <\/div>                <\/div>            <\/div>        <\/div>        <div class=\"blog-style7-1  margin-60px-bottom sm-margin-30px-bottom xs-margin-15px-bottom col-md-4 col-sm-6 col-xs-12 \">            <div class=\"post-23460 post type-post status-publish format-image has-post-thumbnail new-cajetilla-blanca\">                <div class=\"blog-post blog-post-style2 xs-text-center\">                    <div class=\"blog-post-images overflow-hidden margin-25px-bottom xs-margin-15px-bottom\"><a href=\"https:\/\/climbat.com\/ca\/promocio-3-mesos-escalada-indoor-climbat\/\"><img width=\"1200\" height=\"675\" src=\"https:\/\/climbat.com\/wp-content\/uploads\/2025\/08\/TV_PROMO31_CAT-1200x675.jpg\" class=\"attachment-post-thumbnail size-post-thumbnail wp-post-image\" alt=\"Imatge promocional de Climbat amb el text &quot;Activa el teu repte Climbat&quot; i una oferta especial.\" decoding=\"async\" srcset=\"https:\/\/climbat.com\/wp-content\/uploads\/2025\/08\/TV_PROMO31_CAT-1200x675.jpg 1200w, https:\/\/climbat.com\/wp-content\/uploads\/2025\/08\/TV_PROMO31_CAT-300x169.jpg 300w, https:\/\/climbat.com\/wp-content\/uploads\/2025\/08\/TV_PROMO31_CAT-1024x576.jpg 1024w, https:\/\/climbat.com\/wp-content\/uploads\/2025\/08\/TV_PROMO31_CAT-768x432.jpg 768w, https:\/\/climbat.com\/wp-content\/uploads\/2025\/08\/TV_PROMO31_CAT-1536x864.jpg 1536w, https:\/\/climbat.com\/wp-content\/uploads\/2025\/08\/TV_PROMO31_CAT-120x68.jpg 120w, https:\/\/climbat.com\/wp-content\/uploads\/2025\/08\/TV_PROMO31_CAT-81x46.jpg 81w, https:\/\/climbat.com\/wp-content\/uploads\/2025\/08\/TV_PROMO31_CAT.jpg 1920w\" sizes=\"(max-width: 1200px) 100vw, 1200px\" \/><\/a><\/div>                   \t\t<div class=\"post-details pofo-post-description\">  \t\t\t\t\t\t<div class=\"novedad-title-container\"><a href=\"https:\/\/climbat.com\/ca\/promocio-3-mesos-escalada-indoor-climbat\/\" class=\"title-novedad-post\">PROMO 3+1 A CLIMBAT<\/a><\/div>                        <div class=\"entry-content margin-10px-bottom\"                            style=\"font-size: 16px; font-weight: 400; color: #000000;\" data-fontsize=\"16px\">Vius a Barcelona, \u200b\u200bMadrid, Zaragoza, Avil\u00e9s o Barakaldo i t'apassiona l'escalada indoor? Aquest setembre \u00e9s...<\/div>                        <div class=\"separator-line-horrizontal-full bg-medium-light-gray no-margin-top margin-20px-bottom xs-margin-15px-bottom\"                            style=\"background-color:#000;\"><\/div>                            <a href=\"https:\/\/climbat.com\/ca\/promocio-3-mesos-escalada-indoor-climbat\/\"                            class=\"btn-black btn no-margin white-space-normal btn-small\">Llegir m\u00e9s<\/a>                    <\/div>                <\/div>            <\/div>        <\/div>        <div class=\"blog-style7-1  margin-60px-bottom sm-margin-30px-bottom xs-margin-15px-bottom col-md-4 col-sm-6 col-xs-12 \">            <div class=\"post-23460 post type-post status-publish format-image has-post-thumbnail new-cajetilla-blanca\">                <div class=\"blog-post blog-post-style2 xs-text-center\">                    <div class=\"blog-post-images overflow-hidden margin-25px-bottom xs-margin-15px-bottom\"><a href=\"https:\/\/climbat.com\/ca\/promocio-escalada-agost-bono-10-4\/\"><img width=\"1200\" height=\"675\" src=\"https:\/\/climbat.com\/wp-content\/uploads\/2025\/07\/TV_BONO104_CAT_LOW-1200x675.jpeg\" class=\"attachment-post-thumbnail size-post-thumbnail wp-post-image\" alt=\"Promoci\u00f3 escalada Climbat agost 10+4 entrades gratis\" decoding=\"async\" srcset=\"https:\/\/climbat.com\/wp-content\/uploads\/2025\/07\/TV_BONO104_CAT_LOW-1200x675.jpeg 1200w, https:\/\/climbat.com\/wp-content\/uploads\/2025\/07\/TV_BONO104_CAT_LOW-300x169.jpeg 300w, https:\/\/climbat.com\/wp-content\/uploads\/2025\/07\/TV_BONO104_CAT_LOW-1024x576.jpeg 1024w, https:\/\/climbat.com\/wp-content\/uploads\/2025\/07\/TV_BONO104_CAT_LOW-768x432.jpeg 768w, https:\/\/climbat.com\/wp-content\/uploads\/2025\/07\/TV_BONO104_CAT_LOW-1536x864.jpeg 1536w, https:\/\/climbat.com\/wp-content\/uploads\/2025\/07\/TV_BONO104_CAT_LOW-120x68.jpeg 120w, https:\/\/climbat.com\/wp-content\/uploads\/2025\/07\/TV_BONO104_CAT_LOW-81x46.jpeg 81w, https:\/\/climbat.com\/wp-content\/uploads\/2025\/07\/TV_BONO104_CAT_LOW.jpeg 1600w\" sizes=\"(max-width: 1200px) 100vw, 1200px\" \/><\/a><\/div>                   \t\t<div class=\"post-details pofo-post-description\">  \t\t\t\t\t\t<div class=\"novedad-title-container\"><a href=\"https:\/\/climbat.com\/ca\/promocio-escalada-agost-bono-10-4\/\" class=\"title-novedad-post\">BONO 10+4<\/a><\/div>                        <div class=\"entry-content margin-10px-bottom\"                            style=\"font-size: 16px; font-weight: 400; color: #000000;\" data-fontsize=\"16px\">Aquest agost, viu l\u2019escalada com mai als roc\u00f2droms Climbat! Si busques una promoci\u00f3 irresistible per...<\/div>                        <div class=\"separator-line-horrizontal-full bg-medium-light-gray no-margin-top margin-20px-bottom xs-margin-15px-bottom\"                            style=\"background-color:#000;\"><\/div>                            <a href=\"https:\/\/climbat.com\/ca\/promocio-escalada-agost-bono-10-4\/\"                            class=\"btn-black btn no-margin white-space-normal btn-small\">Llegir m\u00e9s<\/a>                    <\/div>                <\/div>            <\/div>        <\/div>        <div class=\"blog-style7-1  margin-60px-bottom sm-margin-30px-bottom xs-margin-15px-bottom col-md-4 col-sm-6 col-xs-12 \">            <div class=\"post-23460 post type-post status-publish format-image has-post-thumbnail new-cajetilla-blanca\">                <div class=\"blog-post blog-post-style2 xs-text-center\">                    <div class=\"blog-post-images overflow-hidden margin-25px-bottom xs-margin-15px-bottom\"><a href=\"https:\/\/climbat.com\/ca\/pack-familia-climbat-estiu-2025\/\"><img width=\"1200\" height=\"675\" src=\"https:\/\/climbat.com\/wp-content\/uploads\/2025\/06\/TV_PACK_CAT_LOW-1200x675.jpeg\" class=\"attachment-post-thumbnail size-post-thumbnail wp-post-image\" alt=\"Promoci\u00f3 Pack Fam\u00edlia Climbat estiu 2025: escalada per a fam\u00edlies per 25\u202f\u20ac\" decoding=\"async\" srcset=\"https:\/\/climbat.com\/wp-content\/uploads\/2025\/06\/TV_PACK_CAT_LOW-1200x675.jpeg 1200w, https:\/\/climbat.com\/wp-content\/uploads\/2025\/06\/TV_PACK_CAT_LOW-300x169.jpeg 300w, https:\/\/climbat.com\/wp-content\/uploads\/2025\/06\/TV_PACK_CAT_LOW-1024x576.jpeg 1024w, https:\/\/climbat.com\/wp-content\/uploads\/2025\/06\/TV_PACK_CAT_LOW-768x432.jpeg 768w, https:\/\/climbat.com\/wp-content\/uploads\/2025\/06\/TV_PACK_CAT_LOW-1536x864.jpeg 1536w, https:\/\/climbat.com\/wp-content\/uploads\/2025\/06\/TV_PACK_CAT_LOW-120x68.jpeg 120w, https:\/\/climbat.com\/wp-content\/uploads\/2025\/06\/TV_PACK_CAT_LOW-81x46.jpeg 81w, https:\/\/climbat.com\/wp-content\/uploads\/2025\/06\/TV_PACK_CAT_LOW.jpeg 1600w\" sizes=\"(max-width: 1200px) 100vw, 1200px\" \/><\/a><\/div>                   \t\t<div class=\"post-details pofo-post-description\">  \t\t\t\t\t\t<div class=\"novedad-title-container\"><a href=\"https:\/\/climbat.com\/ca\/pack-familia-climbat-estiu-2025\/\" class=\"title-novedad-post\">PACK FAM\u00cdLIA 25\u20ac<\/a><\/div>                        <div class=\"entry-content margin-10px-bottom\"                            style=\"font-size: 16px; font-weight: 400; color: #000000;\" data-fontsize=\"16px\">Aquest estiu, l\u2019aventura es viu en fam\u00edlia! Busques un pla original i actiu per compartir...<\/div>                        <div class=\"separator-line-horrizontal-full bg-medium-light-gray no-margin-top margin-20px-bottom xs-margin-15px-bottom\"                            style=\"background-color:#000;\"><\/div>                            <a href=\"https:\/\/climbat.com\/ca\/pack-familia-climbat-estiu-2025\/\"                            class=\"btn-black btn no-margin white-space-normal btn-small\">Llegir m\u00e9s<\/a>                    <\/div>                <\/div>            <\/div>        <\/div>        <div class=\"blog-style7-1  margin-60px-bottom sm-margin-30px-bottom xs-margin-15px-bottom col-md-4 col-sm-6 col-xs-12 \">            <div class=\"post-23460 post type-post status-publish format-image has-post-thumbnail new-cajetilla-blanca\">                <div class=\"blog-post blog-post-style2 xs-text-center\">                    <div class=\"blog-post-images overflow-hidden margin-25px-bottom xs-margin-15px-bottom\"><a href=\"https:\/\/climbat.com\/ca\/promocio-estiu-2x1-refugi-climbatic\/\"><img width=\"1200\" height=\"675\" src=\"https:\/\/climbat.com\/wp-content\/uploads\/2025\/06\/TV_REFUGIO_2x1_CAT_LOW-1200x675.jpeg\" class=\"attachment-post-thumbnail size-post-thumbnail wp-post-image\" alt=\"Promoci\u00f3 2x1 en entrades d\u2019adult a Climbat estiu 2025. Refugi Climb\u00e0tic amb centres climatitzats.\" decoding=\"async\" srcset=\"https:\/\/climbat.com\/wp-content\/uploads\/2025\/06\/TV_REFUGIO_2x1_CAT_LOW-1200x675.jpeg 1200w, https:\/\/climbat.com\/wp-content\/uploads\/2025\/06\/TV_REFUGIO_2x1_CAT_LOW-300x169.jpeg 300w, https:\/\/climbat.com\/wp-content\/uploads\/2025\/06\/TV_REFUGIO_2x1_CAT_LOW-1024x576.jpeg 1024w, https:\/\/climbat.com\/wp-content\/uploads\/2025\/06\/TV_REFUGIO_2x1_CAT_LOW-768x432.jpeg 768w, https:\/\/climbat.com\/wp-content\/uploads\/2025\/06\/TV_REFUGIO_2x1_CAT_LOW-1536x864.jpeg 1536w, https:\/\/climbat.com\/wp-content\/uploads\/2025\/06\/TV_REFUGIO_2x1_CAT_LOW-120x68.jpeg 120w, https:\/\/climbat.com\/wp-content\/uploads\/2025\/06\/TV_REFUGIO_2x1_CAT_LOW-81x46.jpeg 81w, https:\/\/climbat.com\/wp-content\/uploads\/2025\/06\/TV_REFUGIO_2x1_CAT_LOW.jpeg 1600w\" sizes=\"(max-width: 1200px) 100vw, 1200px\" \/><\/a><\/div>                   \t\t<div class=\"post-details pofo-post-description\">  \t\t\t\t\t\t<div class=\"novedad-title-container\"><a href=\"https:\/\/climbat.com\/ca\/promocio-estiu-2x1-refugi-climbatic\/\" class=\"title-novedad-post\">PROMOCI\u00d3 2&#215;1<\/a><\/div>                        <div class=\"entry-content margin-10px-bottom\"                            style=\"font-size: 16px; font-weight: 400; color: #000000;\" data-fontsize=\"16px\">De l\u20191 de juliol al 31 d\u2019agost, a Climbat volem que fug\u00eds de la calor...<\/div>                        <div class=\"separator-line-horrizontal-full bg-medium-light-gray no-margin-top margin-20px-bottom xs-margin-15px-bottom\"                            style=\"background-color:#000;\"><\/div>                            <a href=\"https:\/\/climbat.com\/ca\/promocio-estiu-2x1-refugi-climbatic\/\"                            class=\"btn-black btn no-margin white-space-normal btn-small\">Llegir m\u00e9s<\/a>                    <\/div>                <\/div>            <\/div>        <\/div>        <div class=\"blog-style7-1  margin-60px-bottom sm-margin-30px-bottom xs-margin-15px-bottom col-md-4 col-sm-6 col-xs-12 \">            <div class=\"post-23460 post type-post status-publish format-image has-post-thumbnail new-cajetilla-blanca\">                <div class=\"blog-post blog-post-style2 xs-text-center\">                    <div class=\"blog-post-images overflow-hidden margin-25px-bottom xs-margin-15px-bottom\"><a href=\"https:\/\/climbat.com\/ca\/promo-estiu-2025\/\"><img width=\"1200\" height=\"675\" src=\"https:\/\/climbat.com\/wp-content\/uploads\/2025\/05\/PROMOTRIPLE_TV_CAT-1200x675.jpg\" class=\"attachment-post-thumbnail size-post-thumbnail wp-post-image\" alt=\"\" decoding=\"async\" srcset=\"https:\/\/climbat.com\/wp-content\/uploads\/2025\/05\/PROMOTRIPLE_TV_CAT-1200x675.jpg 1200w, https:\/\/climbat.com\/wp-content\/uploads\/2025\/05\/PROMOTRIPLE_TV_CAT-300x169.jpg 300w, https:\/\/climbat.com\/wp-content\/uploads\/2025\/05\/PROMOTRIPLE_TV_CAT-1024x576.jpg 1024w, https:\/\/climbat.com\/wp-content\/uploads\/2025\/05\/PROMOTRIPLE_TV_CAT-768x432.jpg 768w, https:\/\/climbat.com\/wp-content\/uploads\/2025\/05\/PROMOTRIPLE_TV_CAT-1536x864.jpg 1536w, https:\/\/climbat.com\/wp-content\/uploads\/2025\/05\/PROMOTRIPLE_TV_CAT-120x68.jpg 120w, https:\/\/climbat.com\/wp-content\/uploads\/2025\/05\/PROMOTRIPLE_TV_CAT-81x46.jpg 81w, https:\/\/climbat.com\/wp-content\/uploads\/2025\/05\/PROMOTRIPLE_TV_CAT.jpg 1920w\" sizes=\"(max-width: 1200px) 100vw, 1200px\" \/><\/a><\/div>                   \t\t<div class=\"post-details pofo-post-description\">  \t\t\t\t\t\t<div class=\"novedad-title-container\"><a href=\"https:\/\/climbat.com\/ca\/promo-estiu-2025\/\" class=\"title-novedad-post\">PROMO ESTIU<\/a><\/div>                        <div class=\"entry-content margin-10px-bottom\"                            style=\"font-size: 16px; font-weight: 400; color: #000000;\" data-fontsize=\"16px\">Aquest estiu marca't un triple a Climbat! Ara, tens l'oportunitat d'aconseguir la teva millor jugada:...<\/div>                        <div class=\"separator-line-horrizontal-full bg-medium-light-gray no-margin-top margin-20px-bottom xs-margin-15px-bottom\"                            style=\"background-color:#000;\"><\/div>                            <a href=\"https:\/\/climbat.com\/ca\/promo-estiu-2025\/\"                            class=\"btn-black btn no-margin white-space-normal btn-small\">Llegir m\u00e9s<\/a>                    <\/div>                <\/div>            <\/div>        <\/div>        <div class=\"blog-style7-1  margin-60px-bottom sm-margin-30px-bottom xs-margin-15px-bottom col-md-4 col-sm-6 col-xs-12 \">            <div class=\"post-23460 post type-post status-publish format-image has-post-thumbnail new-cajetilla-blanca\">                <div class=\"blog-post blog-post-style2 xs-text-center\">                    <div class=\"blog-post-images overflow-hidden margin-25px-bottom xs-margin-15px-bottom\"><a href=\"https:\/\/climbat.com\/ca\/promo-anual-boreal\/\"><img width=\"1200\" height=\"675\" src=\"https:\/\/climbat.com\/wp-content\/uploads\/2025\/05\/PROMOANUAL_GATS_TV_CAT-1200x675.jpg\" class=\"attachment-post-thumbnail size-post-thumbnail wp-post-image\" alt=\"promocio-anual-climbat-peus-gat-boreal-alpha-gratis-escalada-indoor\" decoding=\"async\" srcset=\"https:\/\/climbat.com\/wp-content\/uploads\/2025\/05\/PROMOANUAL_GATS_TV_CAT-1200x675.jpg 1200w, https:\/\/climbat.com\/wp-content\/uploads\/2025\/05\/PROMOANUAL_GATS_TV_CAT-300x169.jpg 300w, https:\/\/climbat.com\/wp-content\/uploads\/2025\/05\/PROMOANUAL_GATS_TV_CAT-1024x576.jpg 1024w, https:\/\/climbat.com\/wp-content\/uploads\/2025\/05\/PROMOANUAL_GATS_TV_CAT-768x432.jpg 768w, https:\/\/climbat.com\/wp-content\/uploads\/2025\/05\/PROMOANUAL_GATS_TV_CAT-1536x864.jpg 1536w, https:\/\/climbat.com\/wp-content\/uploads\/2025\/05\/PROMOANUAL_GATS_TV_CAT-120x68.jpg 120w, https:\/\/climbat.com\/wp-content\/uploads\/2025\/05\/PROMOANUAL_GATS_TV_CAT-81x46.jpg 81w, https:\/\/climbat.com\/wp-content\/uploads\/2025\/05\/PROMOANUAL_GATS_TV_CAT.jpg 1920w\" sizes=\"(max-width: 1200px) 100vw, 1200px\" \/><\/a><\/div>                   \t\t<div class=\"post-details pofo-post-description\">  \t\t\t\t\t\t<div class=\"novedad-title-container\"><a href=\"https:\/\/climbat.com\/ca\/promo-anual-boreal\/\" class=\"title-novedad-post\">FES-TE SOCI I ACONSEGUEIX UNS PEUS DE GAT BOREAL ALPHA<\/a><\/div>                        <div class=\"entry-content margin-10px-bottom\"                            style=\"font-size: 16px; font-weight: 400; color: #000000;\" data-fontsize=\"16px\">A Climbat Centers volem premiar la teva passi\u00f3 per l'escalada amb un regal que marcar\u00e0...<\/div>                        <div class=\"separator-line-horrizontal-full bg-medium-light-gray no-margin-top margin-20px-bottom xs-margin-15px-bottom\"                            style=\"background-color:#000;\"><\/div>                            <a href=\"https:\/\/climbat.com\/ca\/promo-anual-boreal\/\"                            class=\"btn-black btn no-margin white-space-normal btn-small\">Llegir m\u00e9s<\/a>                    <\/div>                <\/div>            <\/div>        <\/div>        <div class=\"blog-style7-1  margin-60px-bottom sm-margin-30px-bottom xs-margin-15px-bottom col-md-4 col-sm-6 col-xs-12 \">            <div class=\"post-23460 post type-post status-publish format-image has-post-thumbnail new-cajetilla-blanca\">                <div class=\"blog-post blog-post-style2 xs-text-center\">                    <div class=\"blog-post-images overflow-hidden margin-25px-bottom xs-margin-15px-bottom\"><a href=\"https:\/\/climbat.com\/ca\/lliga-infantil-climbat\/\"><img width=\"1156\" height=\"771\" src=\"https:\/\/climbat.com\/wp-content\/uploads\/2025\/05\/escalada-infantil-boulder-climbat-entrenamiento-1156x771.jpeg\" class=\"attachment-post-thumbnail size-post-thumbnail wp-post-image\" alt=\"Ni\u00f1o escalando en muro de boulder de Climbat, con camiseta verde fluorescente, practicando en presas moradas sobre pared amarilla y azul en instalaciones indoor.\" decoding=\"async\" srcset=\"https:\/\/climbat.com\/wp-content\/uploads\/2025\/05\/escalada-infantil-boulder-climbat-entrenamiento-1156x771.jpeg 1156w, https:\/\/climbat.com\/wp-content\/uploads\/2025\/05\/escalada-infantil-boulder-climbat-entrenamiento-300x200.jpeg 300w, https:\/\/climbat.com\/wp-content\/uploads\/2025\/05\/escalada-infantil-boulder-climbat-entrenamiento-1024x683.jpeg 1024w, https:\/\/climbat.com\/wp-content\/uploads\/2025\/05\/escalada-infantil-boulder-climbat-entrenamiento-768x512.jpeg 768w, https:\/\/climbat.com\/wp-content\/uploads\/2025\/05\/escalada-infantil-boulder-climbat-entrenamiento-1536x1024.jpeg 1536w, https:\/\/climbat.com\/wp-content\/uploads\/2025\/05\/escalada-infantil-boulder-climbat-entrenamiento-120x80.jpeg 120w, https:\/\/climbat.com\/wp-content\/uploads\/2025\/05\/escalada-infantil-boulder-climbat-entrenamiento-81x54.jpeg 81w, https:\/\/climbat.com\/wp-content\/uploads\/2025\/05\/escalada-infantil-boulder-climbat-entrenamiento.jpeg 1600w\" sizes=\"(max-width: 1156px) 100vw, 1156px\" \/><\/a><\/div>                   \t\t<div class=\"post-details pofo-post-description\">  \t\t\t\t\t\t<div class=\"novedad-title-container\"><a href=\"https:\/\/climbat.com\/ca\/lliga-infantil-climbat\/\" class=\"title-novedad-post\">LLIGA INFANTIL CLIMBAT<\/a><\/div>                        <div class=\"entry-content margin-10px-bottom\"                            style=\"font-size: 16px; font-weight: 400; color: #000000;\" data-fontsize=\"16px\">Lliga Infantil Climbat: L'esdeveniment d'escalada infantil m\u00e9s gran de l'Estat tanca la 8a edici\u00f3 amb...<\/div>                        <div class=\"separator-line-horrizontal-full bg-medium-light-gray no-margin-top margin-20px-bottom xs-margin-15px-bottom\"                            style=\"background-color:#000;\"><\/div>                            <a href=\"https:\/\/climbat.com\/ca\/lliga-infantil-climbat\/\"                            class=\"btn-black btn no-margin white-space-normal btn-small\">Llegir m\u00e9s<\/a>                    <\/div>                <\/div>            <\/div>        <\/div>        <div class=\"blog-style7-1  margin-60px-bottom sm-margin-30px-bottom xs-margin-15px-bottom col-md-4 col-sm-6 col-xs-12 \">            <div class=\"post-23460 post type-post status-publish format-image has-post-thumbnail new-cajetilla-blanca\">                <div class=\"blog-post blog-post-style2 xs-text-center\">                    <div class=\"blog-post-images overflow-hidden margin-25px-bottom xs-margin-15px-bottom\"><a href=\"https:\/\/climbat.com\/ca\/dia-de-la-familia\/\"><img width=\"1200\" height=\"675\" src=\"https:\/\/climbat.com\/wp-content\/uploads\/2025\/04\/TV_DIADELAMADRE_CAT-1200x675.jpg\" class=\"attachment-post-thumbnail size-post-thumbnail wp-post-image\" alt=\"\" decoding=\"async\" srcset=\"https:\/\/climbat.com\/wp-content\/uploads\/2025\/04\/TV_DIADELAMADRE_CAT-1200x675.jpg 1200w, https:\/\/climbat.com\/wp-content\/uploads\/2025\/04\/TV_DIADELAMADRE_CAT-300x169.jpg 300w, https:\/\/climbat.com\/wp-content\/uploads\/2025\/04\/TV_DIADELAMADRE_CAT-1024x576.jpg 1024w, https:\/\/climbat.com\/wp-content\/uploads\/2025\/04\/TV_DIADELAMADRE_CAT-768x432.jpg 768w, https:\/\/climbat.com\/wp-content\/uploads\/2025\/04\/TV_DIADELAMADRE_CAT-1536x864.jpg 1536w, https:\/\/climbat.com\/wp-content\/uploads\/2025\/04\/TV_DIADELAMADRE_CAT-120x68.jpg 120w, https:\/\/climbat.com\/wp-content\/uploads\/2025\/04\/TV_DIADELAMADRE_CAT-81x46.jpg 81w, https:\/\/climbat.com\/wp-content\/uploads\/2025\/04\/TV_DIADELAMADRE_CAT.jpg 1920w\" sizes=\"(max-width: 1200px) 100vw, 1200px\" \/><\/a><\/div>                   \t\t<div class=\"post-details pofo-post-description\">  \t\t\t\t\t\t<div class=\"novedad-title-container\"><a href=\"https:\/\/climbat.com\/ca\/dia-de-la-familia\/\" class=\"title-novedad-post\">DIA DE LA FAM\u00cdLIA<\/a><\/div>                        <div class=\"entry-content margin-10px-bottom\"                            style=\"font-size: 16px; font-weight: 400; color: #000000;\" data-fontsize=\"16px\">Celebra el Dia de la Fam\u00edlia a Climbat!&nbsp; Aquest 4 de maig, a Climbat volem...<\/div>                        <div class=\"separator-line-horrizontal-full bg-medium-light-gray no-margin-top margin-20px-bottom xs-margin-15px-bottom\"                            style=\"background-color:#000;\"><\/div>                            <a href=\"https:\/\/climbat.com\/ca\/dia-de-la-familia\/\"                            class=\"btn-black btn no-margin white-space-normal btn-small\">Llegir m\u00e9s<\/a>                    <\/div>                <\/div>            <\/div>        <\/div>        <div class=\"blog-style7-1  margin-60px-bottom sm-margin-30px-bottom xs-margin-15px-bottom col-md-4 col-sm-6 col-xs-12 \">            <div class=\"post-23460 post type-post status-publish format-image has-post-thumbnail new-cajetilla-blanca\">                <div class=\"blog-post blog-post-style2 xs-text-center\">                    <div class=\"blog-post-images overflow-hidden margin-25px-bottom xs-margin-15px-bottom\"><a href=\"https:\/\/climbat.com\/ca\/climbat-kombat-25\/\"><img width=\"1156\" height=\"771\" src=\"https:\/\/climbat.com\/wp-content\/uploads\/2025\/04\/IMGKOMBAT-1156x771.jpeg\" class=\"attachment-post-thumbnail size-post-thumbnail wp-post-image\" alt=\" III CLIMBAT KOMBAT\" decoding=\"async\" srcset=\"https:\/\/climbat.com\/wp-content\/uploads\/2025\/04\/IMGKOMBAT-1156x771.jpeg 1156w, https:\/\/climbat.com\/wp-content\/uploads\/2025\/04\/IMGKOMBAT-300x200.jpeg 300w, https:\/\/climbat.com\/wp-content\/uploads\/2025\/04\/IMGKOMBAT-1024x683.jpeg 1024w, https:\/\/climbat.com\/wp-content\/uploads\/2025\/04\/IMGKOMBAT-768x512.jpeg 768w, https:\/\/climbat.com\/wp-content\/uploads\/2025\/04\/IMGKOMBAT-1536x1024.jpeg 1536w, https:\/\/climbat.com\/wp-content\/uploads\/2025\/04\/IMGKOMBAT-120x80.jpeg 120w, https:\/\/climbat.com\/wp-content\/uploads\/2025\/04\/IMGKOMBAT-81x54.jpeg 81w, https:\/\/climbat.com\/wp-content\/uploads\/2025\/04\/IMGKOMBAT.jpeg 1600w\" sizes=\"(max-width: 1156px) 100vw, 1156px\" \/><\/a><\/div>                   \t\t<div class=\"post-details pofo-post-description\">  \t\t\t\t\t\t<div class=\"novedad-title-container\"><a href=\"https:\/\/climbat.com\/ca\/climbat-kombat-25\/\" class=\"title-novedad-post\">SOLD OUT AL III OPEN BLOC CIUTAT DE BCN I VICT\u00d2RIA DE SVANA BJARNASON I MIKEL LINACISORO AL III CLIMBAT KOMBAT<\/a><\/div>                        <div class=\"entry-content margin-10px-bottom\"                            style=\"font-size: 16px; font-weight: 400; color: #000000;\" data-fontsize=\"16px\">El III Open Bloc Ciutat de Barcelona i el III Climbat Kombat han tornat a...<\/div>                        <div class=\"separator-line-horrizontal-full bg-medium-light-gray no-margin-top margin-20px-bottom xs-margin-15px-bottom\"                            style=\"background-color:#000;\"><\/div>                            <a href=\"https:\/\/climbat.com\/ca\/climbat-kombat-25\/\"                            class=\"btn-black btn no-margin white-space-normal btn-small\">Llegir m\u00e9s<\/a>                    <\/div>                <\/div>            <\/div>        <\/div>        <div class=\"blog-style7-1  margin-60px-bottom sm-margin-30px-bottom xs-margin-15px-bottom col-md-4 col-sm-6 col-xs-12 \">            <div class=\"post-23460 post type-post status-publish format-image has-post-thumbnail new-cajetilla-blanca\">                <div class=\"blog-post blog-post-style2 xs-text-center\">                    <div class=\"blog-post-images overflow-hidden margin-25px-bottom xs-margin-15px-bottom\"><a href=\"https:\/\/climbat.com\/ca\/mes-de-lamic-i-lamiga\/\"><img width=\"1200\" height=\"675\" src=\"https:\/\/climbat.com\/wp-content\/uploads\/2025\/03\/TV_AMIGO25_CAT-1-1200x675.jpg\" class=\"attachment-post-thumbnail size-post-thumbnail wp-post-image\" alt=\"\" decoding=\"async\" srcset=\"https:\/\/climbat.com\/wp-content\/uploads\/2025\/03\/TV_AMIGO25_CAT-1-1200x675.jpg 1200w, https:\/\/climbat.com\/wp-content\/uploads\/2025\/03\/TV_AMIGO25_CAT-1-300x169.jpg 300w, https:\/\/climbat.com\/wp-content\/uploads\/2025\/03\/TV_AMIGO25_CAT-1-1024x576.jpg 1024w, https:\/\/climbat.com\/wp-content\/uploads\/2025\/03\/TV_AMIGO25_CAT-1-768x432.jpg 768w, https:\/\/climbat.com\/wp-content\/uploads\/2025\/03\/TV_AMIGO25_CAT-1-1536x864.jpg 1536w, https:\/\/climbat.com\/wp-content\/uploads\/2025\/03\/TV_AMIGO25_CAT-1-120x68.jpg 120w, https:\/\/climbat.com\/wp-content\/uploads\/2025\/03\/TV_AMIGO25_CAT-1-81x46.jpg 81w, https:\/\/climbat.com\/wp-content\/uploads\/2025\/03\/TV_AMIGO25_CAT-1.jpg 1920w\" sizes=\"(max-width: 1200px) 100vw, 1200px\" \/><\/a><\/div>                   \t\t<div class=\"post-details pofo-post-description\">  \t\t\t\t\t\t<div class=\"novedad-title-container\"><a href=\"https:\/\/climbat.com\/ca\/mes-de-lamic-i-lamiga\/\" class=\"title-novedad-post\">MES DE L&#8217;AMIC I L&#8217;AMIGA<\/a><\/div>                        <div class=\"entry-content margin-10px-bottom\"                            style=\"font-size: 16px; font-weight: 400; color: #000000;\" data-fontsize=\"16px\">A Climbat sabem que l'escalada \u00e9s millor en companyia. Per aix\u00f2, llancem una promoci\u00f3 especial...<\/div>                        <div class=\"separator-line-horrizontal-full bg-medium-light-gray no-margin-top margin-20px-bottom xs-margin-15px-bottom\"                            style=\"background-color:#000;\"><\/div>                            <a href=\"https:\/\/climbat.com\/ca\/mes-de-lamic-i-lamiga\/\"                            class=\"btn-black btn no-margin white-space-normal btn-small\">Llegir m\u00e9s<\/a>                    <\/div>                <\/div>            <\/div>        <\/div>        <div class=\"blog-style7-1  margin-60px-bottom sm-margin-30px-bottom xs-margin-15px-bottom col-md-4 col-sm-6 col-xs-12 \">            <div class=\"post-23460 post type-post status-publish format-image has-post-thumbnail new-cajetilla-blanca\">                <div class=\"blog-post blog-post-style2 xs-text-center\">                    <div class=\"blog-post-images overflow-hidden margin-25px-bottom xs-margin-15px-bottom\"><a href=\"https:\/\/climbat.com\/ca\/casals-destiu-lfx25\/\"><img width=\"1200\" height=\"675\" src=\"https:\/\/climbat.com\/wp-content\/uploads\/2025\/03\/TV_CAMPSVERANO_LFX_CAT25-LOW-1200x675.jpg\" class=\"attachment-post-thumbnail size-post-thumbnail wp-post-image\" alt=\"\" decoding=\"async\" srcset=\"https:\/\/climbat.com\/wp-content\/uploads\/2025\/03\/TV_CAMPSVERANO_LFX_CAT25-LOW-1200x675.jpg 1200w, https:\/\/climbat.com\/wp-content\/uploads\/2025\/03\/TV_CAMPSVERANO_LFX_CAT25-LOW-300x169.jpg 300w, https:\/\/climbat.com\/wp-content\/uploads\/2025\/03\/TV_CAMPSVERANO_LFX_CAT25-LOW-1024x576.jpg 1024w, https:\/\/climbat.com\/wp-content\/uploads\/2025\/03\/TV_CAMPSVERANO_LFX_CAT25-LOW-768x432.jpg 768w, https:\/\/climbat.com\/wp-content\/uploads\/2025\/03\/TV_CAMPSVERANO_LFX_CAT25-LOW-1536x864.jpg 1536w, https:\/\/climbat.com\/wp-content\/uploads\/2025\/03\/TV_CAMPSVERANO_LFX_CAT25-LOW-120x68.jpg 120w, https:\/\/climbat.com\/wp-content\/uploads\/2025\/03\/TV_CAMPSVERANO_LFX_CAT25-LOW-81x46.jpg 81w, https:\/\/climbat.com\/wp-content\/uploads\/2025\/03\/TV_CAMPSVERANO_LFX_CAT25-LOW.jpg 1920w\" sizes=\"(max-width: 1200px) 100vw, 1200px\" \/><\/a><\/div>                   \t\t<div class=\"post-details pofo-post-description\">  \t\t\t\t\t\t<div class=\"novedad-title-container\"><a href=\"https:\/\/climbat.com\/ca\/casals-destiu-lfx25\/\" class=\"title-novedad-post\">CASALS D&#8217;ESTIU<\/a><\/div>                        <div class=\"entry-content margin-10px-bottom\"                            style=\"font-size: 16px; font-weight: 400; color: #000000;\" data-fontsize=\"16px\">El 1 d\u2019abril obrim les inscripcions per als Casals d\u2019Estiu Climbat! Activitats, tallers, balls, gimcanes...<\/div>                        <div class=\"separator-line-horrizontal-full bg-medium-light-gray no-margin-top margin-20px-bottom xs-margin-15px-bottom\"                            style=\"background-color:#000;\"><\/div>                            <a href=\"https:\/\/climbat.com\/ca\/casals-destiu-lfx25\/\"                            class=\"btn-black btn no-margin white-space-normal btn-small\">Llegir m\u00e9s<\/a>                    <\/div>                <\/div>            <\/div>        <\/div>        <div class=\"blog-style7-1  margin-60px-bottom sm-margin-30px-bottom xs-margin-15px-bottom col-md-4 col-sm-6 col-xs-12 \">            <div class=\"post-23460 post type-post status-publish format-image has-post-thumbnail new-cajetilla-blanca\">                <div class=\"blog-post blog-post-style2 xs-text-center\">                    <div class=\"blog-post-images overflow-hidden margin-25px-bottom xs-margin-15px-bottom\"><a href=\"https:\/\/climbat.com\/ca\/climbat-fa-19-anys\/\"><img width=\"1200\" height=\"675\" src=\"https:\/\/climbat.com\/wp-content\/uploads\/2025\/02\/TV_19A_CAT-1200x675.jpg\" class=\"attachment-post-thumbnail size-post-thumbnail wp-post-image\" alt=\"\" decoding=\"async\" srcset=\"https:\/\/climbat.com\/wp-content\/uploads\/2025\/02\/TV_19A_CAT-1200x675.jpg 1200w, https:\/\/climbat.com\/wp-content\/uploads\/2025\/02\/TV_19A_CAT-300x169.jpg 300w, https:\/\/climbat.com\/wp-content\/uploads\/2025\/02\/TV_19A_CAT-1024x576.jpg 1024w, https:\/\/climbat.com\/wp-content\/uploads\/2025\/02\/TV_19A_CAT-768x432.jpg 768w, https:\/\/climbat.com\/wp-content\/uploads\/2025\/02\/TV_19A_CAT-1536x864.jpg 1536w, https:\/\/climbat.com\/wp-content\/uploads\/2025\/02\/TV_19A_CAT-120x68.jpg 120w, https:\/\/climbat.com\/wp-content\/uploads\/2025\/02\/TV_19A_CAT-81x46.jpg 81w, https:\/\/climbat.com\/wp-content\/uploads\/2025\/02\/TV_19A_CAT.jpg 1920w\" sizes=\"(max-width: 1200px) 100vw, 1200px\" \/><\/a><\/div>                   \t\t<div class=\"post-details pofo-post-description\">  \t\t\t\t\t\t<div class=\"novedad-title-container\"><a href=\"https:\/\/climbat.com\/ca\/climbat-fa-19-anys\/\" class=\"title-novedad-post\">CLIMBAT FA 19 ANYS<\/a><\/div>                        <div class=\"entry-content margin-10px-bottom\"                            style=\"font-size: 16px; font-weight: 400; color: #000000;\" data-fontsize=\"16px\">A Climbat estem de celebraci\u00f3: fem 19 anys! No podr\u00edem haver arribat fins aqu\u00ed sense...<\/div>                        <div class=\"separator-line-horrizontal-full bg-medium-light-gray no-margin-top margin-20px-bottom xs-margin-15px-bottom\"                            style=\"background-color:#000;\"><\/div>                            <a href=\"https:\/\/climbat.com\/ca\/climbat-fa-19-anys\/\"                            class=\"btn-black btn no-margin white-space-normal btn-small\">Llegir m\u00e9s<\/a>                    <\/div>                <\/div>            <\/div>        <\/div>        <div class=\"blog-style7-1  margin-60px-bottom sm-margin-30px-bottom xs-margin-15px-bottom col-md-4 col-sm-6 col-xs-12 \">            <div class=\"post-23460 post type-post status-publish format-image has-post-thumbnail new-cajetilla-blanca\">                <div class=\"blog-post blog-post-style2 xs-text-center\">                    <div class=\"blog-post-images overflow-hidden margin-25px-bottom xs-margin-15px-bottom\"><a href=\"https:\/\/climbat.com\/ca\/carnestoltes25\/\"><img width=\"1200\" height=\"675\" src=\"https:\/\/climbat.com\/wp-content\/uploads\/2025\/02\/TV_CV_CATLOW-1-1200x675.jpg\" class=\"attachment-post-thumbnail size-post-thumbnail wp-post-image\" alt=\"\" decoding=\"async\" srcset=\"https:\/\/climbat.com\/wp-content\/uploads\/2025\/02\/TV_CV_CATLOW-1-1200x675.jpg 1200w, https:\/\/climbat.com\/wp-content\/uploads\/2025\/02\/TV_CV_CATLOW-1-300x169.jpg 300w, https:\/\/climbat.com\/wp-content\/uploads\/2025\/02\/TV_CV_CATLOW-1-1024x576.jpg 1024w, https:\/\/climbat.com\/wp-content\/uploads\/2025\/02\/TV_CV_CATLOW-1-768x432.jpg 768w, https:\/\/climbat.com\/wp-content\/uploads\/2025\/02\/TV_CV_CATLOW-1-1536x864.jpg 1536w, https:\/\/climbat.com\/wp-content\/uploads\/2025\/02\/TV_CV_CATLOW-1-120x68.jpg 120w, https:\/\/climbat.com\/wp-content\/uploads\/2025\/02\/TV_CV_CATLOW-1-81x46.jpg 81w, https:\/\/climbat.com\/wp-content\/uploads\/2025\/02\/TV_CV_CATLOW-1.jpg 1920w\" sizes=\"(max-width: 1200px) 100vw, 1200px\" \/><\/a><\/div>                   \t\t<div class=\"post-details pofo-post-description\">  \t\t\t\t\t\t<div class=\"novedad-title-container\"><a href=\"https:\/\/climbat.com\/ca\/carnestoltes25\/\" class=\"title-novedad-post\">CARNESTOLTES<\/a><\/div>                        <div class=\"entry-content margin-10px-bottom\"                            style=\"font-size: 16px; font-weight: 400; color: #000000;\" data-fontsize=\"16px\">Carnestoltes arriba a Climbat!Ets dels que esperen amb \u00e0nsies l'oportunitat de disfressar-se? \u00c9s el teu...<\/div>                        <div class=\"separator-line-horrizontal-full bg-medium-light-gray no-margin-top margin-20px-bottom xs-margin-15px-bottom\"                            style=\"background-color:#000;\"><\/div>                            <a href=\"https:\/\/climbat.com\/ca\/carnestoltes25\/\"                            class=\"btn-black btn no-margin white-space-normal btn-small\">Llegir m\u00e9s<\/a>                    <\/div>                <\/div>            <\/div>        <\/div>        <div class=\"blog-style7-1  margin-60px-bottom sm-margin-30px-bottom xs-margin-15px-bottom col-md-4 col-sm-6 col-xs-12 \">            <div class=\"post-23460 post type-post status-publish format-image has-post-thumbnail new-cajetilla-blanca\">                <div class=\"blog-post blog-post-style2 xs-text-center\">                    <div class=\"blog-post-images overflow-hidden margin-25px-bottom xs-margin-15px-bottom\"><a href=\"https:\/\/climbat.com\/ca\/escala-en-familia\/\"><img width=\"1200\" height=\"675\" src=\"https:\/\/climbat.com\/wp-content\/uploads\/2025\/02\/TV_DIADELPADRE_CATLOW-1200x675.jpg\" class=\"attachment-post-thumbnail size-post-thumbnail wp-post-image\" alt=\"DIA DEL PADRE\" decoding=\"async\" srcset=\"https:\/\/climbat.com\/wp-content\/uploads\/2025\/02\/TV_DIADELPADRE_CATLOW-1200x675.jpg 1200w, https:\/\/climbat.com\/wp-content\/uploads\/2025\/02\/TV_DIADELPADRE_CATLOW-300x169.jpg 300w, https:\/\/climbat.com\/wp-content\/uploads\/2025\/02\/TV_DIADELPADRE_CATLOW-1024x576.jpg 1024w, https:\/\/climbat.com\/wp-content\/uploads\/2025\/02\/TV_DIADELPADRE_CATLOW-768x432.jpg 768w, https:\/\/climbat.com\/wp-content\/uploads\/2025\/02\/TV_DIADELPADRE_CATLOW-1536x864.jpg 1536w, https:\/\/climbat.com\/wp-content\/uploads\/2025\/02\/TV_DIADELPADRE_CATLOW-120x68.jpg 120w, https:\/\/climbat.com\/wp-content\/uploads\/2025\/02\/TV_DIADELPADRE_CATLOW-81x46.jpg 81w, https:\/\/climbat.com\/wp-content\/uploads\/2025\/02\/TV_DIADELPADRE_CATLOW.jpg 1920w\" sizes=\"(max-width: 1200px) 100vw, 1200px\" \/><\/a><\/div>                   \t\t<div class=\"post-details pofo-post-description\">  \t\t\t\t\t\t<div class=\"novedad-title-container\"><a href=\"https:\/\/climbat.com\/ca\/escala-en-familia\/\" class=\"title-novedad-post\">ESCALA EN FAM\u00cdLIA<\/a><\/div>                        <div class=\"entry-content margin-10px-bottom\"                            style=\"font-size: 16px; font-weight: 400; color: #000000;\" data-fontsize=\"16px\">A Climbat sabem que \u00e9s important gaudir temps de qualitat en fam\u00edlia, per aix\u00f2 et...<\/div>                        <div class=\"separator-line-horrizontal-full bg-medium-light-gray no-margin-top margin-20px-bottom xs-margin-15px-bottom\"                            style=\"background-color:#000;\"><\/div>                            <a href=\"https:\/\/climbat.com\/ca\/escala-en-familia\/\"                            class=\"btn-black btn no-margin white-space-normal btn-small\">Llegir m\u00e9s<\/a>                    <\/div>                <\/div>            <\/div>        <\/div>        <div class=\"blog-style7-1  margin-60px-bottom sm-margin-30px-bottom xs-margin-15px-bottom col-md-4 col-sm-6 col-xs-12 \">            <div class=\"post-23460 post type-post status-publish format-image has-post-thumbnail new-cajetilla-blanca\">                <div class=\"blog-post blog-post-style2 xs-text-center\">                    <div class=\"blog-post-images overflow-hidden margin-25px-bottom xs-margin-15px-bottom\"><a href=\"https:\/\/climbat.com\/ca\/exit-en-la-2a-jornada-de-la-lliga-infantil\/\"><img width=\"1157\" height=\"771\" src=\"https:\/\/climbat.com\/wp-content\/uploads\/2025\/02\/FOTONOTICIA-1157x771.jpg\" class=\"attachment-post-thumbnail size-post-thumbnail wp-post-image\" alt=\"ESCALADOR\" decoding=\"async\" srcset=\"https:\/\/climbat.com\/wp-content\/uploads\/2025\/02\/FOTONOTICIA-1157x771.jpg 1157w, https:\/\/climbat.com\/wp-content\/uploads\/2025\/02\/FOTONOTICIA-300x200.jpg 300w, https:\/\/climbat.com\/wp-content\/uploads\/2025\/02\/FOTONOTICIA-1024x683.jpg 1024w, https:\/\/climbat.com\/wp-content\/uploads\/2025\/02\/FOTONOTICIA-768x512.jpg 768w, https:\/\/climbat.com\/wp-content\/uploads\/2025\/02\/FOTONOTICIA-1536x1024.jpg 1536w, https:\/\/climbat.com\/wp-content\/uploads\/2025\/02\/FOTONOTICIA-120x80.jpg 120w, https:\/\/climbat.com\/wp-content\/uploads\/2025\/02\/FOTONOTICIA-81x54.jpg 81w, https:\/\/climbat.com\/wp-content\/uploads\/2025\/02\/FOTONOTICIA.jpg 2048w\" sizes=\"(max-width: 1157px) 100vw, 1157px\" \/><\/a><\/div>                   \t\t<div class=\"post-details pofo-post-description\">  \t\t\t\t\t\t<div class=\"novedad-title-container\"><a href=\"https:\/\/climbat.com\/ca\/exit-en-la-2a-jornada-de-la-lliga-infantil\/\" class=\"title-novedad-post\">\u00c8XIT EN LA 2a JORNADA DE LA LLIGA INFANTIL<\/a><\/div>                        <div class=\"entry-content margin-10px-bottom\"                            style=\"font-size: 16px; font-weight: 400; color: #000000;\" data-fontsize=\"16px\">El diumenge 9 de febrer de 2025 es va celebrar la segona jornada de la...<\/div>                        <div class=\"separator-line-horrizontal-full bg-medium-light-gray no-margin-top margin-20px-bottom xs-margin-15px-bottom\"                            style=\"background-color:#000;\"><\/div>                            <a href=\"https:\/\/climbat.com\/ca\/exit-en-la-2a-jornada-de-la-lliga-infantil\/\"                            class=\"btn-black btn no-margin white-space-normal btn-small\">Llegir m\u00e9s<\/a>                    <\/div>                <\/div>            <\/div>        <\/div>        <div class=\"blog-style7-1  margin-60px-bottom sm-margin-30px-bottom xs-margin-15px-bottom col-md-4 col-sm-6 col-xs-12 \">            <div class=\"post-23460 post type-post status-publish format-image has-post-thumbnail new-cajetilla-blanca\">                <div class=\"blog-post blog-post-style2 xs-text-center\">                    <div class=\"blog-post-images overflow-hidden margin-25px-bottom xs-margin-15px-bottom\"><a href=\"https:\/\/climbat.com\/ca\/casals-setmana-santa-25\/\"><img width=\"1200\" height=\"675\" src=\"https:\/\/climbat.com\/wp-content\/uploads\/2025\/01\/TV_CAMPS_SS_2025_LFX_CAT_LOW-1200x675.jpg\" class=\"attachment-post-thumbnail size-post-thumbnail wp-post-image\" alt=\"\" decoding=\"async\" srcset=\"https:\/\/climbat.com\/wp-content\/uploads\/2025\/01\/TV_CAMPS_SS_2025_LFX_CAT_LOW-1200x675.jpg 1200w, https:\/\/climbat.com\/wp-content\/uploads\/2025\/01\/TV_CAMPS_SS_2025_LFX_CAT_LOW-300x169.jpg 300w, https:\/\/climbat.com\/wp-content\/uploads\/2025\/01\/TV_CAMPS_SS_2025_LFX_CAT_LOW-1024x576.jpg 1024w, https:\/\/climbat.com\/wp-content\/uploads\/2025\/01\/TV_CAMPS_SS_2025_LFX_CAT_LOW-768x432.jpg 768w, https:\/\/climbat.com\/wp-content\/uploads\/2025\/01\/TV_CAMPS_SS_2025_LFX_CAT_LOW-1536x864.jpg 1536w, https:\/\/climbat.com\/wp-content\/uploads\/2025\/01\/TV_CAMPS_SS_2025_LFX_CAT_LOW-120x68.jpg 120w, https:\/\/climbat.com\/wp-content\/uploads\/2025\/01\/TV_CAMPS_SS_2025_LFX_CAT_LOW-81x46.jpg 81w, https:\/\/climbat.com\/wp-content\/uploads\/2025\/01\/TV_CAMPS_SS_2025_LFX_CAT_LOW.jpg 1920w\" sizes=\"(max-width: 1200px) 100vw, 1200px\" \/><\/a><\/div>                   \t\t<div class=\"post-details pofo-post-description\">  \t\t\t\t\t\t<div class=\"novedad-title-container\"><a href=\"https:\/\/climbat.com\/ca\/casals-setmana-santa-25\/\" class=\"title-novedad-post\">CASALS SETMANA SANTA<\/a><\/div>                        <div class=\"entry-content margin-10px-bottom\"                            style=\"font-size: 16px; font-weight: 400; color: #000000;\" data-fontsize=\"16px\">Aquesta Setmana Santa els nens i nenes tenen l\u2019oportunitat de venir a Climbat La Foixarda...<\/div>                        <div class=\"separator-line-horrizontal-full bg-medium-light-gray no-margin-top margin-20px-bottom xs-margin-15px-bottom\"                            style=\"background-color:#000;\"><\/div>                            <a href=\"https:\/\/climbat.com\/ca\/casals-setmana-santa-25\/\"                            class=\"btn-black btn no-margin white-space-normal btn-small\">Llegir m\u00e9s<\/a>                    <\/div>                <\/div>            <\/div>        <\/div>        <div class=\"blog-style7-1  margin-60px-bottom sm-margin-30px-bottom xs-margin-15px-bottom col-md-4 col-sm-6 col-xs-12 \">            <div class=\"post-23460 post type-post status-publish format-image has-post-thumbnail new-cajetilla-blanca\">                <div class=\"blog-post blog-post-style2 xs-text-center\">                    <div class=\"blog-post-images overflow-hidden margin-25px-bottom xs-margin-15px-bottom\"><a href=\"https:\/\/climbat.com\/ca\/uneix-te-al-moviment\/\"><img width=\"1200\" height=\"675\" src=\"https:\/\/climbat.com\/wp-content\/uploads\/2025\/01\/UNETE-TV-LFX-1200x675.jpg\" class=\"attachment-post-thumbnail size-post-thumbnail wp-post-image\" alt=\"\" decoding=\"async\" srcset=\"https:\/\/climbat.com\/wp-content\/uploads\/2025\/01\/UNETE-TV-LFX-1200x675.jpg 1200w, https:\/\/climbat.com\/wp-content\/uploads\/2025\/01\/UNETE-TV-LFX-300x169.jpg 300w, https:\/\/climbat.com\/wp-content\/uploads\/2025\/01\/UNETE-TV-LFX-1024x576.jpg 1024w, https:\/\/climbat.com\/wp-content\/uploads\/2025\/01\/UNETE-TV-LFX-768x432.jpg 768w, https:\/\/climbat.com\/wp-content\/uploads\/2025\/01\/UNETE-TV-LFX-1536x864.jpg 1536w, https:\/\/climbat.com\/wp-content\/uploads\/2025\/01\/UNETE-TV-LFX-120x68.jpg 120w, https:\/\/climbat.com\/wp-content\/uploads\/2025\/01\/UNETE-TV-LFX-81x46.jpg 81w, https:\/\/climbat.com\/wp-content\/uploads\/2025\/01\/UNETE-TV-LFX.jpg 1920w\" sizes=\"(max-width: 1200px) 100vw, 1200px\" \/><\/a><\/div>                   \t\t<div class=\"post-details pofo-post-description\">  \t\t\t\t\t\t<div class=\"novedad-title-container\"><a href=\"https:\/\/climbat.com\/ca\/uneix-te-al-moviment\/\" class=\"title-novedad-post\">UNEIX-TE AL MOVIMENT<\/a><\/div>                        <div class=\"entry-content margin-10px-bottom\"                            style=\"font-size: 16px; font-weight: 400; color: #000000;\" data-fontsize=\"16px\">Descobreix Climbat amb una Sessi\u00f3 Gratu\u00efta T\u2019atrau el m\u00f3n de l\u2019escalada? Climbat Centers et convida...<\/div>                        <div class=\"separator-line-horrizontal-full bg-medium-light-gray no-margin-top margin-20px-bottom xs-margin-15px-bottom\"                            style=\"background-color:#000;\"><\/div>                            <a href=\"https:\/\/climbat.com\/ca\/uneix-te-al-moviment\/\"                            class=\"btn-black btn no-margin white-space-normal btn-small\">Llegir m\u00e9s<\/a>                    <\/div>                <\/div>            <\/div>        <\/div>        <div class=\"blog-style7-1  margin-60px-bottom sm-margin-30px-bottom xs-margin-15px-bottom col-md-4 col-sm-6 col-xs-12 \">            <div class=\"post-23460 post type-post status-publish format-image has-post-thumbnail new-cajetilla-blanca\">                <div class=\"blog-post blog-post-style2 xs-text-center\">                    <div class=\"blog-post-images overflow-hidden margin-25px-bottom xs-margin-15px-bottom\"><a href=\"https:\/\/climbat.com\/ca\/iii-climbat-kombat\/\"><img width=\"1200\" height=\"675\" src=\"https:\/\/climbat.com\/wp-content\/uploads\/2025\/02\/TV_KOMBAT_V3CATWEBLOW-1-1200x675.jpeg\" class=\"attachment-post-thumbnail size-post-thumbnail wp-post-image\" alt=\"\" decoding=\"async\" srcset=\"https:\/\/climbat.com\/wp-content\/uploads\/2025\/02\/TV_KOMBAT_V3CATWEBLOW-1-1200x675.jpeg 1200w, https:\/\/climbat.com\/wp-content\/uploads\/2025\/02\/TV_KOMBAT_V3CATWEBLOW-1-300x169.jpeg 300w, https:\/\/climbat.com\/wp-content\/uploads\/2025\/02\/TV_KOMBAT_V3CATWEBLOW-1-1024x576.jpeg 1024w, https:\/\/climbat.com\/wp-content\/uploads\/2025\/02\/TV_KOMBAT_V3CATWEBLOW-1-768x432.jpeg 768w, https:\/\/climbat.com\/wp-content\/uploads\/2025\/02\/TV_KOMBAT_V3CATWEBLOW-1-1536x864.jpeg 1536w, https:\/\/climbat.com\/wp-content\/uploads\/2025\/02\/TV_KOMBAT_V3CATWEBLOW-1-120x68.jpeg 120w, https:\/\/climbat.com\/wp-content\/uploads\/2025\/02\/TV_KOMBAT_V3CATWEBLOW-1-81x46.jpeg 81w, https:\/\/climbat.com\/wp-content\/uploads\/2025\/02\/TV_KOMBAT_V3CATWEBLOW-1.jpeg 1600w\" sizes=\"(max-width: 1200px) 100vw, 1200px\" \/><\/a><\/div>                   \t\t<div class=\"post-details pofo-post-description\">  \t\t\t\t\t\t<div class=\"novedad-title-container\"><a href=\"https:\/\/climbat.com\/ca\/iii-climbat-kombat\/\" class=\"title-novedad-post\">CLIMBAT KOMBAT + III OPEN BLOC CIUTAT DE BCN<\/a><\/div>                        <div class=\"entry-content margin-10px-bottom\"                            style=\"font-size: 16px; font-weight: 400; color: #000000;\" data-fontsize=\"16px\">No hi ha 2 sense 3! Si ets amant de l\u2019escalada, marca aquesta data al...<\/div>                        <div class=\"separator-line-horrizontal-full bg-medium-light-gray no-margin-top margin-20px-bottom xs-margin-15px-bottom\"                            style=\"background-color:#000;\"><\/div>                            <a href=\"https:\/\/climbat.com\/ca\/iii-climbat-kombat\/\"                            class=\"btn-black btn no-margin white-space-normal btn-small\">Llegir m\u00e9s<\/a>                    <\/div>                <\/div>            <\/div>        <\/div>        <div class=\"blog-style7-1  margin-60px-bottom sm-margin-30px-bottom xs-margin-15px-bottom col-md-4 col-sm-6 col-xs-12 \">            <div class=\"post-23460 post type-post status-publish format-image has-post-thumbnail new-cajetilla-blanca\">                <div class=\"blog-post blog-post-style2 xs-text-center\">                    <div class=\"blog-post-images overflow-hidden margin-25px-bottom xs-margin-15px-bottom\"><a href=\"https:\/\/climbat.com\/ca\/anti-san-valenti-a-climbat\/\"><img width=\"1200\" height=\"675\" src=\"https:\/\/climbat.com\/wp-content\/uploads\/2025\/01\/TV_SV_CAT-1200x675.jpg\" class=\"attachment-post-thumbnail size-post-thumbnail wp-post-image\" alt=\"\" decoding=\"async\" srcset=\"https:\/\/climbat.com\/wp-content\/uploads\/2025\/01\/TV_SV_CAT-1200x675.jpg 1200w, https:\/\/climbat.com\/wp-content\/uploads\/2025\/01\/TV_SV_CAT-300x169.jpg 300w, https:\/\/climbat.com\/wp-content\/uploads\/2025\/01\/TV_SV_CAT-1024x576.jpg 1024w, https:\/\/climbat.com\/wp-content\/uploads\/2025\/01\/TV_SV_CAT-768x432.jpg 768w, https:\/\/climbat.com\/wp-content\/uploads\/2025\/01\/TV_SV_CAT-1536x864.jpg 1536w, https:\/\/climbat.com\/wp-content\/uploads\/2025\/01\/TV_SV_CAT-120x68.jpg 120w, https:\/\/climbat.com\/wp-content\/uploads\/2025\/01\/TV_SV_CAT-81x46.jpg 81w, https:\/\/climbat.com\/wp-content\/uploads\/2025\/01\/TV_SV_CAT.jpg 1920w\" sizes=\"(max-width: 1200px) 100vw, 1200px\" \/><\/a><\/div>                   \t\t<div class=\"post-details pofo-post-description\">  \t\t\t\t\t\t<div class=\"novedad-title-container\"><a href=\"https:\/\/climbat.com\/ca\/anti-san-valenti-a-climbat\/\" class=\"title-novedad-post\">ANTI SANT VALENT\u00cd A CLIMBAT<\/a><\/div>                        <div class=\"entry-content margin-10px-bottom\"                            style=\"font-size: 16px; font-weight: 400; color: #000000;\" data-fontsize=\"16px\">El pr\u00f2xim 14 de febrer, oblida't dels sopars rom\u00e0ntics i les flors, i viu una...<\/div>                        <div class=\"separator-line-horrizontal-full bg-medium-light-gray no-margin-top margin-20px-bottom xs-margin-15px-bottom\"                            style=\"background-color:#000;\"><\/div>                            <a href=\"https:\/\/climbat.com\/ca\/anti-san-valenti-a-climbat\/\"                            class=\"btn-black btn no-margin white-space-normal btn-small\">Llegir m\u00e9s<\/a>                    <\/div>                <\/div>            <\/div>        <\/div>        <div class=\"blog-style7-1  margin-60px-bottom sm-margin-30px-bottom xs-margin-15px-bottom col-md-4 col-sm-6 col-xs-12 \">            <div class=\"post-23460 post type-post status-publish format-image has-post-thumbnail new-cajetilla-blanca\">                <div class=\"blog-post blog-post-style2 xs-text-center\">                    <div class=\"blog-post-images overflow-hidden margin-25px-bottom xs-margin-15px-bottom\"><a href=\"https:\/\/climbat.com\/ca\/j2-lliga-infantil-climbat\/\"><img width=\"1157\" height=\"771\" src=\"https:\/\/climbat.com\/wp-content\/uploads\/2025\/01\/NDPJ27-1157x771.jpeg\" class=\"attachment-post-thumbnail size-post-thumbnail wp-post-image\" alt=\"LIGA INFANTIL\" decoding=\"async\" srcset=\"https:\/\/climbat.com\/wp-content\/uploads\/2025\/01\/NDPJ27-1157x771.jpeg 1157w, https:\/\/climbat.com\/wp-content\/uploads\/2025\/01\/NDPJ27-300x200.jpeg 300w, https:\/\/climbat.com\/wp-content\/uploads\/2025\/01\/NDPJ27-1024x682.jpeg 1024w, https:\/\/climbat.com\/wp-content\/uploads\/2025\/01\/NDPJ27-768x512.jpeg 768w, https:\/\/climbat.com\/wp-content\/uploads\/2025\/01\/NDPJ27-120x80.jpeg 120w, https:\/\/climbat.com\/wp-content\/uploads\/2025\/01\/NDPJ27-81x54.jpeg 81w, https:\/\/climbat.com\/wp-content\/uploads\/2025\/01\/NDPJ27.jpeg 1280w\" sizes=\"(max-width: 1157px) 100vw, 1157px\" \/><\/a><\/div>                   \t\t<div class=\"post-details pofo-post-description\">  \t\t\t\t\t\t<div class=\"novedad-title-container\"><a href=\"https:\/\/climbat.com\/ca\/j2-lliga-infantil-climbat\/\" class=\"title-novedad-post\">J2 LLIGA INFANTIL CLIMBAT<\/a><\/div>                        <div class=\"entry-content margin-10px-bottom\"                            style=\"font-size: 16px; font-weight: 400; color: #000000;\" data-fontsize=\"16px\">El pr\u00f2xim 9 de febrer de 2025, l'emoci\u00f3 de la Lliga Infantil Climbat torna amb...<\/div>                        <div class=\"separator-line-horrizontal-full bg-medium-light-gray no-margin-top margin-20px-bottom xs-margin-15px-bottom\"                            style=\"background-color:#000;\"><\/div>                            <a href=\"https:\/\/climbat.com\/ca\/j2-lliga-infantil-climbat\/\"                            class=\"btn-black btn no-margin white-space-normal btn-small\">Llegir m\u00e9s<\/a>                    <\/div>                <\/div>            <\/div>        <\/div>        <div class=\"blog-style7-1  margin-60px-bottom sm-margin-30px-bottom xs-margin-15px-bottom col-md-4 col-sm-6 col-xs-12 \">            <div class=\"post-23460 post type-post status-publish format-image has-post-thumbnail new-cajetilla-blanca\">                <div class=\"blog-post blog-post-style2 xs-text-center\">                    <div class=\"blog-post-images overflow-hidden margin-25px-bottom xs-margin-15px-bottom\"><a href=\"https:\/\/climbat.com\/ca\/promo-anual-lfx-2025\/\"><img width=\"1200\" height=\"675\" src=\"https:\/\/climbat.com\/wp-content\/uploads\/2024\/12\/TV_PROMOANUAL_LFX-1200x675.jpg\" class=\"attachment-post-thumbnail size-post-thumbnail wp-post-image\" alt=\"PROMO ANUAL LFX\" decoding=\"async\" srcset=\"https:\/\/climbat.com\/wp-content\/uploads\/2024\/12\/TV_PROMOANUAL_LFX-1200x675.jpg 1200w, https:\/\/climbat.com\/wp-content\/uploads\/2024\/12\/TV_PROMOANUAL_LFX-300x169.jpg 300w, https:\/\/climbat.com\/wp-content\/uploads\/2024\/12\/TV_PROMOANUAL_LFX-1024x576.jpg 1024w, https:\/\/climbat.com\/wp-content\/uploads\/2024\/12\/TV_PROMOANUAL_LFX-768x432.jpg 768w, https:\/\/climbat.com\/wp-content\/uploads\/2024\/12\/TV_PROMOANUAL_LFX-1536x864.jpg 1536w, https:\/\/climbat.com\/wp-content\/uploads\/2024\/12\/TV_PROMOANUAL_LFX-120x68.jpg 120w, https:\/\/climbat.com\/wp-content\/uploads\/2024\/12\/TV_PROMOANUAL_LFX-81x46.jpg 81w, https:\/\/climbat.com\/wp-content\/uploads\/2024\/12\/TV_PROMOANUAL_LFX.jpg 1920w\" sizes=\"(max-width: 1200px) 100vw, 1200px\" \/><\/a><\/div>                   \t\t<div class=\"post-details pofo-post-description\">  \t\t\t\t\t\t<div class=\"novedad-title-container\"><a href=\"https:\/\/climbat.com\/ca\/promo-anual-lfx-2025\/\" class=\"title-novedad-post\">PROMO ANUAL<\/a><\/div>                        <div class=\"entry-content margin-10px-bottom\"                            style=\"font-size: 16px; font-weight: 400; color: #000000;\" data-fontsize=\"16px\">Si t'apassiona l'escalada i busques una forma de fer del 2025 un any ple d'aventures,...<\/div>                        <div class=\"separator-line-horrizontal-full bg-medium-light-gray no-margin-top margin-20px-bottom xs-margin-15px-bottom\"                            style=\"background-color:#000;\"><\/div>                            <a href=\"https:\/\/climbat.com\/ca\/promo-anual-lfx-2025\/\"                            class=\"btn-black btn no-margin white-space-normal btn-small\">Llegir m\u00e9s<\/a>                    <\/div>                <\/div>            <\/div>        <\/div>        <div class=\"blog-style7-1  margin-60px-bottom sm-margin-30px-bottom xs-margin-15px-bottom col-md-4 col-sm-6 col-xs-12 \">            <div class=\"post-23460 post type-post status-publish format-image has-post-thumbnail new-cajetilla-blanca\">                <div class=\"blog-post blog-post-style2 xs-text-center\">                    <div class=\"blog-post-images overflow-hidden margin-25px-bottom xs-margin-15px-bottom\"><a href=\"https:\/\/climbat.com\/ca\/ieb\/\"><img width=\"1156\" height=\"771\" src=\"https:\/\/climbat.com\/wp-content\/uploads\/2024\/12\/IEB1-1156x771.jpeg\" class=\"attachment-post-thumbnail size-post-thumbnail wp-post-image\" alt=\"\" decoding=\"async\" srcset=\"https:\/\/climbat.com\/wp-content\/uploads\/2024\/12\/IEB1-1156x771.jpeg 1156w, https:\/\/climbat.com\/wp-content\/uploads\/2024\/12\/IEB1-300x200.jpeg 300w, https:\/\/climbat.com\/wp-content\/uploads\/2024\/12\/IEB1-1024x683.jpeg 1024w, https:\/\/climbat.com\/wp-content\/uploads\/2024\/12\/IEB1-768x512.jpeg 768w, https:\/\/climbat.com\/wp-content\/uploads\/2024\/12\/IEB1-1536x1024.jpeg 1536w, https:\/\/climbat.com\/wp-content\/uploads\/2024\/12\/IEB1-120x80.jpeg 120w, https:\/\/climbat.com\/wp-content\/uploads\/2024\/12\/IEB1-81x54.jpeg 81w, https:\/\/climbat.com\/wp-content\/uploads\/2024\/12\/IEB1.jpeg 1600w\" sizes=\"(max-width: 1156px) 100vw, 1156px\" \/><\/a><\/div>                   \t\t<div class=\"post-details pofo-post-description\">  \t\t\t\t\t\t<div class=\"novedad-title-container\"><a href=\"https:\/\/climbat.com\/ca\/ieb\/\" class=\"title-novedad-post\">FORMA&#8217;T A L&#8217;INSTITUT DE L&#8217;ESPORT DE BARCELONA<\/a><\/div>                        <div class=\"entry-content margin-10px-bottom\"                            style=\"font-size: 16px; font-weight: 400; color: #000000;\" data-fontsize=\"16px\">Climbat Centers es dona la m\u00e0 amb l'Institut de l'Esport de Barcelona i la FEEC...<\/div>                        <div class=\"separator-line-horrizontal-full bg-medium-light-gray no-margin-top margin-20px-bottom xs-margin-15px-bottom\"                            style=\"background-color:#000;\"><\/div>                            <a href=\"https:\/\/climbat.com\/ca\/ieb\/\"                            class=\"btn-black btn no-margin white-space-normal btn-small\">Llegir m\u00e9s<\/a>                    <\/div>                <\/div>            <\/div>        <\/div>        <div class=\"blog-style7-1  margin-60px-bottom sm-margin-30px-bottom xs-margin-15px-bottom col-md-4 col-sm-6 col-xs-12 \">            <div class=\"post-23460 post type-post status-publish format-image has-post-thumbnail new-cajetilla-blanca\">                <div class=\"blog-post blog-post-style2 xs-text-center\">                    <div class=\"blog-post-images overflow-hidden margin-25px-bottom xs-margin-15px-bottom\"><a href=\"https:\/\/climbat.com\/ca\/record-de-participants-al-winter-festival\/\"><img width=\"1156\" height=\"771\" src=\"https:\/\/climbat.com\/wp-content\/uploads\/2024\/11\/WINTER-NDP-LOW19-1156x771.jpeg\" class=\"attachment-post-thumbnail size-post-thumbnail wp-post-image\" alt=\"\" decoding=\"async\" srcset=\"https:\/\/climbat.com\/wp-content\/uploads\/2024\/11\/WINTER-NDP-LOW19-1156x771.jpeg 1156w, https:\/\/climbat.com\/wp-content\/uploads\/2024\/11\/WINTER-NDP-LOW19-300x200.jpeg 300w, https:\/\/climbat.com\/wp-content\/uploads\/2024\/11\/WINTER-NDP-LOW19-1024x683.jpeg 1024w, https:\/\/climbat.com\/wp-content\/uploads\/2024\/11\/WINTER-NDP-LOW19-768x512.jpeg 768w, https:\/\/climbat.com\/wp-content\/uploads\/2024\/11\/WINTER-NDP-LOW19-1536x1024.jpeg 1536w, https:\/\/climbat.com\/wp-content\/uploads\/2024\/11\/WINTER-NDP-LOW19-120x80.jpeg 120w, https:\/\/climbat.com\/wp-content\/uploads\/2024\/11\/WINTER-NDP-LOW19-81x54.jpeg 81w, https:\/\/climbat.com\/wp-content\/uploads\/2024\/11\/WINTER-NDP-LOW19.jpeg 1600w\" sizes=\"(max-width: 1156px) 100vw, 1156px\" \/><\/a><\/div>                   \t\t<div class=\"post-details pofo-post-description\">  \t\t\t\t\t\t<div class=\"novedad-title-container\"><a href=\"https:\/\/climbat.com\/ca\/record-de-participants-al-winter-festival\/\" class=\"title-novedad-post\">R\u00c8CORD DE PARTICIPANTS AL WINTER FESTIVAL!<\/a><\/div>                        <div class=\"entry-content margin-10px-bottom\"                            style=\"font-size: 16px; font-weight: 400; color: #000000;\" data-fontsize=\"16px\">El Winter Festival 2024 ha tornat als cinc centres Climbat, aconseguint un \u00e8xit de participaci\u00f3...<\/div>                        <div class=\"separator-line-horrizontal-full bg-medium-light-gray no-margin-top margin-20px-bottom xs-margin-15px-bottom\"                            style=\"background-color:#000;\"><\/div>                            <a href=\"https:\/\/climbat.com\/ca\/record-de-participants-al-winter-festival\/\"                            class=\"btn-black btn no-margin white-space-normal btn-small\">Llegir m\u00e9s<\/a>                    <\/div>                <\/div>            <\/div>        <\/div>        <div class=\"blog-style7-1  margin-60px-bottom sm-margin-30px-bottom xs-margin-15px-bottom col-md-4 col-sm-6 col-xs-12 \">            <div class=\"post-23460 post type-post status-publish format-image has-post-thumbnail new-cajetilla-blanca\">                <div class=\"blog-post blog-post-style2 xs-text-center\">                    <div class=\"blog-post-images overflow-hidden margin-25px-bottom xs-margin-15px-bottom\"><a href=\"https:\/\/climbat.com\/ca\/yellow-week-bono\/\"><img width=\"1200\" height=\"675\" src=\"https:\/\/climbat.com\/wp-content\/uploads\/2024\/11\/TV_YELLOW104_CAT-1200x675.jpg\" class=\"attachment-post-thumbnail size-post-thumbnail wp-post-image\" alt=\"PROMO BONO 10+4\" decoding=\"async\" srcset=\"https:\/\/climbat.com\/wp-content\/uploads\/2024\/11\/TV_YELLOW104_CAT-1200x675.jpg 1200w, https:\/\/climbat.com\/wp-content\/uploads\/2024\/11\/TV_YELLOW104_CAT-300x169.jpg 300w, https:\/\/climbat.com\/wp-content\/uploads\/2024\/11\/TV_YELLOW104_CAT-1024x576.jpg 1024w, https:\/\/climbat.com\/wp-content\/uploads\/2024\/11\/TV_YELLOW104_CAT-768x432.jpg 768w, https:\/\/climbat.com\/wp-content\/uploads\/2024\/11\/TV_YELLOW104_CAT-1536x864.jpg 1536w, https:\/\/climbat.com\/wp-content\/uploads\/2024\/11\/TV_YELLOW104_CAT-120x68.jpg 120w, https:\/\/climbat.com\/wp-content\/uploads\/2024\/11\/TV_YELLOW104_CAT-81x46.jpg 81w, https:\/\/climbat.com\/wp-content\/uploads\/2024\/11\/TV_YELLOW104_CAT.jpg 1920w\" sizes=\"(max-width: 1200px) 100vw, 1200px\" \/><\/a><\/div>                   \t\t<div class=\"post-details pofo-post-description\">  \t\t\t\t\t\t<div class=\"novedad-title-container\"><a href=\"https:\/\/climbat.com\/ca\/yellow-week-bono\/\" class=\"title-novedad-post\">BONO 10+4<\/a><\/div>                        <div class=\"entry-content margin-10px-bottom\"                            style=\"font-size: 16px; font-weight: 400; color: #000000;\" data-fontsize=\"16px\">Aconsegueix 4 entrades gratis a la Yellow Week de Climbat! Del 25 de novembre a...<\/div>                        <div class=\"separator-line-horrizontal-full bg-medium-light-gray no-margin-top margin-20px-bottom xs-margin-15px-bottom\"                            style=\"background-color:#000;\"><\/div>                            <a href=\"https:\/\/climbat.com\/ca\/yellow-week-bono\/\"                            class=\"btn-black btn no-margin white-space-normal btn-small\">Llegir m\u00e9s<\/a>                    <\/div>                <\/div>            <\/div>        <\/div>        <div class=\"blog-style7-1  margin-60px-bottom sm-margin-30px-bottom xs-margin-15px-bottom col-md-4 col-sm-6 col-xs-12 \">            <div class=\"post-23460 post type-post status-publish format-image has-post-thumbnail new-cajetilla-blanca\">                <div class=\"blog-post blog-post-style2 xs-text-center\">                    <div class=\"blog-post-images overflow-hidden margin-25px-bottom xs-margin-15px-bottom\"><a href=\"https:\/\/climbat.com\/ca\/panera-de-nadal-2024\/\"><img width=\"1200\" height=\"675\" src=\"https:\/\/climbat.com\/wp-content\/uploads\/2024\/10\/TV_CESTA-NAVIDAD24_CAT_LOW-1200x675.jpg\" class=\"attachment-post-thumbnail size-post-thumbnail wp-post-image\" alt=\"PANERA DE NADAL CLIMBAT\" decoding=\"async\" srcset=\"https:\/\/climbat.com\/wp-content\/uploads\/2024\/10\/TV_CESTA-NAVIDAD24_CAT_LOW-1200x675.jpg 1200w, https:\/\/climbat.com\/wp-content\/uploads\/2024\/10\/TV_CESTA-NAVIDAD24_CAT_LOW-300x169.jpg 300w, https:\/\/climbat.com\/wp-content\/uploads\/2024\/10\/TV_CESTA-NAVIDAD24_CAT_LOW-1024x576.jpg 1024w, https:\/\/climbat.com\/wp-content\/uploads\/2024\/10\/TV_CESTA-NAVIDAD24_CAT_LOW-768x432.jpg 768w, https:\/\/climbat.com\/wp-content\/uploads\/2024\/10\/TV_CESTA-NAVIDAD24_CAT_LOW-1536x864.jpg 1536w, https:\/\/climbat.com\/wp-content\/uploads\/2024\/10\/TV_CESTA-NAVIDAD24_CAT_LOW-120x68.jpg 120w, https:\/\/climbat.com\/wp-content\/uploads\/2024\/10\/TV_CESTA-NAVIDAD24_CAT_LOW-81x46.jpg 81w, https:\/\/climbat.com\/wp-content\/uploads\/2024\/10\/TV_CESTA-NAVIDAD24_CAT_LOW.jpg 1920w\" sizes=\"(max-width: 1200px) 100vw, 1200px\" \/><\/a><\/div>                   \t\t<div class=\"post-details pofo-post-description\">  \t\t\t\t\t\t<div class=\"novedad-title-container\"><a href=\"https:\/\/climbat.com\/ca\/panera-de-nadal-2024\/\" class=\"title-novedad-post\">PANERA DE NADAL<\/a><\/div>                        <div class=\"entry-content margin-10px-bottom\"                            style=\"font-size: 16px; font-weight: 400; color: #000000;\" data-fontsize=\"16px\">Ja pots participar al sorteig de la Panera de Nadal Climbat 2024! Aquest any, la...<\/div>                        <div class=\"separator-line-horrizontal-full bg-medium-light-gray no-margin-top margin-20px-bottom xs-margin-15px-bottom\"                            style=\"background-color:#000;\"><\/div>                            <a href=\"https:\/\/climbat.com\/ca\/panera-de-nadal-2024\/\"                            class=\"btn-black btn no-margin white-space-normal btn-small\">Llegir m\u00e9s<\/a>                    <\/div>                <\/div>            <\/div>        <\/div>        <div class=\"blog-style7-1  margin-60px-bottom sm-margin-30px-bottom xs-margin-15px-bottom col-md-4 col-sm-6 col-xs-12 \">            <div class=\"post-23460 post type-post status-publish format-image has-post-thumbnail new-cajetilla-blanca\">                <div class=\"blog-post blog-post-style2 xs-text-center\">                    <div class=\"blog-post-images overflow-hidden margin-25px-bottom xs-margin-15px-bottom\"><a href=\"https:\/\/climbat.com\/ca\/nomad\/\"><img width=\"1012\" height=\"557\" src=\"https:\/\/climbat.com\/wp-content\/uploads\/2024\/10\/NOMAD3EDIT.jpg\" class=\"attachment-post-thumbnail size-post-thumbnail wp-post-image\" alt=\"NOMAD\" decoding=\"async\" srcset=\"https:\/\/climbat.com\/wp-content\/uploads\/2024\/10\/NOMAD3EDIT.jpg 1012w, https:\/\/climbat.com\/wp-content\/uploads\/2024\/10\/NOMAD3EDIT-300x165.jpg 300w, https:\/\/climbat.com\/wp-content\/uploads\/2024\/10\/NOMAD3EDIT-768x423.jpg 768w, https:\/\/climbat.com\/wp-content\/uploads\/2024\/10\/NOMAD3EDIT-120x66.jpg 120w, https:\/\/climbat.com\/wp-content\/uploads\/2024\/10\/NOMAD3EDIT-81x45.jpg 81w\" sizes=\"(max-width: 1012px) 100vw, 1012px\" \/><\/a><\/div>                   \t\t<div class=\"post-details pofo-post-description\">  \t\t\t\t\t\t<div class=\"novedad-title-container\"><a href=\"https:\/\/climbat.com\/ca\/nomad\/\" class=\"title-novedad-post\">NOMAD X CLIMBAT<\/a><\/div>                        <div class=\"entry-content margin-10px-bottom\"                            style=\"font-size: 16px; font-weight: 400; color: #000000;\" data-fontsize=\"16px\">Climbat i Nomad uneixen forces per oferir-te les millors activitats d'hivern \u00bfTens ganes d\u2019esquiar? \u00bfHas...<\/div>                        <div class=\"separator-line-horrizontal-full bg-medium-light-gray no-margin-top margin-20px-bottom xs-margin-15px-bottom\"                            style=\"background-color:#000;\"><\/div>                            <a href=\"https:\/\/climbat.com\/ca\/nomad\/\"                            class=\"btn-black btn no-margin white-space-normal btn-small\">Llegir m\u00e9s<\/a>                    <\/div>                <\/div>            <\/div>        <\/div>        <div class=\"blog-style7-1  margin-60px-bottom sm-margin-30px-bottom xs-margin-15px-bottom col-md-4 col-sm-6 col-xs-12 \">            <div class=\"post-23460 post type-post status-publish format-image has-post-thumbnail new-cajetilla-blanca\">                <div class=\"blog-post blog-post-style2 xs-text-center\">                    <div class=\"blog-post-images overflow-hidden margin-25px-bottom xs-margin-15px-bottom\"><a href=\"https:\/\/climbat.com\/ca\/promocio-yellow-week-24\/\"><img width=\"1200\" height=\"675\" src=\"https:\/\/climbat.com\/wp-content\/uploads\/2024\/10\/TV_BLACKFRIDAY_CAT-1200x675.jpg\" class=\"attachment-post-thumbnail size-post-thumbnail wp-post-image\" alt=\"PROMOCI\u00d3 YELLOW WEEK\" decoding=\"async\" srcset=\"https:\/\/climbat.com\/wp-content\/uploads\/2024\/10\/TV_BLACKFRIDAY_CAT-1200x675.jpg 1200w, https:\/\/climbat.com\/wp-content\/uploads\/2024\/10\/TV_BLACKFRIDAY_CAT-300x169.jpg 300w, https:\/\/climbat.com\/wp-content\/uploads\/2024\/10\/TV_BLACKFRIDAY_CAT-1024x576.jpg 1024w, https:\/\/climbat.com\/wp-content\/uploads\/2024\/10\/TV_BLACKFRIDAY_CAT-768x432.jpg 768w, https:\/\/climbat.com\/wp-content\/uploads\/2024\/10\/TV_BLACKFRIDAY_CAT-1536x864.jpg 1536w, https:\/\/climbat.com\/wp-content\/uploads\/2024\/10\/TV_BLACKFRIDAY_CAT-120x68.jpg 120w, https:\/\/climbat.com\/wp-content\/uploads\/2024\/10\/TV_BLACKFRIDAY_CAT-81x46.jpg 81w, https:\/\/climbat.com\/wp-content\/uploads\/2024\/10\/TV_BLACKFRIDAY_CAT.jpg 1920w\" sizes=\"(max-width: 1200px) 100vw, 1200px\" \/><\/a><\/div>                   \t\t<div class=\"post-details pofo-post-description\">  \t\t\t\t\t\t<div class=\"novedad-title-container\"><a href=\"https:\/\/climbat.com\/ca\/promocio-yellow-week-24\/\" class=\"title-novedad-post\">PROMOCI\u00d3 YELLOW WEEK<\/a><\/div>                        <div class=\"entry-content margin-10px-bottom\"                            style=\"font-size: 16px; font-weight: 400; color: #000000;\" data-fontsize=\"16px\">El groc \u00e9s el nou negre a Climbat! A la #YellowWeek volem continuar ampliant la...<\/div>                        <div class=\"separator-line-horrizontal-full bg-medium-light-gray no-margin-top margin-20px-bottom xs-margin-15px-bottom\"                            style=\"background-color:#000;\"><\/div>                            <a href=\"https:\/\/climbat.com\/ca\/promocio-yellow-week-24\/\"                            class=\"btn-black btn no-margin white-space-normal btn-small\">Llegir m\u00e9s<\/a>                    <\/div>                <\/div>            <\/div>        <\/div>        <div class=\"blog-style7-1  margin-60px-bottom sm-margin-30px-bottom xs-margin-15px-bottom col-md-4 col-sm-6 col-xs-12 \">            <div class=\"post-23460 post type-post status-publish format-image has-post-thumbnail new-cajetilla-blanca\">                <div class=\"blog-post blog-post-style2 xs-text-center\">                    <div class=\"blog-post-images overflow-hidden margin-25px-bottom xs-margin-15px-bottom\"><a href=\"https:\/\/climbat.com\/ca\/mountain-shop-vertic-2024\/\"><img width=\"1030\" height=\"771\" src=\"https:\/\/climbat.com\/wp-content\/uploads\/2024\/10\/vertic-1030x771.jpg\" class=\"attachment-post-thumbnail size-post-thumbnail wp-post-image\" alt=\"MOUNTAIN SHOP VERTIC\" decoding=\"async\" srcset=\"https:\/\/climbat.com\/wp-content\/uploads\/2024\/10\/vertic-1030x771.jpg 1030w, https:\/\/climbat.com\/wp-content\/uploads\/2024\/10\/vertic-300x225.jpg 300w, https:\/\/climbat.com\/wp-content\/uploads\/2024\/10\/vertic-1024x767.jpg 1024w, https:\/\/climbat.com\/wp-content\/uploads\/2024\/10\/vertic-768x575.jpg 768w, https:\/\/climbat.com\/wp-content\/uploads\/2024\/10\/vertic-1536x1150.jpg 1536w, https:\/\/climbat.com\/wp-content\/uploads\/2024\/10\/vertic-120x90.jpg 120w, https:\/\/climbat.com\/wp-content\/uploads\/2024\/10\/vertic-81x61.jpg 81w, https:\/\/climbat.com\/wp-content\/uploads\/2024\/10\/vertic.jpg 1710w\" sizes=\"(max-width: 1030px) 100vw, 1030px\" \/><\/a><\/div>                   \t\t<div class=\"post-details pofo-post-description\">  \t\t\t\t\t\t<div class=\"novedad-title-container\"><a href=\"https:\/\/climbat.com\/ca\/mountain-shop-vertic-2024\/\" class=\"title-novedad-post\">MOUNTAIN SHOP V\u00c8RTIC: EL PARAD\u00cdS DELS ESCALADORS I ESCALADORES<\/a><\/div>                        <div class=\"entry-content margin-10px-bottom\"                            style=\"font-size: 16px; font-weight: 400; color: #000000;\" data-fontsize=\"16px\">Si ets amant de l'escalada, has de descobrir Mountain Shop V\u00e8rtic. Aquesta botiga especialitzada en...<\/div>                        <div class=\"separator-line-horrizontal-full bg-medium-light-gray no-margin-top margin-20px-bottom xs-margin-15px-bottom\"                            style=\"background-color:#000;\"><\/div>                            <a href=\"https:\/\/climbat.com\/ca\/mountain-shop-vertic-2024\/\"                            class=\"btn-black btn no-margin white-space-normal btn-small\">Llegir m\u00e9s<\/a>                    <\/div>                <\/div>            <\/div>        <\/div>        <div class=\"blog-style7-1  margin-60px-bottom sm-margin-30px-bottom xs-margin-15px-bottom col-md-4 col-sm-6 col-xs-12 \">            <div class=\"post-23460 post type-post status-publish format-image has-post-thumbnail new-cajetilla-blanca\">                <div class=\"blog-post blog-post-style2 xs-text-center\">                    <div class=\"blog-post-images overflow-hidden margin-25px-bottom xs-margin-15px-bottom\"><a href=\"https:\/\/climbat.com\/ca\/descomptes-app\/\"><img width=\"1200\" height=\"675\" src=\"https:\/\/climbat.com\/wp-content\/uploads\/2024\/10\/TV_APP_CAT_LOW-1200x675.jpg\" class=\"attachment-post-thumbnail size-post-thumbnail wp-post-image\" alt=\"APP CLIMBAT\" decoding=\"async\" srcset=\"https:\/\/climbat.com\/wp-content\/uploads\/2024\/10\/TV_APP_CAT_LOW-1200x675.jpg 1200w, https:\/\/climbat.com\/wp-content\/uploads\/2024\/10\/TV_APP_CAT_LOW-300x169.jpg 300w, https:\/\/climbat.com\/wp-content\/uploads\/2024\/10\/TV_APP_CAT_LOW-1024x576.jpg 1024w, https:\/\/climbat.com\/wp-content\/uploads\/2024\/10\/TV_APP_CAT_LOW-768x432.jpg 768w, https:\/\/climbat.com\/wp-content\/uploads\/2024\/10\/TV_APP_CAT_LOW-1536x864.jpg 1536w, https:\/\/climbat.com\/wp-content\/uploads\/2024\/10\/TV_APP_CAT_LOW-120x68.jpg 120w, https:\/\/climbat.com\/wp-content\/uploads\/2024\/10\/TV_APP_CAT_LOW-81x46.jpg 81w, https:\/\/climbat.com\/wp-content\/uploads\/2024\/10\/TV_APP_CAT_LOW.jpg 1920w\" sizes=\"(max-width: 1200px) 100vw, 1200px\" \/><\/a><\/div>                   \t\t<div class=\"post-details pofo-post-description\">  \t\t\t\t\t\t<div class=\"novedad-title-container\"><a href=\"https:\/\/climbat.com\/ca\/descomptes-app\/\" class=\"title-novedad-post\">DESCOMPTES A L&#8217;APP<\/a><\/div>                        <div class=\"entry-content margin-10px-bottom\"                            style=\"font-size: 16px; font-weight: 400; color: #000000;\" data-fontsize=\"16px\">Gaudeix d'una experi\u00e8ncia m\u00e9s c\u00f2moda amb la nostra app: Compra les teves entrades de manera...<\/div>                        <div class=\"separator-line-horrizontal-full bg-medium-light-gray no-margin-top margin-20px-bottom xs-margin-15px-bottom\"                            style=\"background-color:#000;\"><\/div>                            <a href=\"https:\/\/climbat.com\/ca\/descomptes-app\/\"                            class=\"btn-black btn no-margin white-space-normal btn-small\">Llegir m\u00e9s<\/a>                    <\/div>                <\/div>            <\/div>        <\/div>        <div class=\"blog-style7-1  margin-60px-bottom sm-margin-30px-bottom xs-margin-15px-bottom col-md-4 col-sm-6 col-xs-12 \">            <div class=\"post-23460 post type-post status-publish format-image has-post-thumbnail new-cajetilla-blanca\">                <div class=\"blog-post blog-post-style2 xs-text-center\">                    <div class=\"blog-post-images overflow-hidden margin-25px-bottom xs-margin-15px-bottom\"><a href=\"https:\/\/climbat.com\/ca\/winter-festival-2024\/\"><img width=\"1200\" height=\"675\" src=\"https:\/\/climbat.com\/wp-content\/uploads\/2024\/10\/TV_WINTER_CAT_LOW-1200x675.jpg\" class=\"attachment-post-thumbnail size-post-thumbnail wp-post-image\" alt=\"WINTER FESTIVAL 2024\" decoding=\"async\" srcset=\"https:\/\/climbat.com\/wp-content\/uploads\/2024\/10\/TV_WINTER_CAT_LOW-1200x675.jpg 1200w, https:\/\/climbat.com\/wp-content\/uploads\/2024\/10\/TV_WINTER_CAT_LOW-300x169.jpg 300w, https:\/\/climbat.com\/wp-content\/uploads\/2024\/10\/TV_WINTER_CAT_LOW-1024x576.jpg 1024w, https:\/\/climbat.com\/wp-content\/uploads\/2024\/10\/TV_WINTER_CAT_LOW-768x432.jpg 768w, https:\/\/climbat.com\/wp-content\/uploads\/2024\/10\/TV_WINTER_CAT_LOW-1536x864.jpg 1536w, https:\/\/climbat.com\/wp-content\/uploads\/2024\/10\/TV_WINTER_CAT_LOW-120x68.jpg 120w, https:\/\/climbat.com\/wp-content\/uploads\/2024\/10\/TV_WINTER_CAT_LOW-81x46.jpg 81w, https:\/\/climbat.com\/wp-content\/uploads\/2024\/10\/TV_WINTER_CAT_LOW.jpg 1920w\" sizes=\"(max-width: 1200px) 100vw, 1200px\" \/><\/a><\/div>                   \t\t<div class=\"post-details pofo-post-description\">  \t\t\t\t\t\t<div class=\"novedad-title-container\"><a href=\"https:\/\/climbat.com\/ca\/winter-festival-2024\/\" class=\"title-novedad-post\">WINTER FESTIVAL<\/a><\/div>                        <div class=\"entry-content margin-10px-bottom\"                            style=\"font-size: 16px; font-weight: 400; color: #000000;\" data-fontsize=\"16px\">Els 5 centres Climbat s'uneixen un cop m\u00e9s per celebrar l'esperat Winter Festival el pr\u00f2xim...<\/div>                        <div class=\"separator-line-horrizontal-full bg-medium-light-gray no-margin-top margin-20px-bottom xs-margin-15px-bottom\"                            style=\"background-color:#000;\"><\/div>                            <a href=\"https:\/\/climbat.com\/ca\/winter-festival-2024\/\"                            class=\"btn-black btn no-margin white-space-normal btn-small\">Llegir m\u00e9s<\/a>                    <\/div>                <\/div>            <\/div>        <\/div>        <div class=\"blog-style7-1  margin-60px-bottom sm-margin-30px-bottom xs-margin-15px-bottom col-md-4 col-sm-6 col-xs-12 \">            <div class=\"post-23460 post type-post status-publish format-image has-post-thumbnail new-cajetilla-blanca\">                <div class=\"blog-post blog-post-style2 xs-text-center\">                    <div class=\"blog-post-images overflow-hidden margin-25px-bottom xs-margin-15px-bottom\"><a href=\"https:\/\/climbat.com\/ca\/2x1-halloween-cat\/\"><img width=\"1028\" height=\"771\" src=\"https:\/\/climbat.com\/wp-content\/uploads\/2024\/09\/HALLO_LOW-1028x771.jpeg\" class=\"attachment-post-thumbnail size-post-thumbnail wp-post-image\" alt=\"HALLOWEEN\" decoding=\"async\" srcset=\"https:\/\/climbat.com\/wp-content\/uploads\/2024\/09\/HALLO_LOW-1028x771.jpeg 1028w, https:\/\/climbat.com\/wp-content\/uploads\/2024\/09\/HALLO_LOW-300x225.jpeg 300w, https:\/\/climbat.com\/wp-content\/uploads\/2024\/09\/HALLO_LOW-1024x768.jpeg 1024w, https:\/\/climbat.com\/wp-content\/uploads\/2024\/09\/HALLO_LOW-768x576.jpeg 768w, https:\/\/climbat.com\/wp-content\/uploads\/2024\/09\/HALLO_LOW-1536x1152.jpeg 1536w, https:\/\/climbat.com\/wp-content\/uploads\/2024\/09\/HALLO_LOW-120x90.jpeg 120w, https:\/\/climbat.com\/wp-content\/uploads\/2024\/09\/HALLO_LOW-81x61.jpeg 81w, https:\/\/climbat.com\/wp-content\/uploads\/2024\/09\/HALLO_LOW.jpeg 1600w\" sizes=\"(max-width: 1028px) 100vw, 1028px\" \/><\/a><\/div>                   \t\t<div class=\"post-details pofo-post-description\">  \t\t\t\t\t\t<div class=\"novedad-title-container\"><a href=\"https:\/\/climbat.com\/ca\/2x1-halloween-cat\/\" class=\"title-novedad-post\">2X1 HALLOWEEN<\/a><\/div>                        <div class=\"entry-content margin-10px-bottom\"                            style=\"font-size: 16px; font-weight: 400; color: #000000;\" data-fontsize=\"16px\">Celebra Halloween amb la fam\u00edlia Climbat! Aquest 31 d'octubre, posa a prova el teu esperit...<\/div>                        <div class=\"separator-line-horrizontal-full bg-medium-light-gray no-margin-top margin-20px-bottom xs-margin-15px-bottom\"                            style=\"background-color:#000;\"><\/div>                            <a href=\"https:\/\/climbat.com\/ca\/2x1-halloween-cat\/\"                            class=\"btn-black btn no-margin white-space-normal btn-small\">Llegir m\u00e9s<\/a>                    <\/div>                <\/div>            <\/div>        <\/div>        <div class=\"blog-style7-1  margin-60px-bottom sm-margin-30px-bottom xs-margin-15px-bottom col-md-4 col-sm-6 col-xs-12 \">            <div class=\"post-23460 post type-post status-publish format-image has-post-thumbnail new-cajetilla-blanca\">                <div class=\"blog-post blog-post-style2 xs-text-center\">                    <div class=\"blog-post-images overflow-hidden margin-25px-bottom xs-margin-15px-bottom\"><a href=\"https:\/\/climbat.com\/ca\/8-lliga-infantil-climbat\/\"><img width=\"1200\" height=\"675\" src=\"https:\/\/climbat.com\/wp-content\/uploads\/2024\/08\/J1_TV_LIGA_CAT_LOW-1200x675.jpg\" class=\"attachment-post-thumbnail size-post-thumbnail wp-post-image\" alt=\"LLIGA INFANTIL CLIMBAT\" decoding=\"async\" srcset=\"https:\/\/climbat.com\/wp-content\/uploads\/2024\/08\/J1_TV_LIGA_CAT_LOW-1200x675.jpg 1200w, https:\/\/climbat.com\/wp-content\/uploads\/2024\/08\/J1_TV_LIGA_CAT_LOW-300x169.jpg 300w, https:\/\/climbat.com\/wp-content\/uploads\/2024\/08\/J1_TV_LIGA_CAT_LOW-1024x576.jpg 1024w, https:\/\/climbat.com\/wp-content\/uploads\/2024\/08\/J1_TV_LIGA_CAT_LOW-768x432.jpg 768w, https:\/\/climbat.com\/wp-content\/uploads\/2024\/08\/J1_TV_LIGA_CAT_LOW-1536x864.jpg 1536w, https:\/\/climbat.com\/wp-content\/uploads\/2024\/08\/J1_TV_LIGA_CAT_LOW-120x68.jpg 120w, https:\/\/climbat.com\/wp-content\/uploads\/2024\/08\/J1_TV_LIGA_CAT_LOW-81x46.jpg 81w, https:\/\/climbat.com\/wp-content\/uploads\/2024\/08\/J1_TV_LIGA_CAT_LOW.jpg 1920w\" sizes=\"(max-width: 1200px) 100vw, 1200px\" \/><\/a><\/div>                   \t\t<div class=\"post-details pofo-post-description\">  \t\t\t\t\t\t<div class=\"novedad-title-container\"><a href=\"https:\/\/climbat.com\/ca\/8-lliga-infantil-climbat\/\" class=\"title-novedad-post\">8\u00aa LLIGA INFANTIL CLIMBAT<\/a><\/div>                        <div class=\"entry-content margin-10px-bottom\"                            style=\"font-size: 16px; font-weight: 400; color: #000000;\" data-fontsize=\"16px\">El pr\u00f2xim 20 d'octubre torna la Lliga Infantil Climbat amb la seva 8a edici\u00f3!! La...<\/div>                        <div class=\"separator-line-horrizontal-full bg-medium-light-gray no-margin-top margin-20px-bottom xs-margin-15px-bottom\"                            style=\"background-color:#000;\"><\/div>                            <a href=\"https:\/\/climbat.com\/ca\/8-lliga-infantil-climbat\/\"                            class=\"btn-black btn no-margin white-space-normal btn-small\">Llegir m\u00e9s<\/a>                    <\/div>                <\/div>            <\/div>        <\/div>        <div class=\"blog-style7-1  margin-60px-bottom sm-margin-30px-bottom xs-margin-15px-bottom col-md-4 col-sm-6 col-xs-12 \">            <div class=\"post-23460 post type-post status-publish format-image has-post-thumbnail new-cajetilla-blanca\">                <div class=\"blog-post blog-post-style2 xs-text-center\">                    <div class=\"blog-post-images overflow-hidden margin-25px-bottom xs-margin-15px-bottom\"><a href=\"https:\/\/climbat.com\/ca\/dia-sense-escola-23s\/\"><img width=\"1200\" height=\"675\" src=\"https:\/\/climbat.com\/wp-content\/uploads\/2024\/08\/DIASSINCOLE_LFX_SEP_TV_CAT_LOW-1200x675.jpg\" class=\"attachment-post-thumbnail size-post-thumbnail wp-post-image\" alt=\"\" decoding=\"async\" srcset=\"https:\/\/climbat.com\/wp-content\/uploads\/2024\/08\/DIASSINCOLE_LFX_SEP_TV_CAT_LOW-1200x675.jpg 1200w, https:\/\/climbat.com\/wp-content\/uploads\/2024\/08\/DIASSINCOLE_LFX_SEP_TV_CAT_LOW-300x169.jpg 300w, https:\/\/climbat.com\/wp-content\/uploads\/2024\/08\/DIASSINCOLE_LFX_SEP_TV_CAT_LOW-1024x576.jpg 1024w, https:\/\/climbat.com\/wp-content\/uploads\/2024\/08\/DIASSINCOLE_LFX_SEP_TV_CAT_LOW-768x432.jpg 768w, https:\/\/climbat.com\/wp-content\/uploads\/2024\/08\/DIASSINCOLE_LFX_SEP_TV_CAT_LOW-1536x864.jpg 1536w, https:\/\/climbat.com\/wp-content\/uploads\/2024\/08\/DIASSINCOLE_LFX_SEP_TV_CAT_LOW-120x68.jpg 120w, https:\/\/climbat.com\/wp-content\/uploads\/2024\/08\/DIASSINCOLE_LFX_SEP_TV_CAT_LOW-81x46.jpg 81w, https:\/\/climbat.com\/wp-content\/uploads\/2024\/08\/DIASSINCOLE_LFX_SEP_TV_CAT_LOW.jpg 1920w\" sizes=\"(max-width: 1200px) 100vw, 1200px\" \/><\/a><\/div>                   \t\t<div class=\"post-details pofo-post-description\">  \t\t\t\t\t\t<div class=\"novedad-title-container\"><a href=\"https:\/\/climbat.com\/ca\/dia-sense-escola-23s\/\" class=\"title-novedad-post\">DIA SENSE ESCOLA<\/a><\/div>                        <div class=\"entry-content margin-10px-bottom\"                            style=\"font-size: 16px; font-weight: 400; color: #000000;\" data-fontsize=\"16px\">Els petits i petites de la casa no tenen escola el 23 de setembre? Climbat...<\/div>                        <div class=\"separator-line-horrizontal-full bg-medium-light-gray no-margin-top margin-20px-bottom xs-margin-15px-bottom\"                            style=\"background-color:#000;\"><\/div>                            <a href=\"https:\/\/climbat.com\/ca\/dia-sense-escola-23s\/\"                            class=\"btn-black btn no-margin white-space-normal btn-small\">Llegir m\u00e9s<\/a>                    <\/div>                <\/div>            <\/div>        <\/div>        <div class=\"blog-style7-1  margin-60px-bottom sm-margin-30px-bottom xs-margin-15px-bottom col-md-4 col-sm-6 col-xs-12 \">            <div class=\"post-23460 post type-post status-publish format-image has-post-thumbnail new-cajetilla-blanca\">                <div class=\"blog-post blog-post-style2 xs-text-center\">                    <div class=\"blog-post-images overflow-hidden margin-25px-bottom xs-margin-15px-bottom\"><a href=\"https:\/\/climbat.com\/ca\/promo-31\/\"><img width=\"1200\" height=\"675\" src=\"https:\/\/climbat.com\/wp-content\/uploads\/2024\/08\/TV_PROMO31_CAT-1200x675.jpg\" class=\"attachment-post-thumbnail size-post-thumbnail wp-post-image\" alt=\"PROMOCIO 3+1\" decoding=\"async\" srcset=\"https:\/\/climbat.com\/wp-content\/uploads\/2024\/08\/TV_PROMO31_CAT-1200x675.jpg 1200w, https:\/\/climbat.com\/wp-content\/uploads\/2024\/08\/TV_PROMO31_CAT-300x169.jpg 300w, https:\/\/climbat.com\/wp-content\/uploads\/2024\/08\/TV_PROMO31_CAT-1024x576.jpg 1024w, https:\/\/climbat.com\/wp-content\/uploads\/2024\/08\/TV_PROMO31_CAT-768x432.jpg 768w, https:\/\/climbat.com\/wp-content\/uploads\/2024\/08\/TV_PROMO31_CAT-1536x864.jpg 1536w, https:\/\/climbat.com\/wp-content\/uploads\/2024\/08\/TV_PROMO31_CAT-120x68.jpg 120w, https:\/\/climbat.com\/wp-content\/uploads\/2024\/08\/TV_PROMO31_CAT-81x46.jpg 81w, https:\/\/climbat.com\/wp-content\/uploads\/2024\/08\/TV_PROMO31_CAT.jpg 1920w\" sizes=\"(max-width: 1200px) 100vw, 1200px\" \/><\/a><\/div>                   \t\t<div class=\"post-details pofo-post-description\">  \t\t\t\t\t\t<div class=\"novedad-title-container\"><a href=\"https:\/\/climbat.com\/ca\/promo-31\/\" class=\"title-novedad-post\">PROMO 3+1<\/a><\/div>                        <div class=\"entry-content margin-10px-bottom\"                            style=\"font-size: 16px; font-weight: 400; color: #000000;\" data-fontsize=\"16px\">Setembre \u00e9s el moment perfecte per a comen\u00e7ar a escalar! Si et fas soci\/a Climbat...<\/div>                        <div class=\"separator-line-horrizontal-full bg-medium-light-gray no-margin-top margin-20px-bottom xs-margin-15px-bottom\"                            style=\"background-color:#000;\"><\/div>                            <a href=\"https:\/\/climbat.com\/ca\/promo-31\/\"                            class=\"btn-black btn no-margin white-space-normal btn-small\">Llegir m\u00e9s<\/a>                    <\/div>                <\/div>            <\/div>        <\/div>        <div class=\"blog-style7-1  margin-60px-bottom sm-margin-30px-bottom xs-margin-15px-bottom col-md-4 col-sm-6 col-xs-12 \">            <div class=\"post-23460 post type-post status-publish format-image has-post-thumbnail new-cajetilla-blanca\">                <div class=\"blog-post blog-post-style2 xs-text-center\">                    <div class=\"blog-post-images overflow-hidden margin-25px-bottom xs-margin-15px-bottom\"><a href=\"https:\/\/climbat.com\/ca\/promo-2x1-2024\/\"><img width=\"1200\" height=\"675\" src=\"https:\/\/climbat.com\/wp-content\/uploads\/2024\/07\/TV_2x1_CAT_LOW-1200x675.jpg\" class=\"attachment-post-thumbnail size-post-thumbnail wp-post-image\" alt=\"PROMO 2x1\" decoding=\"async\" srcset=\"https:\/\/climbat.com\/wp-content\/uploads\/2024\/07\/TV_2x1_CAT_LOW-1200x675.jpg 1200w, https:\/\/climbat.com\/wp-content\/uploads\/2024\/07\/TV_2x1_CAT_LOW-300x169.jpg 300w, https:\/\/climbat.com\/wp-content\/uploads\/2024\/07\/TV_2x1_CAT_LOW-1024x576.jpg 1024w, https:\/\/climbat.com\/wp-content\/uploads\/2024\/07\/TV_2x1_CAT_LOW-768x432.jpg 768w, https:\/\/climbat.com\/wp-content\/uploads\/2024\/07\/TV_2x1_CAT_LOW-1536x864.jpg 1536w, https:\/\/climbat.com\/wp-content\/uploads\/2024\/07\/TV_2x1_CAT_LOW-120x68.jpg 120w, https:\/\/climbat.com\/wp-content\/uploads\/2024\/07\/TV_2x1_CAT_LOW-81x46.jpg 81w, https:\/\/climbat.com\/wp-content\/uploads\/2024\/07\/TV_2x1_CAT_LOW.jpg 1920w\" sizes=\"(max-width: 1200px) 100vw, 1200px\" \/><\/a><\/div>                   \t\t<div class=\"post-details pofo-post-description\">  \t\t\t\t\t\t<div class=\"novedad-title-container\"><a href=\"https:\/\/climbat.com\/ca\/promo-2x1-2024\/\" class=\"title-novedad-post\">PROMO 2&#215;1<\/a><\/div>                        <div class=\"entry-content margin-10px-bottom\"                            style=\"font-size: 16px; font-weight: 400; color: #000000;\" data-fontsize=\"16px\">Qui t\u00e9 un amic o una amiga t\u00e9 un tresor!&nbsp; A Climbat estem segurs que...<\/div>                        <div class=\"separator-line-horrizontal-full bg-medium-light-gray no-margin-top margin-20px-bottom xs-margin-15px-bottom\"                            style=\"background-color:#000;\"><\/div>                            <a href=\"https:\/\/climbat.com\/ca\/promo-2x1-2024\/\"                            class=\"btn-black btn no-margin white-space-normal btn-small\">Llegir m\u00e9s<\/a>                    <\/div>                <\/div>            <\/div>        <\/div>        <div class=\"blog-style7-1  margin-60px-bottom sm-margin-30px-bottom xs-margin-15px-bottom col-md-4 col-sm-6 col-xs-12 \">            <div class=\"post-23460 post type-post status-publish format-image has-post-thumbnail new-cajetilla-blanca\">                <div class=\"blog-post blog-post-style2 xs-text-center\">                    <div class=\"blog-post-images overflow-hidden margin-25px-bottom xs-margin-15px-bottom\"><a href=\"https:\/\/climbat.com\/ca\/promo-bono-10\/\"><img width=\"1200\" height=\"675\" src=\"https:\/\/climbat.com\/wp-content\/uploads\/2024\/07\/TV_BONO104_CAT-1200x675.jpg\" class=\"attachment-post-thumbnail size-post-thumbnail wp-post-image\" alt=\"PROMO BONO 10\" decoding=\"async\" srcset=\"https:\/\/climbat.com\/wp-content\/uploads\/2024\/07\/TV_BONO104_CAT-1200x675.jpg 1200w, https:\/\/climbat.com\/wp-content\/uploads\/2024\/07\/TV_BONO104_CAT-300x169.jpg 300w, https:\/\/climbat.com\/wp-content\/uploads\/2024\/07\/TV_BONO104_CAT-1024x576.jpg 1024w, https:\/\/climbat.com\/wp-content\/uploads\/2024\/07\/TV_BONO104_CAT-768x432.jpg 768w, https:\/\/climbat.com\/wp-content\/uploads\/2024\/07\/TV_BONO104_CAT-1536x864.jpg 1536w, https:\/\/climbat.com\/wp-content\/uploads\/2024\/07\/TV_BONO104_CAT-120x68.jpg 120w, https:\/\/climbat.com\/wp-content\/uploads\/2024\/07\/TV_BONO104_CAT-81x46.jpg 81w, https:\/\/climbat.com\/wp-content\/uploads\/2024\/07\/TV_BONO104_CAT.jpg 1920w\" sizes=\"(max-width: 1200px) 100vw, 1200px\" \/><\/a><\/div>                   \t\t<div class=\"post-details pofo-post-description\">  \t\t\t\t\t\t<div class=\"novedad-title-container\"><a href=\"https:\/\/climbat.com\/ca\/promo-bono-10\/\" class=\"title-novedad-post\">BONO 10+4<\/a><\/div>                        <div class=\"entry-content margin-10px-bottom\"                            style=\"font-size: 16px; font-weight: 400; color: #000000;\" data-fontsize=\"16px\">Un any m\u00e9s, torna la promoci\u00f3 que m\u00e9s us agrada a Climbat! De l\u20191 al...<\/div>                        <div class=\"separator-line-horrizontal-full bg-medium-light-gray no-margin-top margin-20px-bottom xs-margin-15px-bottom\"                            style=\"background-color:#000;\"><\/div>                            <a href=\"https:\/\/climbat.com\/ca\/promo-bono-10\/\"                            class=\"btn-black btn no-margin white-space-normal btn-small\">Llegir m\u00e9s<\/a>                    <\/div>                <\/div>            <\/div>        <\/div>        <div class=\"blog-style7-1  margin-60px-bottom sm-margin-30px-bottom xs-margin-15px-bottom col-md-4 col-sm-6 col-xs-12 \">            <div class=\"post-23460 post type-post status-publish format-image has-post-thumbnail new-cajetilla-blanca\">                <div class=\"blog-post blog-post-style2 xs-text-center\">                    <div class=\"blog-post-images overflow-hidden margin-25px-bottom xs-margin-15px-bottom\"><a href=\"https:\/\/climbat.com\/ca\/dia-de-lescalada-2024\/\"><img width=\"1157\" height=\"771\" src=\"https:\/\/climbat.com\/wp-content\/uploads\/2024\/07\/PLAYA_LOW-1157x771.jpeg\" class=\"attachment-post-thumbnail size-post-thumbnail wp-post-image\" alt=\"DIA DE LA ESCALADA\" decoding=\"async\" srcset=\"https:\/\/climbat.com\/wp-content\/uploads\/2024\/07\/PLAYA_LOW-1157x771.jpeg 1157w, https:\/\/climbat.com\/wp-content\/uploads\/2024\/07\/PLAYA_LOW-300x200.jpeg 300w, https:\/\/climbat.com\/wp-content\/uploads\/2024\/07\/PLAYA_LOW-1024x682.jpeg 1024w, https:\/\/climbat.com\/wp-content\/uploads\/2024\/07\/PLAYA_LOW-768x512.jpeg 768w, https:\/\/climbat.com\/wp-content\/uploads\/2024\/07\/PLAYA_LOW-1536x1023.jpeg 1536w, https:\/\/climbat.com\/wp-content\/uploads\/2024\/07\/PLAYA_LOW-120x80.jpeg 120w, https:\/\/climbat.com\/wp-content\/uploads\/2024\/07\/PLAYA_LOW-81x54.jpeg 81w, https:\/\/climbat.com\/wp-content\/uploads\/2024\/07\/PLAYA_LOW.jpeg 1600w\" sizes=\"(max-width: 1157px) 100vw, 1157px\" \/><\/a><\/div>                   \t\t<div class=\"post-details pofo-post-description\">  \t\t\t\t\t\t<div class=\"novedad-title-container\"><a href=\"https:\/\/climbat.com\/ca\/dia-de-lescalada-2024\/\" class=\"title-novedad-post\">DIA DE L&#8217;ESCALADA<\/a><\/div>                        <div class=\"entry-content margin-10px-bottom\"                            style=\"font-size: 16px; font-weight: 400; color: #000000;\" data-fontsize=\"16px\">El 16 d'agost, la platja \u00e9s gratis, Climbat tamb\u00e9.&nbsp; Per celebrar el dia de l'escalada,...<\/div>                        <div class=\"separator-line-horrizontal-full bg-medium-light-gray no-margin-top margin-20px-bottom xs-margin-15px-bottom\"                            style=\"background-color:#000;\"><\/div>                            <a href=\"https:\/\/climbat.com\/ca\/dia-de-lescalada-2024\/\"                            class=\"btn-black btn no-margin white-space-normal btn-small\">Llegir m\u00e9s<\/a>                    <\/div>                <\/div>            <\/div>        <\/div>        <div class=\"blog-style7-1  margin-60px-bottom sm-margin-30px-bottom xs-margin-15px-bottom col-md-4 col-sm-6 col-xs-12 \">            <div class=\"post-23460 post type-post status-publish format-image has-post-thumbnail new-cajetilla-blanca\">                <div class=\"blog-post blog-post-style2 xs-text-center\">                    <div class=\"blog-post-images overflow-hidden margin-25px-bottom xs-margin-15px-bottom\"><a href=\"https:\/\/climbat.com\/ca\/casals-destiu-lfx24\/\"><img width=\"1200\" height=\"675\" src=\"https:\/\/climbat.com\/wp-content\/uploads\/2024\/03\/TV_CAMPSVERANO_LFX_CAT_LOW-1200x675.jpeg\" class=\"attachment-post-thumbnail size-post-thumbnail wp-post-image\" alt=\"CASALS D&#039;ESTIU\" decoding=\"async\" srcset=\"https:\/\/climbat.com\/wp-content\/uploads\/2024\/03\/TV_CAMPSVERANO_LFX_CAT_LOW-1200x675.jpeg 1200w, https:\/\/climbat.com\/wp-content\/uploads\/2024\/03\/TV_CAMPSVERANO_LFX_CAT_LOW-300x169.jpeg 300w, https:\/\/climbat.com\/wp-content\/uploads\/2024\/03\/TV_CAMPSVERANO_LFX_CAT_LOW-1024x576.jpeg 1024w, https:\/\/climbat.com\/wp-content\/uploads\/2024\/03\/TV_CAMPSVERANO_LFX_CAT_LOW-768x432.jpeg 768w, https:\/\/climbat.com\/wp-content\/uploads\/2024\/03\/TV_CAMPSVERANO_LFX_CAT_LOW-1536x864.jpeg 1536w, https:\/\/climbat.com\/wp-content\/uploads\/2024\/03\/TV_CAMPSVERANO_LFX_CAT_LOW-120x68.jpeg 120w, https:\/\/climbat.com\/wp-content\/uploads\/2024\/03\/TV_CAMPSVERANO_LFX_CAT_LOW-81x46.jpeg 81w, https:\/\/climbat.com\/wp-content\/uploads\/2024\/03\/TV_CAMPSVERANO_LFX_CAT_LOW.jpeg 1920w\" sizes=\"(max-width: 1200px) 100vw, 1200px\" \/><\/a><\/div>                   \t\t<div class=\"post-details pofo-post-description\">  \t\t\t\t\t\t<div class=\"novedad-title-container\"><a href=\"https:\/\/climbat.com\/ca\/casals-destiu-lfx24\/\" class=\"title-novedad-post\">CASALS D&#8217;ESTIU<\/a><\/div>                        <div class=\"entry-content margin-10px-bottom\"                            style=\"font-size: 16px; font-weight: 400; color: #000000;\" data-fontsize=\"16px\">Viu un estiu Climbat!&nbsp; Una experi\u00e8ncia \u00fanica perqu\u00e8 els i les m\u00e9s petites gaudeixin fent...<\/div>                        <div class=\"separator-line-horrizontal-full bg-medium-light-gray no-margin-top margin-20px-bottom xs-margin-15px-bottom\"                            style=\"background-color:#000;\"><\/div>                            <a href=\"https:\/\/climbat.com\/ca\/casals-destiu-lfx24\/\"                            class=\"btn-black btn no-margin white-space-normal btn-small\">Llegir m\u00e9s<\/a>                    <\/div>                <\/div>            <\/div>        <\/div>        <div class=\"blog-style7-1  margin-60px-bottom sm-margin-30px-bottom xs-margin-15px-bottom col-md-4 col-sm-6 col-xs-12 \">            <div class=\"post-23460 post type-post status-publish format-image has-post-thumbnail new-cajetilla-blanca\">                <div class=\"blog-post blog-post-style2 xs-text-center\">                    <div class=\"blog-post-images overflow-hidden margin-25px-bottom xs-margin-15px-bottom\"><a href=\"https:\/\/climbat.com\/ca\/dilluns-bojos\/\"><img width=\"1200\" height=\"675\" src=\"https:\/\/climbat.com\/wp-content\/uploads\/2024\/06\/TV_LUNESLOCOS_CAT_LOW-1200x675.jpg\" class=\"attachment-post-thumbnail size-post-thumbnail wp-post-image\" alt=\"\" decoding=\"async\" srcset=\"https:\/\/climbat.com\/wp-content\/uploads\/2024\/06\/TV_LUNESLOCOS_CAT_LOW-1200x675.jpg 1200w, https:\/\/climbat.com\/wp-content\/uploads\/2024\/06\/TV_LUNESLOCOS_CAT_LOW-300x169.jpg 300w, https:\/\/climbat.com\/wp-content\/uploads\/2024\/06\/TV_LUNESLOCOS_CAT_LOW-1024x576.jpg 1024w, https:\/\/climbat.com\/wp-content\/uploads\/2024\/06\/TV_LUNESLOCOS_CAT_LOW-768x432.jpg 768w, https:\/\/climbat.com\/wp-content\/uploads\/2024\/06\/TV_LUNESLOCOS_CAT_LOW-1536x864.jpg 1536w, https:\/\/climbat.com\/wp-content\/uploads\/2024\/06\/TV_LUNESLOCOS_CAT_LOW-120x68.jpg 120w, https:\/\/climbat.com\/wp-content\/uploads\/2024\/06\/TV_LUNESLOCOS_CAT_LOW-81x46.jpg 81w, https:\/\/climbat.com\/wp-content\/uploads\/2024\/06\/TV_LUNESLOCOS_CAT_LOW.jpg 1920w\" sizes=\"(max-width: 1200px) 100vw, 1200px\" \/><\/a><\/div>                   \t\t<div class=\"post-details pofo-post-description\">  \t\t\t\t\t\t<div class=\"novedad-title-container\"><a href=\"https:\/\/climbat.com\/ca\/dilluns-bojos\/\" class=\"title-novedad-post\">DILLUNS BOJOS<\/a><\/div>                        <div class=\"entry-content margin-10px-bottom\"                            style=\"font-size: 16px; font-weight: 400; color: #000000;\" data-fontsize=\"16px\">Tots els dilluns de juliol podr\u00e0s gaudir d'un 2x1 en l'entrada de dia en horari...<\/div>                        <div class=\"separator-line-horrizontal-full bg-medium-light-gray no-margin-top margin-20px-bottom xs-margin-15px-bottom\"                            style=\"background-color:#000;\"><\/div>                            <a href=\"https:\/\/climbat.com\/ca\/dilluns-bojos\/\"                            class=\"btn-black btn no-margin white-space-normal btn-small\">Llegir m\u00e9s<\/a>                    <\/div>                <\/div>            <\/div>        <\/div>        <div class=\"blog-style7-1  margin-60px-bottom sm-margin-30px-bottom xs-margin-15px-bottom col-md-4 col-sm-6 col-xs-12 \">            <div class=\"post-23460 post type-post status-publish format-image has-post-thumbnail new-cajetilla-blanca\">                <div class=\"blog-post blog-post-style2 xs-text-center\">                    <div class=\"blog-post-images overflow-hidden margin-25px-bottom xs-margin-15px-bottom\"><a href=\"https:\/\/climbat.com\/ca\/promocio-estiu-climbat-24\/\"><img width=\"1200\" height=\"675\" src=\"https:\/\/climbat.com\/wp-content\/uploads\/2024\/05\/TV_PROMOVERANO_CAT_LOW-1200x675.jpeg\" class=\"attachment-post-thumbnail size-post-thumbnail wp-post-image\" alt=\"\" decoding=\"async\" srcset=\"https:\/\/climbat.com\/wp-content\/uploads\/2024\/05\/TV_PROMOVERANO_CAT_LOW-1200x675.jpeg 1200w, https:\/\/climbat.com\/wp-content\/uploads\/2024\/05\/TV_PROMOVERANO_CAT_LOW-300x169.jpeg 300w, https:\/\/climbat.com\/wp-content\/uploads\/2024\/05\/TV_PROMOVERANO_CAT_LOW-1024x576.jpeg 1024w, https:\/\/climbat.com\/wp-content\/uploads\/2024\/05\/TV_PROMOVERANO_CAT_LOW-768x432.jpeg 768w, https:\/\/climbat.com\/wp-content\/uploads\/2024\/05\/TV_PROMOVERANO_CAT_LOW-1536x864.jpeg 1536w, https:\/\/climbat.com\/wp-content\/uploads\/2024\/05\/TV_PROMOVERANO_CAT_LOW-120x68.jpeg 120w, https:\/\/climbat.com\/wp-content\/uploads\/2024\/05\/TV_PROMOVERANO_CAT_LOW-81x46.jpeg 81w, https:\/\/climbat.com\/wp-content\/uploads\/2024\/05\/TV_PROMOVERANO_CAT_LOW.jpeg 1920w\" sizes=\"(max-width: 1200px) 100vw, 1200px\" \/><\/a><\/div>                   \t\t<div class=\"post-details pofo-post-description\">  \t\t\t\t\t\t<div class=\"novedad-title-container\"><a href=\"https:\/\/climbat.com\/ca\/promocio-estiu-climbat-24\/\" class=\"title-novedad-post\">PROMOCI\u00d3 ESTIU CLIMBAT<\/a><\/div>                        <div class=\"entry-content margin-10px-bottom\"                            style=\"font-size: 16px; font-weight: 400; color: #000000;\" data-fontsize=\"16px\">Fes-te soci\/a i gaudeix d'un estiu d'escalada sense l\u00edmits a Climbat! De l'1 al 20...<\/div>                        <div class=\"separator-line-horrizontal-full bg-medium-light-gray no-margin-top margin-20px-bottom xs-margin-15px-bottom\"                            style=\"background-color:#000;\"><\/div>                            <a href=\"https:\/\/climbat.com\/ca\/promocio-estiu-climbat-24\/\"                            class=\"btn-black btn no-margin white-space-normal btn-small\">Llegir m\u00e9s<\/a>                    <\/div>                <\/div>            <\/div>        <\/div>        <div class=\"blog-style7-1  margin-60px-bottom sm-margin-30px-bottom xs-margin-15px-bottom col-md-4 col-sm-6 col-xs-12 \">            <div class=\"post-23460 post type-post status-publish format-image has-post-thumbnail new-cajetilla-blanca\">                <div class=\"blog-post blog-post-style2 xs-text-center\">                    <div class=\"blog-post-images overflow-hidden margin-25px-bottom xs-margin-15px-bottom\"><a href=\"https:\/\/climbat.com\/ca\/ressolat-peus-de-gat\/\"><img width=\"869\" height=\"348\" src=\"https:\/\/climbat.com\/wp-content\/uploads\/2024\/05\/63large.jpg\" class=\"attachment-post-thumbnail size-post-thumbnail wp-post-image\" alt=\"\" decoding=\"async\" srcset=\"https:\/\/climbat.com\/wp-content\/uploads\/2024\/05\/63large.jpg 869w, https:\/\/climbat.com\/wp-content\/uploads\/2024\/05\/63large-300x120.jpg 300w, https:\/\/climbat.com\/wp-content\/uploads\/2024\/05\/63large-768x308.jpg 768w, https:\/\/climbat.com\/wp-content\/uploads\/2024\/05\/63large-120x48.jpg 120w, https:\/\/climbat.com\/wp-content\/uploads\/2024\/05\/63large-81x32.jpg 81w\" sizes=\"(max-width: 869px) 100vw, 869px\" \/><\/a><\/div>                   \t\t<div class=\"post-details pofo-post-description\">  \t\t\t\t\t\t<div class=\"novedad-title-container\"><a href=\"https:\/\/climbat.com\/ca\/ressolat-peus-de-gat\/\" class=\"title-novedad-post\">RESSOLAT PEUS DE GAT<\/a><\/div>                        <div class=\"entry-content margin-10px-bottom\"                            style=\"font-size: 16px; font-weight: 400; color: #000000;\" data-fontsize=\"16px\">Estem molt contents d'anunciar que, a partir d'aquest mes, oferim un servei de ressolat de...<\/div>                        <div class=\"separator-line-horrizontal-full bg-medium-light-gray no-margin-top margin-20px-bottom xs-margin-15px-bottom\"                            style=\"background-color:#000;\"><\/div>                            <a href=\"https:\/\/climbat.com\/ca\/ressolat-peus-de-gat\/\"                            class=\"btn-black btn no-margin white-space-normal btn-small\">Llegir m\u00e9s<\/a>                    <\/div>                <\/div>            <\/div>        <\/div>        <div class=\"blog-style7-1  margin-60px-bottom sm-margin-30px-bottom xs-margin-15px-bottom col-md-4 col-sm-6 col-xs-12 \">            <div class=\"post-23460 post type-post status-publish format-image has-post-thumbnail new-cajetilla-blanca\">                <div class=\"blog-post blog-post-style2 xs-text-center\">                    <div class=\"blog-post-images overflow-hidden margin-25px-bottom xs-margin-15px-bottom\"><a href=\"https:\/\/climbat.com\/ca\/final-lliga-infantil-climbat-2324\/\"><img width=\"1156\" height=\"771\" src=\"https:\/\/climbat.com\/wp-content\/uploads\/2024\/05\/EC_8949LOW-1156x771.jpeg\" class=\"attachment-post-thumbnail size-post-thumbnail wp-post-image\" alt=\"\" decoding=\"async\" srcset=\"https:\/\/climbat.com\/wp-content\/uploads\/2024\/05\/EC_8949LOW-1156x771.jpeg 1156w, https:\/\/climbat.com\/wp-content\/uploads\/2024\/05\/EC_8949LOW-300x200.jpeg 300w, https:\/\/climbat.com\/wp-content\/uploads\/2024\/05\/EC_8949LOW-1024x683.jpeg 1024w, https:\/\/climbat.com\/wp-content\/uploads\/2024\/05\/EC_8949LOW-768x512.jpeg 768w, https:\/\/climbat.com\/wp-content\/uploads\/2024\/05\/EC_8949LOW-1536x1024.jpeg 1536w, https:\/\/climbat.com\/wp-content\/uploads\/2024\/05\/EC_8949LOW-2048x1366.jpeg 2048w, https:\/\/climbat.com\/wp-content\/uploads\/2024\/05\/EC_8949LOW-120x80.jpeg 120w, https:\/\/climbat.com\/wp-content\/uploads\/2024\/05\/EC_8949LOW-81x54.jpeg 81w\" sizes=\"(max-width: 1156px) 100vw, 1156px\" \/><\/a><\/div>                   \t\t<div class=\"post-details pofo-post-description\">  \t\t\t\t\t\t<div class=\"novedad-title-container\"><a href=\"https:\/\/climbat.com\/ca\/final-lliga-infantil-climbat-2324\/\" class=\"title-novedad-post\">SETENA EDICI\u00d3 DE LA LLIGA INFANTIL CLIMBAT DE R\u00c8CORD<\/a><\/div>                        <div class=\"entry-content margin-10px-bottom\"                            style=\"font-size: 16px; font-weight: 400; color: #000000;\" data-fontsize=\"16px\">Els guanyadors i guanyadores de la Lliga Infantil Climbat 23-24 ja han estat coronats, despr\u00e9s...<\/div>                        <div class=\"separator-line-horrizontal-full bg-medium-light-gray no-margin-top margin-20px-bottom xs-margin-15px-bottom\"                            style=\"background-color:#000;\"><\/div>                            <a href=\"https:\/\/climbat.com\/ca\/final-lliga-infantil-climbat-2324\/\"                            class=\"btn-black btn no-margin white-space-normal btn-small\">Llegir m\u00e9s<\/a>                    <\/div>                <\/div>            <\/div>        <\/div>        <div class=\"blog-style7-1  margin-60px-bottom sm-margin-30px-bottom xs-margin-15px-bottom col-md-4 col-sm-6 col-xs-12 \">            <div class=\"post-23460 post type-post status-publish format-image has-post-thumbnail new-cajetilla-blanca\">                <div class=\"blog-post blog-post-style2 xs-text-center\">                    <div class=\"blog-post-images overflow-hidden margin-25px-bottom xs-margin-15px-bottom\"><a href=\"https:\/\/climbat.com\/ca\/ii-climbat-kombat\/\"><img width=\"1200\" height=\"675\" src=\"https:\/\/climbat.com\/wp-content\/uploads\/2024\/04\/CLIMBATKOMBAT-1200x675.jpg\" class=\"attachment-post-thumbnail size-post-thumbnail wp-post-image\" alt=\"\" decoding=\"async\" srcset=\"https:\/\/climbat.com\/wp-content\/uploads\/2024\/04\/CLIMBATKOMBAT-1200x675.jpg 1200w, https:\/\/climbat.com\/wp-content\/uploads\/2024\/04\/CLIMBATKOMBAT-300x169.jpg 300w, https:\/\/climbat.com\/wp-content\/uploads\/2024\/04\/CLIMBATKOMBAT-1024x576.jpg 1024w, https:\/\/climbat.com\/wp-content\/uploads\/2024\/04\/CLIMBATKOMBAT-768x432.jpg 768w, https:\/\/climbat.com\/wp-content\/uploads\/2024\/04\/CLIMBATKOMBAT-1536x864.jpg 1536w, https:\/\/climbat.com\/wp-content\/uploads\/2024\/04\/CLIMBATKOMBAT-120x68.jpg 120w, https:\/\/climbat.com\/wp-content\/uploads\/2024\/04\/CLIMBATKOMBAT-81x46.jpg 81w, https:\/\/climbat.com\/wp-content\/uploads\/2024\/04\/CLIMBATKOMBAT.jpg 1920w\" sizes=\"(max-width: 1200px) 100vw, 1200px\" \/><\/a><\/div>                   \t\t<div class=\"post-details pofo-post-description\">  \t\t\t\t\t\t<div class=\"novedad-title-container\"><a href=\"https:\/\/climbat.com\/ca\/ii-climbat-kombat\/\" class=\"title-novedad-post\">II CLIMBAT KOMBAT<\/a><\/div>                        <div class=\"entry-content margin-10px-bottom\"                            style=\"font-size: 16px; font-weight: 400; color: #000000;\" data-fontsize=\"16px\">L'II Open Bloc Ciutat de Barcelona i el Climbat Kombat han tornat a fer de...<\/div>                        <div class=\"separator-line-horrizontal-full bg-medium-light-gray no-margin-top margin-20px-bottom xs-margin-15px-bottom\"                            style=\"background-color:#000;\"><\/div>                            <a href=\"https:\/\/climbat.com\/ca\/ii-climbat-kombat\/\"                            class=\"btn-black btn no-margin white-space-normal btn-small\">Llegir m\u00e9s<\/a>                    <\/div>                <\/div>            <\/div>        <\/div>        <div class=\"blog-style7-1  margin-60px-bottom sm-margin-30px-bottom xs-margin-15px-bottom col-md-4 col-sm-6 col-xs-12 \">            <div class=\"post-23460 post type-post status-publish format-image has-post-thumbnail new-cajetilla-blanca\">                <div class=\"blog-post blog-post-style2 xs-text-center\">                    <div class=\"blog-post-images overflow-hidden margin-25px-bottom xs-margin-15px-bottom\"><a href=\"https:\/\/climbat.com\/ca\/dia-del-soci-i-la-socia-maig24\/\"><img width=\"1200\" height=\"675\" src=\"https:\/\/climbat.com\/wp-content\/uploads\/2024\/04\/TV_DIADELSOCI_MAY_CAT_LOW-1200x675.jpg\" class=\"attachment-post-thumbnail size-post-thumbnail wp-post-image\" alt=\"\" decoding=\"async\" srcset=\"https:\/\/climbat.com\/wp-content\/uploads\/2024\/04\/TV_DIADELSOCI_MAY_CAT_LOW-1200x675.jpg 1200w, https:\/\/climbat.com\/wp-content\/uploads\/2024\/04\/TV_DIADELSOCI_MAY_CAT_LOW-300x169.jpg 300w, https:\/\/climbat.com\/wp-content\/uploads\/2024\/04\/TV_DIADELSOCI_MAY_CAT_LOW-1024x576.jpg 1024w, https:\/\/climbat.com\/wp-content\/uploads\/2024\/04\/TV_DIADELSOCI_MAY_CAT_LOW-768x432.jpg 768w, https:\/\/climbat.com\/wp-content\/uploads\/2024\/04\/TV_DIADELSOCI_MAY_CAT_LOW-1536x864.jpg 1536w, https:\/\/climbat.com\/wp-content\/uploads\/2024\/04\/TV_DIADELSOCI_MAY_CAT_LOW-120x68.jpg 120w, https:\/\/climbat.com\/wp-content\/uploads\/2024\/04\/TV_DIADELSOCI_MAY_CAT_LOW-81x46.jpg 81w, https:\/\/climbat.com\/wp-content\/uploads\/2024\/04\/TV_DIADELSOCI_MAY_CAT_LOW.jpg 1920w\" sizes=\"(max-width: 1200px) 100vw, 1200px\" \/><\/a><\/div>                   \t\t<div class=\"post-details pofo-post-description\">  \t\t\t\t\t\t<div class=\"novedad-title-container\"><a href=\"https:\/\/climbat.com\/ca\/dia-del-soci-i-la-socia-maig24\/\" class=\"title-novedad-post\">DIA DEL SOCI I LA S\u00d2CIA<\/a><\/div>                        <div class=\"entry-content margin-10px-bottom\"                            style=\"font-size: 16px; font-weight: 400; color: #000000;\" data-fontsize=\"16px\">Celebra el pr\u00f2xim 31 de maig el dia del soci i la s\u00f2cia en Climbat!...<\/div>                        <div class=\"separator-line-horrizontal-full bg-medium-light-gray no-margin-top margin-20px-bottom xs-margin-15px-bottom\"                            style=\"background-color:#000;\"><\/div>                            <a href=\"https:\/\/climbat.com\/ca\/dia-del-soci-i-la-socia-maig24\/\"                            class=\"btn-black btn no-margin white-space-normal btn-small\">Llegir m\u00e9s<\/a>                    <\/div>                <\/div>            <\/div>        <\/div>        <div class=\"blog-style7-1  margin-60px-bottom sm-margin-30px-bottom xs-margin-15px-bottom col-md-4 col-sm-6 col-xs-12 \">            <div class=\"post-23460 post type-post status-publish format-image has-post-thumbnail new-cajetilla-blanca\">                <div class=\"blog-post blog-post-style2 xs-text-center\">                    <div class=\"blog-post-images overflow-hidden margin-25px-bottom xs-margin-15px-bottom\"><a href=\"https:\/\/climbat.com\/ca\/dia-sense-escola-17maig-lfx\/\"><img width=\"1200\" height=\"675\" src=\"https:\/\/climbat.com\/wp-content\/uploads\/2024\/04\/DIASSINCOLE_LFX_MAY_TV_CAT_LOW-1200x675.jpeg\" class=\"attachment-post-thumbnail size-post-thumbnail wp-post-image\" alt=\"DIA SENSE ESCOLA 17 DE MAIG\" decoding=\"async\" srcset=\"https:\/\/climbat.com\/wp-content\/uploads\/2024\/04\/DIASSINCOLE_LFX_MAY_TV_CAT_LOW-1200x675.jpeg 1200w, https:\/\/climbat.com\/wp-content\/uploads\/2024\/04\/DIASSINCOLE_LFX_MAY_TV_CAT_LOW-300x169.jpeg 300w, https:\/\/climbat.com\/wp-content\/uploads\/2024\/04\/DIASSINCOLE_LFX_MAY_TV_CAT_LOW-1024x576.jpeg 1024w, https:\/\/climbat.com\/wp-content\/uploads\/2024\/04\/DIASSINCOLE_LFX_MAY_TV_CAT_LOW-768x432.jpeg 768w, https:\/\/climbat.com\/wp-content\/uploads\/2024\/04\/DIASSINCOLE_LFX_MAY_TV_CAT_LOW-1536x864.jpeg 1536w, https:\/\/climbat.com\/wp-content\/uploads\/2024\/04\/DIASSINCOLE_LFX_MAY_TV_CAT_LOW-120x68.jpeg 120w, https:\/\/climbat.com\/wp-content\/uploads\/2024\/04\/DIASSINCOLE_LFX_MAY_TV_CAT_LOW-81x46.jpeg 81w, https:\/\/climbat.com\/wp-content\/uploads\/2024\/04\/DIASSINCOLE_LFX_MAY_TV_CAT_LOW.jpeg 1920w\" sizes=\"(max-width: 1200px) 100vw, 1200px\" \/><\/a><\/div>                   \t\t<div class=\"post-details pofo-post-description\">  \t\t\t\t\t\t<div class=\"novedad-title-container\"><a href=\"https:\/\/climbat.com\/ca\/dia-sense-escola-17maig-lfx\/\" class=\"title-novedad-post\">DIA SENSE ESCOLA<\/a><\/div>                        <div class=\"entry-content margin-10px-bottom\"                            style=\"font-size: 16px; font-weight: 400; color: #000000;\" data-fontsize=\"16px\">Els petits i petites de la casa no tenen escola el 17 de maig? Climbat...<\/div>                        <div class=\"separator-line-horrizontal-full bg-medium-light-gray no-margin-top margin-20px-bottom xs-margin-15px-bottom\"                            style=\"background-color:#000;\"><\/div>                            <a href=\"https:\/\/climbat.com\/ca\/dia-sense-escola-17maig-lfx\/\"                            class=\"btn-black btn no-margin white-space-normal btn-small\">Llegir m\u00e9s<\/a>                    <\/div>                <\/div>            <\/div>        <\/div>        <div class=\"blog-style7-1  margin-60px-bottom sm-margin-30px-bottom xs-margin-15px-bottom col-md-4 col-sm-6 col-xs-12 \">            <div class=\"post-23460 post type-post status-publish format-image has-post-thumbnail new-cajetilla-blanca\">                <div class=\"blog-post blog-post-style2 xs-text-center\">                    <div class=\"blog-post-images overflow-hidden margin-25px-bottom xs-margin-15px-bottom\"><a href=\"https:\/\/climbat.com\/ca\/dia-de-la-mare-2024\/\"><img width=\"1200\" height=\"675\" src=\"https:\/\/climbat.com\/wp-content\/uploads\/2024\/04\/TV_DIAMADRE_CAT_LOW-1200x675.jpg\" class=\"attachment-post-thumbnail size-post-thumbnail wp-post-image\" alt=\"DIA MARE 5 MAIG\" decoding=\"async\" srcset=\"https:\/\/climbat.com\/wp-content\/uploads\/2024\/04\/TV_DIAMADRE_CAT_LOW-1200x675.jpg 1200w, https:\/\/climbat.com\/wp-content\/uploads\/2024\/04\/TV_DIAMADRE_CAT_LOW-300x169.jpg 300w, https:\/\/climbat.com\/wp-content\/uploads\/2024\/04\/TV_DIAMADRE_CAT_LOW-1024x576.jpg 1024w, https:\/\/climbat.com\/wp-content\/uploads\/2024\/04\/TV_DIAMADRE_CAT_LOW-768x432.jpg 768w, https:\/\/climbat.com\/wp-content\/uploads\/2024\/04\/TV_DIAMADRE_CAT_LOW-1536x864.jpg 1536w, https:\/\/climbat.com\/wp-content\/uploads\/2024\/04\/TV_DIAMADRE_CAT_LOW-120x68.jpg 120w, https:\/\/climbat.com\/wp-content\/uploads\/2024\/04\/TV_DIAMADRE_CAT_LOW-81x46.jpg 81w, https:\/\/climbat.com\/wp-content\/uploads\/2024\/04\/TV_DIAMADRE_CAT_LOW.jpg 1920w\" sizes=\"(max-width: 1200px) 100vw, 1200px\" \/><\/a><\/div>                   \t\t<div class=\"post-details pofo-post-description\">  \t\t\t\t\t\t<div class=\"novedad-title-container\"><a href=\"https:\/\/climbat.com\/ca\/dia-de-la-mare-2024\/\" class=\"title-novedad-post\">DIA DE LA MARE<\/a><\/div>                        <div class=\"entry-content margin-10px-bottom\"                            style=\"font-size: 16px; font-weight: 400; color: #000000;\" data-fontsize=\"16px\">Escalar amb la teva fam\u00edlia i passar temps units \u00e9s una manera excel\u00b7lent de crear...<\/div>                        <div class=\"separator-line-horrizontal-full bg-medium-light-gray no-margin-top margin-20px-bottom xs-margin-15px-bottom\"                            style=\"background-color:#000;\"><\/div>                            <a href=\"https:\/\/climbat.com\/ca\/dia-de-la-mare-2024\/\"                            class=\"btn-black btn no-margin white-space-normal btn-small\">Llegir m\u00e9s<\/a>                    <\/div>                <\/div>            <\/div>        <\/div>        <div class=\"blog-style7-1  margin-60px-bottom sm-margin-30px-bottom xs-margin-15px-bottom col-md-4 col-sm-6 col-xs-12 \">            <div class=\"post-23460 post type-post status-publish format-image has-post-thumbnail new-cajetilla-blanca\">                <div class=\"blog-post blog-post-style2 xs-text-center\">                    <div class=\"blog-post-images overflow-hidden margin-25px-bottom xs-margin-15px-bottom\"><a href=\"https:\/\/climbat.com\/ca\/mes-de-lamistat-2024\/\"><img width=\"1200\" height=\"675\" src=\"https:\/\/climbat.com\/wp-content\/uploads\/2024\/03\/MESAMIGO_TV_CAT_LOW-1200x675.jpg\" class=\"attachment-post-thumbnail size-post-thumbnail wp-post-image\" alt=\"\" decoding=\"async\" srcset=\"https:\/\/climbat.com\/wp-content\/uploads\/2024\/03\/MESAMIGO_TV_CAT_LOW-1200x675.jpg 1200w, https:\/\/climbat.com\/wp-content\/uploads\/2024\/03\/MESAMIGO_TV_CAT_LOW-300x169.jpg 300w, https:\/\/climbat.com\/wp-content\/uploads\/2024\/03\/MESAMIGO_TV_CAT_LOW-1024x576.jpg 1024w, https:\/\/climbat.com\/wp-content\/uploads\/2024\/03\/MESAMIGO_TV_CAT_LOW-768x432.jpg 768w, https:\/\/climbat.com\/wp-content\/uploads\/2024\/03\/MESAMIGO_TV_CAT_LOW-1536x864.jpg 1536w, https:\/\/climbat.com\/wp-content\/uploads\/2024\/03\/MESAMIGO_TV_CAT_LOW-120x68.jpg 120w, https:\/\/climbat.com\/wp-content\/uploads\/2024\/03\/MESAMIGO_TV_CAT_LOW-81x46.jpg 81w, https:\/\/climbat.com\/wp-content\/uploads\/2024\/03\/MESAMIGO_TV_CAT_LOW.jpg 1920w\" sizes=\"(max-width: 1200px) 100vw, 1200px\" \/><\/a><\/div>                   \t\t<div class=\"post-details pofo-post-description\">  \t\t\t\t\t\t<div class=\"novedad-title-container\"><a href=\"https:\/\/climbat.com\/ca\/mes-de-lamistat-2024\/\" class=\"title-novedad-post\">MES DE L&#8217;AMISTAT<\/a><\/div>                        <div class=\"entry-content margin-10px-bottom\"                            style=\"font-size: 16px; font-weight: 400; color: #000000;\" data-fontsize=\"16px\">Celebra l'amistat escalant a Climbat! Volem que gaudeixis al m\u00e0xim amb els teus amics i...<\/div>                        <div class=\"separator-line-horrizontal-full bg-medium-light-gray no-margin-top margin-20px-bottom xs-margin-15px-bottom\"                            style=\"background-color:#000;\"><\/div>                            <a href=\"https:\/\/climbat.com\/ca\/mes-de-lamistat-2024\/\"                            class=\"btn-black btn no-margin white-space-normal btn-small\">Llegir m\u00e9s<\/a>                    <\/div>                <\/div>            <\/div>        <\/div>        <div class=\"blog-style7-1  margin-60px-bottom sm-margin-30px-bottom xs-margin-15px-bottom col-md-4 col-sm-6 col-xs-12 \">            <div class=\"post-23460 post type-post status-publish format-image has-post-thumbnail new-cajetilla-blanca\">                <div class=\"blog-post blog-post-style2 xs-text-center\">                    <div class=\"blog-post-images overflow-hidden margin-25px-bottom xs-margin-15px-bottom\"><a href=\"https:\/\/climbat.com\/ca\/2-jornada-de-la-lliga-infantil-2324-cat\/\"><img width=\"1157\" height=\"771\" src=\"https:\/\/climbat.com\/wp-content\/uploads\/2024\/03\/WhatsApp-Image-2024-03-10-at-11.47.51-1157x771.jpeg\" class=\"attachment-post-thumbnail size-post-thumbnail wp-post-image\" alt=\"escalador \" decoding=\"async\" srcset=\"https:\/\/climbat.com\/wp-content\/uploads\/2024\/03\/WhatsApp-Image-2024-03-10-at-11.47.51-1157x771.jpeg 1157w, https:\/\/climbat.com\/wp-content\/uploads\/2024\/03\/WhatsApp-Image-2024-03-10-at-11.47.51-300x200.jpeg 300w, https:\/\/climbat.com\/wp-content\/uploads\/2024\/03\/WhatsApp-Image-2024-03-10-at-11.47.51-1024x682.jpeg 1024w, https:\/\/climbat.com\/wp-content\/uploads\/2024\/03\/WhatsApp-Image-2024-03-10-at-11.47.51-768x512.jpeg 768w, https:\/\/climbat.com\/wp-content\/uploads\/2024\/03\/WhatsApp-Image-2024-03-10-at-11.47.51-1536x1023.jpeg 1536w, https:\/\/climbat.com\/wp-content\/uploads\/2024\/03\/WhatsApp-Image-2024-03-10-at-11.47.51-120x80.jpeg 120w, https:\/\/climbat.com\/wp-content\/uploads\/2024\/03\/WhatsApp-Image-2024-03-10-at-11.47.51-81x54.jpeg 81w, https:\/\/climbat.com\/wp-content\/uploads\/2024\/03\/WhatsApp-Image-2024-03-10-at-11.47.51.jpeg 1600w\" sizes=\"(max-width: 1157px) 100vw, 1157px\" \/><\/a><\/div>                   \t\t<div class=\"post-details pofo-post-description\">  \t\t\t\t\t\t<div class=\"novedad-title-container\"><a href=\"https:\/\/climbat.com\/ca\/2-jornada-de-la-lliga-infantil-2324-cat\/\" class=\"title-novedad-post\">RECORD DE PARTICIPANTS A LA 2\u00aa JORNADA DE LA LLIGA INFANTIL<\/a><\/div>                        <div class=\"entry-content margin-10px-bottom\"                            style=\"font-size: 16px; font-weight: 400; color: #000000;\" data-fontsize=\"16px\">La segona jornada de la 7a edici\u00f3 de la Lliga Infantil Climbat celebrada el diumenge...<\/div>                        <div class=\"separator-line-horrizontal-full bg-medium-light-gray no-margin-top margin-20px-bottom xs-margin-15px-bottom\"                            style=\"background-color:#000;\"><\/div>                            <a href=\"https:\/\/climbat.com\/ca\/2-jornada-de-la-lliga-infantil-2324-cat\/\"                            class=\"btn-black btn no-margin white-space-normal btn-small\">Llegir m\u00e9s<\/a>                    <\/div>                <\/div>            <\/div>        <\/div>        <div class=\"blog-style7-1  margin-60px-bottom sm-margin-30px-bottom xs-margin-15px-bottom col-md-4 col-sm-6 col-xs-12 \">            <div class=\"post-23460 post type-post status-publish format-image has-post-thumbnail new-cajetilla-blanca\">                <div class=\"blog-post blog-post-style2 xs-text-center\">                    <div class=\"blog-post-images overflow-hidden margin-25px-bottom xs-margin-15px-bottom\"><a href=\"https:\/\/climbat.com\/ca\/pla-digualtat-2024\/\"><img width=\"1156\" height=\"771\" src=\"https:\/\/climbat.com\/wp-content\/uploads\/2024\/02\/EC_9706_LOW-1156x771.jpeg\" class=\"attachment-post-thumbnail size-post-thumbnail wp-post-image\" alt=\"ESCALADORAS\" decoding=\"async\" srcset=\"https:\/\/climbat.com\/wp-content\/uploads\/2024\/02\/EC_9706_LOW-1156x771.jpeg 1156w, https:\/\/climbat.com\/wp-content\/uploads\/2024\/02\/EC_9706_LOW-300x200.jpeg 300w, https:\/\/climbat.com\/wp-content\/uploads\/2024\/02\/EC_9706_LOW-1024x683.jpeg 1024w, https:\/\/climbat.com\/wp-content\/uploads\/2024\/02\/EC_9706_LOW-768x512.jpeg 768w, https:\/\/climbat.com\/wp-content\/uploads\/2024\/02\/EC_9706_LOW-1536x1024.jpeg 1536w, https:\/\/climbat.com\/wp-content\/uploads\/2024\/02\/EC_9706_LOW-2048x1366.jpeg 2048w, https:\/\/climbat.com\/wp-content\/uploads\/2024\/02\/EC_9706_LOW-120x80.jpeg 120w, https:\/\/climbat.com\/wp-content\/uploads\/2024\/02\/EC_9706_LOW-81x54.jpeg 81w\" sizes=\"(max-width: 1156px) 100vw, 1156px\" \/><\/a><\/div>                   \t\t<div class=\"post-details pofo-post-description\">  \t\t\t\t\t\t<div class=\"novedad-title-container\"><a href=\"https:\/\/climbat.com\/ca\/pla-digualtat-2024\/\" class=\"title-novedad-post\">PLA D&#8217;IGUALTAT<\/a><\/div>                        <div class=\"entry-content margin-10px-bottom\"                            style=\"font-size: 16px; font-weight: 400; color: #000000;\" data-fontsize=\"16px\">A Climbat, sempre hem sostingut la convicci\u00f3 que la veritable escalada inclou a totes les...<\/div>                        <div class=\"separator-line-horrizontal-full bg-medium-light-gray no-margin-top margin-20px-bottom xs-margin-15px-bottom\"                            style=\"background-color:#000;\"><\/div>                            <a href=\"https:\/\/climbat.com\/ca\/pla-digualtat-2024\/\"                            class=\"btn-black btn no-margin white-space-normal btn-small\">Llegir m\u00e9s<\/a>                    <\/div>                <\/div>            <\/div>        <\/div>        <div class=\"blog-style7-1  margin-60px-bottom sm-margin-30px-bottom xs-margin-15px-bottom col-md-4 col-sm-6 col-xs-12 \">            <div class=\"post-23460 post type-post status-publish format-image has-post-thumbnail new-cajetilla-blanca\">                <div class=\"blog-post blog-post-style2 xs-text-center\">                    <div class=\"blog-post-images overflow-hidden margin-25px-bottom xs-margin-15px-bottom\"><a href=\"https:\/\/climbat.com\/ca\/18-anys-lfx\/\"><img width=\"1200\" height=\"675\" src=\"https:\/\/climbat.com\/wp-content\/uploads\/2024\/02\/TV_18LFX_LOW-1200x675.jpeg\" class=\"attachment-post-thumbnail size-post-thumbnail wp-post-image\" alt=\"\" decoding=\"async\" srcset=\"https:\/\/climbat.com\/wp-content\/uploads\/2024\/02\/TV_18LFX_LOW-1200x675.jpeg 1200w, https:\/\/climbat.com\/wp-content\/uploads\/2024\/02\/TV_18LFX_LOW-300x169.jpeg 300w, https:\/\/climbat.com\/wp-content\/uploads\/2024\/02\/TV_18LFX_LOW-1024x576.jpeg 1024w, https:\/\/climbat.com\/wp-content\/uploads\/2024\/02\/TV_18LFX_LOW-768x432.jpeg 768w, https:\/\/climbat.com\/wp-content\/uploads\/2024\/02\/TV_18LFX_LOW-1536x864.jpeg 1536w, https:\/\/climbat.com\/wp-content\/uploads\/2024\/02\/TV_18LFX_LOW-120x68.jpeg 120w, https:\/\/climbat.com\/wp-content\/uploads\/2024\/02\/TV_18LFX_LOW-81x46.jpeg 81w, https:\/\/climbat.com\/wp-content\/uploads\/2024\/02\/TV_18LFX_LOW.jpeg 1920w\" sizes=\"(max-width: 1200px) 100vw, 1200px\" \/><\/a><\/div>                   \t\t<div class=\"post-details pofo-post-description\">  \t\t\t\t\t\t<div class=\"novedad-title-container\"><a href=\"https:\/\/climbat.com\/ca\/18-anys-lfx\/\" class=\"title-novedad-post\">FEM 18 ANYS!<\/a><\/div>                        <div class=\"entry-content margin-10px-bottom\"                            style=\"font-size: 16px; font-weight: 400; color: #000000;\" data-fontsize=\"16px\">Celebra amb nosaltres el 18\u00e8 aniversari del CEM d\u2019Escalada Climbat La Foixarda, el pr\u00f2xim 15...<\/div>                        <div class=\"separator-line-horrizontal-full bg-medium-light-gray no-margin-top margin-20px-bottom xs-margin-15px-bottom\"                            style=\"background-color:#000;\"><\/div>                            <a href=\"https:\/\/climbat.com\/ca\/18-anys-lfx\/\"                            class=\"btn-black btn no-margin white-space-normal btn-small\">Llegir m\u00e9s<\/a>                    <\/div>                <\/div>            <\/div>        <\/div>        <div class=\"blog-style7-1  margin-60px-bottom sm-margin-30px-bottom xs-margin-15px-bottom col-md-4 col-sm-6 col-xs-12 \">            <div class=\"post-23460 post type-post status-publish format-image has-post-thumbnail new-cajetilla-blanca\">                <div class=\"blog-post blog-post-style2 xs-text-center\">                    <div class=\"blog-post-images overflow-hidden margin-25px-bottom xs-margin-15px-bottom\"><a href=\"https:\/\/climbat.com\/ca\/dia-del-soci-i-la-socia-lfx-marc\/\"><img width=\"1200\" height=\"675\" src=\"https:\/\/climbat.com\/wp-content\/uploads\/2024\/02\/TV_DIADELSOCI_MAR_CAT_LOW-1200x675.jpeg\" class=\"attachment-post-thumbnail size-post-thumbnail wp-post-image\" alt=\"DIA DEL SOCI\" decoding=\"async\" srcset=\"https:\/\/climbat.com\/wp-content\/uploads\/2024\/02\/TV_DIADELSOCI_MAR_CAT_LOW-1200x675.jpeg 1200w, https:\/\/climbat.com\/wp-content\/uploads\/2024\/02\/TV_DIADELSOCI_MAR_CAT_LOW-300x169.jpeg 300w, https:\/\/climbat.com\/wp-content\/uploads\/2024\/02\/TV_DIADELSOCI_MAR_CAT_LOW-1024x576.jpeg 1024w, https:\/\/climbat.com\/wp-content\/uploads\/2024\/02\/TV_DIADELSOCI_MAR_CAT_LOW-768x432.jpeg 768w, https:\/\/climbat.com\/wp-content\/uploads\/2024\/02\/TV_DIADELSOCI_MAR_CAT_LOW-1536x864.jpeg 1536w, https:\/\/climbat.com\/wp-content\/uploads\/2024\/02\/TV_DIADELSOCI_MAR_CAT_LOW-120x68.jpeg 120w, https:\/\/climbat.com\/wp-content\/uploads\/2024\/02\/TV_DIADELSOCI_MAR_CAT_LOW-81x46.jpeg 81w, https:\/\/climbat.com\/wp-content\/uploads\/2024\/02\/TV_DIADELSOCI_MAR_CAT_LOW.jpeg 1920w\" sizes=\"(max-width: 1200px) 100vw, 1200px\" \/><\/a><\/div>                   \t\t<div class=\"post-details pofo-post-description\">  \t\t\t\t\t\t<div class=\"novedad-title-container\"><a href=\"https:\/\/climbat.com\/ca\/dia-del-soci-i-la-socia-lfx-marc\/\" class=\"title-novedad-post\">DIA DEL SOCI I LA S\u00d2CIA<\/a><\/div>                        <div class=\"entry-content margin-10px-bottom\"                            style=\"font-size: 16px; font-weight: 400; color: #000000;\" data-fontsize=\"16px\">Atenci\u00f3 escaladors i escaladores el mes vinent avancem el dia del soci i la s\u00f2cia!...<\/div>                        <div class=\"separator-line-horrizontal-full bg-medium-light-gray no-margin-top margin-20px-bottom xs-margin-15px-bottom\"                            style=\"background-color:#000;\"><\/div>                            <a href=\"https:\/\/climbat.com\/ca\/dia-del-soci-i-la-socia-lfx-marc\/\"                            class=\"btn-black btn no-margin white-space-normal btn-small\">Llegir m\u00e9s<\/a>                    <\/div>                <\/div>            <\/div>        <\/div>        <div class=\"blog-style7-1  margin-60px-bottom sm-margin-30px-bottom xs-margin-15px-bottom col-md-4 col-sm-6 col-xs-12 \">            <div class=\"post-23460 post type-post status-publish format-image has-post-thumbnail new-cajetilla-blanca\">                <div class=\"blog-post blog-post-style2 xs-text-center\">                    <div class=\"blog-post-images overflow-hidden margin-25px-bottom xs-margin-15px-bottom\"><a href=\"https:\/\/climbat.com\/ca\/dia-del-pare-2024\/\"><img width=\"1200\" height=\"675\" src=\"https:\/\/climbat.com\/wp-content\/uploads\/2024\/02\/TV_DIAPADRE_CAT_LOW-1200x675.jpeg\" class=\"attachment-post-thumbnail size-post-thumbnail wp-post-image\" alt=\"\" decoding=\"async\" srcset=\"https:\/\/climbat.com\/wp-content\/uploads\/2024\/02\/TV_DIAPADRE_CAT_LOW-1200x675.jpeg 1200w, https:\/\/climbat.com\/wp-content\/uploads\/2024\/02\/TV_DIAPADRE_CAT_LOW-300x169.jpeg 300w, https:\/\/climbat.com\/wp-content\/uploads\/2024\/02\/TV_DIAPADRE_CAT_LOW-1024x576.jpeg 1024w, https:\/\/climbat.com\/wp-content\/uploads\/2024\/02\/TV_DIAPADRE_CAT_LOW-768x432.jpeg 768w, https:\/\/climbat.com\/wp-content\/uploads\/2024\/02\/TV_DIAPADRE_CAT_LOW-1536x864.jpeg 1536w, https:\/\/climbat.com\/wp-content\/uploads\/2024\/02\/TV_DIAPADRE_CAT_LOW-120x68.jpeg 120w, https:\/\/climbat.com\/wp-content\/uploads\/2024\/02\/TV_DIAPADRE_CAT_LOW-81x46.jpeg 81w, https:\/\/climbat.com\/wp-content\/uploads\/2024\/02\/TV_DIAPADRE_CAT_LOW.jpeg 1920w\" sizes=\"(max-width: 1200px) 100vw, 1200px\" \/><\/a><\/div>                   \t\t<div class=\"post-details pofo-post-description\">  \t\t\t\t\t\t<div class=\"novedad-title-container\"><a href=\"https:\/\/climbat.com\/ca\/dia-del-pare-2024\/\" class=\"title-novedad-post\">DIA DEL PARE<\/a><\/div>                        <div class=\"entry-content margin-10px-bottom\"                            style=\"font-size: 16px; font-weight: 400; color: #000000;\" data-fontsize=\"16px\">Celebra el dia del pare a&nbsp;Climbat! Dimarts 19 de mar\u00e7 us proposem un pla per...<\/div>                        <div class=\"separator-line-horrizontal-full bg-medium-light-gray no-margin-top margin-20px-bottom xs-margin-15px-bottom\"                            style=\"background-color:#000;\"><\/div>                            <a href=\"https:\/\/climbat.com\/ca\/dia-del-pare-2024\/\"                            class=\"btn-black btn no-margin white-space-normal btn-small\">Llegir m\u00e9s<\/a>                    <\/div>                <\/div>            <\/div>        <\/div>        <div class=\"blog-style7-1  margin-60px-bottom sm-margin-30px-bottom xs-margin-15px-bottom col-md-4 col-sm-6 col-xs-12 \">            <div class=\"post-23460 post type-post status-publish format-image has-post-thumbnail new-cajetilla-blanca\">                <div class=\"blog-post blog-post-style2 xs-text-center\">                    <div class=\"blog-post-images overflow-hidden margin-25px-bottom xs-margin-15px-bottom\"><a href=\"https:\/\/climbat.com\/ca\/casals-setmana-santa-lfx24\/\"><img width=\"1200\" height=\"675\" src=\"https:\/\/climbat.com\/wp-content\/uploads\/2024\/02\/TV_CAMPS_SS_2024_LFX_CAT_LOW-1200x675.jpg\" class=\"attachment-post-thumbnail size-post-thumbnail wp-post-image\" alt=\"\" decoding=\"async\" srcset=\"https:\/\/climbat.com\/wp-content\/uploads\/2024\/02\/TV_CAMPS_SS_2024_LFX_CAT_LOW-1200x675.jpg 1200w, https:\/\/climbat.com\/wp-content\/uploads\/2024\/02\/TV_CAMPS_SS_2024_LFX_CAT_LOW-300x169.jpg 300w, https:\/\/climbat.com\/wp-content\/uploads\/2024\/02\/TV_CAMPS_SS_2024_LFX_CAT_LOW-1024x576.jpg 1024w, https:\/\/climbat.com\/wp-content\/uploads\/2024\/02\/TV_CAMPS_SS_2024_LFX_CAT_LOW-768x432.jpg 768w, https:\/\/climbat.com\/wp-content\/uploads\/2024\/02\/TV_CAMPS_SS_2024_LFX_CAT_LOW-1536x864.jpg 1536w, https:\/\/climbat.com\/wp-content\/uploads\/2024\/02\/TV_CAMPS_SS_2024_LFX_CAT_LOW-120x68.jpg 120w, https:\/\/climbat.com\/wp-content\/uploads\/2024\/02\/TV_CAMPS_SS_2024_LFX_CAT_LOW-81x46.jpg 81w, https:\/\/climbat.com\/wp-content\/uploads\/2024\/02\/TV_CAMPS_SS_2024_LFX_CAT_LOW.jpg 1920w\" sizes=\"(max-width: 1200px) 100vw, 1200px\" \/><\/a><\/div>                   \t\t<div class=\"post-details pofo-post-description\">  \t\t\t\t\t\t<div class=\"novedad-title-container\"><a href=\"https:\/\/climbat.com\/ca\/casals-setmana-santa-lfx24\/\" class=\"title-novedad-post\">CASALS SETMANA SANTA<\/a><\/div>                        <div class=\"entry-content margin-10px-bottom\"                            style=\"font-size: 16px; font-weight: 400; color: #000000;\" data-fontsize=\"16px\">Aquesta Setmana Santa els nens i nenes tenen l'oportunitat de venir a Climbat La Foixarda...<\/div>                        <div class=\"separator-line-horrizontal-full bg-medium-light-gray no-margin-top margin-20px-bottom xs-margin-15px-bottom\"                            style=\"background-color:#000;\"><\/div>                            <a href=\"https:\/\/climbat.com\/ca\/casals-setmana-santa-lfx24\/\"                            class=\"btn-black btn no-margin white-space-normal btn-small\">Llegir m\u00e9s<\/a>                    <\/div>                <\/div>            <\/div>        <\/div>        <div class=\"blog-style7-1  margin-60px-bottom sm-margin-30px-bottom xs-margin-15px-bottom col-md-4 col-sm-6 col-xs-12 \">            <div class=\"post-23460 post type-post status-publish format-image has-post-thumbnail new-cajetilla-blanca\">                <div class=\"blog-post blog-post-style2 xs-text-center\">                    <div class=\"blog-post-images overflow-hidden margin-25px-bottom xs-margin-15px-bottom\"><a href=\"https:\/\/climbat.com\/ca\/sant-valenti-2024\/\"><img width=\"1200\" height=\"675\" src=\"https:\/\/climbat.com\/wp-content\/uploads\/2024\/01\/TV_SV_CAT_LOW-1200x675.jpg\" class=\"attachment-post-thumbnail size-post-thumbnail wp-post-image\" alt=\"\" decoding=\"async\" srcset=\"https:\/\/climbat.com\/wp-content\/uploads\/2024\/01\/TV_SV_CAT_LOW-1200x675.jpg 1200w, https:\/\/climbat.com\/wp-content\/uploads\/2024\/01\/TV_SV_CAT_LOW-300x169.jpg 300w, https:\/\/climbat.com\/wp-content\/uploads\/2024\/01\/TV_SV_CAT_LOW-1024x576.jpg 1024w, https:\/\/climbat.com\/wp-content\/uploads\/2024\/01\/TV_SV_CAT_LOW-768x432.jpg 768w, https:\/\/climbat.com\/wp-content\/uploads\/2024\/01\/TV_SV_CAT_LOW-1536x864.jpg 1536w, https:\/\/climbat.com\/wp-content\/uploads\/2024\/01\/TV_SV_CAT_LOW-120x68.jpg 120w, https:\/\/climbat.com\/wp-content\/uploads\/2024\/01\/TV_SV_CAT_LOW-81x46.jpg 81w, https:\/\/climbat.com\/wp-content\/uploads\/2024\/01\/TV_SV_CAT_LOW.jpg 1920w\" sizes=\"(max-width: 1200px) 100vw, 1200px\" \/><\/a><\/div>                   \t\t<div class=\"post-details pofo-post-description\">  \t\t\t\t\t\t<div class=\"novedad-title-container\"><a href=\"https:\/\/climbat.com\/ca\/sant-valenti-2024\/\" class=\"title-novedad-post\">SANT VALENT\u00cd<\/a><\/div>                        <div class=\"entry-content margin-10px-bottom\"                            style=\"font-size: 16px; font-weight: 400; color: #000000;\" data-fontsize=\"16px\">Celebra Sant Valent\u00ed amb Climbat!&nbsp; Si et fas soci\/a amb un company\/a de cordada el...<\/div>                        <div class=\"separator-line-horrizontal-full bg-medium-light-gray no-margin-top margin-20px-bottom xs-margin-15px-bottom\"                            style=\"background-color:#000;\"><\/div>                            <a href=\"https:\/\/climbat.com\/ca\/sant-valenti-2024\/\"                            class=\"btn-black btn no-margin white-space-normal btn-small\">Llegir m\u00e9s<\/a>                    <\/div>                <\/div>            <\/div>        <\/div>        <div class=\"blog-style7-1  margin-60px-bottom sm-margin-30px-bottom xs-margin-15px-bottom col-md-4 col-sm-6 col-xs-12 \">            <div class=\"post-23460 post type-post status-publish format-image has-post-thumbnail new-cajetilla-blanca\">                <div class=\"blog-post blog-post-style2 xs-text-center\">                    <div class=\"blog-post-images overflow-hidden margin-25px-bottom xs-margin-15px-bottom\"><a href=\"https:\/\/climbat.com\/ca\/dies-sense-escola-12f\/\"><img width=\"1200\" height=\"675\" src=\"https:\/\/climbat.com\/wp-content\/uploads\/2024\/01\/DIASSINCOLE_LFX_FEB_TV_CAT_LOW-1200x675.jpg\" class=\"attachment-post-thumbnail size-post-thumbnail wp-post-image\" alt=\"\" decoding=\"async\" srcset=\"https:\/\/climbat.com\/wp-content\/uploads\/2024\/01\/DIASSINCOLE_LFX_FEB_TV_CAT_LOW-1200x675.jpg 1200w, https:\/\/climbat.com\/wp-content\/uploads\/2024\/01\/DIASSINCOLE_LFX_FEB_TV_CAT_LOW-300x169.jpg 300w, https:\/\/climbat.com\/wp-content\/uploads\/2024\/01\/DIASSINCOLE_LFX_FEB_TV_CAT_LOW-1024x576.jpg 1024w, https:\/\/climbat.com\/wp-content\/uploads\/2024\/01\/DIASSINCOLE_LFX_FEB_TV_CAT_LOW-768x432.jpg 768w, https:\/\/climbat.com\/wp-content\/uploads\/2024\/01\/DIASSINCOLE_LFX_FEB_TV_CAT_LOW-1536x864.jpg 1536w, https:\/\/climbat.com\/wp-content\/uploads\/2024\/01\/DIASSINCOLE_LFX_FEB_TV_CAT_LOW-120x68.jpg 120w, https:\/\/climbat.com\/wp-content\/uploads\/2024\/01\/DIASSINCOLE_LFX_FEB_TV_CAT_LOW-81x46.jpg 81w, https:\/\/climbat.com\/wp-content\/uploads\/2024\/01\/DIASSINCOLE_LFX_FEB_TV_CAT_LOW.jpg 1920w\" sizes=\"(max-width: 1200px) 100vw, 1200px\" \/><\/a><\/div>                   \t\t<div class=\"post-details pofo-post-description\">  \t\t\t\t\t\t<div class=\"novedad-title-container\"><a href=\"https:\/\/climbat.com\/ca\/dies-sense-escola-12f\/\" class=\"title-novedad-post\">DIES SENSE ESCOLA<\/a><\/div>                        <div class=\"entry-content margin-10px-bottom\"                            style=\"font-size: 16px; font-weight: 400; color: #000000;\" data-fontsize=\"16px\">Els petits i petites de la casa no tenen escola el 12 de febrer? Climbat...<\/div>                        <div class=\"separator-line-horrizontal-full bg-medium-light-gray no-margin-top margin-20px-bottom xs-margin-15px-bottom\"                            style=\"background-color:#000;\"><\/div>                            <a href=\"https:\/\/climbat.com\/ca\/dies-sense-escola-12f\/\"                            class=\"btn-black btn no-margin white-space-normal btn-small\">Llegir m\u00e9s<\/a>                    <\/div>                <\/div>            <\/div>        <\/div>        <div class=\"blog-style7-1  margin-60px-bottom sm-margin-30px-bottom xs-margin-15px-bottom col-md-4 col-sm-6 col-xs-12 \">            <div class=\"post-23460 post type-post status-publish format-image has-post-thumbnail new-cajetilla-blanca\">                <div class=\"blog-post blog-post-style2 xs-text-center\">                    <div class=\"blog-post-images overflow-hidden margin-25px-bottom xs-margin-15px-bottom\"><a href=\"https:\/\/climbat.com\/ca\/carnaval-2024\/\"><img width=\"1200\" height=\"675\" src=\"https:\/\/climbat.com\/wp-content\/uploads\/2024\/01\/TV_Carnaval_24_CAT_LOW-1200x675.jpg\" class=\"attachment-post-thumbnail size-post-thumbnail wp-post-image\" alt=\"\" decoding=\"async\" srcset=\"https:\/\/climbat.com\/wp-content\/uploads\/2024\/01\/TV_Carnaval_24_CAT_LOW-1200x675.jpg 1200w, https:\/\/climbat.com\/wp-content\/uploads\/2024\/01\/TV_Carnaval_24_CAT_LOW-300x169.jpg 300w, https:\/\/climbat.com\/wp-content\/uploads\/2024\/01\/TV_Carnaval_24_CAT_LOW-1024x576.jpg 1024w, https:\/\/climbat.com\/wp-content\/uploads\/2024\/01\/TV_Carnaval_24_CAT_LOW-768x432.jpg 768w, https:\/\/climbat.com\/wp-content\/uploads\/2024\/01\/TV_Carnaval_24_CAT_LOW-1536x864.jpg 1536w, https:\/\/climbat.com\/wp-content\/uploads\/2024\/01\/TV_Carnaval_24_CAT_LOW-120x68.jpg 120w, https:\/\/climbat.com\/wp-content\/uploads\/2024\/01\/TV_Carnaval_24_CAT_LOW-81x46.jpg 81w, https:\/\/climbat.com\/wp-content\/uploads\/2024\/01\/TV_Carnaval_24_CAT_LOW.jpg 1920w\" sizes=\"(max-width: 1200px) 100vw, 1200px\" \/><\/a><\/div>                   \t\t<div class=\"post-details pofo-post-description\">  \t\t\t\t\t\t<div class=\"novedad-title-container\"><a href=\"https:\/\/climbat.com\/ca\/carnaval-2024\/\" class=\"title-novedad-post\">CARNAVAL<\/a><\/div>                        <div class=\"entry-content margin-10px-bottom\"                            style=\"font-size: 16px; font-weight: 400; color: #000000;\" data-fontsize=\"16px\">Llestos per a una experi\u00e8ncia \u00fanica? Aquest 9, 10 i 11 de febrer, tots els...<\/div>                        <div class=\"separator-line-horrizontal-full bg-medium-light-gray no-margin-top margin-20px-bottom xs-margin-15px-bottom\"                            style=\"background-color:#000;\"><\/div>                            <a href=\"https:\/\/climbat.com\/ca\/carnaval-2024\/\"                            class=\"btn-black btn no-margin white-space-normal btn-small\">Llegir m\u00e9s<\/a>                    <\/div>                <\/div>            <\/div>        <\/div>        <div class=\"blog-style7-1  margin-60px-bottom sm-margin-30px-bottom xs-margin-15px-bottom col-md-4 col-sm-6 col-xs-12 \">            <div class=\"post-23460 post type-post status-publish format-image has-post-thumbnail new-cajetilla-blanca\">                <div class=\"blog-post blog-post-style2 xs-text-center\">                    <div class=\"blog-post-images overflow-hidden margin-25px-bottom xs-margin-15px-bottom\"><a href=\"https:\/\/climbat.com\/ca\/dia-del-soci-i-la-socia-lfx-feb\/\"><img width=\"1200\" height=\"675\" src=\"https:\/\/climbat.com\/wp-content\/uploads\/2024\/01\/TV_DIADELSOCI_ENE_CAT_LOW-1200x675.jpg\" class=\"attachment-post-thumbnail size-post-thumbnail wp-post-image\" alt=\"\" decoding=\"async\" srcset=\"https:\/\/climbat.com\/wp-content\/uploads\/2024\/01\/TV_DIADELSOCI_ENE_CAT_LOW-1200x675.jpg 1200w, https:\/\/climbat.com\/wp-content\/uploads\/2024\/01\/TV_DIADELSOCI_ENE_CAT_LOW-300x169.jpg 300w, https:\/\/climbat.com\/wp-content\/uploads\/2024\/01\/TV_DIADELSOCI_ENE_CAT_LOW-1024x576.jpg 1024w, https:\/\/climbat.com\/wp-content\/uploads\/2024\/01\/TV_DIADELSOCI_ENE_CAT_LOW-768x432.jpg 768w, https:\/\/climbat.com\/wp-content\/uploads\/2024\/01\/TV_DIADELSOCI_ENE_CAT_LOW-1536x864.jpg 1536w, https:\/\/climbat.com\/wp-content\/uploads\/2024\/01\/TV_DIADELSOCI_ENE_CAT_LOW-120x68.jpg 120w, https:\/\/climbat.com\/wp-content\/uploads\/2024\/01\/TV_DIADELSOCI_ENE_CAT_LOW-81x46.jpg 81w, https:\/\/climbat.com\/wp-content\/uploads\/2024\/01\/TV_DIADELSOCI_ENE_CAT_LOW.jpg 1920w\" sizes=\"(max-width: 1200px) 100vw, 1200px\" \/><\/a><\/div>                   \t\t<div class=\"post-details pofo-post-description\">  \t\t\t\t\t\t<div class=\"novedad-title-container\"><a href=\"https:\/\/climbat.com\/ca\/dia-del-soci-i-la-socia-lfx-feb\/\" class=\"title-novedad-post\">DIA DEL SOCI I LA S\u00d2CIA<\/a><\/div>                        <div class=\"entry-content margin-10px-bottom\"                            style=\"font-size: 16px; font-weight: 400; color: #000000;\" data-fontsize=\"16px\">El proper 23 de febrer torna el Dia del Soci i de la S\u00f2cia a...<\/div>                        <div class=\"separator-line-horrizontal-full bg-medium-light-gray no-margin-top margin-20px-bottom xs-margin-15px-bottom\"                            style=\"background-color:#000;\"><\/div>                            <a href=\"https:\/\/climbat.com\/ca\/dia-del-soci-i-la-socia-lfx-feb\/\"                            class=\"btn-black btn no-margin white-space-normal btn-small\">Llegir m\u00e9s<\/a>                    <\/div>                <\/div>            <\/div>        <\/div>        <div class=\"blog-style7-1  margin-60px-bottom sm-margin-30px-bottom xs-margin-15px-bottom col-md-4 col-sm-6 col-xs-12 \">            <div class=\"post-23460 post type-post status-publish format-image has-post-thumbnail new-cajetilla-blanca\">                <div class=\"blog-post blog-post-style2 xs-text-center\">                    <div class=\"blog-post-images overflow-hidden margin-25px-bottom xs-margin-15px-bottom\"><a href=\"https:\/\/climbat.com\/ca\/promocio-anual-2024-lfx\/\"><img width=\"1200\" height=\"675\" src=\"https:\/\/climbat.com\/wp-content\/uploads\/2023\/12\/TV_ANUAL_LFX_CAT_LOW-1200x675.jpg\" class=\"attachment-post-thumbnail size-post-thumbnail wp-post-image\" alt=\"PROMO ANUAL LFX\" decoding=\"async\" srcset=\"https:\/\/climbat.com\/wp-content\/uploads\/2023\/12\/TV_ANUAL_LFX_CAT_LOW-1200x675.jpg 1200w, https:\/\/climbat.com\/wp-content\/uploads\/2023\/12\/TV_ANUAL_LFX_CAT_LOW-300x169.jpg 300w, https:\/\/climbat.com\/wp-content\/uploads\/2023\/12\/TV_ANUAL_LFX_CAT_LOW-1024x576.jpg 1024w, https:\/\/climbat.com\/wp-content\/uploads\/2023\/12\/TV_ANUAL_LFX_CAT_LOW-768x432.jpg 768w, https:\/\/climbat.com\/wp-content\/uploads\/2023\/12\/TV_ANUAL_LFX_CAT_LOW-1536x864.jpg 1536w, https:\/\/climbat.com\/wp-content\/uploads\/2023\/12\/TV_ANUAL_LFX_CAT_LOW-120x68.jpg 120w, https:\/\/climbat.com\/wp-content\/uploads\/2023\/12\/TV_ANUAL_LFX_CAT_LOW-81x46.jpg 81w, https:\/\/climbat.com\/wp-content\/uploads\/2023\/12\/TV_ANUAL_LFX_CAT_LOW.jpg 1920w\" sizes=\"(max-width: 1200px) 100vw, 1200px\" \/><\/a><\/div>                   \t\t<div class=\"post-details pofo-post-description\">  \t\t\t\t\t\t<div class=\"novedad-title-container\"><a href=\"https:\/\/climbat.com\/ca\/promocio-anual-2024-lfx\/\" class=\"title-novedad-post\">PROMOCI\u00d3 ANUAL<\/a><\/div>                        <div class=\"entry-content margin-10px-bottom\"                            style=\"font-size: 16px; font-weight: 400; color: #000000;\" data-fontsize=\"16px\">Si ets un amant de l'escalada i vols fer del 2024 un any ple d'aventures,...<\/div>                        <div class=\"separator-line-horrizontal-full bg-medium-light-gray no-margin-top margin-20px-bottom xs-margin-15px-bottom\"                            style=\"background-color:#000;\"><\/div>                            <a href=\"https:\/\/climbat.com\/ca\/promocio-anual-2024-lfx\/\"                            class=\"btn-black btn no-margin white-space-normal btn-small\">Llegir m\u00e9s<\/a>                    <\/div>                <\/div>            <\/div>        <\/div>        <div class=\"blog-style7-1  margin-60px-bottom sm-margin-30px-bottom xs-margin-15px-bottom col-md-4 col-sm-6 col-xs-12 \">            <div class=\"post-23460 post type-post status-publish format-image has-post-thumbnail new-cajetilla-blanca\">                <div class=\"blog-post blog-post-style2 xs-text-center\">                    <div class=\"blog-post-images overflow-hidden margin-25px-bottom xs-margin-15px-bottom\"><a href=\"https:\/\/climbat.com\/ca\/dia-sense-escola-7des\/\"><img width=\"1200\" height=\"675\" src=\"https:\/\/climbat.com\/wp-content\/uploads\/2023\/11\/DIASSINCOLE_LFX_DIC_TV_CAT_LOW-1200x675.jpg\" class=\"attachment-post-thumbnail size-post-thumbnail wp-post-image\" alt=\"DIA SENSE ESCOLA 7 DESEMBRE\" decoding=\"async\" srcset=\"https:\/\/climbat.com\/wp-content\/uploads\/2023\/11\/DIASSINCOLE_LFX_DIC_TV_CAT_LOW-1200x675.jpg 1200w, https:\/\/climbat.com\/wp-content\/uploads\/2023\/11\/DIASSINCOLE_LFX_DIC_TV_CAT_LOW-300x169.jpg 300w, https:\/\/climbat.com\/wp-content\/uploads\/2023\/11\/DIASSINCOLE_LFX_DIC_TV_CAT_LOW-1024x576.jpg 1024w, https:\/\/climbat.com\/wp-content\/uploads\/2023\/11\/DIASSINCOLE_LFX_DIC_TV_CAT_LOW-768x432.jpg 768w, https:\/\/climbat.com\/wp-content\/uploads\/2023\/11\/DIASSINCOLE_LFX_DIC_TV_CAT_LOW-1536x864.jpg 1536w, https:\/\/climbat.com\/wp-content\/uploads\/2023\/11\/DIASSINCOLE_LFX_DIC_TV_CAT_LOW-120x68.jpg 120w, https:\/\/climbat.com\/wp-content\/uploads\/2023\/11\/DIASSINCOLE_LFX_DIC_TV_CAT_LOW-81x46.jpg 81w, https:\/\/climbat.com\/wp-content\/uploads\/2023\/11\/DIASSINCOLE_LFX_DIC_TV_CAT_LOW.jpg 1920w\" sizes=\"(max-width: 1200px) 100vw, 1200px\" \/><\/a><\/div>                   \t\t<div class=\"post-details pofo-post-description\">  \t\t\t\t\t\t<div class=\"novedad-title-container\"><a href=\"https:\/\/climbat.com\/ca\/dia-sense-escola-7des\/\" class=\"title-novedad-post\">D\u00cdA SENSE ESCOLA<\/a><\/div>                        <div class=\"entry-content margin-10px-bottom\"                            style=\"font-size: 16px; font-weight: 400; color: #000000;\" data-fontsize=\"16px\">Els petits i petites de la casa no tenen escola el 7 de desembre?Climbat t\u00e9...<\/div>                        <div class=\"separator-line-horrizontal-full bg-medium-light-gray no-margin-top margin-20px-bottom xs-margin-15px-bottom\"                            style=\"background-color:#000;\"><\/div>                            <a href=\"https:\/\/climbat.com\/ca\/dia-sense-escola-7des\/\"                            class=\"btn-black btn no-margin white-space-normal btn-small\">Llegir m\u00e9s<\/a>                    <\/div>                <\/div>            <\/div>        <\/div>        <div class=\"blog-style7-1  margin-60px-bottom sm-margin-30px-bottom xs-margin-15px-bottom col-md-4 col-sm-6 col-xs-12 \">            <div class=\"post-23460 post type-post status-publish format-image has-post-thumbnail new-cajetilla-blanca\">                <div class=\"blog-post blog-post-style2 xs-text-center\">                    <div class=\"blog-post-images overflow-hidden margin-25px-bottom xs-margin-15px-bottom\"><a href=\"https:\/\/climbat.com\/ca\/winter-festival-23\/\"><img width=\"1200\" height=\"675\" src=\"https:\/\/climbat.com\/wp-content\/uploads\/2023\/09\/TV_WINTER_CAT-3-1200x675.jpg\" class=\"attachment-post-thumbnail size-post-thumbnail wp-post-image\" alt=\"\" decoding=\"async\" srcset=\"https:\/\/climbat.com\/wp-content\/uploads\/2023\/09\/TV_WINTER_CAT-3-1200x675.jpg 1200w, https:\/\/climbat.com\/wp-content\/uploads\/2023\/09\/TV_WINTER_CAT-3-300x169.jpg 300w, https:\/\/climbat.com\/wp-content\/uploads\/2023\/09\/TV_WINTER_CAT-3-1024x576.jpg 1024w, https:\/\/climbat.com\/wp-content\/uploads\/2023\/09\/TV_WINTER_CAT-3-768x432.jpg 768w, https:\/\/climbat.com\/wp-content\/uploads\/2023\/09\/TV_WINTER_CAT-3-1536x864.jpg 1536w, https:\/\/climbat.com\/wp-content\/uploads\/2023\/09\/TV_WINTER_CAT-3-120x68.jpg 120w, https:\/\/climbat.com\/wp-content\/uploads\/2023\/09\/TV_WINTER_CAT-3-81x46.jpg 81w, https:\/\/climbat.com\/wp-content\/uploads\/2023\/09\/TV_WINTER_CAT-3.jpg 1920w\" sizes=\"(max-width: 1200px) 100vw, 1200px\" \/><\/a><\/div>                   \t\t<div class=\"post-details pofo-post-description\">  \t\t\t\t\t\t<div class=\"novedad-title-container\"><a href=\"https:\/\/climbat.com\/ca\/winter-festival-23\/\" class=\"title-novedad-post\">WINTER FESTIVAL<\/a><\/div>                        <div class=\"entry-content margin-10px-bottom\"                            style=\"font-size: 16px; font-weight: 400; color: #000000;\" data-fontsize=\"16px\">Ganes de divertir-te? Nosaltres ja estem preparant el&nbsp;Winter Festival!El pr\u00f2xim&nbsp;18 de novembre&nbsp;tornarem a viure un...<\/div>                        <div class=\"separator-line-horrizontal-full bg-medium-light-gray no-margin-top margin-20px-bottom xs-margin-15px-bottom\"                            style=\"background-color:#000;\"><\/div>                            <a href=\"https:\/\/climbat.com\/ca\/winter-festival-23\/\"                            class=\"btn-black btn no-margin white-space-normal btn-small\">Llegir m\u00e9s<\/a>                    <\/div>                <\/div>            <\/div>        <\/div>        <div class=\"blog-style7-1  margin-60px-bottom sm-margin-30px-bottom xs-margin-15px-bottom col-md-4 col-sm-6 col-xs-12 \">            <div class=\"post-23460 post type-post status-publish format-image has-post-thumbnail new-cajetilla-blanca\">                <div class=\"blog-post blog-post-style2 xs-text-center\">                    <div class=\"blog-post-images overflow-hidden margin-25px-bottom xs-margin-15px-bottom\"><a href=\"https:\/\/climbat.com\/ca\/casals-dhivern-2023\/\"><img width=\"1200\" height=\"675\" src=\"https:\/\/climbat.com\/wp-content\/uploads\/2023\/10\/TV_CAMPS_LFX_CAT_LOW-1200x675.jpg\" class=\"attachment-post-thumbnail size-post-thumbnail wp-post-image\" alt=\"\" decoding=\"async\" srcset=\"https:\/\/climbat.com\/wp-content\/uploads\/2023\/10\/TV_CAMPS_LFX_CAT_LOW-1200x675.jpg 1200w, https:\/\/climbat.com\/wp-content\/uploads\/2023\/10\/TV_CAMPS_LFX_CAT_LOW-300x169.jpg 300w, https:\/\/climbat.com\/wp-content\/uploads\/2023\/10\/TV_CAMPS_LFX_CAT_LOW-1024x576.jpg 1024w, https:\/\/climbat.com\/wp-content\/uploads\/2023\/10\/TV_CAMPS_LFX_CAT_LOW-768x432.jpg 768w, https:\/\/climbat.com\/wp-content\/uploads\/2023\/10\/TV_CAMPS_LFX_CAT_LOW-1536x864.jpg 1536w, https:\/\/climbat.com\/wp-content\/uploads\/2023\/10\/TV_CAMPS_LFX_CAT_LOW-120x68.jpg 120w, https:\/\/climbat.com\/wp-content\/uploads\/2023\/10\/TV_CAMPS_LFX_CAT_LOW-81x46.jpg 81w, https:\/\/climbat.com\/wp-content\/uploads\/2023\/10\/TV_CAMPS_LFX_CAT_LOW.jpg 1920w\" sizes=\"(max-width: 1200px) 100vw, 1200px\" \/><\/a><\/div>                   \t\t<div class=\"post-details pofo-post-description\">  \t\t\t\t\t\t<div class=\"novedad-title-container\"><a href=\"https:\/\/climbat.com\/ca\/casals-dhivern-2023\/\" class=\"title-novedad-post\">CASALS D&#8217;HIVERN<\/a><\/div>                        <div class=\"entry-content margin-10px-bottom\"                            style=\"font-size: 16px; font-weight: 400; color: #000000;\" data-fontsize=\"16px\">Les vacances de Nadal s\u00f3n el moment ideal perqu\u00e8 els nens i nenes gaudeixin de...<\/div>                        <div class=\"separator-line-horrizontal-full bg-medium-light-gray no-margin-top margin-20px-bottom xs-margin-15px-bottom\"                            style=\"background-color:#000;\"><\/div>                            <a href=\"https:\/\/climbat.com\/ca\/casals-dhivern-2023\/\"                            class=\"btn-black btn no-margin white-space-normal btn-small\">Llegir m\u00e9s<\/a>                    <\/div>                <\/div>            <\/div>        <\/div>        <div class=\"blog-style7-1  margin-60px-bottom sm-margin-30px-bottom xs-margin-15px-bottom col-md-4 col-sm-6 col-xs-12 \">            <div class=\"post-23460 post type-post status-publish format-image has-post-thumbnail new-cajetilla-blanca\">                <div class=\"blog-post blog-post-style2 xs-text-center\">                    <div class=\"blog-post-images overflow-hidden margin-25px-bottom xs-margin-15px-bottom\"><a href=\"https:\/\/climbat.com\/ca\/black-friday-2023\/\"><img width=\"1200\" height=\"675\" src=\"https:\/\/climbat.com\/wp-content\/uploads\/2023\/10\/TV_BLACKFRIDAY_CAT_LOW-1-1200x675.jpg\" class=\"attachment-post-thumbnail size-post-thumbnail wp-post-image\" alt=\"\" decoding=\"async\" srcset=\"https:\/\/climbat.com\/wp-content\/uploads\/2023\/10\/TV_BLACKFRIDAY_CAT_LOW-1-1200x675.jpg 1200w, https:\/\/climbat.com\/wp-content\/uploads\/2023\/10\/TV_BLACKFRIDAY_CAT_LOW-1-300x169.jpg 300w, https:\/\/climbat.com\/wp-content\/uploads\/2023\/10\/TV_BLACKFRIDAY_CAT_LOW-1-1024x576.jpg 1024w, https:\/\/climbat.com\/wp-content\/uploads\/2023\/10\/TV_BLACKFRIDAY_CAT_LOW-1-768x432.jpg 768w, https:\/\/climbat.com\/wp-content\/uploads\/2023\/10\/TV_BLACKFRIDAY_CAT_LOW-1-1536x864.jpg 1536w, https:\/\/climbat.com\/wp-content\/uploads\/2023\/10\/TV_BLACKFRIDAY_CAT_LOW-1-120x68.jpg 120w, https:\/\/climbat.com\/wp-content\/uploads\/2023\/10\/TV_BLACKFRIDAY_CAT_LOW-1-81x46.jpg 81w, https:\/\/climbat.com\/wp-content\/uploads\/2023\/10\/TV_BLACKFRIDAY_CAT_LOW-1.jpg 1920w\" sizes=\"(max-width: 1200px) 100vw, 1200px\" \/><\/a><\/div>                   \t\t<div class=\"post-details pofo-post-description\">  \t\t\t\t\t\t<div class=\"novedad-title-container\"><a href=\"https:\/\/climbat.com\/ca\/black-friday-2023\/\" class=\"title-novedad-post\">BLACK FRIDAY<\/a><\/div>                        <div class=\"entry-content margin-10px-bottom\"                            style=\"font-size: 16px; font-weight: 400; color: #000000;\" data-fontsize=\"16px\">Celebra el&nbsp;Black Friday&nbsp;a Climbat el 24 de novembre escalant amb un amic o amiga! Ja...<\/div>                        <div class=\"separator-line-horrizontal-full bg-medium-light-gray no-margin-top margin-20px-bottom xs-margin-15px-bottom\"                            style=\"background-color:#000;\"><\/div>                            <a href=\"https:\/\/climbat.com\/ca\/black-friday-2023\/\"                            class=\"btn-black btn no-margin white-space-normal btn-small\">Llegir m\u00e9s<\/a>                    <\/div>                <\/div>            <\/div>        <\/div>        <div class=\"blog-style7-1  margin-60px-bottom sm-margin-30px-bottom xs-margin-15px-bottom col-md-4 col-sm-6 col-xs-12 \">            <div class=\"post-23460 post type-post status-publish format-image has-post-thumbnail new-cajetilla-blanca\">                <div class=\"blog-post blog-post-style2 xs-text-center\">                    <div class=\"blog-post-images overflow-hidden margin-25px-bottom xs-margin-15px-bottom\"><a href=\"https:\/\/climbat.com\/ca\/panera-de-nadal-2023\/\"><img width=\"1200\" height=\"675\" src=\"https:\/\/climbat.com\/wp-content\/uploads\/2023\/10\/TV_CESTA-NAVIDAD_CAT-1200x675.jpg\" class=\"attachment-post-thumbnail size-post-thumbnail wp-post-image\" alt=\"\" decoding=\"async\" srcset=\"https:\/\/climbat.com\/wp-content\/uploads\/2023\/10\/TV_CESTA-NAVIDAD_CAT-1200x675.jpg 1200w, https:\/\/climbat.com\/wp-content\/uploads\/2023\/10\/TV_CESTA-NAVIDAD_CAT-300x169.jpg 300w, https:\/\/climbat.com\/wp-content\/uploads\/2023\/10\/TV_CESTA-NAVIDAD_CAT-1024x576.jpg 1024w, https:\/\/climbat.com\/wp-content\/uploads\/2023\/10\/TV_CESTA-NAVIDAD_CAT-768x432.jpg 768w, https:\/\/climbat.com\/wp-content\/uploads\/2023\/10\/TV_CESTA-NAVIDAD_CAT-1536x864.jpg 1536w, https:\/\/climbat.com\/wp-content\/uploads\/2023\/10\/TV_CESTA-NAVIDAD_CAT-120x68.jpg 120w, https:\/\/climbat.com\/wp-content\/uploads\/2023\/10\/TV_CESTA-NAVIDAD_CAT-81x46.jpg 81w, https:\/\/climbat.com\/wp-content\/uploads\/2023\/10\/TV_CESTA-NAVIDAD_CAT.jpg 1920w\" sizes=\"(max-width: 1200px) 100vw, 1200px\" \/><\/a><\/div>                   \t\t<div class=\"post-details pofo-post-description\">  \t\t\t\t\t\t<div class=\"novedad-title-container\"><a href=\"https:\/\/climbat.com\/ca\/panera-de-nadal-2023\/\" class=\"title-novedad-post\">PANERA DE NADAL<\/a><\/div>                        <div class=\"entry-content margin-10px-bottom\"                            style=\"font-size: 16px; font-weight: 400; color: #000000;\" data-fontsize=\"16px\">A partir de l'1 de novembre podr\u00e0s comprar els teus cupons per tenir l'oportunitat de...<\/div>                        <div class=\"separator-line-horrizontal-full bg-medium-light-gray no-margin-top margin-20px-bottom xs-margin-15px-bottom\"                            style=\"background-color:#000;\"><\/div>                            <a href=\"https:\/\/climbat.com\/ca\/panera-de-nadal-2023\/\"                            class=\"btn-black btn no-margin white-space-normal btn-small\">Llegir m\u00e9s<\/a>                    <\/div>                <\/div>            <\/div>        <\/div>        <div class=\"blog-style7-1  margin-60px-bottom sm-margin-30px-bottom xs-margin-15px-bottom col-md-4 col-sm-6 col-xs-12 \">            <div class=\"post-23460 post type-post status-publish format-image has-post-thumbnail new-cajetilla-blanca\">                <div class=\"blog-post blog-post-style2 xs-text-center\">                    <div class=\"blog-post-images overflow-hidden margin-25px-bottom xs-margin-15px-bottom\"><a href=\"https:\/\/climbat.com\/ca\/dia-del-soci-nov-23\/\"><img width=\"1200\" height=\"675\" src=\"https:\/\/climbat.com\/wp-content\/uploads\/2023\/10\/TV_SOCI_NOV_LFX_CAT-1200x675.jpg\" class=\"attachment-post-thumbnail size-post-thumbnail wp-post-image\" alt=\"\" decoding=\"async\" srcset=\"https:\/\/climbat.com\/wp-content\/uploads\/2023\/10\/TV_SOCI_NOV_LFX_CAT-1200x675.jpg 1200w, https:\/\/climbat.com\/wp-content\/uploads\/2023\/10\/TV_SOCI_NOV_LFX_CAT-300x169.jpg 300w, https:\/\/climbat.com\/wp-content\/uploads\/2023\/10\/TV_SOCI_NOV_LFX_CAT-1024x576.jpg 1024w, https:\/\/climbat.com\/wp-content\/uploads\/2023\/10\/TV_SOCI_NOV_LFX_CAT-768x432.jpg 768w, https:\/\/climbat.com\/wp-content\/uploads\/2023\/10\/TV_SOCI_NOV_LFX_CAT-1536x864.jpg 1536w, https:\/\/climbat.com\/wp-content\/uploads\/2023\/10\/TV_SOCI_NOV_LFX_CAT-120x68.jpg 120w, https:\/\/climbat.com\/wp-content\/uploads\/2023\/10\/TV_SOCI_NOV_LFX_CAT-81x46.jpg 81w, https:\/\/climbat.com\/wp-content\/uploads\/2023\/10\/TV_SOCI_NOV_LFX_CAT.jpg 1920w\" sizes=\"(max-width: 1200px) 100vw, 1200px\" \/><\/a><\/div>                   \t\t<div class=\"post-details pofo-post-description\">  \t\t\t\t\t\t<div class=\"novedad-title-container\"><a href=\"https:\/\/climbat.com\/ca\/dia-del-soci-nov-23\/\" class=\"title-novedad-post\">DIA DEL SOCI I LA S\u00d2CIA<\/a><\/div>                        <div class=\"entry-content margin-10px-bottom\"                            style=\"font-size: 16px; font-weight: 400; color: #000000;\" data-fontsize=\"16px\">Apunta't al calendari aquesta data... 24 de novembre.&nbsp;L'\u00faltim dia del soci i la s\u00f2cia de...<\/div>                        <div class=\"separator-line-horrizontal-full bg-medium-light-gray no-margin-top margin-20px-bottom xs-margin-15px-bottom\"                            style=\"background-color:#000;\"><\/div>                            <a href=\"https:\/\/climbat.com\/ca\/dia-del-soci-nov-23\/\"                            class=\"btn-black btn no-margin white-space-normal btn-small\">Llegir m\u00e9s<\/a>                    <\/div>                <\/div>            <\/div>        <\/div>        <div class=\"blog-style7-1  margin-60px-bottom sm-margin-30px-bottom xs-margin-15px-bottom col-md-4 col-sm-6 col-xs-12 \">            <div class=\"post-23460 post type-post status-publish format-image has-post-thumbnail new-cajetilla-blanca\">                <div class=\"blog-post blog-post-style2 xs-text-center\">                    <div class=\"blog-post-images overflow-hidden margin-25px-bottom xs-margin-15px-bottom\"><a href=\"https:\/\/climbat.com\/ca\/taller-del-roco-a-la-roca-lfx-nov\/\"><img width=\"1200\" height=\"672\" src=\"https:\/\/climbat.com\/wp-content\/uploads\/2023\/10\/ROCA_NOV_LFX_TV_CAT_LOW-1200x672.jpg\" class=\"attachment-post-thumbnail size-post-thumbnail wp-post-image\" alt=\"\" decoding=\"async\" srcset=\"https:\/\/climbat.com\/wp-content\/uploads\/2023\/10\/ROCA_NOV_LFX_TV_CAT_LOW-1200x672.jpg 1200w, https:\/\/climbat.com\/wp-content\/uploads\/2023\/10\/ROCA_NOV_LFX_TV_CAT_LOW-300x168.jpg 300w, https:\/\/climbat.com\/wp-content\/uploads\/2023\/10\/ROCA_NOV_LFX_TV_CAT_LOW-1024x573.jpg 1024w, https:\/\/climbat.com\/wp-content\/uploads\/2023\/10\/ROCA_NOV_LFX_TV_CAT_LOW-768x430.jpg 768w, https:\/\/climbat.com\/wp-content\/uploads\/2023\/10\/ROCA_NOV_LFX_TV_CAT_LOW-1536x860.jpg 1536w, https:\/\/climbat.com\/wp-content\/uploads\/2023\/10\/ROCA_NOV_LFX_TV_CAT_LOW-120x67.jpg 120w, https:\/\/climbat.com\/wp-content\/uploads\/2023\/10\/ROCA_NOV_LFX_TV_CAT_LOW-81x45.jpg 81w, https:\/\/climbat.com\/wp-content\/uploads\/2023\/10\/ROCA_NOV_LFX_TV_CAT_LOW.jpg 1930w\" sizes=\"(max-width: 1200px) 100vw, 1200px\" \/><\/a><\/div>                   \t\t<div class=\"post-details pofo-post-description\">  \t\t\t\t\t\t<div class=\"novedad-title-container\"><a href=\"https:\/\/climbat.com\/ca\/taller-del-roco-a-la-roca-lfx-nov\/\" class=\"title-novedad-post\">TALLER DEL ROCO A LA ROCA<\/a><\/div>                        <div class=\"entry-content margin-10px-bottom\"                            style=\"font-size: 16px; font-weight: 400; color: #000000;\" data-fontsize=\"16px\">Descobreix l'emoci\u00f3 de l'escalada en roca! Et convidem a una emocionant sortida a roca que...<\/div>                        <div class=\"separator-line-horrizontal-full bg-medium-light-gray no-margin-top margin-20px-bottom xs-margin-15px-bottom\"                            style=\"background-color:#000;\"><\/div>                            <a href=\"https:\/\/climbat.com\/ca\/taller-del-roco-a-la-roca-lfx-nov\/\"                            class=\"btn-black btn no-margin white-space-normal btn-small\">Llegir m\u00e9s<\/a>                    <\/div>                <\/div>            <\/div>        <\/div>        <div class=\"blog-style7-1  margin-60px-bottom sm-margin-30px-bottom xs-margin-15px-bottom col-md-4 col-sm-6 col-xs-12 \">            <div class=\"post-23460 post type-post status-publish format-image has-post-thumbnail new-cajetilla-blanca\">                <div class=\"blog-post blog-post-style2 xs-text-center\">                    <div class=\"blog-post-images overflow-hidden margin-25px-bottom xs-margin-15px-bottom\"><a href=\"https:\/\/climbat.com\/ca\/exit-de-participacio-en-la-primera-jornada-de-la-lliga-infantil-climbat-23-24\/\"><img width=\"1157\" height=\"771\" src=\"https:\/\/climbat.com\/wp-content\/uploads\/2023\/10\/09-1157x771.jpg\" class=\"attachment-post-thumbnail size-post-thumbnail wp-post-image\" alt=\"NI\u00d1O ESCALANDO\" decoding=\"async\" srcset=\"https:\/\/climbat.com\/wp-content\/uploads\/2023\/10\/09-1157x771.jpg 1157w, https:\/\/climbat.com\/wp-content\/uploads\/2023\/10\/09-300x200.jpg 300w, https:\/\/climbat.com\/wp-content\/uploads\/2023\/10\/09-1024x683.jpg 1024w, https:\/\/climbat.com\/wp-content\/uploads\/2023\/10\/09-768x512.jpg 768w, https:\/\/climbat.com\/wp-content\/uploads\/2023\/10\/09-1536x1024.jpg 1536w, https:\/\/climbat.com\/wp-content\/uploads\/2023\/10\/09-2048x1365.jpg 2048w, https:\/\/climbat.com\/wp-content\/uploads\/2023\/10\/09-120x80.jpg 120w, https:\/\/climbat.com\/wp-content\/uploads\/2023\/10\/09-81x54.jpg 81w\" sizes=\"(max-width: 1157px) 100vw, 1157px\" \/><\/a><\/div>                   \t\t<div class=\"post-details pofo-post-description\">  \t\t\t\t\t\t<div class=\"novedad-title-container\"><a href=\"https:\/\/climbat.com\/ca\/exit-de-participacio-en-la-primera-jornada-de-la-lliga-infantil-climbat-23-24\/\" class=\"title-novedad-post\">\u00c8XIT DE PARTICIPACI\u00d3 EN LA PRIMERA JORNADA DE LA LLIGA INFANTIL CLIMBAT 23-24<\/a><\/div>                        <div class=\"entry-content margin-10px-bottom\"                            style=\"font-size: 16px; font-weight: 400; color: #000000;\" data-fontsize=\"16px\">Climbat Centers ha celebrat aquest 22 d'octubre la primera jornada de la seva Lliga Infantil...<\/div>                        <div class=\"separator-line-horrizontal-full bg-medium-light-gray no-margin-top margin-20px-bottom xs-margin-15px-bottom\"                            style=\"background-color:#000;\"><\/div>                            <a href=\"https:\/\/climbat.com\/ca\/exit-de-participacio-en-la-primera-jornada-de-la-lliga-infantil-climbat-23-24\/\"                            class=\"btn-black btn no-margin white-space-normal btn-small\">Llegir m\u00e9s<\/a>                    <\/div>                <\/div>            <\/div>        <\/div>        <div class=\"blog-style7-1  margin-60px-bottom sm-margin-30px-bottom xs-margin-15px-bottom col-md-4 col-sm-6 col-xs-12 \">            <div class=\"post-23460 post type-post status-publish format-image has-post-thumbnail new-cajetilla-blanca\">                <div class=\"blog-post blog-post-style2 xs-text-center\">                    <div class=\"blog-post-images overflow-hidden margin-25px-bottom xs-margin-15px-bottom\"><a href=\"https:\/\/climbat.com\/ca\/19-10-23-superaccio\/\"><img width=\"1200\" height=\"674\" src=\"https:\/\/climbat.com\/wp-content\/uploads\/2023\/10\/1-1-1200x674.jpg\" class=\"attachment-post-thumbnail size-post-thumbnail wp-post-image\" alt=\"SUPERACCIO\" decoding=\"async\" srcset=\"https:\/\/climbat.com\/wp-content\/uploads\/2023\/10\/1-1-1200x674.jpg 1200w, https:\/\/climbat.com\/wp-content\/uploads\/2023\/10\/1-1-300x169.jpg 300w, https:\/\/climbat.com\/wp-content\/uploads\/2023\/10\/1-1-1024x575.jpg 1024w, https:\/\/climbat.com\/wp-content\/uploads\/2023\/10\/1-1-768x431.jpg 768w, https:\/\/climbat.com\/wp-content\/uploads\/2023\/10\/1-1-1536x863.jpg 1536w, https:\/\/climbat.com\/wp-content\/uploads\/2023\/10\/1-1-120x67.jpg 120w, https:\/\/climbat.com\/wp-content\/uploads\/2023\/10\/1-1-81x45.jpg 81w, https:\/\/climbat.com\/wp-content\/uploads\/2023\/10\/1-1.jpg 1921w\" sizes=\"(max-width: 1200px) 100vw, 1200px\" \/><\/a><\/div>                   \t\t<div class=\"post-details pofo-post-description\">  \t\t\t\t\t\t<div class=\"novedad-title-container\"><a href=\"https:\/\/climbat.com\/ca\/19-10-23-superaccio\/\" class=\"title-novedad-post\">INAUGURACI\u00d3 DE LA NOVA ESTRUCTURA D&#8217;ESCALADA EN BLOC I FIRMA DEL CONVENI SUPERACCI\u00d3<\/a><\/div>                        <div class=\"entry-content margin-10px-bottom\"                            style=\"font-size: 16px; font-weight: 400; color: #000000;\" data-fontsize=\"16px\">El CEM d'Escalada Climbat La Foixarda ha inaugurat la seva innovadora estructura d'escalada en bloc...<\/div>                        <div class=\"separator-line-horrizontal-full bg-medium-light-gray no-margin-top margin-20px-bottom xs-margin-15px-bottom\"                            style=\"background-color:#000;\"><\/div>                            <a href=\"https:\/\/climbat.com\/ca\/19-10-23-superaccio\/\"                            class=\"btn-black btn no-margin white-space-normal btn-small\">Llegir m\u00e9s<\/a>                    <\/div>                <\/div>            <\/div>        <\/div>        <div class=\"blog-style7-1  margin-60px-bottom sm-margin-30px-bottom xs-margin-15px-bottom col-md-4 col-sm-6 col-xs-12 \">            <div class=\"post-23460 post type-post status-publish format-image has-post-thumbnail new-cajetilla-blanca\">                <div class=\"blog-post blog-post-style2 xs-text-center\">                    <div class=\"blog-post-images overflow-hidden margin-25px-bottom xs-margin-15px-bottom\"><a href=\"https:\/\/climbat.com\/ca\/nou-bolet\/\"><img width=\"1200\" height=\"675\" src=\"https:\/\/climbat.com\/wp-content\/uploads\/2023\/09\/TV_BOLET-1200x675.jpg\" class=\"attachment-post-thumbnail size-post-thumbnail wp-post-image\" alt=\"\" decoding=\"async\" srcset=\"https:\/\/climbat.com\/wp-content\/uploads\/2023\/09\/TV_BOLET-1200x675.jpg 1200w, https:\/\/climbat.com\/wp-content\/uploads\/2023\/09\/TV_BOLET-300x169.jpg 300w, https:\/\/climbat.com\/wp-content\/uploads\/2023\/09\/TV_BOLET-1024x576.jpg 1024w, https:\/\/climbat.com\/wp-content\/uploads\/2023\/09\/TV_BOLET-768x432.jpg 768w, https:\/\/climbat.com\/wp-content\/uploads\/2023\/09\/TV_BOLET-1536x864.jpg 1536w, https:\/\/climbat.com\/wp-content\/uploads\/2023\/09\/TV_BOLET-120x68.jpg 120w, https:\/\/climbat.com\/wp-content\/uploads\/2023\/09\/TV_BOLET-81x46.jpg 81w, https:\/\/climbat.com\/wp-content\/uploads\/2023\/09\/TV_BOLET.jpg 1920w\" sizes=\"(max-width: 1200px) 100vw, 1200px\" \/><\/a><\/div>                   \t\t<div class=\"post-details pofo-post-description\">  \t\t\t\t\t\t<div class=\"novedad-title-container\"><a href=\"https:\/\/climbat.com\/ca\/nou-bolet\/\" class=\"title-novedad-post\">ESTRENEM BOLET<\/a><\/div>                        <div class=\"entry-content margin-10px-bottom\"                            style=\"font-size: 16px; font-weight: 400; color: #000000;\" data-fontsize=\"16px\">Escaladors\/es de Climbat La Foixarda... Tenim el plaer de compartir amb tots\/es vosaltres una emocionant...<\/div>                        <div class=\"separator-line-horrizontal-full bg-medium-light-gray no-margin-top margin-20px-bottom xs-margin-15px-bottom\"                            style=\"background-color:#000;\"><\/div>                            <a href=\"https:\/\/climbat.com\/ca\/nou-bolet\/\"                            class=\"btn-black btn no-margin white-space-normal btn-small\">Llegir m\u00e9s<\/a>                    <\/div>                <\/div>            <\/div>        <\/div>        <div class=\"blog-style7-1  margin-60px-bottom sm-margin-30px-bottom xs-margin-15px-bottom col-md-4 col-sm-6 col-xs-12 \">            <div class=\"post-23460 post type-post status-publish format-image has-post-thumbnail new-cajetilla-blanca\">                <div class=\"blog-post blog-post-style2 xs-text-center\">                    <div class=\"blog-post-images overflow-hidden margin-25px-bottom xs-margin-15px-bottom\"><a href=\"https:\/\/climbat.com\/ca\/dia-del-soci-oct\/\"><img width=\"1200\" height=\"675\" src=\"https:\/\/climbat.com\/wp-content\/uploads\/2023\/09\/TV_SOCI_OCT_LFX_CAT-1200x675.jpg\" class=\"attachment-post-thumbnail size-post-thumbnail wp-post-image\" alt=\"\" decoding=\"async\" srcset=\"https:\/\/climbat.com\/wp-content\/uploads\/2023\/09\/TV_SOCI_OCT_LFX_CAT-1200x675.jpg 1200w, https:\/\/climbat.com\/wp-content\/uploads\/2023\/09\/TV_SOCI_OCT_LFX_CAT-300x169.jpg 300w, https:\/\/climbat.com\/wp-content\/uploads\/2023\/09\/TV_SOCI_OCT_LFX_CAT-1024x576.jpg 1024w, https:\/\/climbat.com\/wp-content\/uploads\/2023\/09\/TV_SOCI_OCT_LFX_CAT-768x432.jpg 768w, https:\/\/climbat.com\/wp-content\/uploads\/2023\/09\/TV_SOCI_OCT_LFX_CAT-1536x864.jpg 1536w, https:\/\/climbat.com\/wp-content\/uploads\/2023\/09\/TV_SOCI_OCT_LFX_CAT-120x68.jpg 120w, https:\/\/climbat.com\/wp-content\/uploads\/2023\/09\/TV_SOCI_OCT_LFX_CAT-81x46.jpg 81w, https:\/\/climbat.com\/wp-content\/uploads\/2023\/09\/TV_SOCI_OCT_LFX_CAT.jpg 1920w\" sizes=\"(max-width: 1200px) 100vw, 1200px\" \/><\/a><\/div>                   \t\t<div class=\"post-details pofo-post-description\">  \t\t\t\t\t\t<div class=\"novedad-title-container\"><a href=\"https:\/\/climbat.com\/ca\/dia-del-soci-oct\/\" class=\"title-novedad-post\">DIA DEL SOCI\/A<\/a><\/div>                        <div class=\"entry-content margin-10px-bottom\"                            style=\"font-size: 16px; font-weight: 400; color: #000000;\" data-fontsize=\"16px\">Celebra el dia del soci i la s\u00f2cia m\u00e9s especial del any! Com tots els...<\/div>                        <div class=\"separator-line-horrizontal-full bg-medium-light-gray no-margin-top margin-20px-bottom xs-margin-15px-bottom\"                            style=\"background-color:#000;\"><\/div>                            <a href=\"https:\/\/climbat.com\/ca\/dia-del-soci-oct\/\"                            class=\"btn-black btn no-margin white-space-normal btn-small\">Llegir m\u00e9s<\/a>                    <\/div>                <\/div>            <\/div>        <\/div>        <div class=\"blog-style7-1  margin-60px-bottom sm-margin-30px-bottom xs-margin-15px-bottom col-md-4 col-sm-6 col-xs-12 \">            <div class=\"post-23460 post type-post status-publish format-image has-post-thumbnail new-cajetilla-blanca\">                <div class=\"blog-post blog-post-style2 xs-text-center\">                    <div class=\"blog-post-images overflow-hidden margin-25px-bottom xs-margin-15px-bottom\"><a href=\"https:\/\/climbat.com\/ca\/taller-de-via-llarga-oct\/\"><img width=\"1200\" height=\"672\" src=\"https:\/\/climbat.com\/wp-content\/uploads\/2023\/09\/TV_VIALARGA_LFX_OCT_LOW-1200x672.jpg\" class=\"attachment-post-thumbnail size-post-thumbnail wp-post-image\" alt=\"\" decoding=\"async\" srcset=\"https:\/\/climbat.com\/wp-content\/uploads\/2023\/09\/TV_VIALARGA_LFX_OCT_LOW-1200x672.jpg 1200w, https:\/\/climbat.com\/wp-content\/uploads\/2023\/09\/TV_VIALARGA_LFX_OCT_LOW-300x168.jpg 300w, https:\/\/climbat.com\/wp-content\/uploads\/2023\/09\/TV_VIALARGA_LFX_OCT_LOW-1024x573.jpg 1024w, https:\/\/climbat.com\/wp-content\/uploads\/2023\/09\/TV_VIALARGA_LFX_OCT_LOW-768x430.jpg 768w, https:\/\/climbat.com\/wp-content\/uploads\/2023\/09\/TV_VIALARGA_LFX_OCT_LOW-1536x860.jpg 1536w, https:\/\/climbat.com\/wp-content\/uploads\/2023\/09\/TV_VIALARGA_LFX_OCT_LOW-120x67.jpg 120w, https:\/\/climbat.com\/wp-content\/uploads\/2023\/09\/TV_VIALARGA_LFX_OCT_LOW-81x45.jpg 81w, https:\/\/climbat.com\/wp-content\/uploads\/2023\/09\/TV_VIALARGA_LFX_OCT_LOW.jpg 1930w\" sizes=\"(max-width: 1200px) 100vw, 1200px\" \/><\/a><\/div>                   \t\t<div class=\"post-details pofo-post-description\">  \t\t\t\t\t\t<div class=\"novedad-title-container\"><a href=\"https:\/\/climbat.com\/ca\/taller-de-via-llarga-oct\/\" class=\"title-novedad-post\">TALLER DE VIA LLARGA<\/a><\/div>                        <div class=\"entry-content margin-10px-bottom\"                            style=\"font-size: 16px; font-weight: 400; color: #000000;\" data-fontsize=\"16px\">Catalunya \u00e9s un parad\u00eds de l'escalada al medi natural!&nbsp; Al \"Taller de Via llarga\", podeu...<\/div>                        <div class=\"separator-line-horrizontal-full bg-medium-light-gray no-margin-top margin-20px-bottom xs-margin-15px-bottom\"                            style=\"background-color:#000;\"><\/div>                            <a href=\"https:\/\/climbat.com\/ca\/taller-de-via-llarga-oct\/\"                            class=\"btn-black btn no-margin white-space-normal btn-small\">Llegir m\u00e9s<\/a>                    <\/div>                <\/div>            <\/div>        <\/div>        <div class=\"blog-style7-1  margin-60px-bottom sm-margin-30px-bottom xs-margin-15px-bottom col-md-4 col-sm-6 col-xs-12 \">            <div class=\"post-23460 post type-post status-publish format-image has-post-thumbnail new-cajetilla-blanca\">                <div class=\"blog-post blog-post-style2 xs-text-center\">                    <div class=\"blog-post-images overflow-hidden margin-25px-bottom xs-margin-15px-bottom\"><a href=\"https:\/\/climbat.com\/ca\/dies-sense-escola-oct\/\"><img width=\"1200\" height=\"675\" src=\"https:\/\/climbat.com\/wp-content\/uploads\/2023\/09\/DIASSINCOLE_LFX_OCT_TV_CAT_LOW-1200x675.jpg\" class=\"attachment-post-thumbnail size-post-thumbnail wp-post-image\" alt=\"\" decoding=\"async\" srcset=\"https:\/\/climbat.com\/wp-content\/uploads\/2023\/09\/DIASSINCOLE_LFX_OCT_TV_CAT_LOW-1200x675.jpg 1200w, https:\/\/climbat.com\/wp-content\/uploads\/2023\/09\/DIASSINCOLE_LFX_OCT_TV_CAT_LOW-300x169.jpg 300w, https:\/\/climbat.com\/wp-content\/uploads\/2023\/09\/DIASSINCOLE_LFX_OCT_TV_CAT_LOW-1024x576.jpg 1024w, https:\/\/climbat.com\/wp-content\/uploads\/2023\/09\/DIASSINCOLE_LFX_OCT_TV_CAT_LOW-768x432.jpg 768w, https:\/\/climbat.com\/wp-content\/uploads\/2023\/09\/DIASSINCOLE_LFX_OCT_TV_CAT_LOW-1536x864.jpg 1536w, https:\/\/climbat.com\/wp-content\/uploads\/2023\/09\/DIASSINCOLE_LFX_OCT_TV_CAT_LOW-120x68.jpg 120w, https:\/\/climbat.com\/wp-content\/uploads\/2023\/09\/DIASSINCOLE_LFX_OCT_TV_CAT_LOW-81x46.jpg 81w, https:\/\/climbat.com\/wp-content\/uploads\/2023\/09\/DIASSINCOLE_LFX_OCT_TV_CAT_LOW.jpg 1920w\" sizes=\"(max-width: 1200px) 100vw, 1200px\" \/><\/a><\/div>                   \t\t<div class=\"post-details pofo-post-description\">  \t\t\t\t\t\t<div class=\"novedad-title-container\"><a href=\"https:\/\/climbat.com\/ca\/dies-sense-escola-oct\/\" class=\"title-novedad-post\">DIES SENSE ESCOLA<\/a><\/div>                        <div class=\"entry-content margin-10px-bottom\"                            style=\"font-size: 16px; font-weight: 400; color: #000000;\" data-fontsize=\"16px\">Els petits i petites de la casa no tenen escola el 13 d'octubre?Climbat t\u00e9 el...<\/div>                        <div class=\"separator-line-horrizontal-full bg-medium-light-gray no-margin-top margin-20px-bottom xs-margin-15px-bottom\"                            style=\"background-color:#000;\"><\/div>                            <a href=\"https:\/\/climbat.com\/ca\/dies-sense-escola-oct\/\"                            class=\"btn-black btn no-margin white-space-normal btn-small\">Llegir m\u00e9s<\/a>                    <\/div>                <\/div>            <\/div>        <\/div>        <div class=\"blog-style7-1  margin-60px-bottom sm-margin-30px-bottom xs-margin-15px-bottom col-md-4 col-sm-6 col-xs-12 \">            <div class=\"post-23460 post type-post status-publish format-image has-post-thumbnail new-cajetilla-blanca\">                <div class=\"blog-post blog-post-style2 xs-text-center\">                    <div class=\"blog-post-images overflow-hidden margin-25px-bottom xs-margin-15px-bottom\"><a href=\"https:\/\/climbat.com\/ca\/halloween\/\"><img width=\"1200\" height=\"675\" src=\"https:\/\/climbat.com\/wp-content\/uploads\/2023\/09\/HALLOWEEN2x1_TV_CAT_LOW-1200x675.jpg\" class=\"attachment-post-thumbnail size-post-thumbnail wp-post-image\" alt=\"HALLOWEEN\" decoding=\"async\" srcset=\"https:\/\/climbat.com\/wp-content\/uploads\/2023\/09\/HALLOWEEN2x1_TV_CAT_LOW-1200x675.jpg 1200w, https:\/\/climbat.com\/wp-content\/uploads\/2023\/09\/HALLOWEEN2x1_TV_CAT_LOW-300x169.jpg 300w, https:\/\/climbat.com\/wp-content\/uploads\/2023\/09\/HALLOWEEN2x1_TV_CAT_LOW-1024x576.jpg 1024w, https:\/\/climbat.com\/wp-content\/uploads\/2023\/09\/HALLOWEEN2x1_TV_CAT_LOW-768x432.jpg 768w, https:\/\/climbat.com\/wp-content\/uploads\/2023\/09\/HALLOWEEN2x1_TV_CAT_LOW-1536x864.jpg 1536w, https:\/\/climbat.com\/wp-content\/uploads\/2023\/09\/HALLOWEEN2x1_TV_CAT_LOW-120x68.jpg 120w, https:\/\/climbat.com\/wp-content\/uploads\/2023\/09\/HALLOWEEN2x1_TV_CAT_LOW-81x46.jpg 81w, https:\/\/climbat.com\/wp-content\/uploads\/2023\/09\/HALLOWEEN2x1_TV_CAT_LOW.jpg 1920w\" sizes=\"(max-width: 1200px) 100vw, 1200px\" \/><\/a><\/div>                   \t\t<div class=\"post-details pofo-post-description\">  \t\t\t\t\t\t<div class=\"novedad-title-container\"><a href=\"https:\/\/climbat.com\/ca\/halloween\/\" class=\"title-novedad-post\">CELEBRA HALLOWEEN A CLIMBAT<\/a><\/div>                        <div class=\"entry-content margin-10px-bottom\"                            style=\"font-size: 16px; font-weight: 400; color: #000000;\" data-fontsize=\"16px\">Est\u00e0s a punt per viure un dia terror\u00edfic?Sobreviure a un dia d\u2019escalada \u00e9s nom\u00e9s el...<\/div>                        <div class=\"separator-line-horrizontal-full bg-medium-light-gray no-margin-top margin-20px-bottom xs-margin-15px-bottom\"                            style=\"background-color:#000;\"><\/div>                            <a href=\"https:\/\/climbat.com\/ca\/halloween\/\"                            class=\"btn-black btn no-margin white-space-normal btn-small\">Llegir m\u00e9s<\/a>                    <\/div>                <\/div>            <\/div>        <\/div>        <div class=\"blog-style7-1  margin-60px-bottom sm-margin-30px-bottom xs-margin-15px-bottom col-md-4 col-sm-6 col-xs-12 \">            <div class=\"post-23460 post type-post status-publish format-image has-post-thumbnail new-cajetilla-blanca\">                <div class=\"blog-post blog-post-style2 xs-text-center\">                    <div class=\"blog-post-images overflow-hidden margin-25px-bottom xs-margin-15px-bottom\"><a href=\"https:\/\/climbat.com\/ca\/poble-espanyol\/\"><img width=\"1200\" height=\"675\" src=\"https:\/\/climbat.com\/wp-content\/uploads\/2023\/08\/POBLEESP-1200x675.jpg\" class=\"attachment-post-thumbnail size-post-thumbnail wp-post-image\" alt=\"\" decoding=\"async\" srcset=\"https:\/\/climbat.com\/wp-content\/uploads\/2023\/08\/POBLEESP-1200x675.jpg 1200w, https:\/\/climbat.com\/wp-content\/uploads\/2023\/08\/POBLEESP-300x169.jpg 300w, https:\/\/climbat.com\/wp-content\/uploads\/2023\/08\/POBLEESP-1024x576.jpg 1024w, https:\/\/climbat.com\/wp-content\/uploads\/2023\/08\/POBLEESP-768x432.jpg 768w, https:\/\/climbat.com\/wp-content\/uploads\/2023\/08\/POBLEESP-1536x864.jpg 1536w, https:\/\/climbat.com\/wp-content\/uploads\/2023\/08\/POBLEESP-120x68.jpg 120w, https:\/\/climbat.com\/wp-content\/uploads\/2023\/08\/POBLEESP-81x46.jpg 81w, https:\/\/climbat.com\/wp-content\/uploads\/2023\/08\/POBLEESP.jpg 1920w\" sizes=\"(max-width: 1200px) 100vw, 1200px\" \/><\/a><\/div>                   \t\t<div class=\"post-details pofo-post-description\">  \t\t\t\t\t\t<div class=\"novedad-title-container\"><a href=\"https:\/\/climbat.com\/ca\/poble-espanyol\/\" class=\"title-novedad-post\">POBLE ESPANYOL<\/a><\/div>                        <div class=\"entry-content margin-10px-bottom\"                            style=\"font-size: 16px; font-weight: 400; color: #000000;\" data-fontsize=\"16px\">Descompte exclusiu per als Socis\/es i Abonats\/des de Climbat al Poble Espanyol! Estem emocionats de...<\/div>                        <div class=\"separator-line-horrizontal-full bg-medium-light-gray no-margin-top margin-20px-bottom xs-margin-15px-bottom\"                            style=\"background-color:#000;\"><\/div>                            <a href=\"https:\/\/climbat.com\/ca\/poble-espanyol\/\"                            class=\"btn-black btn no-margin white-space-normal btn-small\">Llegir m\u00e9s<\/a>                    <\/div>                <\/div>            <\/div>        <\/div>        <div class=\"blog-style7-1  margin-60px-bottom sm-margin-30px-bottom xs-margin-15px-bottom col-md-4 col-sm-6 col-xs-12 \">            <div class=\"post-23460 post type-post status-publish format-image has-post-thumbnail new-cajetilla-blanca\">                <div class=\"blog-post blog-post-style2 xs-text-center\">                    <div class=\"blog-post-images overflow-hidden margin-25px-bottom xs-margin-15px-bottom\"><a href=\"https:\/\/climbat.com\/ca\/dia-del-soci-setembre\/\"><img width=\"1200\" height=\"675\" src=\"https:\/\/climbat.com\/wp-content\/uploads\/2023\/08\/TV_SOCI_SEP_LFX_CAT-1200x675.jpg\" class=\"attachment-post-thumbnail size-post-thumbnail wp-post-image\" alt=\"\" decoding=\"async\" srcset=\"https:\/\/climbat.com\/wp-content\/uploads\/2023\/08\/TV_SOCI_SEP_LFX_CAT-1200x675.jpg 1200w, https:\/\/climbat.com\/wp-content\/uploads\/2023\/08\/TV_SOCI_SEP_LFX_CAT-300x169.jpg 300w, https:\/\/climbat.com\/wp-content\/uploads\/2023\/08\/TV_SOCI_SEP_LFX_CAT-1024x576.jpg 1024w, https:\/\/climbat.com\/wp-content\/uploads\/2023\/08\/TV_SOCI_SEP_LFX_CAT-768x432.jpg 768w, https:\/\/climbat.com\/wp-content\/uploads\/2023\/08\/TV_SOCI_SEP_LFX_CAT-1536x864.jpg 1536w, https:\/\/climbat.com\/wp-content\/uploads\/2023\/08\/TV_SOCI_SEP_LFX_CAT-120x68.jpg 120w, https:\/\/climbat.com\/wp-content\/uploads\/2023\/08\/TV_SOCI_SEP_LFX_CAT-81x46.jpg 81w, https:\/\/climbat.com\/wp-content\/uploads\/2023\/08\/TV_SOCI_SEP_LFX_CAT.jpg 1920w\" sizes=\"(max-width: 1200px) 100vw, 1200px\" \/><\/a><\/div>                   \t\t<div class=\"post-details pofo-post-description\">  \t\t\t\t\t\t<div class=\"novedad-title-container\"><a href=\"https:\/\/climbat.com\/ca\/dia-del-soci-setembre\/\" class=\"title-novedad-post\">DIA DEL SOCI\/A<\/a><\/div>                        <div class=\"entry-content margin-10px-bottom\"                            style=\"font-size: 16px; font-weight: 400; color: #000000;\" data-fontsize=\"16px\">Celebra el Dia del Soci i la S\u00f2cia a Climbat! El Dia del Soci i...<\/div>                        <div class=\"separator-line-horrizontal-full bg-medium-light-gray no-margin-top margin-20px-bottom xs-margin-15px-bottom\"                            style=\"background-color:#000;\"><\/div>                            <a href=\"https:\/\/climbat.com\/ca\/dia-del-soci-setembre\/\"                            class=\"btn-black btn no-margin white-space-normal btn-small\">Llegir m\u00e9s<\/a>                    <\/div>                <\/div>            <\/div>        <\/div>        <div class=\"blog-style7-1  margin-60px-bottom sm-margin-30px-bottom xs-margin-15px-bottom col-md-4 col-sm-6 col-xs-12 \">            <div class=\"post-23460 post type-post status-publish format-image has-post-thumbnail new-cajetilla-blanca\">                <div class=\"blog-post blog-post-style2 xs-text-center\">                    <div class=\"blog-post-images overflow-hidden margin-25px-bottom xs-margin-15px-bottom\"><a href=\"https:\/\/climbat.com\/ca\/bolet\/\"><img width=\"1200\" height=\"675\" src=\"https:\/\/climbat.com\/wp-content\/uploads\/2023\/08\/ADEUBOLET_TV-1200x675.jpg\" class=\"attachment-post-thumbnail size-post-thumbnail wp-post-image\" alt=\"despedeix-te del bolet de Foixarda\" decoding=\"async\" srcset=\"https:\/\/climbat.com\/wp-content\/uploads\/2023\/08\/ADEUBOLET_TV-1200x675.jpg 1200w, https:\/\/climbat.com\/wp-content\/uploads\/2023\/08\/ADEUBOLET_TV-300x169.jpg 300w, https:\/\/climbat.com\/wp-content\/uploads\/2023\/08\/ADEUBOLET_TV-1024x576.jpg 1024w, https:\/\/climbat.com\/wp-content\/uploads\/2023\/08\/ADEUBOLET_TV-768x432.jpg 768w, https:\/\/climbat.com\/wp-content\/uploads\/2023\/08\/ADEUBOLET_TV-1536x864.jpg 1536w, https:\/\/climbat.com\/wp-content\/uploads\/2023\/08\/ADEUBOLET_TV-120x68.jpg 120w, https:\/\/climbat.com\/wp-content\/uploads\/2023\/08\/ADEUBOLET_TV-81x46.jpg 81w, https:\/\/climbat.com\/wp-content\/uploads\/2023\/08\/ADEUBOLET_TV.jpg 1920w\" sizes=\"(max-width: 1200px) 100vw, 1200px\" \/><\/a><\/div>                   \t\t<div class=\"post-details pofo-post-description\">  \t\t\t\t\t\t<div class=\"novedad-title-container\"><a href=\"https:\/\/climbat.com\/ca\/bolet\/\" class=\"title-novedad-post\">DESPEDEIX-TE DEL BOLET DE FOIXARDA<\/a><\/div>                        <div class=\"entry-content margin-10px-bottom\"                            style=\"font-size: 16px; font-weight: 400; color: #000000;\" data-fontsize=\"16px\">\u00c9s l'hora dels adeus! Despr\u00e9s de nou anys plens de reptes i emocions, arriba el...<\/div>                        <div class=\"separator-line-horrizontal-full bg-medium-light-gray no-margin-top margin-20px-bottom xs-margin-15px-bottom\"                            style=\"background-color:#000;\"><\/div>                            <a href=\"https:\/\/climbat.com\/ca\/bolet\/\"                            class=\"btn-black btn no-margin white-space-normal btn-small\">Llegir m\u00e9s<\/a>                    <\/div>                <\/div>            <\/div>        <\/div>        <div class=\"blog-style7-1  margin-60px-bottom sm-margin-30px-bottom xs-margin-15px-bottom col-md-4 col-sm-6 col-xs-12 \">            <div class=\"post-23460 post type-post status-publish format-image has-post-thumbnail new-cajetilla-blanca\">                <div class=\"blog-post blog-post-style2 xs-text-center\">                    <div class=\"blog-post-images overflow-hidden margin-25px-bottom xs-margin-15px-bottom\"><a href=\"https:\/\/climbat.com\/ca\/promocio-31-bcn\/\"><img width=\"1200\" height=\"675\" src=\"https:\/\/climbat.com\/wp-content\/uploads\/2023\/07\/TV_PROMO31_CAT-1200x675.jpg\" class=\"attachment-post-thumbnail size-post-thumbnail wp-post-image\" alt=\"PROMOCI\u00d3 3+1\" decoding=\"async\" srcset=\"https:\/\/climbat.com\/wp-content\/uploads\/2023\/07\/TV_PROMO31_CAT-1200x675.jpg 1200w, https:\/\/climbat.com\/wp-content\/uploads\/2023\/07\/TV_PROMO31_CAT-300x169.jpg 300w, https:\/\/climbat.com\/wp-content\/uploads\/2023\/07\/TV_PROMO31_CAT-1024x576.jpg 1024w, https:\/\/climbat.com\/wp-content\/uploads\/2023\/07\/TV_PROMO31_CAT-768x432.jpg 768w, https:\/\/climbat.com\/wp-content\/uploads\/2023\/07\/TV_PROMO31_CAT-1536x864.jpg 1536w, https:\/\/climbat.com\/wp-content\/uploads\/2023\/07\/TV_PROMO31_CAT-120x68.jpg 120w, https:\/\/climbat.com\/wp-content\/uploads\/2023\/07\/TV_PROMO31_CAT-81x46.jpg 81w, https:\/\/climbat.com\/wp-content\/uploads\/2023\/07\/TV_PROMO31_CAT.jpg 1920w\" sizes=\"(max-width: 1200px) 100vw, 1200px\" \/><\/a><\/div>                   \t\t<div class=\"post-details pofo-post-description\">  \t\t\t\t\t\t<div class=\"novedad-title-container\"><a href=\"https:\/\/climbat.com\/ca\/promocio-31-bcn\/\" class=\"title-novedad-post\">PROMOCI\u00d3 3+1<\/a><\/div>                        <div class=\"entry-content margin-10px-bottom\"                            style=\"font-size: 16px; font-weight: 400; color: #000000;\" data-fontsize=\"16px\">La tornada despr\u00e9s de les vacances est\u00e0 sent dura? Tenim una bona not\u00edcia! 4 mesos...<\/div>                        <div class=\"separator-line-horrizontal-full bg-medium-light-gray no-margin-top margin-20px-bottom xs-margin-15px-bottom\"                            style=\"background-color:#000;\"><\/div>                            <a href=\"https:\/\/climbat.com\/ca\/promocio-31-bcn\/\"                            class=\"btn-black btn no-margin white-space-normal btn-small\">Llegir m\u00e9s<\/a>                    <\/div>                <\/div>            <\/div>        <\/div>        <div class=\"blog-style7-1  margin-60px-bottom sm-margin-30px-bottom xs-margin-15px-bottom col-md-4 col-sm-6 col-xs-12 \">            <div class=\"post-23460 post type-post status-publish format-image has-post-thumbnail new-cajetilla-blanca\">                <div class=\"blog-post blog-post-style2 xs-text-center\">                    <div class=\"blog-post-images overflow-hidden margin-25px-bottom xs-margin-15px-bottom\"><a href=\"https:\/\/climbat.com\/ca\/portes-obertes-escola-descalada\/\"><img width=\"1200\" height=\"675\" src=\"https:\/\/climbat.com\/wp-content\/uploads\/2023\/07\/PAESCOLAESCALADA_TV_LFX-CAT-1200x675.jpg\" class=\"attachment-post-thumbnail size-post-thumbnail wp-post-image\" alt=\"PORTES OBERTES ESCOLA D&#039;ESCALADA\" decoding=\"async\" srcset=\"https:\/\/climbat.com\/wp-content\/uploads\/2023\/07\/PAESCOLAESCALADA_TV_LFX-CAT-1200x675.jpg 1200w, https:\/\/climbat.com\/wp-content\/uploads\/2023\/07\/PAESCOLAESCALADA_TV_LFX-CAT-300x169.jpg 300w, https:\/\/climbat.com\/wp-content\/uploads\/2023\/07\/PAESCOLAESCALADA_TV_LFX-CAT-1024x576.jpg 1024w, https:\/\/climbat.com\/wp-content\/uploads\/2023\/07\/PAESCOLAESCALADA_TV_LFX-CAT-768x432.jpg 768w, https:\/\/climbat.com\/wp-content\/uploads\/2023\/07\/PAESCOLAESCALADA_TV_LFX-CAT-1536x864.jpg 1536w, https:\/\/climbat.com\/wp-content\/uploads\/2023\/07\/PAESCOLAESCALADA_TV_LFX-CAT-120x68.jpg 120w, https:\/\/climbat.com\/wp-content\/uploads\/2023\/07\/PAESCOLAESCALADA_TV_LFX-CAT-81x46.jpg 81w, https:\/\/climbat.com\/wp-content\/uploads\/2023\/07\/PAESCOLAESCALADA_TV_LFX-CAT.jpg 1920w\" sizes=\"(max-width: 1200px) 100vw, 1200px\" \/><\/a><\/div>                   \t\t<div class=\"post-details pofo-post-description\">  \t\t\t\t\t\t<div class=\"novedad-title-container\"><a href=\"https:\/\/climbat.com\/ca\/portes-obertes-escola-descalada\/\" class=\"title-novedad-post\">PORTES OBERTES ESCOLA D&#8217;ESCALADA<\/a><\/div>                        <div class=\"entry-content margin-10px-bottom\"                            style=\"font-size: 16px; font-weight: 400; color: #000000;\" data-fontsize=\"16px\">Aventura't amb l'Escola d'Escalada 23-24 a Climbat La Foixarda! Descobreix nous moviments, supera els teus...<\/div>                        <div class=\"separator-line-horrizontal-full bg-medium-light-gray no-margin-top margin-20px-bottom xs-margin-15px-bottom\"                            style=\"background-color:#000;\"><\/div>                            <a href=\"https:\/\/climbat.com\/ca\/portes-obertes-escola-descalada\/\"                            class=\"btn-black btn no-margin white-space-normal btn-small\">Llegir m\u00e9s<\/a>                    <\/div>                <\/div>            <\/div>        <\/div>        <div class=\"blog-style7-1  margin-60px-bottom sm-margin-30px-bottom xs-margin-15px-bottom col-md-4 col-sm-6 col-xs-12 \">            <div class=\"post-23460 post type-post status-publish format-image has-post-thumbnail new-cajetilla-blanca\">                <div class=\"blog-post blog-post-style2 xs-text-center\">                    <div class=\"blog-post-images overflow-hidden margin-25px-bottom xs-margin-15px-bottom\"><a href=\"https:\/\/climbat.com\/ca\/15-descompte-vertic\/\"><img width=\"1200\" height=\"675\" src=\"https:\/\/climbat.com\/wp-content\/uploads\/2023\/08\/PROMOVERTIC-1200x675.jpg\" class=\"attachment-post-thumbnail size-post-thumbnail wp-post-image\" alt=\"\" decoding=\"async\" srcset=\"https:\/\/climbat.com\/wp-content\/uploads\/2023\/08\/PROMOVERTIC-1200x675.jpg 1200w, https:\/\/climbat.com\/wp-content\/uploads\/2023\/08\/PROMOVERTIC-300x169.jpg 300w, https:\/\/climbat.com\/wp-content\/uploads\/2023\/08\/PROMOVERTIC-1024x576.jpg 1024w, https:\/\/climbat.com\/wp-content\/uploads\/2023\/08\/PROMOVERTIC-768x432.jpg 768w, https:\/\/climbat.com\/wp-content\/uploads\/2023\/08\/PROMOVERTIC-1536x864.jpg 1536w, https:\/\/climbat.com\/wp-content\/uploads\/2023\/08\/PROMOVERTIC-2048x1152.jpg 2048w, https:\/\/climbat.com\/wp-content\/uploads\/2023\/08\/PROMOVERTIC-120x67.jpg 120w, https:\/\/climbat.com\/wp-content\/uploads\/2023\/08\/PROMOVERTIC-81x46.jpg 81w\" sizes=\"(max-width: 1200px) 100vw, 1200px\" \/><\/a><\/div>                   \t\t<div class=\"post-details pofo-post-description\">  \t\t\t\t\t\t<div class=\"novedad-title-container\"><a href=\"https:\/\/climbat.com\/ca\/15-descompte-vertic\/\" class=\"title-novedad-post\">15% DESCOMPTE A V\u00c8RTIC<\/a><\/div>                        <div class=\"entry-content margin-10px-bottom\"                            style=\"font-size: 16px; font-weight: 400; color: #000000;\" data-fontsize=\"16px\">Aquest setembre equipa't amb Mountain Shop V\u00e8rtic! Est\u00e0s buscant roba i material per a les...<\/div>                        <div class=\"separator-line-horrizontal-full bg-medium-light-gray no-margin-top margin-20px-bottom xs-margin-15px-bottom\"                            style=\"background-color:#000;\"><\/div>                            <a href=\"https:\/\/climbat.com\/ca\/15-descompte-vertic\/\"                            class=\"btn-black btn no-margin white-space-normal btn-small\">Llegir m\u00e9s<\/a>                    <\/div>                <\/div>            <\/div>        <\/div>        <div class=\"blog-style7-1  margin-60px-bottom sm-margin-30px-bottom xs-margin-15px-bottom col-md-4 col-sm-6 col-xs-12 \">            <div class=\"post-23460 post type-post status-publish format-image has-post-thumbnail new-cajetilla-blanca\">                <div class=\"blog-post blog-post-style2 xs-text-center\">                    <div class=\"blog-post-images overflow-hidden margin-25px-bottom xs-margin-15px-bottom\"><a href=\"https:\/\/climbat.com\/ca\/bono104\/\"><img width=\"1200\" height=\"675\" src=\"https:\/\/climbat.com\/wp-content\/uploads\/2023\/07\/bonocatlow-1200x675.jpeg\" class=\"attachment-post-thumbnail size-post-thumbnail wp-post-image\" alt=\"BONO 10+4\" decoding=\"async\" srcset=\"https:\/\/climbat.com\/wp-content\/uploads\/2023\/07\/bonocatlow-1200x675.jpeg 1200w, https:\/\/climbat.com\/wp-content\/uploads\/2023\/07\/bonocatlow-300x169.jpeg 300w, https:\/\/climbat.com\/wp-content\/uploads\/2023\/07\/bonocatlow-1024x576.jpeg 1024w, https:\/\/climbat.com\/wp-content\/uploads\/2023\/07\/bonocatlow-768x432.jpeg 768w, https:\/\/climbat.com\/wp-content\/uploads\/2023\/07\/bonocatlow-1536x864.jpeg 1536w, https:\/\/climbat.com\/wp-content\/uploads\/2023\/07\/bonocatlow-120x68.jpeg 120w, https:\/\/climbat.com\/wp-content\/uploads\/2023\/07\/bonocatlow-81x46.jpeg 81w, https:\/\/climbat.com\/wp-content\/uploads\/2023\/07\/bonocatlow.jpeg 1600w\" sizes=\"(max-width: 1200px) 100vw, 1200px\" \/><\/a><\/div>                   \t\t<div class=\"post-details pofo-post-description\">  \t\t\t\t\t\t<div class=\"novedad-title-container\"><a href=\"https:\/\/climbat.com\/ca\/bono104\/\" class=\"title-novedad-post\">BONO 10+4<\/a><\/div>                        <div class=\"entry-content margin-10px-bottom\"                            style=\"font-size: 16px; font-weight: 400; color: #000000;\" data-fontsize=\"16px\">Agost \u00e9s el mes perfecte per escalar a Climbat! De l'1 al 20 d'agost, compra...<\/div>                        <div class=\"separator-line-horrizontal-full bg-medium-light-gray no-margin-top margin-20px-bottom xs-margin-15px-bottom\"                            style=\"background-color:#000;\"><\/div>                            <a href=\"https:\/\/climbat.com\/ca\/bono104\/\"                            class=\"btn-black btn no-margin white-space-normal btn-small\">Llegir m\u00e9s<\/a>                    <\/div>                <\/div>            <\/div>        <\/div>        <div class=\"blog-style7-1  margin-60px-bottom sm-margin-30px-bottom xs-margin-15px-bottom col-md-4 col-sm-6 col-xs-12 \">            <div class=\"post-23460 post type-post status-publish format-image has-post-thumbnail new-cajetilla-blanca\">                <div class=\"blog-post blog-post-style2 xs-text-center\">                    <div class=\"blog-post-images overflow-hidden margin-25px-bottom xs-margin-15px-bottom\"><a href=\"https:\/\/climbat.com\/ca\/2x1-entrades\/\"><img width=\"1200\" height=\"675\" src=\"https:\/\/climbat.com\/wp-content\/uploads\/2023\/07\/TV_2X1CATLOW-1200x675.jpg\" class=\"attachment-post-thumbnail size-post-thumbnail wp-post-image\" alt=\"ENTRADES 2X1\" decoding=\"async\" srcset=\"https:\/\/climbat.com\/wp-content\/uploads\/2023\/07\/TV_2X1CATLOW-1200x675.jpg 1200w, https:\/\/climbat.com\/wp-content\/uploads\/2023\/07\/TV_2X1CATLOW-300x169.jpg 300w, https:\/\/climbat.com\/wp-content\/uploads\/2023\/07\/TV_2X1CATLOW-1024x576.jpg 1024w, https:\/\/climbat.com\/wp-content\/uploads\/2023\/07\/TV_2X1CATLOW-768x432.jpg 768w, https:\/\/climbat.com\/wp-content\/uploads\/2023\/07\/TV_2X1CATLOW-1536x864.jpg 1536w, https:\/\/climbat.com\/wp-content\/uploads\/2023\/07\/TV_2X1CATLOW-120x68.jpg 120w, https:\/\/climbat.com\/wp-content\/uploads\/2023\/07\/TV_2X1CATLOW-81x46.jpg 81w, https:\/\/climbat.com\/wp-content\/uploads\/2023\/07\/TV_2X1CATLOW.jpg 1920w\" sizes=\"(max-width: 1200px) 100vw, 1200px\" \/><\/a><\/div>                   \t\t<div class=\"post-details pofo-post-description\">  \t\t\t\t\t\t<div class=\"novedad-title-container\"><a href=\"https:\/\/climbat.com\/ca\/2x1-entrades\/\" class=\"title-novedad-post\">2X1 ENTRADES<\/a><\/div>                        <div class=\"entry-content margin-10px-bottom\"                            style=\"font-size: 16px; font-weight: 400; color: #000000;\" data-fontsize=\"16px\">Aquest agost et toca quedar-te a la ciutat?Tenim la millor soluci\u00f3 per fugir de la...<\/div>                        <div class=\"separator-line-horrizontal-full bg-medium-light-gray no-margin-top margin-20px-bottom xs-margin-15px-bottom\"                            style=\"background-color:#000;\"><\/div>                            <a href=\"https:\/\/climbat.com\/ca\/2x1-entrades\/\"                            class=\"btn-black btn no-margin white-space-normal btn-small\">Llegir m\u00e9s<\/a>                    <\/div>                <\/div>            <\/div>        <\/div>        <div class=\"blog-style7-1  margin-60px-bottom sm-margin-30px-bottom xs-margin-15px-bottom col-md-4 col-sm-6 col-xs-12 \">            <div class=\"post-23460 post type-post status-publish format-image has-post-thumbnail new-cajetilla-blanca\">                <div class=\"blog-post blog-post-style2 xs-text-center\">                    <div class=\"blog-post-images overflow-hidden margin-25px-bottom xs-margin-15px-bottom\"><a href=\"https:\/\/climbat.com\/ca\/preinscripcio-escola-2324\/\"><img width=\"1200\" height=\"675\" src=\"https:\/\/climbat.com\/wp-content\/uploads\/2023\/06\/ESCOLAESCALADA_TV_LFX-1200x675.jpg\" class=\"attachment-post-thumbnail size-post-thumbnail wp-post-image\" alt=\"\" decoding=\"async\" srcset=\"https:\/\/climbat.com\/wp-content\/uploads\/2023\/06\/ESCOLAESCALADA_TV_LFX-1200x675.jpg 1200w, https:\/\/climbat.com\/wp-content\/uploads\/2023\/06\/ESCOLAESCALADA_TV_LFX-300x169.jpg 300w, https:\/\/climbat.com\/wp-content\/uploads\/2023\/06\/ESCOLAESCALADA_TV_LFX-1024x576.jpg 1024w, https:\/\/climbat.com\/wp-content\/uploads\/2023\/06\/ESCOLAESCALADA_TV_LFX-768x432.jpg 768w, https:\/\/climbat.com\/wp-content\/uploads\/2023\/06\/ESCOLAESCALADA_TV_LFX-1536x864.jpg 1536w, https:\/\/climbat.com\/wp-content\/uploads\/2023\/06\/ESCOLAESCALADA_TV_LFX-120x68.jpg 120w, https:\/\/climbat.com\/wp-content\/uploads\/2023\/06\/ESCOLAESCALADA_TV_LFX-81x46.jpg 81w, https:\/\/climbat.com\/wp-content\/uploads\/2023\/06\/ESCOLAESCALADA_TV_LFX.jpg 1920w\" sizes=\"(max-width: 1200px) 100vw, 1200px\" \/><\/a><\/div>                   \t\t<div class=\"post-details pofo-post-description\">  \t\t\t\t\t\t<div class=\"novedad-title-container\"><a href=\"https:\/\/climbat.com\/ca\/preinscripcio-escola-2324\/\" class=\"title-novedad-post\">PREINSCRIPCI\u00d3 ESCOLA ESCALADA 23-24<\/a><\/div>                        <div class=\"entry-content margin-10px-bottom\"                            style=\"font-size: 16px; font-weight: 400; color: #000000;\" data-fontsize=\"16px\">Les preinscripcions per a l'Escola d'Escalada 23-24 a Climbat La Foixarda ja estan obertes!&nbsp;No perdis...<\/div>                        <div class=\"separator-line-horrizontal-full bg-medium-light-gray no-margin-top margin-20px-bottom xs-margin-15px-bottom\"                            style=\"background-color:#000;\"><\/div>                            <a href=\"https:\/\/climbat.com\/ca\/preinscripcio-escola-2324\/\"                            class=\"btn-black btn no-margin white-space-normal btn-small\">Llegir m\u00e9s<\/a>                    <\/div>                <\/div>            <\/div>        <\/div>        <div class=\"blog-style7-1  margin-60px-bottom sm-margin-30px-bottom xs-margin-15px-bottom col-md-4 col-sm-6 col-xs-12 \">            <div class=\"post-23460 post type-post status-publish format-image has-post-thumbnail new-cajetilla-blanca\">                <div class=\"blog-post blog-post-style2 xs-text-center\">                    <div class=\"blog-post-images overflow-hidden margin-25px-bottom xs-margin-15px-bottom\"><a href=\"https:\/\/climbat.com\/ca\/tha-tocat-ser-mesa-electoral\/\"><img width=\"1200\" height=\"675\" src=\"https:\/\/climbat.com\/wp-content\/uploads\/2023\/06\/TV_MESA_CAT-1200x675.jpg\" class=\"attachment-post-thumbnail size-post-thumbnail wp-post-image\" alt=\"\" decoding=\"async\" srcset=\"https:\/\/climbat.com\/wp-content\/uploads\/2023\/06\/TV_MESA_CAT-1200x675.jpg 1200w, https:\/\/climbat.com\/wp-content\/uploads\/2023\/06\/TV_MESA_CAT-300x169.jpg 300w, https:\/\/climbat.com\/wp-content\/uploads\/2023\/06\/TV_MESA_CAT-1024x576.jpg 1024w, https:\/\/climbat.com\/wp-content\/uploads\/2023\/06\/TV_MESA_CAT-768x432.jpg 768w, https:\/\/climbat.com\/wp-content\/uploads\/2023\/06\/TV_MESA_CAT-1536x864.jpg 1536w, https:\/\/climbat.com\/wp-content\/uploads\/2023\/06\/TV_MESA_CAT-120x68.jpg 120w, https:\/\/climbat.com\/wp-content\/uploads\/2023\/06\/TV_MESA_CAT-81x46.jpg 81w, https:\/\/climbat.com\/wp-content\/uploads\/2023\/06\/TV_MESA_CAT.jpg 1920w\" sizes=\"(max-width: 1200px) 100vw, 1200px\" \/><\/a><\/div>                   \t\t<div class=\"post-details pofo-post-description\">  \t\t\t\t\t\t<div class=\"novedad-title-container\"><a href=\"https:\/\/climbat.com\/ca\/tha-tocat-ser-mesa-electoral\/\" class=\"title-novedad-post\">\u00bfT&#8217;HA TOCAT SER MESA ELECTORAL?<\/a><\/div>                        <div class=\"entry-content margin-10px-bottom\"                            style=\"font-size: 16px; font-weight: 400; color: #000000;\" data-fontsize=\"16px\">Ells et roben un dia d'escalada, Climbat te'l regala! Si t'ha tocat mesa electoral el...<\/div>                        <div class=\"separator-line-horrizontal-full bg-medium-light-gray no-margin-top margin-20px-bottom xs-margin-15px-bottom\"                            style=\"background-color:#000;\"><\/div>                            <a href=\"https:\/\/climbat.com\/ca\/tha-tocat-ser-mesa-electoral\/\"                            class=\"btn-black btn no-margin white-space-normal btn-small\">Llegir m\u00e9s<\/a>                    <\/div>                <\/div>            <\/div>        <\/div>        <div class=\"blog-style7-1  margin-60px-bottom sm-margin-30px-bottom xs-margin-15px-bottom col-md-4 col-sm-6 col-xs-12 \">            <div class=\"post-23460 post type-post status-publish format-image has-post-thumbnail new-cajetilla-blanca\">                <div class=\"blog-post blog-post-style2 xs-text-center\">                    <div class=\"blog-post-images overflow-hidden margin-25px-bottom xs-margin-15px-bottom\"><a href=\"https:\/\/climbat.com\/ca\/petzl\/\"><img width=\"1200\" height=\"675\" src=\"https:\/\/climbat.com\/wp-content\/uploads\/2023\/06\/PETZL-1200x675.jpg\" class=\"attachment-post-thumbnail size-post-thumbnail wp-post-image\" alt=\"\" decoding=\"async\" srcset=\"https:\/\/climbat.com\/wp-content\/uploads\/2023\/06\/PETZL-1200x675.jpg 1200w, https:\/\/climbat.com\/wp-content\/uploads\/2023\/06\/PETZL-300x169.jpg 300w, https:\/\/climbat.com\/wp-content\/uploads\/2023\/06\/PETZL-1024x576.jpg 1024w, https:\/\/climbat.com\/wp-content\/uploads\/2023\/06\/PETZL-768x432.jpg 768w, https:\/\/climbat.com\/wp-content\/uploads\/2023\/06\/PETZL-1536x864.jpg 1536w, https:\/\/climbat.com\/wp-content\/uploads\/2023\/06\/PETZL-120x68.jpg 120w, https:\/\/climbat.com\/wp-content\/uploads\/2023\/06\/PETZL-81x46.jpg 81w, https:\/\/climbat.com\/wp-content\/uploads\/2023\/06\/PETZL.jpg 1920w\" sizes=\"(max-width: 1200px) 100vw, 1200px\" \/><\/a><\/div>                   \t\t<div class=\"post-details pofo-post-description\">  \t\t\t\t\t\t<div class=\"novedad-title-container\"><a href=\"https:\/\/climbat.com\/ca\/petzl\/\" class=\"title-novedad-post\">PETZL<\/a><\/div>                        <div class=\"entry-content margin-10px-bottom\"                            style=\"font-size: 16px; font-weight: 400; color: #000000;\" data-fontsize=\"16px\">Descobreix totes les novetats de Petzl, una de les marques l\u00edders en material d'escalada! \u2022&nbsp;Cintes...<\/div>                        <div class=\"separator-line-horrizontal-full bg-medium-light-gray no-margin-top margin-20px-bottom xs-margin-15px-bottom\"                            style=\"background-color:#000;\"><\/div>                            <a href=\"https:\/\/climbat.com\/ca\/petzl\/\"                            class=\"btn-black btn no-margin white-space-normal btn-small\">Llegir m\u00e9s<\/a>                    <\/div>                <\/div>            <\/div>        <\/div>        <div class=\"blog-style7-1  margin-60px-bottom sm-margin-30px-bottom xs-margin-15px-bottom col-md-4 col-sm-6 col-xs-12 \">            <div class=\"post-23460 post type-post status-publish format-image has-post-thumbnail new-cajetilla-blanca\">                <div class=\"blog-post blog-post-style2 xs-text-center\">                    <div class=\"blog-post-images overflow-hidden margin-25px-bottom xs-margin-15px-bottom\"><a href=\"https:\/\/climbat.com\/ca\/festa-descola-descalada\/\"><img width=\"1200\" height=\"675\" src=\"https:\/\/climbat.com\/wp-content\/uploads\/2023\/05\/MicrosoftTeams-image-1-1200x675.jpg\" class=\"attachment-post-thumbnail size-post-thumbnail wp-post-image\" alt=\"\" decoding=\"async\" srcset=\"https:\/\/climbat.com\/wp-content\/uploads\/2023\/05\/MicrosoftTeams-image-1-1200x675.jpg 1200w, https:\/\/climbat.com\/wp-content\/uploads\/2023\/05\/MicrosoftTeams-image-1-300x169.jpg 300w, https:\/\/climbat.com\/wp-content\/uploads\/2023\/05\/MicrosoftTeams-image-1-1024x576.jpg 1024w, https:\/\/climbat.com\/wp-content\/uploads\/2023\/05\/MicrosoftTeams-image-1-768x432.jpg 768w, https:\/\/climbat.com\/wp-content\/uploads\/2023\/05\/MicrosoftTeams-image-1-1536x864.jpg 1536w, https:\/\/climbat.com\/wp-content\/uploads\/2023\/05\/MicrosoftTeams-image-1-120x68.jpg 120w, https:\/\/climbat.com\/wp-content\/uploads\/2023\/05\/MicrosoftTeams-image-1-81x46.jpg 81w, https:\/\/climbat.com\/wp-content\/uploads\/2023\/05\/MicrosoftTeams-image-1.jpg 1920w\" sizes=\"(max-width: 1200px) 100vw, 1200px\" \/><\/a><\/div>                   \t\t<div class=\"post-details pofo-post-description\">  \t\t\t\t\t\t<div class=\"novedad-title-container\"><a href=\"https:\/\/climbat.com\/ca\/festa-descola-descalada\/\" class=\"title-novedad-post\">FESTA D&#8217;ESCOLA D&#8217;ESCALADA<\/a><\/div>                        <div class=\"entry-content margin-10px-bottom\"                            style=\"font-size: 16px; font-weight: 400; color: #000000;\" data-fontsize=\"16px\">Hi ha millor manera d'acabar el curs escolar que amb una festa?L'escola d'escala de Climbat...<\/div>                        <div class=\"separator-line-horrizontal-full bg-medium-light-gray no-margin-top margin-20px-bottom xs-margin-15px-bottom\"                            style=\"background-color:#000;\"><\/div>                            <a href=\"https:\/\/climbat.com\/ca\/festa-descola-descalada\/\"                            class=\"btn-black btn no-margin white-space-normal btn-small\">Llegir m\u00e9s<\/a>                    <\/div>                <\/div>            <\/div>        <\/div>        <div class=\"blog-style7-1  margin-60px-bottom sm-margin-30px-bottom xs-margin-15px-bottom col-md-4 col-sm-6 col-xs-12 \">            <div class=\"post-23460 post type-post status-publish format-image has-post-thumbnail new-cajetilla-blanca\">                <div class=\"blog-post blog-post-style2 xs-text-center\">                    <div class=\"blog-post-images overflow-hidden margin-25px-bottom xs-margin-15px-bottom\"><a href=\"https:\/\/climbat.com\/ca\/dia-del-soci-a-4\/\"><img width=\"1200\" height=\"675\" src=\"https:\/\/climbat.com\/wp-content\/uploads\/2023\/05\/MicrosoftTeams-image-1200x675.jpg\" class=\"attachment-post-thumbnail size-post-thumbnail wp-post-image\" alt=\"\" decoding=\"async\" srcset=\"https:\/\/climbat.com\/wp-content\/uploads\/2023\/05\/MicrosoftTeams-image-1200x675.jpg 1200w, https:\/\/climbat.com\/wp-content\/uploads\/2023\/05\/MicrosoftTeams-image-300x169.jpg 300w, https:\/\/climbat.com\/wp-content\/uploads\/2023\/05\/MicrosoftTeams-image-1024x576.jpg 1024w, https:\/\/climbat.com\/wp-content\/uploads\/2023\/05\/MicrosoftTeams-image-768x432.jpg 768w, https:\/\/climbat.com\/wp-content\/uploads\/2023\/05\/MicrosoftTeams-image-1536x864.jpg 1536w, https:\/\/climbat.com\/wp-content\/uploads\/2023\/05\/MicrosoftTeams-image-120x68.jpg 120w, https:\/\/climbat.com\/wp-content\/uploads\/2023\/05\/MicrosoftTeams-image-81x46.jpg 81w, https:\/\/climbat.com\/wp-content\/uploads\/2023\/05\/MicrosoftTeams-image.jpg 1920w\" sizes=\"(max-width: 1200px) 100vw, 1200px\" \/><\/a><\/div>                   \t\t<div class=\"post-details pofo-post-description\">  \t\t\t\t\t\t<div class=\"novedad-title-container\"><a href=\"https:\/\/climbat.com\/ca\/dia-del-soci-a-4\/\" class=\"title-novedad-post\">DIA DEL SOCI\/A<\/a><\/div>                        <div class=\"entry-content margin-10px-bottom\"                            style=\"font-size: 16px; font-weight: 400; color: #000000;\" data-fontsize=\"16px\">Escalar en companyia genera seguretat i confian\u00e7a en el teu company de cordada, us permet...<\/div>                        <div class=\"separator-line-horrizontal-full bg-medium-light-gray no-margin-top margin-20px-bottom xs-margin-15px-bottom\"                            style=\"background-color:#000;\"><\/div>                            <a href=\"https:\/\/climbat.com\/ca\/dia-del-soci-a-4\/\"                            class=\"btn-black btn no-margin white-space-normal btn-small\">Llegir m\u00e9s<\/a>                    <\/div>                <\/div>            <\/div>        <\/div>        <div class=\"blog-style7-1  margin-60px-bottom sm-margin-30px-bottom xs-margin-15px-bottom col-md-4 col-sm-6 col-xs-12 \">            <div class=\"post-23460 post type-post status-publish format-image has-post-thumbnail new-cajetilla-blanca\">                <div class=\"blog-post blog-post-style2 xs-text-center\">                    <div class=\"blog-post-images overflow-hidden margin-25px-bottom xs-margin-15px-bottom\"><a href=\"https:\/\/climbat.com\/ca\/promocio-3x2\/\"><img width=\"1200\" height=\"675\" src=\"https:\/\/climbat.com\/wp-content\/uploads\/2023\/05\/PROMO3X2_TV_CAT-2-1200x675.jpg\" class=\"attachment-post-thumbnail size-post-thumbnail wp-post-image\" alt=\"PROMO 3X2\" decoding=\"async\" srcset=\"https:\/\/climbat.com\/wp-content\/uploads\/2023\/05\/PROMO3X2_TV_CAT-2-1200x675.jpg 1200w, https:\/\/climbat.com\/wp-content\/uploads\/2023\/05\/PROMO3X2_TV_CAT-2-300x169.jpg 300w, https:\/\/climbat.com\/wp-content\/uploads\/2023\/05\/PROMO3X2_TV_CAT-2-1024x576.jpg 1024w, https:\/\/climbat.com\/wp-content\/uploads\/2023\/05\/PROMO3X2_TV_CAT-2-768x432.jpg 768w, https:\/\/climbat.com\/wp-content\/uploads\/2023\/05\/PROMO3X2_TV_CAT-2-1536x864.jpg 1536w, https:\/\/climbat.com\/wp-content\/uploads\/2023\/05\/PROMO3X2_TV_CAT-2-120x68.jpg 120w, https:\/\/climbat.com\/wp-content\/uploads\/2023\/05\/PROMO3X2_TV_CAT-2-81x46.jpg 81w, https:\/\/climbat.com\/wp-content\/uploads\/2023\/05\/PROMO3X2_TV_CAT-2.jpg 1920w\" sizes=\"(max-width: 1200px) 100vw, 1200px\" \/><\/a><\/div>                   \t\t<div class=\"post-details pofo-post-description\">  \t\t\t\t\t\t<div class=\"novedad-title-container\"><a href=\"https:\/\/climbat.com\/ca\/promocio-3x2\/\" class=\"title-novedad-post\">PROMOCI\u00d3 3X2<\/a><\/div>                        <div class=\"entry-content margin-10px-bottom\"                            style=\"font-size: 16px; font-weight: 400; color: #000000;\" data-fontsize=\"16px\">Formar part de Climbat aquest estiu \u00e9s possible...Si et fas soci o s\u00f2cia en els...<\/div>                        <div class=\"separator-line-horrizontal-full bg-medium-light-gray no-margin-top margin-20px-bottom xs-margin-15px-bottom\"                            style=\"background-color:#000;\"><\/div>                            <a href=\"https:\/\/climbat.com\/ca\/promocio-3x2\/\"                            class=\"btn-black btn no-margin white-space-normal btn-small\">Llegir m\u00e9s<\/a>                    <\/div>                <\/div>            <\/div>        <\/div>        <div class=\"blog-style7-1  margin-60px-bottom sm-margin-30px-bottom xs-margin-15px-bottom col-md-4 col-sm-6 col-xs-12 \">            <div class=\"post-23460 post type-post status-publish format-image has-post-thumbnail new-cajetilla-blanca\">                <div class=\"blog-post blog-post-style2 xs-text-center\">                    <div class=\"blog-post-images overflow-hidden margin-25px-bottom xs-margin-15px-bottom\"><a href=\"https:\/\/climbat.com\/ca\/taller-de-perfeccionament\/\"><img width=\"1200\" height=\"675\" src=\"https:\/\/climbat.com\/wp-content\/uploads\/2023\/05\/TV_TALLER_PERF_CAT-1200x675.jpg\" class=\"attachment-post-thumbnail size-post-thumbnail wp-post-image\" alt=\"TALLER DE PERFECCIONAMENT\" decoding=\"async\" srcset=\"https:\/\/climbat.com\/wp-content\/uploads\/2023\/05\/TV_TALLER_PERF_CAT-1200x675.jpg 1200w, https:\/\/climbat.com\/wp-content\/uploads\/2023\/05\/TV_TALLER_PERF_CAT-300x169.jpg 300w, https:\/\/climbat.com\/wp-content\/uploads\/2023\/05\/TV_TALLER_PERF_CAT-1024x576.jpg 1024w, https:\/\/climbat.com\/wp-content\/uploads\/2023\/05\/TV_TALLER_PERF_CAT-768x432.jpg 768w, https:\/\/climbat.com\/wp-content\/uploads\/2023\/05\/TV_TALLER_PERF_CAT-1536x864.jpg 1536w, https:\/\/climbat.com\/wp-content\/uploads\/2023\/05\/TV_TALLER_PERF_CAT-120x68.jpg 120w, https:\/\/climbat.com\/wp-content\/uploads\/2023\/05\/TV_TALLER_PERF_CAT-81x46.jpg 81w, https:\/\/climbat.com\/wp-content\/uploads\/2023\/05\/TV_TALLER_PERF_CAT.jpg 1920w\" sizes=\"(max-width: 1200px) 100vw, 1200px\" \/><\/a><\/div>                   \t\t<div class=\"post-details pofo-post-description\">  \t\t\t\t\t\t<div class=\"novedad-title-container\"><a href=\"https:\/\/climbat.com\/ca\/taller-de-perfeccionament\/\" class=\"title-novedad-post\">TALLER DE PERFECCIONAMENT<\/a><\/div>                        <div class=\"entry-content margin-10px-bottom\"                            style=\"font-size: 16px; font-weight: 400; color: #000000;\" data-fontsize=\"16px\">Si ets un escalador o escaladora de nivell mitj\u00e0 o avan\u00e7at que busca millorar la...<\/div>                        <div class=\"separator-line-horrizontal-full bg-medium-light-gray no-margin-top margin-20px-bottom xs-margin-15px-bottom\"                            style=\"background-color:#000;\"><\/div>                            <a href=\"https:\/\/climbat.com\/ca\/taller-de-perfeccionament\/\"                            class=\"btn-black btn no-margin white-space-normal btn-small\">Llegir m\u00e9s<\/a>                    <\/div>                <\/div>            <\/div>        <\/div>        <div class=\"blog-style7-1  margin-60px-bottom sm-margin-30px-bottom xs-margin-15px-bottom col-md-4 col-sm-6 col-xs-12 \">            <div class=\"post-23460 post type-post status-publish format-image has-post-thumbnail new-cajetilla-blanca\">                <div class=\"blog-post blog-post-style2 xs-text-center\">                    <div class=\"blog-post-images overflow-hidden margin-25px-bottom xs-margin-15px-bottom\"><a href=\"https:\/\/climbat.com\/ca\/climbat-nature\/\"><img width=\"1142\" height=\"636\" src=\"https:\/\/climbat.com\/wp-content\/uploads\/2023\/04\/Captura-de-pantalla-2023-05-02-a-las-13.49.32.png\" class=\"attachment-post-thumbnail size-post-thumbnail wp-post-image\" alt=\"\" decoding=\"async\" srcset=\"https:\/\/climbat.com\/wp-content\/uploads\/2023\/04\/Captura-de-pantalla-2023-05-02-a-las-13.49.32.png 1142w, https:\/\/climbat.com\/wp-content\/uploads\/2023\/04\/Captura-de-pantalla-2023-05-02-a-las-13.49.32-300x167.png 300w, https:\/\/climbat.com\/wp-content\/uploads\/2023\/04\/Captura-de-pantalla-2023-05-02-a-las-13.49.32-1024x570.png 1024w, https:\/\/climbat.com\/wp-content\/uploads\/2023\/04\/Captura-de-pantalla-2023-05-02-a-las-13.49.32-768x428.png 768w, https:\/\/climbat.com\/wp-content\/uploads\/2023\/04\/Captura-de-pantalla-2023-05-02-a-las-13.49.32-120x67.png 120w, https:\/\/climbat.com\/wp-content\/uploads\/2023\/04\/Captura-de-pantalla-2023-05-02-a-las-13.49.32-81x45.png 81w\" sizes=\"(max-width: 1142px) 100vw, 1142px\" \/><\/a><\/div>                   \t\t<div class=\"post-details pofo-post-description\">  \t\t\t\t\t\t<div class=\"novedad-title-container\"><a href=\"https:\/\/climbat.com\/ca\/climbat-nature\/\" class=\"title-novedad-post\">CLIMBAT NATURE<\/a><\/div>                        <div class=\"entry-content margin-10px-bottom\"                            style=\"font-size: 16px; font-weight: 400; color: #000000;\" data-fontsize=\"16px\">Vols aprendre m\u00e9s de l'escalada per\u00f2 en el medi natural?El Climbat Nature \u00e9s la millor...<\/div>                        <div class=\"separator-line-horrizontal-full bg-medium-light-gray no-margin-top margin-20px-bottom xs-margin-15px-bottom\"                            style=\"background-color:#000;\"><\/div>                            <a href=\"https:\/\/climbat.com\/ca\/climbat-nature\/\"                            class=\"btn-black btn no-margin white-space-normal btn-small\">Llegir m\u00e9s<\/a>                    <\/div>                <\/div>            <\/div>        <\/div>        <div class=\"blog-style7-1  margin-60px-bottom sm-margin-30px-bottom xs-margin-15px-bottom col-md-4 col-sm-6 col-xs-12 \">            <div class=\"post-23460 post type-post status-publish format-image has-post-thumbnail new-cajetilla-blanca\">                <div class=\"blog-post blog-post-style2 xs-text-center\">                    <div class=\"blog-post-images overflow-hidden margin-25px-bottom xs-margin-15px-bottom\"><a href=\"https:\/\/climbat.com\/ca\/exit-en-la-1a-edicio-del-i-open-bloc-ciutat-de-bcn-i-el-climbat-kombat\/\"><img width=\"1156\" height=\"771\" src=\"https:\/\/climbat.com\/wp-content\/uploads\/2023\/04\/343007982_603842091798128_1522778506978167298_n-1156x771.jpg\" class=\"attachment-post-thumbnail size-post-thumbnail wp-post-image\" alt=\"\" decoding=\"async\" srcset=\"https:\/\/climbat.com\/wp-content\/uploads\/2023\/04\/343007982_603842091798128_1522778506978167298_n-1156x771.jpg 1156w, https:\/\/climbat.com\/wp-content\/uploads\/2023\/04\/343007982_603842091798128_1522778506978167298_n-300x200.jpg 300w, https:\/\/climbat.com\/wp-content\/uploads\/2023\/04\/343007982_603842091798128_1522778506978167298_n-1024x683.jpg 1024w, https:\/\/climbat.com\/wp-content\/uploads\/2023\/04\/343007982_603842091798128_1522778506978167298_n-768x512.jpg 768w, https:\/\/climbat.com\/wp-content\/uploads\/2023\/04\/343007982_603842091798128_1522778506978167298_n-1536x1025.jpg 1536w, https:\/\/climbat.com\/wp-content\/uploads\/2023\/04\/343007982_603842091798128_1522778506978167298_n-120x80.jpg 120w, https:\/\/climbat.com\/wp-content\/uploads\/2023\/04\/343007982_603842091798128_1522778506978167298_n-81x54.jpg 81w, https:\/\/climbat.com\/wp-content\/uploads\/2023\/04\/343007982_603842091798128_1522778506978167298_n.jpg 1920w\" sizes=\"(max-width: 1156px) 100vw, 1156px\" \/><\/a><\/div>                   \t\t<div class=\"post-details pofo-post-description\">  \t\t\t\t\t\t<div class=\"novedad-title-container\"><a href=\"https:\/\/climbat.com\/ca\/exit-en-la-1a-edicio-del-i-open-bloc-ciutat-de-bcn-i-el-climbat-kombat\/\" class=\"title-novedad-post\">\u00c8XIT EN LA 1a EDICI\u00d3 DEl I\u00a0OPEN\u00a0BLOC\u00a0CIUTAT\u00a0DE BCN I EL\u00a0CLIMBAT\u00a0KOMBAT<\/a><\/div>                        <div class=\"entry-content margin-10px-bottom\"                            style=\"font-size: 16px; font-weight: 400; color: #000000;\" data-fontsize=\"16px\">Climbat\u00a0signatura una espectacular primera edici\u00f3 del\u00a0Climbat\u00a0Kombat\u00a0i confirma que aquest esdeveniment ha arribat per a qued\u00e9s....<\/div>                        <div class=\"separator-line-horrizontal-full bg-medium-light-gray no-margin-top margin-20px-bottom xs-margin-15px-bottom\"                            style=\"background-color:#000;\"><\/div>                            <a href=\"https:\/\/climbat.com\/ca\/exit-en-la-1a-edicio-del-i-open-bloc-ciutat-de-bcn-i-el-climbat-kombat\/\"                            class=\"btn-black btn no-margin white-space-normal btn-small\">Llegir m\u00e9s<\/a>                    <\/div>                <\/div>            <\/div>        <\/div>        <div class=\"blog-style7-1  margin-60px-bottom sm-margin-30px-bottom xs-margin-15px-bottom col-md-4 col-sm-6 col-xs-12 \">            <div class=\"post-23460 post type-post status-publish format-image has-post-thumbnail new-cajetilla-blanca\">                <div class=\"blog-post blog-post-style2 xs-text-center\">                    <div class=\"blog-post-images overflow-hidden margin-25px-bottom xs-margin-15px-bottom\"><a href=\"https:\/\/climbat.com\/ca\/dia-del-soci-a-foix\/\"><img width=\"1200\" height=\"675\" src=\"https:\/\/climbat.com\/wp-content\/uploads\/2023\/04\/TV_SOCI_MAY_LFX_CAT-1200x675.jpg\" class=\"attachment-post-thumbnail size-post-thumbnail wp-post-image\" alt=\"DIA DEL SOCIO\" decoding=\"async\" srcset=\"https:\/\/climbat.com\/wp-content\/uploads\/2023\/04\/TV_SOCI_MAY_LFX_CAT-1200x675.jpg 1200w, https:\/\/climbat.com\/wp-content\/uploads\/2023\/04\/TV_SOCI_MAY_LFX_CAT-300x169.jpg 300w, https:\/\/climbat.com\/wp-content\/uploads\/2023\/04\/TV_SOCI_MAY_LFX_CAT-1024x576.jpg 1024w, https:\/\/climbat.com\/wp-content\/uploads\/2023\/04\/TV_SOCI_MAY_LFX_CAT-768x432.jpg 768w, https:\/\/climbat.com\/wp-content\/uploads\/2023\/04\/TV_SOCI_MAY_LFX_CAT-1536x864.jpg 1536w, https:\/\/climbat.com\/wp-content\/uploads\/2023\/04\/TV_SOCI_MAY_LFX_CAT-120x68.jpg 120w, https:\/\/climbat.com\/wp-content\/uploads\/2023\/04\/TV_SOCI_MAY_LFX_CAT-81x46.jpg 81w, https:\/\/climbat.com\/wp-content\/uploads\/2023\/04\/TV_SOCI_MAY_LFX_CAT.jpg 1920w\" sizes=\"(max-width: 1200px) 100vw, 1200px\" \/><\/a><\/div>                   \t\t<div class=\"post-details pofo-post-description\">  \t\t\t\t\t\t<div class=\"novedad-title-container\"><a href=\"https:\/\/climbat.com\/ca\/dia-del-soci-a-foix\/\" class=\"title-novedad-post\">DIA DEL SOCI\/A<\/a><\/div>                        <div class=\"entry-content margin-10px-bottom\"                            style=\"font-size: 16px; font-weight: 400; color: #000000;\" data-fontsize=\"16px\">Socis\/es volem celebrar amb vosaltres!T'agradaria compartir la teva passi\u00f3 per l'escalada amb un amic o...<\/div>                        <div class=\"separator-line-horrizontal-full bg-medium-light-gray no-margin-top margin-20px-bottom xs-margin-15px-bottom\"                            style=\"background-color:#000;\"><\/div>                            <a href=\"https:\/\/climbat.com\/ca\/dia-del-soci-a-foix\/\"                            class=\"btn-black btn no-margin white-space-normal btn-small\">Llegir m\u00e9s<\/a>                    <\/div>                <\/div>            <\/div>        <\/div>        <div class=\"blog-style7-1  margin-60px-bottom sm-margin-30px-bottom xs-margin-15px-bottom col-md-4 col-sm-6 col-xs-12 \">            <div class=\"post-23460 post type-post status-publish format-image has-post-thumbnail new-cajetilla-blanca\">                <div class=\"blog-post blog-post-style2 xs-text-center\">                    <div class=\"blog-post-images overflow-hidden margin-25px-bottom xs-margin-15px-bottom\"><a href=\"https:\/\/climbat.com\/ca\/j3-lliga-infantil\/\"><img width=\"1200\" height=\"733\" src=\"https:\/\/climbat.com\/wp-content\/uploads\/2023\/04\/TV_CLIMBAT_J3_LIGAINF_CAT-1200x733.jpg\" class=\"attachment-post-thumbnail size-post-thumbnail wp-post-image\" alt=\"\" decoding=\"async\" srcset=\"https:\/\/climbat.com\/wp-content\/uploads\/2023\/04\/TV_CLIMBAT_J3_LIGAINF_CAT-1200x733.jpg 1200w, https:\/\/climbat.com\/wp-content\/uploads\/2023\/04\/TV_CLIMBAT_J3_LIGAINF_CAT-300x183.jpg 300w, https:\/\/climbat.com\/wp-content\/uploads\/2023\/04\/TV_CLIMBAT_J3_LIGAINF_CAT-1024x626.jpg 1024w, https:\/\/climbat.com\/wp-content\/uploads\/2023\/04\/TV_CLIMBAT_J3_LIGAINF_CAT-768x469.jpg 768w, https:\/\/climbat.com\/wp-content\/uploads\/2023\/04\/TV_CLIMBAT_J3_LIGAINF_CAT-1536x939.jpg 1536w, https:\/\/climbat.com\/wp-content\/uploads\/2023\/04\/TV_CLIMBAT_J3_LIGAINF_CAT-120x73.jpg 120w, https:\/\/climbat.com\/wp-content\/uploads\/2023\/04\/TV_CLIMBAT_J3_LIGAINF_CAT-81x50.jpg 81w, https:\/\/climbat.com\/wp-content\/uploads\/2023\/04\/TV_CLIMBAT_J3_LIGAINF_CAT.jpg 1767w\" sizes=\"(max-width: 1200px) 100vw, 1200px\" \/><\/a><\/div>                   \t\t<div class=\"post-details pofo-post-description\">  \t\t\t\t\t\t<div class=\"novedad-title-container\"><a href=\"https:\/\/climbat.com\/ca\/j3-lliga-infantil\/\" class=\"title-novedad-post\">J3 LLIGA INFANTIL<\/a><\/div>                        <div class=\"entry-content margin-10px-bottom\"                            style=\"font-size: 16px; font-weight: 400; color: #000000;\" data-fontsize=\"16px\">M\u00e9s de 450 participants en la jornada 2 de la Lliga Infantil&nbsp;i volem m\u00e9s\u2026!Ens ajudes...<\/div>                        <div class=\"separator-line-horrizontal-full bg-medium-light-gray no-margin-top margin-20px-bottom xs-margin-15px-bottom\"                            style=\"background-color:#000;\"><\/div>                            <a href=\"https:\/\/climbat.com\/ca\/j3-lliga-infantil\/\"                            class=\"btn-black btn no-margin white-space-normal btn-small\">Llegir m\u00e9s<\/a>                    <\/div>                <\/div>            <\/div>        <\/div>        <div class=\"blog-style7-1  margin-60px-bottom sm-margin-30px-bottom xs-margin-15px-bottom col-md-4 col-sm-6 col-xs-12 \">            <div class=\"post-23460 post type-post status-publish format-image has-post-thumbnail new-cajetilla-blanca\">                <div class=\"blog-post blog-post-style2 xs-text-center\">                    <div class=\"blog-post-images overflow-hidden margin-25px-bottom xs-margin-15px-bottom\"><a href=\"https:\/\/climbat.com\/ca\/escola-descalada\/\"><img width=\"1200\" height=\"675\" src=\"https:\/\/climbat.com\/wp-content\/uploads\/2023\/04\/TV_ESCOLAESTIU_CAT-1200x675.jpg\" class=\"attachment-post-thumbnail size-post-thumbnail wp-post-image\" alt=\"\" decoding=\"async\" srcset=\"https:\/\/climbat.com\/wp-content\/uploads\/2023\/04\/TV_ESCOLAESTIU_CAT-1200x675.jpg 1200w, https:\/\/climbat.com\/wp-content\/uploads\/2023\/04\/TV_ESCOLAESTIU_CAT-300x169.jpg 300w, https:\/\/climbat.com\/wp-content\/uploads\/2023\/04\/TV_ESCOLAESTIU_CAT-1024x576.jpg 1024w, https:\/\/climbat.com\/wp-content\/uploads\/2023\/04\/TV_ESCOLAESTIU_CAT-768x432.jpg 768w, https:\/\/climbat.com\/wp-content\/uploads\/2023\/04\/TV_ESCOLAESTIU_CAT-1536x864.jpg 1536w, https:\/\/climbat.com\/wp-content\/uploads\/2023\/04\/TV_ESCOLAESTIU_CAT-120x68.jpg 120w, https:\/\/climbat.com\/wp-content\/uploads\/2023\/04\/TV_ESCOLAESTIU_CAT-81x46.jpg 81w, https:\/\/climbat.com\/wp-content\/uploads\/2023\/04\/TV_ESCOLAESTIU_CAT.jpg 1920w\" sizes=\"(max-width: 1200px) 100vw, 1200px\" \/><\/a><\/div>                   \t\t<div class=\"post-details pofo-post-description\">  \t\t\t\t\t\t<div class=\"novedad-title-container\"><a href=\"https:\/\/climbat.com\/ca\/escola-descalada\/\" class=\"title-novedad-post\">ESCOLA D&#8217;ESCALADA<\/a><\/div>                        <div class=\"entry-content margin-10px-bottom\"                            style=\"font-size: 16px; font-weight: 400; color: #000000;\" data-fontsize=\"16px\">No tens bastant escalant durant tot el curs i vols continuar millorant?Ja \u00e9s aqu\u00ed l'Escola...<\/div>                        <div class=\"separator-line-horrizontal-full bg-medium-light-gray no-margin-top margin-20px-bottom xs-margin-15px-bottom\"                            style=\"background-color:#000;\"><\/div>                            <a href=\"https:\/\/climbat.com\/ca\/escola-descalada\/\"                            class=\"btn-black btn no-margin white-space-normal btn-small\">Llegir m\u00e9s<\/a>                    <\/div>                <\/div>            <\/div>        <\/div>        <div class=\"blog-style7-1  margin-60px-bottom sm-margin-30px-bottom xs-margin-15px-bottom col-md-4 col-sm-6 col-xs-12 \">            <div class=\"post-23460 post type-post status-publish format-image has-post-thumbnail new-cajetilla-blanca\">                <div class=\"blog-post blog-post-style2 xs-text-center\">                    <div class=\"blog-post-images overflow-hidden margin-25px-bottom xs-margin-15px-bottom\"><a href=\"https:\/\/climbat.com\/ca\/dia-de-la-mare\/\"><img width=\"1200\" height=\"675\" src=\"https:\/\/climbat.com\/wp-content\/uploads\/2023\/04\/TV_DIAMADRE_CAT--1200x675.jpg\" class=\"attachment-post-thumbnail size-post-thumbnail wp-post-image\" alt=\"\" decoding=\"async\" srcset=\"https:\/\/climbat.com\/wp-content\/uploads\/2023\/04\/TV_DIAMADRE_CAT--1200x675.jpg 1200w, https:\/\/climbat.com\/wp-content\/uploads\/2023\/04\/TV_DIAMADRE_CAT--300x169.jpg 300w, https:\/\/climbat.com\/wp-content\/uploads\/2023\/04\/TV_DIAMADRE_CAT--1024x576.jpg 1024w, https:\/\/climbat.com\/wp-content\/uploads\/2023\/04\/TV_DIAMADRE_CAT--768x432.jpg 768w, https:\/\/climbat.com\/wp-content\/uploads\/2023\/04\/TV_DIAMADRE_CAT--1536x864.jpg 1536w, https:\/\/climbat.com\/wp-content\/uploads\/2023\/04\/TV_DIAMADRE_CAT--120x68.jpg 120w, https:\/\/climbat.com\/wp-content\/uploads\/2023\/04\/TV_DIAMADRE_CAT--81x46.jpg 81w, https:\/\/climbat.com\/wp-content\/uploads\/2023\/04\/TV_DIAMADRE_CAT-.jpg 1920w\" sizes=\"(max-width: 1200px) 100vw, 1200px\" \/><\/a><\/div>                   \t\t<div class=\"post-details pofo-post-description\">  \t\t\t\t\t\t<div class=\"novedad-title-container\"><a href=\"https:\/\/climbat.com\/ca\/dia-de-la-mare\/\" class=\"title-novedad-post\">DIA DE LA MARE<\/a><\/div>                        <div class=\"entry-content margin-10px-bottom\"                            style=\"font-size: 16px; font-weight: 400; color: #000000;\" data-fontsize=\"16px\">Escalar amb la teva fam\u00edlia i passar temps units \u00e9s una manera genial de crear...<\/div>                        <div class=\"separator-line-horrizontal-full bg-medium-light-gray no-margin-top margin-20px-bottom xs-margin-15px-bottom\"                            style=\"background-color:#000;\"><\/div>                            <a href=\"https:\/\/climbat.com\/ca\/dia-de-la-mare\/\"                            class=\"btn-black btn no-margin white-space-normal btn-small\">Llegir m\u00e9s<\/a>                    <\/div>                <\/div>            <\/div>        <\/div>        <div class=\"blog-style7-1  margin-60px-bottom sm-margin-30px-bottom xs-margin-15px-bottom col-md-4 col-sm-6 col-xs-12 \">            <div class=\"post-23460 post type-post status-publish format-image has-post-thumbnail new-cajetilla-blanca\">                <div class=\"blog-post blog-post-style2 xs-text-center\">                    <div class=\"blog-post-images overflow-hidden margin-25px-bottom xs-margin-15px-bottom\"><a href=\"https:\/\/climbat.com\/ca\/campaments-destiu\/\"><img width=\"1200\" height=\"675\" src=\"https:\/\/climbat.com\/wp-content\/uploads\/2023\/04\/TV_CAMPS_LFX_CAT-1200x675.jpg\" class=\"attachment-post-thumbnail size-post-thumbnail wp-post-image\" alt=\"\" decoding=\"async\" srcset=\"https:\/\/climbat.com\/wp-content\/uploads\/2023\/04\/TV_CAMPS_LFX_CAT-1200x675.jpg 1200w, https:\/\/climbat.com\/wp-content\/uploads\/2023\/04\/TV_CAMPS_LFX_CAT-300x169.jpg 300w, https:\/\/climbat.com\/wp-content\/uploads\/2023\/04\/TV_CAMPS_LFX_CAT-1024x576.jpg 1024w, https:\/\/climbat.com\/wp-content\/uploads\/2023\/04\/TV_CAMPS_LFX_CAT-768x432.jpg 768w, https:\/\/climbat.com\/wp-content\/uploads\/2023\/04\/TV_CAMPS_LFX_CAT-1536x864.jpg 1536w, https:\/\/climbat.com\/wp-content\/uploads\/2023\/04\/TV_CAMPS_LFX_CAT-120x68.jpg 120w, https:\/\/climbat.com\/wp-content\/uploads\/2023\/04\/TV_CAMPS_LFX_CAT-81x46.jpg 81w, https:\/\/climbat.com\/wp-content\/uploads\/2023\/04\/TV_CAMPS_LFX_CAT.jpg 1920w\" sizes=\"(max-width: 1200px) 100vw, 1200px\" \/><\/a><\/div>                   \t\t<div class=\"post-details pofo-post-description\">  \t\t\t\t\t\t<div class=\"novedad-title-container\"><a href=\"https:\/\/climbat.com\/ca\/campaments-destiu\/\" class=\"title-novedad-post\">CAMPAMENTS D&#8217;ESTIU<\/a><\/div>                        <div class=\"entry-content margin-10px-bottom\"                            style=\"font-size: 16px; font-weight: 400; color: #000000;\" data-fontsize=\"16px\">Aviat arribar\u00e0 l'\u00e8poca m\u00e9s divertida de l'any per als nens\/es, les vacances d'estiu! Si s\u00f3n...<\/div>                        <div class=\"separator-line-horrizontal-full bg-medium-light-gray no-margin-top margin-20px-bottom xs-margin-15px-bottom\"                            style=\"background-color:#000;\"><\/div>                            <a href=\"https:\/\/climbat.com\/ca\/campaments-destiu\/\"                            class=\"btn-black btn no-margin white-space-normal btn-small\">Llegir m\u00e9s<\/a>                    <\/div>                <\/div>            <\/div>        <\/div>        <div class=\"blog-style7-1  margin-60px-bottom sm-margin-30px-bottom xs-margin-15px-bottom col-md-4 col-sm-6 col-xs-12 \">            <div class=\"post-23460 post type-post status-publish format-image has-post-thumbnail new-cajetilla-blanca\">                <div class=\"blog-post blog-post-style2 xs-text-center\">                    <div class=\"blog-post-images overflow-hidden margin-25px-bottom xs-margin-15px-bottom\"><a href=\"https:\/\/climbat.com\/ca\/dia-del-soci-abril\/\"><img width=\"1200\" height=\"675\" src=\"https:\/\/climbat.com\/wp-content\/uploads\/2023\/03\/TV_SOCI_ABR_LFX_CAT-1200x675.jpg\" class=\"attachment-post-thumbnail size-post-thumbnail wp-post-image\" alt=\"\" decoding=\"async\" srcset=\"https:\/\/climbat.com\/wp-content\/uploads\/2023\/03\/TV_SOCI_ABR_LFX_CAT-1200x675.jpg 1200w, https:\/\/climbat.com\/wp-content\/uploads\/2023\/03\/TV_SOCI_ABR_LFX_CAT-300x169.jpg 300w, https:\/\/climbat.com\/wp-content\/uploads\/2023\/03\/TV_SOCI_ABR_LFX_CAT-1024x576.jpg 1024w, https:\/\/climbat.com\/wp-content\/uploads\/2023\/03\/TV_SOCI_ABR_LFX_CAT-768x432.jpg 768w, https:\/\/climbat.com\/wp-content\/uploads\/2023\/03\/TV_SOCI_ABR_LFX_CAT-1536x864.jpg 1536w, https:\/\/climbat.com\/wp-content\/uploads\/2023\/03\/TV_SOCI_ABR_LFX_CAT-120x68.jpg 120w, https:\/\/climbat.com\/wp-content\/uploads\/2023\/03\/TV_SOCI_ABR_LFX_CAT-81x46.jpg 81w, https:\/\/climbat.com\/wp-content\/uploads\/2023\/03\/TV_SOCI_ABR_LFX_CAT.jpg 1920w\" sizes=\"(max-width: 1200px) 100vw, 1200px\" \/><\/a><\/div>                   \t\t<div class=\"post-details pofo-post-description\">  \t\t\t\t\t\t<div class=\"novedad-title-container\"><a href=\"https:\/\/climbat.com\/ca\/dia-del-soci-abril\/\" class=\"title-novedad-post\">DIA DEL SOCI\/A<\/a><\/div>                        <div class=\"entry-content margin-10px-bottom\"                            style=\"font-size: 16px; font-weight: 400; color: #000000;\" data-fontsize=\"16px\">Amb el bon temps a Climbat, volem celebrar amb vosaltres... fent coses diferents, seguint la...<\/div>                        <div class=\"separator-line-horrizontal-full bg-medium-light-gray no-margin-top margin-20px-bottom xs-margin-15px-bottom\"                            style=\"background-color:#000;\"><\/div>                            <a href=\"https:\/\/climbat.com\/ca\/dia-del-soci-abril\/\"                            class=\"btn-black btn no-margin white-space-normal btn-small\">Llegir m\u00e9s<\/a>                    <\/div>                <\/div>            <\/div>        <\/div>        <div class=\"blog-style7-1  margin-60px-bottom sm-margin-30px-bottom xs-margin-15px-bottom col-md-4 col-sm-6 col-xs-12 \">            <div class=\"post-23460 post type-post status-publish format-image has-post-thumbnail new-cajetilla-blanca\">                <div class=\"blog-post blog-post-style2 xs-text-center\">                    <div class=\"blog-post-images overflow-hidden margin-25px-bottom xs-margin-15px-bottom\"><a href=\"https:\/\/climbat.com\/ca\/mes-de-450-participants-a-la-segona-jornada-de-la-lliga-infantil-climbat\/\"><img width=\"1157\" height=\"771\" src=\"https:\/\/climbat.com\/wp-content\/uploads\/2023\/03\/LIGA-INF-J2-MAD-1-1157x771.jpg\" class=\"attachment-post-thumbnail size-post-thumbnail wp-post-image\" alt=\"\" decoding=\"async\" srcset=\"https:\/\/climbat.com\/wp-content\/uploads\/2023\/03\/LIGA-INF-J2-MAD-1-1157x771.jpg 1157w, https:\/\/climbat.com\/wp-content\/uploads\/2023\/03\/LIGA-INF-J2-MAD-1-300x200.jpg 300w, https:\/\/climbat.com\/wp-content\/uploads\/2023\/03\/LIGA-INF-J2-MAD-1-1024x683.jpg 1024w, https:\/\/climbat.com\/wp-content\/uploads\/2023\/03\/LIGA-INF-J2-MAD-1-768x512.jpg 768w, https:\/\/climbat.com\/wp-content\/uploads\/2023\/03\/LIGA-INF-J2-MAD-1-1536x1024.jpg 1536w, https:\/\/climbat.com\/wp-content\/uploads\/2023\/03\/LIGA-INF-J2-MAD-1-2048x1365.jpg 2048w, https:\/\/climbat.com\/wp-content\/uploads\/2023\/03\/LIGA-INF-J2-MAD-1-120x80.jpg 120w, https:\/\/climbat.com\/wp-content\/uploads\/2023\/03\/LIGA-INF-J2-MAD-1-81x54.jpg 81w\" sizes=\"(max-width: 1157px) 100vw, 1157px\" \/><\/a><\/div>                   \t\t<div class=\"post-details pofo-post-description\">  \t\t\t\t\t\t<div class=\"novedad-title-container\"><a href=\"https:\/\/climbat.com\/ca\/mes-de-450-participants-a-la-segona-jornada-de-la-lliga-infantil-climbat\/\" class=\"title-novedad-post\">M\u00c9S DE 450 PARTICIPANTS A LA SEGONA JORNADA DE LA LLIGA INFANTIL CLIMBAT<\/a><\/div>                        <div class=\"entry-content margin-10px-bottom\"                            style=\"font-size: 16px; font-weight: 400; color: #000000;\" data-fontsize=\"16px\">Climbat&nbsp;Centers&nbsp;va viure diumenge passat 26 de mar\u00e7 la segona jornada de la Lliga Infantil&nbsp;Climbat&nbsp;als centres&nbsp;CEM&nbsp;d\u2019Escalada&nbsp;Climbat&nbsp;La&nbsp;Foixarda,&nbsp;Climbat&nbsp;X-Madrid,&nbsp;Climbat&nbsp;Zaragoza...<\/div>                        <div class=\"separator-line-horrizontal-full bg-medium-light-gray no-margin-top margin-20px-bottom xs-margin-15px-bottom\"                            style=\"background-color:#000;\"><\/div>                            <a href=\"https:\/\/climbat.com\/ca\/mes-de-450-participants-a-la-segona-jornada-de-la-lliga-infantil-climbat\/\"                            class=\"btn-black btn no-margin white-space-normal btn-small\">Llegir m\u00e9s<\/a>                    <\/div>                <\/div>            <\/div>        <\/div>        <div class=\"blog-style7-1  margin-60px-bottom sm-margin-30px-bottom xs-margin-15px-bottom col-md-4 col-sm-6 col-xs-12 \">            <div class=\"post-23460 post type-post status-publish format-image has-post-thumbnail new-cajetilla-blanca\">                <div class=\"blog-post blog-post-style2 xs-text-center\">                    <div class=\"blog-post-images overflow-hidden margin-25px-bottom xs-margin-15px-bottom\"><a href=\"https:\/\/climbat.com\/ca\/mes-amic\/\"><img width=\"1200\" height=\"675\" src=\"https:\/\/climbat.com\/wp-content\/uploads\/2023\/03\/TV_AMIGO-1200x675.jpg\" class=\"attachment-post-thumbnail size-post-thumbnail wp-post-image\" alt=\"MES DEL AMIGO\" decoding=\"async\" srcset=\"https:\/\/climbat.com\/wp-content\/uploads\/2023\/03\/TV_AMIGO-1200x675.jpg 1200w, https:\/\/climbat.com\/wp-content\/uploads\/2023\/03\/TV_AMIGO-300x169.jpg 300w, https:\/\/climbat.com\/wp-content\/uploads\/2023\/03\/TV_AMIGO-1024x576.jpg 1024w, https:\/\/climbat.com\/wp-content\/uploads\/2023\/03\/TV_AMIGO-768x432.jpg 768w, https:\/\/climbat.com\/wp-content\/uploads\/2023\/03\/TV_AMIGO-1536x864.jpg 1536w, https:\/\/climbat.com\/wp-content\/uploads\/2023\/03\/TV_AMIGO-120x68.jpg 120w, https:\/\/climbat.com\/wp-content\/uploads\/2023\/03\/TV_AMIGO-81x46.jpg 81w, https:\/\/climbat.com\/wp-content\/uploads\/2023\/03\/TV_AMIGO.jpg 1920w\" sizes=\"(max-width: 1200px) 100vw, 1200px\" \/><\/a><\/div>                   \t\t<div class=\"post-details pofo-post-description\">  \t\t\t\t\t\t<div class=\"novedad-title-container\"><a href=\"https:\/\/climbat.com\/ca\/mes-amic\/\" class=\"title-novedad-post\">MES DE L&#8217;AMIC I L&#8217;AMIGA<\/a><\/div>                        <div class=\"entry-content margin-10px-bottom\"                            style=\"font-size: 16px; font-weight: 400; color: #000000;\" data-fontsize=\"16px\">Climbat&nbsp;\u00e9s m\u00e9s que un roc\u00f2drom, \u00e9s l'espai on compartir moments amb els teus! Ens encanta...<\/div>                        <div class=\"separator-line-horrizontal-full bg-medium-light-gray no-margin-top margin-20px-bottom xs-margin-15px-bottom\"                            style=\"background-color:#000;\"><\/div>                            <a href=\"https:\/\/climbat.com\/ca\/mes-amic\/\"                            class=\"btn-black btn no-margin white-space-normal btn-small\">Llegir m\u00e9s<\/a>                    <\/div>                <\/div>            <\/div>        <\/div>        <div class=\"blog-style7-1  margin-60px-bottom sm-margin-30px-bottom xs-margin-15px-bottom col-md-4 col-sm-6 col-xs-12 \">            <div class=\"post-23460 post type-post status-publish format-image has-post-thumbnail new-cajetilla-blanca\">                <div class=\"blog-post blog-post-style2 xs-text-center\">                    <div class=\"blog-post-images overflow-hidden margin-25px-bottom xs-margin-15px-bottom\"><a href=\"https:\/\/climbat.com\/ca\/climbat-kombat\/\"><img width=\"1200\" height=\"675\" src=\"https:\/\/climbat.com\/wp-content\/uploads\/2023\/04\/KOMBAT_CAT_TV-1200x675.jpg\" class=\"attachment-post-thumbnail size-post-thumbnail wp-post-image\" alt=\"\" decoding=\"async\" srcset=\"https:\/\/climbat.com\/wp-content\/uploads\/2023\/04\/KOMBAT_CAT_TV-1200x675.jpg 1200w, https:\/\/climbat.com\/wp-content\/uploads\/2023\/04\/KOMBAT_CAT_TV-300x169.jpg 300w, https:\/\/climbat.com\/wp-content\/uploads\/2023\/04\/KOMBAT_CAT_TV-1024x576.jpg 1024w, https:\/\/climbat.com\/wp-content\/uploads\/2023\/04\/KOMBAT_CAT_TV-768x432.jpg 768w, https:\/\/climbat.com\/wp-content\/uploads\/2023\/04\/KOMBAT_CAT_TV-1536x864.jpg 1536w, https:\/\/climbat.com\/wp-content\/uploads\/2023\/04\/KOMBAT_CAT_TV-120x68.jpg 120w, https:\/\/climbat.com\/wp-content\/uploads\/2023\/04\/KOMBAT_CAT_TV-81x46.jpg 81w, https:\/\/climbat.com\/wp-content\/uploads\/2023\/04\/KOMBAT_CAT_TV.jpg 1920w\" sizes=\"(max-width: 1200px) 100vw, 1200px\" \/><\/a><\/div>                   \t\t<div class=\"post-details pofo-post-description\">  \t\t\t\t\t\t<div class=\"novedad-title-container\"><a href=\"https:\/\/climbat.com\/ca\/climbat-kombat\/\" class=\"title-novedad-post\">CLIMBAT KOMBAT<\/a><\/div>                        <div class=\"entry-content margin-10px-bottom\"                            style=\"font-size: 16px; font-weight: 400; color: #000000;\" data-fontsize=\"16px\">T'imagines poder veure al Dani Andrada competint en un duel u contra u amb Edu...<\/div>                        <div class=\"separator-line-horrizontal-full bg-medium-light-gray no-margin-top margin-20px-bottom xs-margin-15px-bottom\"                            style=\"background-color:#000;\"><\/div>                            <a href=\"https:\/\/climbat.com\/ca\/climbat-kombat\/\"                            class=\"btn-black btn no-margin white-space-normal btn-small\">Llegir m\u00e9s<\/a>                    <\/div>                <\/div>            <\/div>        <\/div>        <div class=\"blog-style7-1  margin-60px-bottom sm-margin-30px-bottom xs-margin-15px-bottom col-md-4 col-sm-6 col-xs-12 \">            <div class=\"post-23460 post type-post status-publish format-image has-post-thumbnail new-cajetilla-blanca\">                <div class=\"blog-post blog-post-style2 xs-text-center\">                    <div class=\"blog-post-images overflow-hidden margin-25px-bottom xs-margin-15px-bottom\"><a href=\"https:\/\/climbat.com\/ca\/open-bloc-ciutat-de-barcelona\/\"><img width=\"1200\" height=\"675\" src=\"https:\/\/climbat.com\/wp-content\/uploads\/2023\/03\/KOPEN_CAT_TV-1200x675.jpg\" class=\"attachment-post-thumbnail size-post-thumbnail wp-post-image\" alt=\"\" decoding=\"async\" srcset=\"https:\/\/climbat.com\/wp-content\/uploads\/2023\/03\/KOPEN_CAT_TV-1200x675.jpg 1200w, https:\/\/climbat.com\/wp-content\/uploads\/2023\/03\/KOPEN_CAT_TV-300x169.jpg 300w, https:\/\/climbat.com\/wp-content\/uploads\/2023\/03\/KOPEN_CAT_TV-1024x576.jpg 1024w, https:\/\/climbat.com\/wp-content\/uploads\/2023\/03\/KOPEN_CAT_TV-768x432.jpg 768w, https:\/\/climbat.com\/wp-content\/uploads\/2023\/03\/KOPEN_CAT_TV-1536x864.jpg 1536w, https:\/\/climbat.com\/wp-content\/uploads\/2023\/03\/KOPEN_CAT_TV-120x68.jpg 120w, https:\/\/climbat.com\/wp-content\/uploads\/2023\/03\/KOPEN_CAT_TV-81x46.jpg 81w, https:\/\/climbat.com\/wp-content\/uploads\/2023\/03\/KOPEN_CAT_TV.jpg 1920w\" sizes=\"(max-width: 1200px) 100vw, 1200px\" \/><\/a><\/div>                   \t\t<div class=\"post-details pofo-post-description\">  \t\t\t\t\t\t<div class=\"novedad-title-container\"><a href=\"https:\/\/climbat.com\/ca\/open-bloc-ciutat-de-barcelona\/\" class=\"title-novedad-post\">I OPEN BLOC CIUTAT DE BARCELONA<\/a><\/div>                        <div class=\"entry-content margin-10px-bottom\"                            style=\"font-size: 16px; font-weight: 400; color: #000000;\" data-fontsize=\"16px\">Vols posar-te a prova i demostrar que ets un gran escalador o escaladora? Vols veure...<\/div>                        <div class=\"separator-line-horrizontal-full bg-medium-light-gray no-margin-top margin-20px-bottom xs-margin-15px-bottom\"                            style=\"background-color:#000;\"><\/div>                            <a href=\"https:\/\/climbat.com\/ca\/open-bloc-ciutat-de-barcelona\/\"                            class=\"btn-black btn no-margin white-space-normal btn-small\">Llegir m\u00e9s<\/a>                    <\/div>                <\/div>            <\/div>        <\/div>        <div class=\"blog-style7-1  margin-60px-bottom sm-margin-30px-bottom xs-margin-15px-bottom col-md-4 col-sm-6 col-xs-12 \">            <div class=\"post-23460 post type-post status-publish format-image has-post-thumbnail new-cajetilla-blanca\">                <div class=\"blog-post blog-post-style2 xs-text-center\">                    <div class=\"blog-post-images overflow-hidden margin-25px-bottom xs-margin-15px-bottom\"><a href=\"https:\/\/climbat.com\/ca\/iso\/\"><img width=\"1200\" height=\"675\" src=\"https:\/\/climbat.com\/wp-content\/uploads\/2023\/03\/TV_ISO_CLIMBAT-1200x675.jpg\" class=\"attachment-post-thumbnail size-post-thumbnail wp-post-image\" alt=\"ISO\" decoding=\"async\" srcset=\"https:\/\/climbat.com\/wp-content\/uploads\/2023\/03\/TV_ISO_CLIMBAT-1200x675.jpg 1200w, https:\/\/climbat.com\/wp-content\/uploads\/2023\/03\/TV_ISO_CLIMBAT-300x169.jpg 300w, https:\/\/climbat.com\/wp-content\/uploads\/2023\/03\/TV_ISO_CLIMBAT-1024x576.jpg 1024w, https:\/\/climbat.com\/wp-content\/uploads\/2023\/03\/TV_ISO_CLIMBAT-768x432.jpg 768w, https:\/\/climbat.com\/wp-content\/uploads\/2023\/03\/TV_ISO_CLIMBAT-1536x864.jpg 1536w, https:\/\/climbat.com\/wp-content\/uploads\/2023\/03\/TV_ISO_CLIMBAT-120x68.jpg 120w, https:\/\/climbat.com\/wp-content\/uploads\/2023\/03\/TV_ISO_CLIMBAT-81x46.jpg 81w, https:\/\/climbat.com\/wp-content\/uploads\/2023\/03\/TV_ISO_CLIMBAT.jpg 1920w\" sizes=\"(max-width: 1200px) 100vw, 1200px\" \/><\/a><\/div>                   \t\t<div class=\"post-details pofo-post-description\">  \t\t\t\t\t\t<div class=\"novedad-title-container\"><a href=\"https:\/\/climbat.com\/ca\/iso\/\" class=\"title-novedad-post\">CLIMBAT CENTERS HA OBTINGUT LES CERTIFICACIONS ISO 9001 I ISO\/IEC 27001<\/a><\/div>                        <div class=\"entry-content margin-10px-bottom\"                            style=\"font-size: 16px; font-weight: 400; color: #000000;\" data-fontsize=\"16px\">A Climbat tenim clar que hem d'evolucionar constantment com a empresa, posant les necessitats dels...<\/div>                        <div class=\"separator-line-horrizontal-full bg-medium-light-gray no-margin-top margin-20px-bottom xs-margin-15px-bottom\"                            style=\"background-color:#000;\"><\/div>                            <a href=\"https:\/\/climbat.com\/ca\/iso\/\"                            class=\"btn-black btn no-margin white-space-normal btn-small\">Llegir m\u00e9s<\/a>                    <\/div>                <\/div>            <\/div>        <\/div>        <div class=\"blog-style7-1  margin-60px-bottom sm-margin-30px-bottom xs-margin-15px-bottom col-md-4 col-sm-6 col-xs-12 \">            <div class=\"post-23460 post type-post status-publish format-image has-post-thumbnail new-cajetilla-blanca\">                <div class=\"blog-post blog-post-style2 xs-text-center\">                    <div class=\"blog-post-images overflow-hidden margin-25px-bottom xs-margin-15px-bottom\"><a href=\"https:\/\/climbat.com\/ca\/roco-roca-lfx-marc\/\"><img width=\"1200\" height=\"709\" src=\"https:\/\/climbat.com\/wp-content\/uploads\/2023\/02\/TV_DEL-ROCO-A-LA-ROCA_CAT-1-1200x709.jpg\" class=\"attachment-post-thumbnail size-post-thumbnail wp-post-image\" alt=\"\" decoding=\"async\" srcset=\"https:\/\/climbat.com\/wp-content\/uploads\/2023\/02\/TV_DEL-ROCO-A-LA-ROCA_CAT-1-1200x709.jpg 1200w, https:\/\/climbat.com\/wp-content\/uploads\/2023\/02\/TV_DEL-ROCO-A-LA-ROCA_CAT-1-300x177.jpg 300w, https:\/\/climbat.com\/wp-content\/uploads\/2023\/02\/TV_DEL-ROCO-A-LA-ROCA_CAT-1-1024x605.jpg 1024w, https:\/\/climbat.com\/wp-content\/uploads\/2023\/02\/TV_DEL-ROCO-A-LA-ROCA_CAT-1-768x454.jpg 768w, https:\/\/climbat.com\/wp-content\/uploads\/2023\/02\/TV_DEL-ROCO-A-LA-ROCA_CAT-1-1536x908.jpg 1536w, https:\/\/climbat.com\/wp-content\/uploads\/2023\/02\/TV_DEL-ROCO-A-LA-ROCA_CAT-1-120x71.jpg 120w, https:\/\/climbat.com\/wp-content\/uploads\/2023\/02\/TV_DEL-ROCO-A-LA-ROCA_CAT-1-81x48.jpg 81w, https:\/\/climbat.com\/wp-content\/uploads\/2023\/02\/TV_DEL-ROCO-A-LA-ROCA_CAT-1.jpg 1920w\" sizes=\"(max-width: 1200px) 100vw, 1200px\" \/><\/a><\/div>                   \t\t<div class=\"post-details pofo-post-description\">  \t\t\t\t\t\t<div class=\"novedad-title-container\"><a href=\"https:\/\/climbat.com\/ca\/roco-roca-lfx-marc\/\" class=\"title-novedad-post\">TALLER DEL ROCO A LA ROCA<\/a><\/div>                        <div class=\"entry-content margin-10px-bottom\"                            style=\"font-size: 16px; font-weight: 400; color: #000000;\" data-fontsize=\"16px\">Sabem que t'agrada l'escalada al roc\u00f2drom, pero no volem que et perdis l'experi\u00e8ncia de viure...<\/div>                        <div class=\"separator-line-horrizontal-full bg-medium-light-gray no-margin-top margin-20px-bottom xs-margin-15px-bottom\"                            style=\"background-color:#000;\"><\/div>                            <a href=\"https:\/\/climbat.com\/ca\/roco-roca-lfx-marc\/\"                            class=\"btn-black btn no-margin white-space-normal btn-small\">Llegir m\u00e9s<\/a>                    <\/div>                <\/div>            <\/div>        <\/div>        <div class=\"blog-style7-1  margin-60px-bottom sm-margin-30px-bottom xs-margin-15px-bottom col-md-4 col-sm-6 col-xs-12 \">            <div class=\"post-23460 post type-post status-publish format-image has-post-thumbnail new-cajetilla-blanca\">                <div class=\"blog-post blog-post-style2 xs-text-center\">                    <div class=\"blog-post-images overflow-hidden margin-25px-bottom xs-margin-15px-bottom\"><a href=\"https:\/\/climbat.com\/ca\/gaudeix-del-dia-del-pare\/\"><img width=\"1200\" height=\"675\" src=\"https:\/\/climbat.com\/wp-content\/uploads\/2023\/02\/TV_DIAPADRE_CAT-1200x675.jpg\" class=\"attachment-post-thumbnail size-post-thumbnail wp-post-image\" alt=\"\" decoding=\"async\" srcset=\"https:\/\/climbat.com\/wp-content\/uploads\/2023\/02\/TV_DIAPADRE_CAT-1200x675.jpg 1200w, https:\/\/climbat.com\/wp-content\/uploads\/2023\/02\/TV_DIAPADRE_CAT-300x169.jpg 300w, https:\/\/climbat.com\/wp-content\/uploads\/2023\/02\/TV_DIAPADRE_CAT-1024x576.jpg 1024w, https:\/\/climbat.com\/wp-content\/uploads\/2023\/02\/TV_DIAPADRE_CAT-768x432.jpg 768w, https:\/\/climbat.com\/wp-content\/uploads\/2023\/02\/TV_DIAPADRE_CAT-1536x864.jpg 1536w, https:\/\/climbat.com\/wp-content\/uploads\/2023\/02\/TV_DIAPADRE_CAT-120x68.jpg 120w, https:\/\/climbat.com\/wp-content\/uploads\/2023\/02\/TV_DIAPADRE_CAT-81x46.jpg 81w, https:\/\/climbat.com\/wp-content\/uploads\/2023\/02\/TV_DIAPADRE_CAT.jpg 1920w\" sizes=\"(max-width: 1200px) 100vw, 1200px\" \/><\/a><\/div>                   \t\t<div class=\"post-details pofo-post-description\">  \t\t\t\t\t\t<div class=\"novedad-title-container\"><a href=\"https:\/\/climbat.com\/ca\/gaudeix-del-dia-del-pare\/\" class=\"title-novedad-post\">DIA DEL PARE<\/a><\/div>                        <div class=\"entry-content margin-10px-bottom\"                            style=\"font-size: 16px; font-weight: 400; color: #000000;\" data-fontsize=\"16px\">A Climbat apostem per&nbsp;l'escalada com a punt d'uni\u00f3! Practicar esport amb els fills i filles...<\/div>                        <div class=\"separator-line-horrizontal-full bg-medium-light-gray no-margin-top margin-20px-bottom xs-margin-15px-bottom\"                            style=\"background-color:#000;\"><\/div>                            <a href=\"https:\/\/climbat.com\/ca\/gaudeix-del-dia-del-pare\/\"                            class=\"btn-black btn no-margin white-space-normal btn-small\">Llegir m\u00e9s<\/a>                    <\/div>                <\/div>            <\/div>        <\/div>        <div class=\"blog-style7-1  margin-60px-bottom sm-margin-30px-bottom xs-margin-15px-bottom col-md-4 col-sm-6 col-xs-12 \">            <div class=\"post-23460 post type-post status-publish format-image has-post-thumbnail new-cajetilla-blanca\">                <div class=\"blog-post blog-post-style2 xs-text-center\">                    <div class=\"blog-post-images overflow-hidden margin-25px-bottom xs-margin-15px-bottom\"><a href=\"https:\/\/climbat.com\/ca\/dia-del-soci-a-3\/\"><img width=\"1200\" height=\"675\" src=\"https:\/\/climbat.com\/wp-content\/uploads\/2023\/02\/TV_SOCI_MAR_LFX_CAT-1-1200x675.jpg\" class=\"attachment-post-thumbnail size-post-thumbnail wp-post-image\" alt=\"\" decoding=\"async\" srcset=\"https:\/\/climbat.com\/wp-content\/uploads\/2023\/02\/TV_SOCI_MAR_LFX_CAT-1-1200x675.jpg 1200w, https:\/\/climbat.com\/wp-content\/uploads\/2023\/02\/TV_SOCI_MAR_LFX_CAT-1-300x169.jpg 300w, https:\/\/climbat.com\/wp-content\/uploads\/2023\/02\/TV_SOCI_MAR_LFX_CAT-1-1024x576.jpg 1024w, https:\/\/climbat.com\/wp-content\/uploads\/2023\/02\/TV_SOCI_MAR_LFX_CAT-1-768x432.jpg 768w, https:\/\/climbat.com\/wp-content\/uploads\/2023\/02\/TV_SOCI_MAR_LFX_CAT-1-1536x864.jpg 1536w, https:\/\/climbat.com\/wp-content\/uploads\/2023\/02\/TV_SOCI_MAR_LFX_CAT-1-120x68.jpg 120w, https:\/\/climbat.com\/wp-content\/uploads\/2023\/02\/TV_SOCI_MAR_LFX_CAT-1-81x46.jpg 81w, https:\/\/climbat.com\/wp-content\/uploads\/2023\/02\/TV_SOCI_MAR_LFX_CAT-1.jpg 1920w\" sizes=\"(max-width: 1200px) 100vw, 1200px\" \/><\/a><\/div>                   \t\t<div class=\"post-details pofo-post-description\">  \t\t\t\t\t\t<div class=\"novedad-title-container\"><a href=\"https:\/\/climbat.com\/ca\/dia-del-soci-a-3\/\" class=\"title-novedad-post\">DIA DEL SOCI\/A<\/a><\/div>                        <div class=\"entry-content margin-10px-bottom\"                            style=\"font-size: 16px; font-weight: 400; color: #000000;\" data-fontsize=\"16px\">Escaladors, escaladores arriba el dia del soci i la s\u00f2cia! Amb motiu de la setmana...<\/div>                        <div class=\"separator-line-horrizontal-full bg-medium-light-gray no-margin-top margin-20px-bottom xs-margin-15px-bottom\"                            style=\"background-color:#000;\"><\/div>                            <a href=\"https:\/\/climbat.com\/ca\/dia-del-soci-a-3\/\"                            class=\"btn-black btn no-margin white-space-normal btn-small\">Llegir m\u00e9s<\/a>                    <\/div>                <\/div>            <\/div>        <\/div>        <div class=\"blog-style7-1  margin-60px-bottom sm-margin-30px-bottom xs-margin-15px-bottom col-md-4 col-sm-6 col-xs-12 \">            <div class=\"post-23460 post type-post status-publish format-image has-post-thumbnail new-cajetilla-blanca\">                <div class=\"blog-post blog-post-style2 xs-text-center\">                    <div class=\"blog-post-images overflow-hidden margin-25px-bottom xs-margin-15px-bottom\"><a href=\"https:\/\/climbat.com\/ca\/reserva-els-campaments-de-setmana-santa\/\"><img width=\"1200\" height=\"675\" src=\"https:\/\/climbat.com\/wp-content\/uploads\/2023\/02\/TV_CAMPS_LFX_CAT-1200x675.jpg\" class=\"attachment-post-thumbnail size-post-thumbnail wp-post-image\" alt=\"\" decoding=\"async\" srcset=\"https:\/\/climbat.com\/wp-content\/uploads\/2023\/02\/TV_CAMPS_LFX_CAT-1200x675.jpg 1200w, https:\/\/climbat.com\/wp-content\/uploads\/2023\/02\/TV_CAMPS_LFX_CAT-300x169.jpg 300w, https:\/\/climbat.com\/wp-content\/uploads\/2023\/02\/TV_CAMPS_LFX_CAT-1024x576.jpg 1024w, https:\/\/climbat.com\/wp-content\/uploads\/2023\/02\/TV_CAMPS_LFX_CAT-768x432.jpg 768w, https:\/\/climbat.com\/wp-content\/uploads\/2023\/02\/TV_CAMPS_LFX_CAT-1536x864.jpg 1536w, https:\/\/climbat.com\/wp-content\/uploads\/2023\/02\/TV_CAMPS_LFX_CAT-120x68.jpg 120w, https:\/\/climbat.com\/wp-content\/uploads\/2023\/02\/TV_CAMPS_LFX_CAT-81x46.jpg 81w, https:\/\/climbat.com\/wp-content\/uploads\/2023\/02\/TV_CAMPS_LFX_CAT.jpg 1920w\" sizes=\"(max-width: 1200px) 100vw, 1200px\" \/><\/a><\/div>                   \t\t<div class=\"post-details pofo-post-description\">  \t\t\t\t\t\t<div class=\"novedad-title-container\"><a href=\"https:\/\/climbat.com\/ca\/reserva-els-campaments-de-setmana-santa\/\" class=\"title-novedad-post\">CASALS DE SETMANA SANTA<\/a><\/div>                        <div class=\"entry-content margin-10px-bottom\"                            style=\"font-size: 16px; font-weight: 400; color: #000000;\" data-fontsize=\"16px\">Sabem que les vacances escolars dels nens de la casa a vegades no s\u00f3n f\u00e0cils...<\/div>                        <div class=\"separator-line-horrizontal-full bg-medium-light-gray no-margin-top margin-20px-bottom xs-margin-15px-bottom\"                            style=\"background-color:#000;\"><\/div>                            <a href=\"https:\/\/climbat.com\/ca\/reserva-els-campaments-de-setmana-santa\/\"                            class=\"btn-black btn no-margin white-space-normal btn-small\">Llegir m\u00e9s<\/a>                    <\/div>                <\/div>            <\/div>        <\/div>        <div class=\"blog-style7-1  margin-60px-bottom sm-margin-30px-bottom xs-margin-15px-bottom col-md-4 col-sm-6 col-xs-12 \">            <div class=\"post-23460 post type-post status-publish format-image has-post-thumbnail new-cajetilla-blanca\">                <div class=\"blog-post blog-post-style2 xs-text-center\">                    <div class=\"blog-post-images overflow-hidden margin-25px-bottom xs-margin-15px-bottom\"><a href=\"https:\/\/climbat.com\/ca\/sortides-a-roca\/\"><img width=\"1200\" height=\"709\" src=\"https:\/\/climbat.com\/wp-content\/uploads\/2023\/01\/TV_SALIDASROCA_LFX_CAT-1200x709.jpg\" class=\"attachment-post-thumbnail size-post-thumbnail wp-post-image\" alt=\"\" decoding=\"async\" srcset=\"https:\/\/climbat.com\/wp-content\/uploads\/2023\/01\/TV_SALIDASROCA_LFX_CAT-1200x709.jpg 1200w, https:\/\/climbat.com\/wp-content\/uploads\/2023\/01\/TV_SALIDASROCA_LFX_CAT-300x177.jpg 300w, https:\/\/climbat.com\/wp-content\/uploads\/2023\/01\/TV_SALIDASROCA_LFX_CAT-1024x605.jpg 1024w, https:\/\/climbat.com\/wp-content\/uploads\/2023\/01\/TV_SALIDASROCA_LFX_CAT-768x454.jpg 768w, https:\/\/climbat.com\/wp-content\/uploads\/2023\/01\/TV_SALIDASROCA_LFX_CAT-1536x908.jpg 1536w, https:\/\/climbat.com\/wp-content\/uploads\/2023\/01\/TV_SALIDASROCA_LFX_CAT-120x71.jpg 120w, https:\/\/climbat.com\/wp-content\/uploads\/2023\/01\/TV_SALIDASROCA_LFX_CAT-81x48.jpg 81w, https:\/\/climbat.com\/wp-content\/uploads\/2023\/01\/TV_SALIDASROCA_LFX_CAT.jpg 1920w\" sizes=\"(max-width: 1200px) 100vw, 1200px\" \/><\/a><\/div>                   \t\t<div class=\"post-details pofo-post-description\">  \t\t\t\t\t\t<div class=\"novedad-title-container\"><a href=\"https:\/\/climbat.com\/ca\/sortides-a-roca\/\" class=\"title-novedad-post\">SORTIDES A ROCA<\/a><\/div>                        <div class=\"entry-content margin-10px-bottom\"                            style=\"font-size: 16px; font-weight: 400; color: #000000;\" data-fontsize=\"16px\">\u00bfFormes part de l'escola d'escalada o del curs base? \u00a1Al febrer tens una oportunitat \u00fanica...<\/div>                        <div class=\"separator-line-horrizontal-full bg-medium-light-gray no-margin-top margin-20px-bottom xs-margin-15px-bottom\"                            style=\"background-color:#000;\"><\/div>                            <a href=\"https:\/\/climbat.com\/ca\/sortides-a-roca\/\"                            class=\"btn-black btn no-margin white-space-normal btn-small\">Llegir m\u00e9s<\/a>                    <\/div>                <\/div>            <\/div>        <\/div>        <div class=\"blog-style7-1  margin-60px-bottom sm-margin-30px-bottom xs-margin-15px-bottom col-md-4 col-sm-6 col-xs-12 \">            <div class=\"post-23460 post type-post status-publish format-image has-post-thumbnail new-cajetilla-blanca\">                <div class=\"blog-post blog-post-style2 xs-text-center\">                    <div class=\"blog-post-images overflow-hidden margin-25px-bottom xs-margin-15px-bottom\"><a href=\"https:\/\/climbat.com\/ca\/lliga-2023\/\"><img width=\"1200\" height=\"675\" src=\"https:\/\/climbat.com\/wp-content\/uploads\/2023\/01\/lliga23cat-1-1200x675.jpeg\" class=\"attachment-post-thumbnail size-post-thumbnail wp-post-image\" alt=\"\" decoding=\"async\" srcset=\"https:\/\/climbat.com\/wp-content\/uploads\/2023\/01\/lliga23cat-1-1200x675.jpeg 1200w, https:\/\/climbat.com\/wp-content\/uploads\/2023\/01\/lliga23cat-1-300x169.jpeg 300w, https:\/\/climbat.com\/wp-content\/uploads\/2023\/01\/lliga23cat-1-1024x576.jpeg 1024w, https:\/\/climbat.com\/wp-content\/uploads\/2023\/01\/lliga23cat-1-768x432.jpeg 768w, https:\/\/climbat.com\/wp-content\/uploads\/2023\/01\/lliga23cat-1-1536x864.jpeg 1536w, https:\/\/climbat.com\/wp-content\/uploads\/2023\/01\/lliga23cat-1-120x68.jpeg 120w, https:\/\/climbat.com\/wp-content\/uploads\/2023\/01\/lliga23cat-1-81x46.jpeg 81w, https:\/\/climbat.com\/wp-content\/uploads\/2023\/01\/lliga23cat-1.jpeg 1600w\" sizes=\"(max-width: 1200px) 100vw, 1200px\" \/><\/a><\/div>                   \t\t<div class=\"post-details pofo-post-description\">  \t\t\t\t\t\t<div class=\"novedad-title-container\"><a href=\"https:\/\/climbat.com\/ca\/lliga-2023\/\" class=\"title-novedad-post\">LLIGA 2023<\/a><\/div>                        <div class=\"entry-content margin-10px-bottom\"                            style=\"font-size: 16px; font-weight: 400; color: #000000;\" data-fontsize=\"16px\">Comen\u00e7a el compte enrere per a la Lliga&nbsp;Climbat&nbsp;2023! Tot l'equip est\u00e0 treballant intensament perqu\u00e8 pugueu...<\/div>                        <div class=\"separator-line-horrizontal-full bg-medium-light-gray no-margin-top margin-20px-bottom xs-margin-15px-bottom\"                            style=\"background-color:#000;\"><\/div>                            <a href=\"https:\/\/climbat.com\/ca\/lliga-2023\/\"                            class=\"btn-black btn no-margin white-space-normal btn-small\">Llegir m\u00e9s<\/a>                    <\/div>                <\/div>            <\/div>        <\/div>        <div class=\"blog-style7-1  margin-60px-bottom sm-margin-30px-bottom xs-margin-15px-bottom col-md-4 col-sm-6 col-xs-12 \">            <div class=\"post-23460 post type-post status-publish format-image has-post-thumbnail new-cajetilla-blanca\">                <div class=\"blog-post blog-post-style2 xs-text-center\">                    <div class=\"blog-post-images overflow-hidden margin-25px-bottom xs-margin-15px-bottom\"><a href=\"https:\/\/climbat.com\/ca\/formacion-irata\/\"><img width=\"1200\" height=\"675\" src=\"https:\/\/climbat.com\/wp-content\/uploads\/2023\/01\/2023-01-TTR-MAILING-CLIMBAT-CAT-1200x675.png\" class=\"attachment-post-thumbnail size-post-thumbnail wp-post-image\" alt=\"\" decoding=\"async\" srcset=\"https:\/\/climbat.com\/wp-content\/uploads\/2023\/01\/2023-01-TTR-MAILING-CLIMBAT-CAT-1200x675.png 1200w, https:\/\/climbat.com\/wp-content\/uploads\/2023\/01\/2023-01-TTR-MAILING-CLIMBAT-CAT-300x169.png 300w, https:\/\/climbat.com\/wp-content\/uploads\/2023\/01\/2023-01-TTR-MAILING-CLIMBAT-CAT-1024x576.png 1024w, https:\/\/climbat.com\/wp-content\/uploads\/2023\/01\/2023-01-TTR-MAILING-CLIMBAT-CAT-768x432.png 768w, https:\/\/climbat.com\/wp-content\/uploads\/2023\/01\/2023-01-TTR-MAILING-CLIMBAT-CAT-1536x864.png 1536w, https:\/\/climbat.com\/wp-content\/uploads\/2023\/01\/2023-01-TTR-MAILING-CLIMBAT-CAT-120x68.png 120w, https:\/\/climbat.com\/wp-content\/uploads\/2023\/01\/2023-01-TTR-MAILING-CLIMBAT-CAT-81x46.png 81w, https:\/\/climbat.com\/wp-content\/uploads\/2023\/01\/2023-01-TTR-MAILING-CLIMBAT-CAT.png 1920w\" sizes=\"(max-width: 1200px) 100vw, 1200px\" \/><\/a><\/div>                   \t\t<div class=\"post-details pofo-post-description\">  \t\t\t\t\t\t<div class=\"novedad-title-container\"><a href=\"https:\/\/climbat.com\/ca\/formacion-irata\/\" class=\"title-novedad-post\">FORMACI\u00d3 IRATA<\/a><\/div>                        <div class=\"entry-content margin-10px-bottom\"                            style=\"font-size: 16px; font-weight: 400; color: #000000;\" data-fontsize=\"16px\">T'imagines convertir la teva passi\u00f3 en la teva professi\u00f3? Amb la formaci\u00f3 IRATA tindr\u00e0s davant...<\/div>                        <div class=\"separator-line-horrizontal-full bg-medium-light-gray no-margin-top margin-20px-bottom xs-margin-15px-bottom\"                            style=\"background-color:#000;\"><\/div>                            <a href=\"https:\/\/climbat.com\/ca\/formacion-irata\/\"                            class=\"btn-black btn no-margin white-space-normal btn-small\">Llegir m\u00e9s<\/a>                    <\/div>                <\/div>            <\/div>        <\/div>        <div class=\"blog-style7-1  margin-60px-bottom sm-margin-30px-bottom xs-margin-15px-bottom col-md-4 col-sm-6 col-xs-12 \">            <div class=\"post-23460 post type-post status-publish format-image has-post-thumbnail new-cajetilla-blanca\">                <div class=\"blog-post blog-post-style2 xs-text-center\">                    <div class=\"blog-post-images overflow-hidden margin-25px-bottom xs-margin-15px-bottom\"><a href=\"https:\/\/climbat.com\/ca\/inscripcions-obertes\/\"><img width=\"1200\" height=\"733\" src=\"https:\/\/climbat.com\/wp-content\/uploads\/2023\/01\/TV_CLIMBAT_J2_LIGAINF_CAT-3-1200x733.jpg\" class=\"attachment-post-thumbnail size-post-thumbnail wp-post-image\" alt=\"\" decoding=\"async\" srcset=\"https:\/\/climbat.com\/wp-content\/uploads\/2023\/01\/TV_CLIMBAT_J2_LIGAINF_CAT-3-1200x733.jpg 1200w, https:\/\/climbat.com\/wp-content\/uploads\/2023\/01\/TV_CLIMBAT_J2_LIGAINF_CAT-3-300x183.jpg 300w, https:\/\/climbat.com\/wp-content\/uploads\/2023\/01\/TV_CLIMBAT_J2_LIGAINF_CAT-3-1024x626.jpg 1024w, https:\/\/climbat.com\/wp-content\/uploads\/2023\/01\/TV_CLIMBAT_J2_LIGAINF_CAT-3-768x469.jpg 768w, https:\/\/climbat.com\/wp-content\/uploads\/2023\/01\/TV_CLIMBAT_J2_LIGAINF_CAT-3-1536x939.jpg 1536w, https:\/\/climbat.com\/wp-content\/uploads\/2023\/01\/TV_CLIMBAT_J2_LIGAINF_CAT-3-120x73.jpg 120w, https:\/\/climbat.com\/wp-content\/uploads\/2023\/01\/TV_CLIMBAT_J2_LIGAINF_CAT-3-81x50.jpg 81w, https:\/\/climbat.com\/wp-content\/uploads\/2023\/01\/TV_CLIMBAT_J2_LIGAINF_CAT-3.jpg 1767w\" sizes=\"(max-width: 1200px) 100vw, 1200px\" \/><\/a><\/div>                   \t\t<div class=\"post-details pofo-post-description\">  \t\t\t\t\t\t<div class=\"novedad-title-container\"><a href=\"https:\/\/climbat.com\/ca\/inscripcions-obertes\/\" class=\"title-novedad-post\">J2. LLIGA INFANTIL<\/a><\/div>                        <div class=\"entry-content margin-10px-bottom\"                            style=\"font-size: 16px; font-weight: 400; color: #000000;\" data-fontsize=\"16px\">Els m\u00e9s petits\/petites de la casa ja estan llest@s per a la segona jornada de...<\/div>                        <div class=\"separator-line-horrizontal-full bg-medium-light-gray no-margin-top margin-20px-bottom xs-margin-15px-bottom\"                            style=\"background-color:#000;\"><\/div>                            <a href=\"https:\/\/climbat.com\/ca\/inscripcions-obertes\/\"                            class=\"btn-black btn no-margin white-space-normal btn-small\">Llegir m\u00e9s<\/a>                    <\/div>                <\/div>            <\/div>        <\/div>        <div class=\"blog-style7-1  margin-60px-bottom sm-margin-30px-bottom xs-margin-15px-bottom col-md-4 col-sm-6 col-xs-12 \">            <div class=\"post-23460 post type-post status-publish format-image has-post-thumbnail new-cajetilla-blanca\">                <div class=\"blog-post blog-post-style2 xs-text-center\">                    <div class=\"blog-post-images overflow-hidden margin-25px-bottom xs-margin-15px-bottom\"><a href=\"https:\/\/climbat.com\/ca\/dia-del-soci-a-i-afterwork\/\"><img width=\"1200\" height=\"675\" src=\"https:\/\/climbat.com\/wp-content\/uploads\/2023\/01\/socicatlfx-1200x675.jpeg\" class=\"attachment-post-thumbnail size-post-thumbnail wp-post-image\" alt=\"\" decoding=\"async\" srcset=\"https:\/\/climbat.com\/wp-content\/uploads\/2023\/01\/socicatlfx-1200x675.jpeg 1200w, https:\/\/climbat.com\/wp-content\/uploads\/2023\/01\/socicatlfx-300x169.jpeg 300w, https:\/\/climbat.com\/wp-content\/uploads\/2023\/01\/socicatlfx-1024x576.jpeg 1024w, https:\/\/climbat.com\/wp-content\/uploads\/2023\/01\/socicatlfx-768x432.jpeg 768w, https:\/\/climbat.com\/wp-content\/uploads\/2023\/01\/socicatlfx-1536x864.jpeg 1536w, https:\/\/climbat.com\/wp-content\/uploads\/2023\/01\/socicatlfx-120x68.jpeg 120w, https:\/\/climbat.com\/wp-content\/uploads\/2023\/01\/socicatlfx-81x46.jpeg 81w, https:\/\/climbat.com\/wp-content\/uploads\/2023\/01\/socicatlfx.jpeg 1600w\" sizes=\"(max-width: 1200px) 100vw, 1200px\" \/><\/a><\/div>                   \t\t<div class=\"post-details pofo-post-description\">  \t\t\t\t\t\t<div class=\"novedad-title-container\"><a href=\"https:\/\/climbat.com\/ca\/dia-del-soci-a-i-afterwork\/\" class=\"title-novedad-post\">DIA DEL SOCI\/A + AFTERWORK<\/a><\/div>                        <div class=\"entry-content margin-10px-bottom\"                            style=\"font-size: 16px; font-weight: 400; color: #000000;\" data-fontsize=\"16px\">Aquest 2023 tenim moltes ganes de compartir experi\u00e8ncies amb vosaltres! Atents\u2026 El dia del soci...<\/div>                        <div class=\"separator-line-horrizontal-full bg-medium-light-gray no-margin-top margin-20px-bottom xs-margin-15px-bottom\"                            style=\"background-color:#000;\"><\/div>                            <a href=\"https:\/\/climbat.com\/ca\/dia-del-soci-a-i-afterwork\/\"                            class=\"btn-black btn no-margin white-space-normal btn-small\">Llegir m\u00e9s<\/a>                    <\/div>                <\/div>            <\/div>        <\/div>        <div class=\"blog-style7-1  margin-60px-bottom sm-margin-30px-bottom xs-margin-15px-bottom col-md-4 col-sm-6 col-xs-12 \">            <div class=\"post-23460 post type-post status-publish format-image has-post-thumbnail new-cajetilla-blanca\">                <div class=\"blog-post blog-post-style2 xs-text-center\">                    <div class=\"blog-post-images overflow-hidden margin-25px-bottom xs-margin-15px-bottom\"><a href=\"https:\/\/climbat.com\/ca\/viu-una-cita-amb-nosaltres\/\"><img width=\"1200\" height=\"675\" src=\"https:\/\/climbat.com\/wp-content\/uploads\/2023\/01\/TV_SV_CAT-2-1200x675.jpg\" class=\"attachment-post-thumbnail size-post-thumbnail wp-post-image\" alt=\"SAN VALENTIN\" decoding=\"async\" srcset=\"https:\/\/climbat.com\/wp-content\/uploads\/2023\/01\/TV_SV_CAT-2-1200x675.jpg 1200w, https:\/\/climbat.com\/wp-content\/uploads\/2023\/01\/TV_SV_CAT-2-300x169.jpg 300w, https:\/\/climbat.com\/wp-content\/uploads\/2023\/01\/TV_SV_CAT-2-1024x576.jpg 1024w, https:\/\/climbat.com\/wp-content\/uploads\/2023\/01\/TV_SV_CAT-2-768x432.jpg 768w, https:\/\/climbat.com\/wp-content\/uploads\/2023\/01\/TV_SV_CAT-2-1536x864.jpg 1536w, https:\/\/climbat.com\/wp-content\/uploads\/2023\/01\/TV_SV_CAT-2-120x68.jpg 120w, https:\/\/climbat.com\/wp-content\/uploads\/2023\/01\/TV_SV_CAT-2-81x46.jpg 81w, https:\/\/climbat.com\/wp-content\/uploads\/2023\/01\/TV_SV_CAT-2.jpg 1920w\" sizes=\"(max-width: 1200px) 100vw, 1200px\" \/><\/a><\/div>                   \t\t<div class=\"post-details pofo-post-description\">  \t\t\t\t\t\t<div class=\"novedad-title-container\"><a href=\"https:\/\/climbat.com\/ca\/viu-una-cita-amb-nosaltres\/\" class=\"title-novedad-post\">SAN VALENT\u00cd<\/a><\/div>                        <div class=\"entry-content margin-10px-bottom\"                            style=\"font-size: 16px; font-weight: 400; color: #000000;\" data-fontsize=\"16px\">Sabem que&nbsp;lo teu amb l'escalada \u00e9s un match&nbsp;i que sou molts els que veniu habitualment...<\/div>                        <div class=\"separator-line-horrizontal-full bg-medium-light-gray no-margin-top margin-20px-bottom xs-margin-15px-bottom\"                            style=\"background-color:#000;\"><\/div>                            <a href=\"https:\/\/climbat.com\/ca\/viu-una-cita-amb-nosaltres\/\"                            class=\"btn-black btn no-margin white-space-normal btn-small\">Llegir m\u00e9s<\/a>                    <\/div>                <\/div>            <\/div>        <\/div>        <div class=\"blog-style7-1  margin-60px-bottom sm-margin-30px-bottom xs-margin-15px-bottom col-md-4 col-sm-6 col-xs-12 \">            <div class=\"post-23460 post type-post status-publish format-image has-post-thumbnail new-cajetilla-blanca\">                <div class=\"blog-post blog-post-style2 xs-text-center\">                    <div class=\"blog-post-images overflow-hidden margin-25px-bottom xs-margin-15px-bottom\"><a href=\"https:\/\/climbat.com\/ca\/ha-arribat-el-carnaval\/\"><img width=\"1200\" height=\"675\" src=\"https:\/\/climbat.com\/wp-content\/uploads\/2023\/01\/carnavalcat-1200x675.jpeg\" class=\"attachment-post-thumbnail size-post-thumbnail wp-post-image\" alt=\"\" decoding=\"async\" srcset=\"https:\/\/climbat.com\/wp-content\/uploads\/2023\/01\/carnavalcat-1200x675.jpeg 1200w, https:\/\/climbat.com\/wp-content\/uploads\/2023\/01\/carnavalcat-300x169.jpeg 300w, https:\/\/climbat.com\/wp-content\/uploads\/2023\/01\/carnavalcat-1024x576.jpeg 1024w, https:\/\/climbat.com\/wp-content\/uploads\/2023\/01\/carnavalcat-768x432.jpeg 768w, https:\/\/climbat.com\/wp-content\/uploads\/2023\/01\/carnavalcat-1536x864.jpeg 1536w, https:\/\/climbat.com\/wp-content\/uploads\/2023\/01\/carnavalcat-120x68.jpeg 120w, https:\/\/climbat.com\/wp-content\/uploads\/2023\/01\/carnavalcat-81x46.jpeg 81w, https:\/\/climbat.com\/wp-content\/uploads\/2023\/01\/carnavalcat.jpeg 1600w\" sizes=\"(max-width: 1200px) 100vw, 1200px\" \/><\/a><\/div>                   \t\t<div class=\"post-details pofo-post-description\">  \t\t\t\t\t\t<div class=\"novedad-title-container\"><a href=\"https:\/\/climbat.com\/ca\/ha-arribat-el-carnaval\/\" class=\"title-novedad-post\">HA ARRIBAT EL CARNAVAL!<\/a><\/div>                        <div class=\"entry-content margin-10px-bottom\"                            style=\"font-size: 16px; font-weight: 400; color: #000000;\" data-fontsize=\"16px\">T'encanta disfressar-te? Ja tens la teva disfressa preparada? A Climbat disfressar-se t\u00e9 premi! Els&nbsp;pr\u00f2xims 17,...<\/div>                        <div class=\"separator-line-horrizontal-full bg-medium-light-gray no-margin-top margin-20px-bottom xs-margin-15px-bottom\"                            style=\"background-color:#000;\"><\/div>                            <a href=\"https:\/\/climbat.com\/ca\/ha-arribat-el-carnaval\/\"                            class=\"btn-black btn no-margin white-space-normal btn-small\">Llegir m\u00e9s<\/a>                    <\/div>                <\/div>            <\/div>        <\/div>        <div class=\"blog-style7-1  margin-60px-bottom sm-margin-30px-bottom xs-margin-15px-bottom col-md-4 col-sm-6 col-xs-12 \">            <div class=\"post-23460 post type-post status-publish format-image has-post-thumbnail new-cajetilla-blanca\">                <div class=\"blog-post blog-post-style2 xs-text-center\">                    <div class=\"blog-post-images overflow-hidden margin-25px-bottom xs-margin-15px-bottom\"><a href=\"https:\/\/climbat.com\/ca\/sortim-a-roca-barcelona\/\"><img width=\"1200\" height=\"709\" src=\"https:\/\/climbat.com\/wp-content\/uploads\/2023\/01\/TV_DEL-ROCO-A-LA-ROCA_CAT-1200x709.jpg\" class=\"attachment-post-thumbnail size-post-thumbnail wp-post-image\" alt=\"TALLER ROCA\" decoding=\"async\" srcset=\"https:\/\/climbat.com\/wp-content\/uploads\/2023\/01\/TV_DEL-ROCO-A-LA-ROCA_CAT-1200x709.jpg 1200w, https:\/\/climbat.com\/wp-content\/uploads\/2023\/01\/TV_DEL-ROCO-A-LA-ROCA_CAT-300x177.jpg 300w, https:\/\/climbat.com\/wp-content\/uploads\/2023\/01\/TV_DEL-ROCO-A-LA-ROCA_CAT-1024x605.jpg 1024w, https:\/\/climbat.com\/wp-content\/uploads\/2023\/01\/TV_DEL-ROCO-A-LA-ROCA_CAT-768x454.jpg 768w, https:\/\/climbat.com\/wp-content\/uploads\/2023\/01\/TV_DEL-ROCO-A-LA-ROCA_CAT-1536x908.jpg 1536w, https:\/\/climbat.com\/wp-content\/uploads\/2023\/01\/TV_DEL-ROCO-A-LA-ROCA_CAT-120x71.jpg 120w, https:\/\/climbat.com\/wp-content\/uploads\/2023\/01\/TV_DEL-ROCO-A-LA-ROCA_CAT-81x48.jpg 81w, https:\/\/climbat.com\/wp-content\/uploads\/2023\/01\/TV_DEL-ROCO-A-LA-ROCA_CAT.jpg 1920w\" sizes=\"(max-width: 1200px) 100vw, 1200px\" \/><\/a><\/div>                   \t\t<div class=\"post-details pofo-post-description\">  \t\t\t\t\t\t<div class=\"novedad-title-container\"><a href=\"https:\/\/climbat.com\/ca\/sortim-a-roca-barcelona\/\" class=\"title-novedad-post\">TALLER DEL ROCO A LA ROCA<\/a><\/div>                        <div class=\"entry-content margin-10px-bottom\"                            style=\"font-size: 16px; font-weight: 400; color: #000000;\" data-fontsize=\"16px\">A Climbat sortim del roc\u00f2drom per a aplicar tots els coneixements en el medi natural!...<\/div>                        <div class=\"separator-line-horrizontal-full bg-medium-light-gray no-margin-top margin-20px-bottom xs-margin-15px-bottom\"                            style=\"background-color:#000;\"><\/div>                            <a href=\"https:\/\/climbat.com\/ca\/sortim-a-roca-barcelona\/\"                            class=\"btn-black btn no-margin white-space-normal btn-small\">Llegir m\u00e9s<\/a>                    <\/div>                <\/div>            <\/div>        <\/div>        <div class=\"blog-style7-1  margin-60px-bottom sm-margin-30px-bottom xs-margin-15px-bottom col-md-4 col-sm-6 col-xs-12 \">            <div class=\"post-23460 post type-post status-publish format-image has-post-thumbnail new-cajetilla-blanca\">                <div class=\"blog-post blog-post-style2 xs-text-center\">                    <div class=\"blog-post-images overflow-hidden margin-25px-bottom xs-margin-15px-bottom\"><a href=\"https:\/\/climbat.com\/ca\/descarregat-la-app\/\"><img width=\"1200\" height=\"675\" src=\"https:\/\/climbat.com\/wp-content\/uploads\/2023\/01\/TV_APP_CAT-1-1200x675.jpg\" class=\"attachment-post-thumbnail size-post-thumbnail wp-post-image\" alt=\"APP\" decoding=\"async\" srcset=\"https:\/\/climbat.com\/wp-content\/uploads\/2023\/01\/TV_APP_CAT-1-1200x675.jpg 1200w, https:\/\/climbat.com\/wp-content\/uploads\/2023\/01\/TV_APP_CAT-1-300x169.jpg 300w, https:\/\/climbat.com\/wp-content\/uploads\/2023\/01\/TV_APP_CAT-1-1024x576.jpg 1024w, https:\/\/climbat.com\/wp-content\/uploads\/2023\/01\/TV_APP_CAT-1-768x432.jpg 768w, https:\/\/climbat.com\/wp-content\/uploads\/2023\/01\/TV_APP_CAT-1-1536x864.jpg 1536w, https:\/\/climbat.com\/wp-content\/uploads\/2023\/01\/TV_APP_CAT-1-120x68.jpg 120w, https:\/\/climbat.com\/wp-content\/uploads\/2023\/01\/TV_APP_CAT-1-81x46.jpg 81w, https:\/\/climbat.com\/wp-content\/uploads\/2023\/01\/TV_APP_CAT-1.jpg 1920w\" sizes=\"(max-width: 1200px) 100vw, 1200px\" \/><\/a><\/div>                   \t\t<div class=\"post-details pofo-post-description\">  \t\t\t\t\t\t<div class=\"novedad-title-container\"><a href=\"https:\/\/climbat.com\/ca\/descarregat-la-app\/\" class=\"title-novedad-post\">DESCARREGA&#8217;T L&#8217;APP!<\/a><\/div>                        <div class=\"entry-content margin-10px-bottom\"                            style=\"font-size: 16px; font-weight: 400; color: #000000;\" data-fontsize=\"16px\">En&nbsp;Climbat&nbsp;ens adaptem als nous temps, continuem pensant en el futur i acostant-te l'escalada perqu\u00e8 puguis...<\/div>                        <div class=\"separator-line-horrizontal-full bg-medium-light-gray no-margin-top margin-20px-bottom xs-margin-15px-bottom\"                            style=\"background-color:#000;\"><\/div>                            <a href=\"https:\/\/climbat.com\/ca\/descarregat-la-app\/\"                            class=\"btn-black btn no-margin white-space-normal btn-small\">Llegir m\u00e9s<\/a>                    <\/div>                <\/div>            <\/div>        <\/div>        <div class=\"blog-style7-1  margin-60px-bottom sm-margin-30px-bottom xs-margin-15px-bottom col-md-4 col-sm-6 col-xs-12 \">            <div class=\"post-23460 post type-post status-publish format-image has-post-thumbnail new-cajetilla-blanca\">                <div class=\"blog-post blog-post-style2 xs-text-center\">                    <div class=\"blog-post-images overflow-hidden margin-25px-bottom xs-margin-15px-bottom\"><a href=\"https:\/\/climbat.com\/ca\/8000\/\"><img width=\"1157\" height=\"771\" src=\"https:\/\/climbat.com\/wp-content\/uploads\/2022\/12\/DSCF5205-1157x771.jpg\" class=\"attachment-post-thumbnail size-post-thumbnail wp-post-image\" alt=\"\" decoding=\"async\" srcset=\"https:\/\/climbat.com\/wp-content\/uploads\/2022\/12\/DSCF5205-1157x771.jpg 1157w, https:\/\/climbat.com\/wp-content\/uploads\/2022\/12\/DSCF5205-300x200.jpg 300w, https:\/\/climbat.com\/wp-content\/uploads\/2022\/12\/DSCF5205-1024x683.jpg 1024w, https:\/\/climbat.com\/wp-content\/uploads\/2022\/12\/DSCF5205-768x512.jpg 768w, https:\/\/climbat.com\/wp-content\/uploads\/2022\/12\/DSCF5205-1536x1024.jpg 1536w, https:\/\/climbat.com\/wp-content\/uploads\/2022\/12\/DSCF5205-2048x1365.jpg 2048w, https:\/\/climbat.com\/wp-content\/uploads\/2022\/12\/DSCF5205-120x80.jpg 120w, https:\/\/climbat.com\/wp-content\/uploads\/2022\/12\/DSCF5205-81x54.jpg 81w\" sizes=\"(max-width: 1157px) 100vw, 1157px\" \/><\/a><\/div>                   \t\t<div class=\"post-details pofo-post-description\">  \t\t\t\t\t\t<div class=\"novedad-title-container\"><a href=\"https:\/\/climbat.com\/ca\/8000\/\" class=\"title-novedad-post\">+8000<\/a><\/div>                        <div class=\"entry-content margin-10px-bottom\"                            style=\"font-size: 16px; font-weight: 400; color: #000000;\" data-fontsize=\"16px\">A Climbat treballem per l'escalada i el seu creixement com a esport d'aquest 2005. El...<\/div>                        <div class=\"separator-line-horrizontal-full bg-medium-light-gray no-margin-top margin-20px-bottom xs-margin-15px-bottom\"                            style=\"background-color:#000;\"><\/div>                            <a href=\"https:\/\/climbat.com\/ca\/8000\/\"                            class=\"btn-black btn no-margin white-space-normal btn-small\">Llegir m\u00e9s<\/a>                    <\/div>                <\/div>            <\/div>        <\/div>        <div class=\"blog-style7-1  margin-60px-bottom sm-margin-30px-bottom xs-margin-15px-bottom col-md-4 col-sm-6 col-xs-12 \">            <div class=\"post-23460 post type-post status-publish format-image has-post-thumbnail new-cajetilla-blanca\">                <div class=\"blog-post blog-post-style2 xs-text-center\">                    <div class=\"blog-post-images overflow-hidden margin-25px-bottom xs-margin-15px-bottom\"><a href=\"https:\/\/climbat.com\/ca\/dia-del-soci-a-27-gener\/\"><img width=\"1200\" height=\"674\" src=\"https:\/\/climbat.com\/wp-content\/uploads\/2022\/12\/socicat-1200x674.jpeg\" class=\"attachment-post-thumbnail size-post-thumbnail wp-post-image\" alt=\"\" decoding=\"async\" srcset=\"https:\/\/climbat.com\/wp-content\/uploads\/2022\/12\/socicat-1200x674.jpeg 1200w, https:\/\/climbat.com\/wp-content\/uploads\/2022\/12\/socicat-300x169.jpeg 300w, https:\/\/climbat.com\/wp-content\/uploads\/2022\/12\/socicat-1024x575.jpeg 1024w, https:\/\/climbat.com\/wp-content\/uploads\/2022\/12\/socicat-768x432.jpeg 768w, https:\/\/climbat.com\/wp-content\/uploads\/2022\/12\/socicat-1536x863.jpeg 1536w, https:\/\/climbat.com\/wp-content\/uploads\/2022\/12\/socicat-120x67.jpeg 120w, https:\/\/climbat.com\/wp-content\/uploads\/2022\/12\/socicat-81x46.jpeg 81w, https:\/\/climbat.com\/wp-content\/uploads\/2022\/12\/socicat.jpeg 1600w\" sizes=\"(max-width: 1200px) 100vw, 1200px\" \/><\/a><\/div>                   \t\t<div class=\"post-details pofo-post-description\">  \t\t\t\t\t\t<div class=\"novedad-title-container\"><a href=\"https:\/\/climbat.com\/ca\/dia-del-soci-a-27-gener\/\" class=\"title-novedad-post\">DIA DEL SOCI\/A<\/a><\/div>                        <div class=\"entry-content margin-10px-bottom\"                            style=\"font-size: 16px; font-weight: 400; color: #000000;\" data-fontsize=\"16px\">Tamb\u00e9 tindrem dia del soci\/a a 2023! El 2022 ha tingut grans celebracions pel dia...<\/div>                        <div class=\"separator-line-horrizontal-full bg-medium-light-gray no-margin-top margin-20px-bottom xs-margin-15px-bottom\"                            style=\"background-color:#000;\"><\/div>                            <a href=\"https:\/\/climbat.com\/ca\/dia-del-soci-a-27-gener\/\"                            class=\"btn-black btn no-margin white-space-normal btn-small\">Llegir m\u00e9s<\/a>                    <\/div>                <\/div>            <\/div>        <\/div>        <div class=\"blog-style7-1  margin-60px-bottom sm-margin-30px-bottom xs-margin-15px-bottom col-md-4 col-sm-6 col-xs-12 \">            <div class=\"post-23460 post type-post status-publish format-image has-post-thumbnail new-cajetilla-blanca\">                <div class=\"blog-post blog-post-style2 xs-text-center\">                    <div class=\"blog-post-images overflow-hidden margin-25px-bottom xs-margin-15px-bottom\"><a href=\"https:\/\/climbat.com\/ca\/promocio-anual\/\"><img width=\"1200\" height=\"675\" src=\"https:\/\/climbat.com\/wp-content\/uploads\/2022\/12\/TV_PROMOANUAL_LFX_CAT-1200x675.jpg\" class=\"attachment-post-thumbnail size-post-thumbnail wp-post-image\" alt=\"\" decoding=\"async\" srcset=\"https:\/\/climbat.com\/wp-content\/uploads\/2022\/12\/TV_PROMOANUAL_LFX_CAT-1200x675.jpg 1200w, https:\/\/climbat.com\/wp-content\/uploads\/2022\/12\/TV_PROMOANUAL_LFX_CAT-300x169.jpg 300w, https:\/\/climbat.com\/wp-content\/uploads\/2022\/12\/TV_PROMOANUAL_LFX_CAT-1024x576.jpg 1024w, https:\/\/climbat.com\/wp-content\/uploads\/2022\/12\/TV_PROMOANUAL_LFX_CAT-768x432.jpg 768w, https:\/\/climbat.com\/wp-content\/uploads\/2022\/12\/TV_PROMOANUAL_LFX_CAT-1536x864.jpg 1536w, https:\/\/climbat.com\/wp-content\/uploads\/2022\/12\/TV_PROMOANUAL_LFX_CAT-120x68.jpg 120w, https:\/\/climbat.com\/wp-content\/uploads\/2022\/12\/TV_PROMOANUAL_LFX_CAT-81x46.jpg 81w, https:\/\/climbat.com\/wp-content\/uploads\/2022\/12\/TV_PROMOANUAL_LFX_CAT.jpg 1920w\" sizes=\"(max-width: 1200px) 100vw, 1200px\" \/><\/a><\/div>                   \t\t<div class=\"post-details pofo-post-description\">  \t\t\t\t\t\t<div class=\"novedad-title-container\"><a href=\"https:\/\/climbat.com\/ca\/promocio-anual\/\" class=\"title-novedad-post\">PROMOCI\u00d3 ANUAL<\/a><\/div>                        <div class=\"entry-content margin-10px-bottom\"                            style=\"font-size: 16px; font-weight: 400; color: #000000;\" data-fontsize=\"16px\">Amb el canvi d'any sabem que t'has fet una llista de coses que t'agradaria fer...<\/div>                        <div class=\"separator-line-horrizontal-full bg-medium-light-gray no-margin-top margin-20px-bottom xs-margin-15px-bottom\"                            style=\"background-color:#000;\"><\/div>                            <a href=\"https:\/\/climbat.com\/ca\/promocio-anual\/\"                            class=\"btn-black btn no-margin white-space-normal btn-small\">Llegir m\u00e9s<\/a>                    <\/div>                <\/div>            <\/div>        <\/div>        <div class=\"blog-style7-1  margin-60px-bottom sm-margin-30px-bottom xs-margin-15px-bottom col-md-4 col-sm-6 col-xs-12 \">            <div class=\"post-23460 post type-post status-publish format-image has-post-thumbnail new-cajetilla-blanca\">                <div class=\"blog-post blog-post-style2 xs-text-center\">                    <div class=\"blog-post-images overflow-hidden margin-25px-bottom xs-margin-15px-bottom\"><a href=\"https:\/\/climbat.com\/ca\/promocio-aniversaris\/\"><img width=\"1200\" height=\"733\" src=\"https:\/\/climbat.com\/wp-content\/uploads\/2022\/12\/TV_CUMPLES_CLIMBAT_CAT_GENER23-1200x733.jpg\" class=\"attachment-post-thumbnail size-post-thumbnail wp-post-image\" alt=\"\" decoding=\"async\" srcset=\"https:\/\/climbat.com\/wp-content\/uploads\/2022\/12\/TV_CUMPLES_CLIMBAT_CAT_GENER23-1200x733.jpg 1200w, https:\/\/climbat.com\/wp-content\/uploads\/2022\/12\/TV_CUMPLES_CLIMBAT_CAT_GENER23-300x183.jpg 300w, https:\/\/climbat.com\/wp-content\/uploads\/2022\/12\/TV_CUMPLES_CLIMBAT_CAT_GENER23-1024x626.jpg 1024w, https:\/\/climbat.com\/wp-content\/uploads\/2022\/12\/TV_CUMPLES_CLIMBAT_CAT_GENER23-768x469.jpg 768w, https:\/\/climbat.com\/wp-content\/uploads\/2022\/12\/TV_CUMPLES_CLIMBAT_CAT_GENER23-1536x939.jpg 1536w, https:\/\/climbat.com\/wp-content\/uploads\/2022\/12\/TV_CUMPLES_CLIMBAT_CAT_GENER23-120x73.jpg 120w, https:\/\/climbat.com\/wp-content\/uploads\/2022\/12\/TV_CUMPLES_CLIMBAT_CAT_GENER23-81x50.jpg 81w, https:\/\/climbat.com\/wp-content\/uploads\/2022\/12\/TV_CUMPLES_CLIMBAT_CAT_GENER23.jpg 1767w\" sizes=\"(max-width: 1200px) 100vw, 1200px\" \/><\/a><\/div>                   \t\t<div class=\"post-details pofo-post-description\">  \t\t\t\t\t\t<div class=\"novedad-title-container\"><a href=\"https:\/\/climbat.com\/ca\/promocio-aniversaris\/\" class=\"title-novedad-post\">PROMOCI\u00d3 ANIVERSARIS<\/a><\/div>                        <div class=\"entry-content margin-10px-bottom\"                            style=\"font-size: 16px; font-weight: 400; color: #000000;\" data-fontsize=\"16px\">Sabem que regalar aventures sempre \u00e9s genial per als m\u00e9s petits. Per aix\u00f2 si l'aniversari...<\/div>                        <div class=\"separator-line-horrizontal-full bg-medium-light-gray no-margin-top margin-20px-bottom xs-margin-15px-bottom\"                            style=\"background-color:#000;\"><\/div>                            <a href=\"https:\/\/climbat.com\/ca\/promocio-aniversaris\/\"                            class=\"btn-black btn no-margin white-space-normal btn-small\">Llegir m\u00e9s<\/a>                    <\/div>                <\/div>            <\/div>        <\/div>        <div class=\"blog-style7-1  margin-60px-bottom sm-margin-30px-bottom xs-margin-15px-bottom col-md-4 col-sm-6 col-xs-12 \">            <div class=\"post-23460 post type-post status-publish format-image has-post-thumbnail new-cajetilla-blanca\">                <div class=\"blog-post blog-post-style2 xs-text-center\">                    <div class=\"blog-post-images overflow-hidden margin-25px-bottom xs-margin-15px-bottom\"><a href=\"https:\/\/climbat.com\/ca\/regala-climbat\/\"><img width=\"1031\" height=\"771\" src=\"https:\/\/climbat.com\/wp-content\/uploads\/2022\/11\/b4c551ad-b1d0-45b0-8f8b-754ce5dd9a34-1031x771.jpeg\" class=\"attachment-post-thumbnail size-post-thumbnail wp-post-image\" alt=\"REGALA ESCALADA\" decoding=\"async\" srcset=\"https:\/\/climbat.com\/wp-content\/uploads\/2022\/11\/b4c551ad-b1d0-45b0-8f8b-754ce5dd9a34-1031x771.jpeg 1031w, https:\/\/climbat.com\/wp-content\/uploads\/2022\/11\/b4c551ad-b1d0-45b0-8f8b-754ce5dd9a34-300x224.jpeg 300w, https:\/\/climbat.com\/wp-content\/uploads\/2022\/11\/b4c551ad-b1d0-45b0-8f8b-754ce5dd9a34-1024x766.jpeg 1024w, https:\/\/climbat.com\/wp-content\/uploads\/2022\/11\/b4c551ad-b1d0-45b0-8f8b-754ce5dd9a34-768x574.jpeg 768w, https:\/\/climbat.com\/wp-content\/uploads\/2022\/11\/b4c551ad-b1d0-45b0-8f8b-754ce5dd9a34-120x90.jpeg 120w, https:\/\/climbat.com\/wp-content\/uploads\/2022\/11\/b4c551ad-b1d0-45b0-8f8b-754ce5dd9a34-81x61.jpeg 81w, https:\/\/climbat.com\/wp-content\/uploads\/2022\/11\/b4c551ad-b1d0-45b0-8f8b-754ce5dd9a34.jpeg 1280w\" sizes=\"(max-width: 1031px) 100vw, 1031px\" \/><\/a><\/div>                   \t\t<div class=\"post-details pofo-post-description\">  \t\t\t\t\t\t<div class=\"novedad-title-container\"><a href=\"https:\/\/climbat.com\/ca\/regala-climbat\/\" class=\"title-novedad-post\">REGALA CLIMBAT<\/a><\/div>                        <div class=\"entry-content margin-10px-bottom\"                            style=\"font-size: 16px; font-weight: 400; color: #000000;\" data-fontsize=\"16px\">Escaladors\/es, sabem que ja esteu fent la carta per Nadal, \u00e9s per aix\u00f2 que et...<\/div>                        <div class=\"separator-line-horrizontal-full bg-medium-light-gray no-margin-top margin-20px-bottom xs-margin-15px-bottom\"                            style=\"background-color:#000;\"><\/div>                            <a href=\"https:\/\/climbat.com\/ca\/regala-climbat\/\"                            class=\"btn-black btn no-margin white-space-normal btn-small\">Llegir m\u00e9s<\/a>                    <\/div>                <\/div>            <\/div>        <\/div>        <div class=\"blog-style7-1  margin-60px-bottom sm-margin-30px-bottom xs-margin-15px-bottom col-md-4 col-sm-6 col-xs-12 \">            <div class=\"post-23460 post type-post status-publish format-image has-post-thumbnail new-cajetilla-blanca\">                <div class=\"blog-post blog-post-style2 xs-text-center\">                    <div class=\"blog-post-images overflow-hidden margin-25px-bottom xs-margin-15px-bottom\"><a href=\"https:\/\/climbat.com\/ca\/dia-del-soci-des-sjd\/\"><img width=\"1200\" height=\"674\" src=\"https:\/\/climbat.com\/wp-content\/uploads\/2022\/11\/SOCISJD-1200x674.jpeg\" class=\"attachment-post-thumbnail size-post-thumbnail wp-post-image\" alt=\"\" decoding=\"async\" srcset=\"https:\/\/climbat.com\/wp-content\/uploads\/2022\/11\/SOCISJD-1200x674.jpeg 1200w, https:\/\/climbat.com\/wp-content\/uploads\/2022\/11\/SOCISJD-300x169.jpeg 300w, https:\/\/climbat.com\/wp-content\/uploads\/2022\/11\/SOCISJD-1024x575.jpeg 1024w, https:\/\/climbat.com\/wp-content\/uploads\/2022\/11\/SOCISJD-768x432.jpeg 768w, https:\/\/climbat.com\/wp-content\/uploads\/2022\/11\/SOCISJD-1536x863.jpeg 1536w, https:\/\/climbat.com\/wp-content\/uploads\/2022\/11\/SOCISJD-120x67.jpeg 120w, https:\/\/climbat.com\/wp-content\/uploads\/2022\/11\/SOCISJD-81x46.jpeg 81w, https:\/\/climbat.com\/wp-content\/uploads\/2022\/11\/SOCISJD.jpeg 1600w\" sizes=\"(max-width: 1200px) 100vw, 1200px\" \/><\/a><\/div>                   \t\t<div class=\"post-details pofo-post-description\">  \t\t\t\t\t\t<div class=\"novedad-title-container\"><a href=\"https:\/\/climbat.com\/ca\/dia-del-soci-des-sjd\/\" class=\"title-novedad-post\">DIA DEL SOCI\/A<\/a><\/div>                        <div class=\"entry-content margin-10px-bottom\"                            style=\"font-size: 16px; font-weight: 400; color: #000000;\" data-fontsize=\"16px\">S'apropa el primer divendres de mes i aix\u00f2 nom\u00e9s significa una cosa..EL DIA DEL SOCI\/A....<\/div>                        <div class=\"separator-line-horrizontal-full bg-medium-light-gray no-margin-top margin-20px-bottom xs-margin-15px-bottom\"                            style=\"background-color:#000;\"><\/div>                            <a href=\"https:\/\/climbat.com\/ca\/dia-del-soci-des-sjd\/\"                            class=\"btn-black btn no-margin white-space-normal btn-small\">Llegir m\u00e9s<\/a>                    <\/div>                <\/div>            <\/div>        <\/div>        <div class=\"blog-style7-1  margin-60px-bottom sm-margin-30px-bottom xs-margin-15px-bottom col-md-4 col-sm-6 col-xs-12 \">            <div class=\"post-23460 post type-post status-publish format-image has-post-thumbnail new-cajetilla-blanca\">                <div class=\"blog-post blog-post-style2 xs-text-center\">                    <div class=\"blog-post-images overflow-hidden margin-25px-bottom xs-margin-15px-bottom\"><a href=\"https:\/\/climbat.com\/ca\/dia-del-soci-des-lfx\/\"><img width=\"1200\" height=\"674\" src=\"https:\/\/climbat.com\/wp-content\/uploads\/2022\/11\/SOCILFX-1200x674.jpeg\" class=\"attachment-post-thumbnail size-post-thumbnail wp-post-image\" alt=\"\" decoding=\"async\" srcset=\"https:\/\/climbat.com\/wp-content\/uploads\/2022\/11\/SOCILFX-1200x674.jpeg 1200w, https:\/\/climbat.com\/wp-content\/uploads\/2022\/11\/SOCILFX-300x169.jpeg 300w, https:\/\/climbat.com\/wp-content\/uploads\/2022\/11\/SOCILFX-1024x575.jpeg 1024w, https:\/\/climbat.com\/wp-content\/uploads\/2022\/11\/SOCILFX-768x432.jpeg 768w, https:\/\/climbat.com\/wp-content\/uploads\/2022\/11\/SOCILFX-1536x863.jpeg 1536w, https:\/\/climbat.com\/wp-content\/uploads\/2022\/11\/SOCILFX-120x67.jpeg 120w, https:\/\/climbat.com\/wp-content\/uploads\/2022\/11\/SOCILFX-81x46.jpeg 81w, https:\/\/climbat.com\/wp-content\/uploads\/2022\/11\/SOCILFX.jpeg 1600w\" sizes=\"(max-width: 1200px) 100vw, 1200px\" \/><\/a><\/div>                   \t\t<div class=\"post-details pofo-post-description\">  \t\t\t\t\t\t<div class=\"novedad-title-container\"><a href=\"https:\/\/climbat.com\/ca\/dia-del-soci-des-lfx\/\" class=\"title-novedad-post\">DIA DEL SOCI\/A<\/a><\/div>                        <div class=\"entry-content margin-10px-bottom\"                            style=\"font-size: 16px; font-weight: 400; color: #000000;\" data-fontsize=\"16px\">S'apropa el primer divendres de mes i aix\u00f2 nom\u00e9s significa una cosa..EL DIA DEL SOCI\/A....<\/div>                        <div class=\"separator-line-horrizontal-full bg-medium-light-gray no-margin-top margin-20px-bottom xs-margin-15px-bottom\"                            style=\"background-color:#000;\"><\/div>                            <a href=\"https:\/\/climbat.com\/ca\/dia-del-soci-des-lfx\/\"                            class=\"btn-black btn no-margin white-space-normal btn-small\">Llegir m\u00e9s<\/a>                    <\/div>                <\/div>            <\/div>        <\/div>        <div class=\"blog-style7-1  margin-60px-bottom sm-margin-30px-bottom xs-margin-15px-bottom col-md-4 col-sm-6 col-xs-12 \">            <div class=\"post-23460 post type-post status-publish format-image has-post-thumbnail new-cajetilla-blanca\">                <div class=\"blog-post blog-post-style2 xs-text-center\">                    <div class=\"blog-post-images overflow-hidden margin-25px-bottom xs-margin-15px-bottom\"><a href=\"https:\/\/climbat.com\/ca\/casals-dhivern-lfx\/\"><img width=\"1200\" height=\"675\" src=\"https:\/\/climbat.com\/wp-content\/uploads\/2022\/11\/CAMPS-INVIERNO_LFX_CAT_TV-1200x675.jpg\" class=\"attachment-post-thumbnail size-post-thumbnail wp-post-image\" alt=\"\" decoding=\"async\" srcset=\"https:\/\/climbat.com\/wp-content\/uploads\/2022\/11\/CAMPS-INVIERNO_LFX_CAT_TV-1200x675.jpg 1200w, https:\/\/climbat.com\/wp-content\/uploads\/2022\/11\/CAMPS-INVIERNO_LFX_CAT_TV-300x169.jpg 300w, https:\/\/climbat.com\/wp-content\/uploads\/2022\/11\/CAMPS-INVIERNO_LFX_CAT_TV-1024x576.jpg 1024w, https:\/\/climbat.com\/wp-content\/uploads\/2022\/11\/CAMPS-INVIERNO_LFX_CAT_TV-768x432.jpg 768w, https:\/\/climbat.com\/wp-content\/uploads\/2022\/11\/CAMPS-INVIERNO_LFX_CAT_TV-1536x864.jpg 1536w, https:\/\/climbat.com\/wp-content\/uploads\/2022\/11\/CAMPS-INVIERNO_LFX_CAT_TV-120x68.jpg 120w, https:\/\/climbat.com\/wp-content\/uploads\/2022\/11\/CAMPS-INVIERNO_LFX_CAT_TV-81x46.jpg 81w, https:\/\/climbat.com\/wp-content\/uploads\/2022\/11\/CAMPS-INVIERNO_LFX_CAT_TV.jpg 1920w\" sizes=\"(max-width: 1200px) 100vw, 1200px\" \/><\/a><\/div>                   \t\t<div class=\"post-details pofo-post-description\">  \t\t\t\t\t\t<div class=\"novedad-title-container\"><a href=\"https:\/\/climbat.com\/ca\/casals-dhivern-lfx\/\" class=\"title-novedad-post\">CASALS D&#8217;HIVERN<\/a><\/div>                        <div class=\"entry-content margin-10px-bottom\"                            style=\"font-size: 16px; font-weight: 400; color: #000000;\" data-fontsize=\"16px\">Escalada, diversi\u00f3, esport, aventura, adrenalina\u2026 Arriben els casals d\u2019hivern Climbat!Fes nous amics, comparteix la teva...<\/div>                        <div class=\"separator-line-horrizontal-full bg-medium-light-gray no-margin-top margin-20px-bottom xs-margin-15px-bottom\"                            style=\"background-color:#000;\"><\/div>                            <a href=\"https:\/\/climbat.com\/ca\/casals-dhivern-lfx\/\"                            class=\"btn-black btn no-margin white-space-normal btn-small\">Llegir m\u00e9s<\/a>                    <\/div>                <\/div>            <\/div>        <\/div>        <div class=\"blog-style7-1  margin-60px-bottom sm-margin-30px-bottom xs-margin-15px-bottom col-md-4 col-sm-6 col-xs-12 \">            <div class=\"post-23460 post type-post status-publish format-image has-post-thumbnail new-cajetilla-blanca\">                <div class=\"blog-post blog-post-style2 xs-text-center\">                    <div class=\"blog-post-images overflow-hidden margin-25px-bottom xs-margin-15px-bottom\"><a href=\"https:\/\/climbat.com\/ca\/dia-del-soci-lfx-cat-nov\/\"><img width=\"1200\" height=\"674\" src=\"https:\/\/climbat.com\/wp-content\/uploads\/2022\/10\/soci-cat-lfx-1200x674.jpeg\" class=\"attachment-post-thumbnail size-post-thumbnail wp-post-image\" alt=\"\" decoding=\"async\" srcset=\"https:\/\/climbat.com\/wp-content\/uploads\/2022\/10\/soci-cat-lfx-1200x674.jpeg 1200w, https:\/\/climbat.com\/wp-content\/uploads\/2022\/10\/soci-cat-lfx-300x169.jpeg 300w, https:\/\/climbat.com\/wp-content\/uploads\/2022\/10\/soci-cat-lfx-1024x575.jpeg 1024w, https:\/\/climbat.com\/wp-content\/uploads\/2022\/10\/soci-cat-lfx-768x432.jpeg 768w, https:\/\/climbat.com\/wp-content\/uploads\/2022\/10\/soci-cat-lfx-1536x863.jpeg 1536w, https:\/\/climbat.com\/wp-content\/uploads\/2022\/10\/soci-cat-lfx-120x67.jpeg 120w, https:\/\/climbat.com\/wp-content\/uploads\/2022\/10\/soci-cat-lfx-81x46.jpeg 81w, https:\/\/climbat.com\/wp-content\/uploads\/2022\/10\/soci-cat-lfx.jpeg 1600w\" sizes=\"(max-width: 1200px) 100vw, 1200px\" \/><\/a><\/div>                   \t\t<div class=\"post-details pofo-post-description\">  \t\t\t\t\t\t<div class=\"novedad-title-container\"><a href=\"https:\/\/climbat.com\/ca\/dia-del-soci-lfx-cat-nov\/\" class=\"title-novedad-post\">DIA DEL SOCI\/A<\/a><\/div>                        <div class=\"entry-content margin-10px-bottom\"                            style=\"font-size: 16px; font-weight: 400; color: #000000;\" data-fontsize=\"16px\">El primer divendres de mes \u00e9s un dia especial a Climbat! Ens encanta celebrar amb...<\/div>                        <div class=\"separator-line-horrizontal-full bg-medium-light-gray no-margin-top margin-20px-bottom xs-margin-15px-bottom\"                            style=\"background-color:#000;\"><\/div>                            <a href=\"https:\/\/climbat.com\/ca\/dia-del-soci-lfx-cat-nov\/\"                            class=\"btn-black btn no-margin white-space-normal btn-small\">Llegir m\u00e9s<\/a>                    <\/div>                <\/div>            <\/div>        <\/div>        <div class=\"blog-style7-1  margin-60px-bottom sm-margin-30px-bottom xs-margin-15px-bottom col-md-4 col-sm-6 col-xs-12 \">            <div class=\"post-23460 post type-post status-publish format-image has-post-thumbnail new-cajetilla-blanca\">                <div class=\"blog-post blog-post-style2 xs-text-center\">                    <div class=\"blog-post-images overflow-hidden margin-25px-bottom xs-margin-15px-bottom\"><a href=\"https:\/\/climbat.com\/ca\/2x1-black-friday\/\"><img width=\"1200\" height=\"675\" src=\"https:\/\/climbat.com\/wp-content\/uploads\/2022\/10\/black-cat-1200x675.jpg\" class=\"attachment-post-thumbnail size-post-thumbnail wp-post-image\" alt=\"BLACK FRIDAY\" decoding=\"async\" srcset=\"https:\/\/climbat.com\/wp-content\/uploads\/2022\/10\/black-cat-1200x675.jpg 1200w, https:\/\/climbat.com\/wp-content\/uploads\/2022\/10\/black-cat-300x169.jpg 300w, https:\/\/climbat.com\/wp-content\/uploads\/2022\/10\/black-cat-1024x576.jpg 1024w, https:\/\/climbat.com\/wp-content\/uploads\/2022\/10\/black-cat-768x432.jpg 768w, https:\/\/climbat.com\/wp-content\/uploads\/2022\/10\/black-cat-1536x864.jpg 1536w, https:\/\/climbat.com\/wp-content\/uploads\/2022\/10\/black-cat-120x68.jpg 120w, https:\/\/climbat.com\/wp-content\/uploads\/2022\/10\/black-cat-81x46.jpg 81w, https:\/\/climbat.com\/wp-content\/uploads\/2022\/10\/black-cat.jpg 1920w\" sizes=\"(max-width: 1200px) 100vw, 1200px\" \/><\/a><\/div>                   \t\t<div class=\"post-details pofo-post-description\">  \t\t\t\t\t\t<div class=\"novedad-title-container\"><a href=\"https:\/\/climbat.com\/ca\/2x1-black-friday\/\" class=\"title-novedad-post\">2X1 BLACK FRIDAY<\/a><\/div>                        <div class=\"entry-content margin-10px-bottom\"                            style=\"font-size: 16px; font-weight: 400; color: #000000;\" data-fontsize=\"16px\">A Climbat convertim el&nbsp;Black Friday&nbsp;en el divendres de l'escalada i volem que vingueu a divertir-vos...<\/div>                        <div class=\"separator-line-horrizontal-full bg-medium-light-gray no-margin-top margin-20px-bottom xs-margin-15px-bottom\"                            style=\"background-color:#000;\"><\/div>                            <a href=\"https:\/\/climbat.com\/ca\/2x1-black-friday\/\"                            class=\"btn-black btn no-margin white-space-normal btn-small\">Llegir m\u00e9s<\/a>                    <\/div>                <\/div>            <\/div>        <\/div>        <div class=\"blog-style7-1  margin-60px-bottom sm-margin-30px-bottom xs-margin-15px-bottom col-md-4 col-sm-6 col-xs-12 \">            <div class=\"post-23460 post type-post status-publish format-image has-post-thumbnail new-cajetilla-blanca\">                <div class=\"blog-post blog-post-style2 xs-text-center\">                    <div class=\"blog-post-images overflow-hidden margin-25px-bottom xs-margin-15px-bottom\"><a href=\"https:\/\/climbat.com\/ca\/panera-de-nadal\/\"><img width=\"1200\" height=\"675\" src=\"https:\/\/climbat.com\/wp-content\/uploads\/2022\/10\/cesta-cat-1200x675.jpg\" class=\"attachment-post-thumbnail size-post-thumbnail wp-post-image\" alt=\"\" decoding=\"async\" srcset=\"https:\/\/climbat.com\/wp-content\/uploads\/2022\/10\/cesta-cat-1200x675.jpg 1200w, https:\/\/climbat.com\/wp-content\/uploads\/2022\/10\/cesta-cat-300x169.jpg 300w, https:\/\/climbat.com\/wp-content\/uploads\/2022\/10\/cesta-cat-1024x576.jpg 1024w, https:\/\/climbat.com\/wp-content\/uploads\/2022\/10\/cesta-cat-768x432.jpg 768w, https:\/\/climbat.com\/wp-content\/uploads\/2022\/10\/cesta-cat-1536x864.jpg 1536w, https:\/\/climbat.com\/wp-content\/uploads\/2022\/10\/cesta-cat-120x68.jpg 120w, https:\/\/climbat.com\/wp-content\/uploads\/2022\/10\/cesta-cat-81x46.jpg 81w, https:\/\/climbat.com\/wp-content\/uploads\/2022\/10\/cesta-cat.jpg 1920w\" sizes=\"(max-width: 1200px) 100vw, 1200px\" \/><\/a><\/div>                   \t\t<div class=\"post-details pofo-post-description\">  \t\t\t\t\t\t<div class=\"novedad-title-container\"><a href=\"https:\/\/climbat.com\/ca\/panera-de-nadal\/\" class=\"title-novedad-post\">PANERA DE NADAL<\/a><\/div>                        <div class=\"entry-content margin-10px-bottom\"                            style=\"font-size: 16px; font-weight: 400; color: #000000;\" data-fontsize=\"16px\">Ja pots comprar els cupons per guanyar la&nbsp;panera de nadal&nbsp;de Climbat! La panera de nadal...<\/div>                        <div class=\"separator-line-horrizontal-full bg-medium-light-gray no-margin-top margin-20px-bottom xs-margin-15px-bottom\"                            style=\"background-color:#000;\"><\/div>                            <a href=\"https:\/\/climbat.com\/ca\/panera-de-nadal\/\"                            class=\"btn-black btn no-margin white-space-normal btn-small\">Llegir m\u00e9s<\/a>                    <\/div>                <\/div>            <\/div>        <\/div>        <div class=\"blog-style7-1  margin-60px-bottom sm-margin-30px-bottom xs-margin-15px-bottom col-md-4 col-sm-6 col-xs-12 \">            <div class=\"post-23460 post type-post status-publish format-image has-post-thumbnail new-cajetilla-blanca\">                <div class=\"blog-post blog-post-style2 xs-text-center\">                    <div class=\"blog-post-images overflow-hidden margin-25px-bottom xs-margin-15px-bottom\"><a href=\"https:\/\/climbat.com\/ca\/lliga-infantil-climbat-22-23-cat\/\"><img width=\"1200\" height=\"733\" src=\"https:\/\/climbat.com\/wp-content\/uploads\/2022\/09\/lliga-cat-1200x733.jpg\" class=\"attachment-post-thumbnail size-post-thumbnail wp-post-image\" alt=\"\" decoding=\"async\" srcset=\"https:\/\/climbat.com\/wp-content\/uploads\/2022\/09\/lliga-cat-1200x733.jpg 1200w, https:\/\/climbat.com\/wp-content\/uploads\/2022\/09\/lliga-cat-300x183.jpg 300w, https:\/\/climbat.com\/wp-content\/uploads\/2022\/09\/lliga-cat-1024x626.jpg 1024w, https:\/\/climbat.com\/wp-content\/uploads\/2022\/09\/lliga-cat-768x469.jpg 768w, https:\/\/climbat.com\/wp-content\/uploads\/2022\/09\/lliga-cat-1536x939.jpg 1536w, https:\/\/climbat.com\/wp-content\/uploads\/2022\/09\/lliga-cat-120x73.jpg 120w, https:\/\/climbat.com\/wp-content\/uploads\/2022\/09\/lliga-cat-81x50.jpg 81w, https:\/\/climbat.com\/wp-content\/uploads\/2022\/09\/lliga-cat.jpg 1767w\" sizes=\"(max-width: 1200px) 100vw, 1200px\" \/><\/a><\/div>                   \t\t<div class=\"post-details pofo-post-description\">  \t\t\t\t\t\t<div class=\"novedad-title-container\"><a href=\"https:\/\/climbat.com\/ca\/lliga-infantil-climbat-22-23-cat\/\" class=\"title-novedad-post\">LLIGA INFANTIL CLIMBAT 22-23<\/a><\/div>                        <div class=\"entry-content margin-10px-bottom\"                            style=\"font-size: 16px; font-weight: 400; color: #000000;\" data-fontsize=\"16px\">Estrenem un nova edici\u00f3 de la&nbsp;Lliga infantil Climbat&nbsp;amb una primera jornada que de ben segur...<\/div>                        <div class=\"separator-line-horrizontal-full bg-medium-light-gray no-margin-top margin-20px-bottom xs-margin-15px-bottom\"                            style=\"background-color:#000;\"><\/div>                            <a href=\"https:\/\/climbat.com\/ca\/lliga-infantil-climbat-22-23-cat\/\"                            class=\"btn-black btn no-margin white-space-normal btn-small\">Llegir m\u00e9s<\/a>                    <\/div>                <\/div>            <\/div>        <\/div>        <div class=\"blog-style7-1  margin-60px-bottom sm-margin-30px-bottom xs-margin-15px-bottom col-md-4 col-sm-6 col-xs-12 \">            <div class=\"post-23460 post type-post status-publish format-image has-post-thumbnail new-cajetilla-blanca\">                <div class=\"blog-post blog-post-style2 xs-text-center\">                    <div class=\"blog-post-images overflow-hidden margin-25px-bottom xs-margin-15px-bottom\"><a href=\"https:\/\/climbat.com\/ca\/nou-climbat-bilbao\/\"><img width=\"1200\" height=\"728\" src=\"https:\/\/climbat.com\/wp-content\/uploads\/2022\/08\/bilbaoclimbat-1200x728.jpeg\" class=\"attachment-post-thumbnail size-post-thumbnail wp-post-image\" alt=\"\" decoding=\"async\" srcset=\"https:\/\/climbat.com\/wp-content\/uploads\/2022\/08\/bilbaoclimbat-1200x728.jpeg 1200w, https:\/\/climbat.com\/wp-content\/uploads\/2022\/08\/bilbaoclimbat-300x182.jpeg 300w, https:\/\/climbat.com\/wp-content\/uploads\/2022\/08\/bilbaoclimbat-1024x621.jpeg 1024w, https:\/\/climbat.com\/wp-content\/uploads\/2022\/08\/bilbaoclimbat-768x466.jpeg 768w, https:\/\/climbat.com\/wp-content\/uploads\/2022\/08\/bilbaoclimbat-1536x931.jpeg 1536w, https:\/\/climbat.com\/wp-content\/uploads\/2022\/08\/bilbaoclimbat-120x73.jpeg 120w, https:\/\/climbat.com\/wp-content\/uploads\/2022\/08\/bilbaoclimbat-81x49.jpeg 81w, https:\/\/climbat.com\/wp-content\/uploads\/2022\/08\/bilbaoclimbat.jpeg 1600w\" sizes=\"(max-width: 1200px) 100vw, 1200px\" \/><\/a><\/div>                   \t\t<div class=\"post-details pofo-post-description\">  \t\t\t\t\t\t<div class=\"novedad-title-container\"><a href=\"https:\/\/climbat.com\/ca\/nou-climbat-bilbao\/\" class=\"title-novedad-post\">NOU CLIMBAT BILBAO<\/a><\/div>                        <div class=\"entry-content margin-10px-bottom\"                            style=\"font-size: 16px; font-weight: 400; color: #000000;\" data-fontsize=\"16px\">Preparats per a con\u00e8ixer el nou&nbsp;Climbat? Estem molt contents de poder explicar-vos que sumem un...<\/div>                        <div class=\"separator-line-horrizontal-full bg-medium-light-gray no-margin-top margin-20px-bottom xs-margin-15px-bottom\"                            style=\"background-color:#000;\"><\/div>                            <a href=\"https:\/\/climbat.com\/ca\/nou-climbat-bilbao\/\"                            class=\"btn-black btn no-margin white-space-normal btn-small\">Llegir m\u00e9s<\/a>                    <\/div>                <\/div>            <\/div>        <\/div>        <div class=\"blog-style7-1  margin-60px-bottom sm-margin-30px-bottom xs-margin-15px-bottom col-md-4 col-sm-6 col-xs-12 \">            <div class=\"post-23460 post type-post status-publish format-image has-post-thumbnail new-cajetilla-blanca\">                <div class=\"blog-post blog-post-style2 xs-text-center\">                    <div class=\"blog-post-images overflow-hidden margin-25px-bottom xs-margin-15px-bottom\"><a href=\"https:\/\/climbat.com\/ca\/winter-festival-cat\/\"><img width=\"1200\" height=\"733\" src=\"https:\/\/climbat.com\/wp-content\/uploads\/2022\/09\/winter-cat-1200x733.jpeg\" class=\"attachment-post-thumbnail size-post-thumbnail wp-post-image\" alt=\"\" decoding=\"async\" srcset=\"https:\/\/climbat.com\/wp-content\/uploads\/2022\/09\/winter-cat-1200x733.jpeg 1200w, https:\/\/climbat.com\/wp-content\/uploads\/2022\/09\/winter-cat-300x183.jpeg 300w, https:\/\/climbat.com\/wp-content\/uploads\/2022\/09\/winter-cat-1024x625.jpeg 1024w, https:\/\/climbat.com\/wp-content\/uploads\/2022\/09\/winter-cat-768x469.jpeg 768w, https:\/\/climbat.com\/wp-content\/uploads\/2022\/09\/winter-cat-1536x938.jpeg 1536w, https:\/\/climbat.com\/wp-content\/uploads\/2022\/09\/winter-cat-120x73.jpeg 120w, https:\/\/climbat.com\/wp-content\/uploads\/2022\/09\/winter-cat-81x49.jpeg 81w, https:\/\/climbat.com\/wp-content\/uploads\/2022\/09\/winter-cat.jpeg 1600w\" sizes=\"(max-width: 1200px) 100vw, 1200px\" \/><\/a><\/div>                   \t\t<div class=\"post-details pofo-post-description\">  \t\t\t\t\t\t<div class=\"novedad-title-container\"><a href=\"https:\/\/climbat.com\/ca\/winter-festival-cat\/\" class=\"title-novedad-post\">WINTER FESTIVAL<\/a><\/div>                        <div class=\"entry-content margin-10px-bottom\"                            style=\"font-size: 16px; font-weight: 400; color: #000000;\" data-fontsize=\"16px\">Winter Festival&nbsp;is coming! A Climbat ja estem desitjant que arribi el fred i cada vegada...<\/div>                        <div class=\"separator-line-horrizontal-full bg-medium-light-gray no-margin-top margin-20px-bottom xs-margin-15px-bottom\"                            style=\"background-color:#000;\"><\/div>                            <a href=\"https:\/\/climbat.com\/ca\/winter-festival-cat\/\"                            class=\"btn-black btn no-margin white-space-normal btn-small\">Llegir m\u00e9s<\/a>                    <\/div>                <\/div>            <\/div>        <\/div>        <div class=\"blog-style7-1  margin-60px-bottom sm-margin-30px-bottom xs-margin-15px-bottom col-md-4 col-sm-6 col-xs-12 \">            <div class=\"post-23460 post type-post status-publish format-image has-post-thumbnail new-cajetilla-blanca\">                <div class=\"blog-post blog-post-style2 xs-text-center\">                    <div class=\"blog-post-images overflow-hidden margin-25px-bottom xs-margin-15px-bottom\"><a href=\"https:\/\/climbat.com\/ca\/dia-del-soci-cat-sjd\/\"><img width=\"1200\" height=\"674\" src=\"https:\/\/climbat.com\/wp-content\/uploads\/2022\/09\/soci-bcn-1200x674.jpeg\" class=\"attachment-post-thumbnail size-post-thumbnail wp-post-image\" alt=\"\" decoding=\"async\" srcset=\"https:\/\/climbat.com\/wp-content\/uploads\/2022\/09\/soci-bcn-1200x674.jpeg 1200w, https:\/\/climbat.com\/wp-content\/uploads\/2022\/09\/soci-bcn-300x169.jpeg 300w, https:\/\/climbat.com\/wp-content\/uploads\/2022\/09\/soci-bcn-1024x575.jpeg 1024w, https:\/\/climbat.com\/wp-content\/uploads\/2022\/09\/soci-bcn-768x432.jpeg 768w, https:\/\/climbat.com\/wp-content\/uploads\/2022\/09\/soci-bcn-1536x863.jpeg 1536w, https:\/\/climbat.com\/wp-content\/uploads\/2022\/09\/soci-bcn-120x67.jpeg 120w, https:\/\/climbat.com\/wp-content\/uploads\/2022\/09\/soci-bcn-81x46.jpeg 81w, https:\/\/climbat.com\/wp-content\/uploads\/2022\/09\/soci-bcn.jpeg 1600w\" sizes=\"(max-width: 1200px) 100vw, 1200px\" \/><\/a><\/div>                   \t\t<div class=\"post-details pofo-post-description\">  \t\t\t\t\t\t<div class=\"novedad-title-container\"><a href=\"https:\/\/climbat.com\/ca\/dia-del-soci-cat-sjd\/\" class=\"title-novedad-post\">DIA DEL SOCI\/A<\/a><\/div>                        <div class=\"entry-content margin-10px-bottom\"                            style=\"font-size: 16px; font-weight: 400; color: #000000;\" data-fontsize=\"16px\">Ja has escollit el teu company\/a de cordada pel pr\u00f2xim dia del soci\/a?&nbsp; Vine a...<\/div>                        <div class=\"separator-line-horrizontal-full bg-medium-light-gray no-margin-top margin-20px-bottom xs-margin-15px-bottom\"                            style=\"background-color:#000;\"><\/div>                            <a href=\"https:\/\/climbat.com\/ca\/dia-del-soci-cat-sjd\/\"                            class=\"btn-black btn no-margin white-space-normal btn-small\">Llegir m\u00e9s<\/a>                    <\/div>                <\/div>            <\/div>        <\/div>        <div class=\"blog-style7-1  margin-60px-bottom sm-margin-30px-bottom xs-margin-15px-bottom col-md-4 col-sm-6 col-xs-12 \">            <div class=\"post-23460 post type-post status-publish format-image has-post-thumbnail new-cajetilla-blanca\">                <div class=\"blog-post blog-post-style2 xs-text-center\">                    <div class=\"blog-post-images overflow-hidden margin-25px-bottom xs-margin-15px-bottom\"><a href=\"https:\/\/climbat.com\/ca\/dia-del-soci-oct-bcn\/\"><img width=\"1200\" height=\"674\" src=\"https:\/\/climbat.com\/wp-content\/uploads\/2022\/09\/soci-bcn-1200x674.jpeg\" class=\"attachment-post-thumbnail size-post-thumbnail wp-post-image\" alt=\"\" decoding=\"async\" srcset=\"https:\/\/climbat.com\/wp-content\/uploads\/2022\/09\/soci-bcn-1200x674.jpeg 1200w, https:\/\/climbat.com\/wp-content\/uploads\/2022\/09\/soci-bcn-300x169.jpeg 300w, https:\/\/climbat.com\/wp-content\/uploads\/2022\/09\/soci-bcn-1024x575.jpeg 1024w, https:\/\/climbat.com\/wp-content\/uploads\/2022\/09\/soci-bcn-768x432.jpeg 768w, https:\/\/climbat.com\/wp-content\/uploads\/2022\/09\/soci-bcn-1536x863.jpeg 1536w, https:\/\/climbat.com\/wp-content\/uploads\/2022\/09\/soci-bcn-120x67.jpeg 120w, https:\/\/climbat.com\/wp-content\/uploads\/2022\/09\/soci-bcn-81x46.jpeg 81w, https:\/\/climbat.com\/wp-content\/uploads\/2022\/09\/soci-bcn.jpeg 1600w\" sizes=\"(max-width: 1200px) 100vw, 1200px\" \/><\/a><\/div>                   \t\t<div class=\"post-details pofo-post-description\">  \t\t\t\t\t\t<div class=\"novedad-title-container\"><a href=\"https:\/\/climbat.com\/ca\/dia-del-soci-oct-bcn\/\" class=\"title-novedad-post\">DIA DEL SOCI\/A<\/a><\/div>                        <div class=\"entry-content margin-10px-bottom\"                            style=\"font-size: 16px; font-weight: 400; color: #000000;\" data-fontsize=\"16px\">Ja has escollit el teu company\/a de cordada pel pr\u00f2xim dia del soci\/a?&nbsp; Vine a...<\/div>                        <div class=\"separator-line-horrizontal-full bg-medium-light-gray no-margin-top margin-20px-bottom xs-margin-15px-bottom\"                            style=\"background-color:#000;\"><\/div>                            <a href=\"https:\/\/climbat.com\/ca\/dia-del-soci-oct-bcn\/\"                            class=\"btn-black btn no-margin white-space-normal btn-small\">Llegir m\u00e9s<\/a>                    <\/div>                <\/div>            <\/div>        <\/div>        <div class=\"blog-style7-1  margin-60px-bottom sm-margin-30px-bottom xs-margin-15px-bottom col-md-4 col-sm-6 col-xs-12 \">            <div class=\"post-23460 post type-post status-publish format-image has-post-thumbnail new-cajetilla-blanca\">                <div class=\"blog-post blog-post-style2 xs-text-center\">                    <div class=\"blog-post-images overflow-hidden margin-25px-bottom xs-margin-15px-bottom\"><a href=\"https:\/\/climbat.com\/ca\/halloween-cat\/\"><img width=\"1200\" height=\"674\" src=\"https:\/\/climbat.com\/wp-content\/uploads\/2022\/09\/hallo-cat-1200x674.jpeg\" class=\"attachment-post-thumbnail size-post-thumbnail wp-post-image\" alt=\"\" decoding=\"async\" srcset=\"https:\/\/climbat.com\/wp-content\/uploads\/2022\/09\/hallo-cat-1200x674.jpeg 1200w, https:\/\/climbat.com\/wp-content\/uploads\/2022\/09\/hallo-cat-300x169.jpeg 300w, https:\/\/climbat.com\/wp-content\/uploads\/2022\/09\/hallo-cat-1024x575.jpeg 1024w, https:\/\/climbat.com\/wp-content\/uploads\/2022\/09\/hallo-cat-768x432.jpeg 768w, https:\/\/climbat.com\/wp-content\/uploads\/2022\/09\/hallo-cat-1536x863.jpeg 1536w, https:\/\/climbat.com\/wp-content\/uploads\/2022\/09\/hallo-cat-120x67.jpeg 120w, https:\/\/climbat.com\/wp-content\/uploads\/2022\/09\/hallo-cat-81x46.jpeg 81w, https:\/\/climbat.com\/wp-content\/uploads\/2022\/09\/hallo-cat.jpeg 1600w\" sizes=\"(max-width: 1200px) 100vw, 1200px\" \/><\/a><\/div>                   \t\t<div class=\"post-details pofo-post-description\">  \t\t\t\t\t\t<div class=\"novedad-title-container\"><a href=\"https:\/\/climbat.com\/ca\/halloween-cat\/\" class=\"title-novedad-post\">CELEBRA HALLOWEEN AL CLIMBAT<\/a><\/div>                        <div class=\"entry-content margin-10px-bottom\"                            style=\"font-size: 16px; font-weight: 400; color: #000000;\" data-fontsize=\"16px\">Arriba una de les nostres celebracions preferides de l'any on pots ser qui tu vulguis...<\/div>                        <div class=\"separator-line-horrizontal-full bg-medium-light-gray no-margin-top margin-20px-bottom xs-margin-15px-bottom\"                            style=\"background-color:#000;\"><\/div>                            <a href=\"https:\/\/climbat.com\/ca\/halloween-cat\/\"                            class=\"btn-black btn no-margin white-space-normal btn-small\">Llegir m\u00e9s<\/a>                    <\/div>                <\/div>            <\/div>        <\/div>        <div class=\"blog-style7-1  margin-60px-bottom sm-margin-30px-bottom xs-margin-15px-bottom col-md-4 col-sm-6 col-xs-12 \">            <div class=\"post-23460 post type-post status-publish format-image has-post-thumbnail new-cajetilla-blanca\">                <div class=\"blog-post blog-post-style2 xs-text-center\">                    <div class=\"blog-post-images overflow-hidden margin-25px-bottom xs-margin-15px-bottom\"><a href=\"https:\/\/climbat.com\/ca\/cumples-oct-cat\/\"><img width=\"1200\" height=\"733\" src=\"https:\/\/climbat.com\/wp-content\/uploads\/2022\/09\/cumples-cat-1200x733.jpeg\" class=\"attachment-post-thumbnail size-post-thumbnail wp-post-image\" alt=\"\" decoding=\"async\" srcset=\"https:\/\/climbat.com\/wp-content\/uploads\/2022\/09\/cumples-cat-1200x733.jpeg 1200w, https:\/\/climbat.com\/wp-content\/uploads\/2022\/09\/cumples-cat-300x183.jpeg 300w, https:\/\/climbat.com\/wp-content\/uploads\/2022\/09\/cumples-cat-1024x625.jpeg 1024w, https:\/\/climbat.com\/wp-content\/uploads\/2022\/09\/cumples-cat-768x469.jpeg 768w, https:\/\/climbat.com\/wp-content\/uploads\/2022\/09\/cumples-cat-1536x938.jpeg 1536w, https:\/\/climbat.com\/wp-content\/uploads\/2022\/09\/cumples-cat-120x73.jpeg 120w, https:\/\/climbat.com\/wp-content\/uploads\/2022\/09\/cumples-cat-81x49.jpeg 81w, https:\/\/climbat.com\/wp-content\/uploads\/2022\/09\/cumples-cat.jpeg 1600w\" sizes=\"(max-width: 1200px) 100vw, 1200px\" \/><\/a><\/div>                   \t\t<div class=\"post-details pofo-post-description\">  \t\t\t\t\t\t<div class=\"novedad-title-container\"><a href=\"https:\/\/climbat.com\/ca\/cumples-oct-cat\/\" class=\"title-novedad-post\">CELEBRA EL TEU ANIVERSARI AMB UN 10% DE DESCOMPTE<\/a><\/div>                        <div class=\"entry-content margin-10px-bottom\"                            style=\"font-size: 16px; font-weight: 400; color: #000000;\" data-fontsize=\"16px\">Tic-tac tic-tac...Comptant els dies perqu\u00e8 arribi aquest dia tan especial?Vine a celebrar el teu aniversari...<\/div>                        <div class=\"separator-line-horrizontal-full bg-medium-light-gray no-margin-top margin-20px-bottom xs-margin-15px-bottom\"                            style=\"background-color:#000;\"><\/div>                            <a href=\"https:\/\/climbat.com\/ca\/cumples-oct-cat\/\"                            class=\"btn-black btn no-margin white-space-normal btn-small\">Llegir m\u00e9s<\/a>                    <\/div>                <\/div>            <\/div>        <\/div>        <div class=\"blog-style7-1  margin-60px-bottom sm-margin-30px-bottom xs-margin-15px-bottom col-md-4 col-sm-6 col-xs-12 \">            <div class=\"post-23460 post type-post status-publish format-image has-post-thumbnail new-cajetilla-blanca\">                <div class=\"blog-post blog-post-style2 xs-text-center\">                    <div class=\"blog-post-images overflow-hidden margin-25px-bottom xs-margin-15px-bottom\"><a href=\"https:\/\/climbat.com\/ca\/taller-del-roco-a-la-roca-lfx-oct\/\"><img width=\"1200\" height=\"709\" src=\"https:\/\/climbat.com\/wp-content\/uploads\/2022\/09\/TV_DEL-ROCO-A-LA-ROCA_CAT-copia-1200x709.jpg\" class=\"attachment-post-thumbnail size-post-thumbnail wp-post-image\" alt=\"\" decoding=\"async\" srcset=\"https:\/\/climbat.com\/wp-content\/uploads\/2022\/09\/TV_DEL-ROCO-A-LA-ROCA_CAT-copia-1200x709.jpg 1200w, https:\/\/climbat.com\/wp-content\/uploads\/2022\/09\/TV_DEL-ROCO-A-LA-ROCA_CAT-copia-300x177.jpg 300w, https:\/\/climbat.com\/wp-content\/uploads\/2022\/09\/TV_DEL-ROCO-A-LA-ROCA_CAT-copia-1024x605.jpg 1024w, https:\/\/climbat.com\/wp-content\/uploads\/2022\/09\/TV_DEL-ROCO-A-LA-ROCA_CAT-copia-768x454.jpg 768w, https:\/\/climbat.com\/wp-content\/uploads\/2022\/09\/TV_DEL-ROCO-A-LA-ROCA_CAT-copia-1536x908.jpg 1536w, https:\/\/climbat.com\/wp-content\/uploads\/2022\/09\/TV_DEL-ROCO-A-LA-ROCA_CAT-copia-120x71.jpg 120w, https:\/\/climbat.com\/wp-content\/uploads\/2022\/09\/TV_DEL-ROCO-A-LA-ROCA_CAT-copia-81x48.jpg 81w, https:\/\/climbat.com\/wp-content\/uploads\/2022\/09\/TV_DEL-ROCO-A-LA-ROCA_CAT-copia.jpg 1920w\" sizes=\"(max-width: 1200px) 100vw, 1200px\" \/><\/a><\/div>                   \t\t<div class=\"post-details pofo-post-description\">  \t\t\t\t\t\t<div class=\"novedad-title-container\"><a href=\"https:\/\/climbat.com\/ca\/taller-del-roco-a-la-roca-lfx-oct\/\" class=\"title-novedad-post\">TALLER DEL ROCO A LA ROCA<\/a><\/div>                        <div class=\"entry-content margin-10px-bottom\"                            style=\"font-size: 16px; font-weight: 400; color: #000000;\" data-fontsize=\"16px\">Vols posar en pr\u00e0ctica tots els teus coneixements ara, al medi natural? En aquest taller...<\/div>                        <div class=\"separator-line-horrizontal-full bg-medium-light-gray no-margin-top margin-20px-bottom xs-margin-15px-bottom\"                            style=\"background-color:#000;\"><\/div>                            <a href=\"https:\/\/climbat.com\/ca\/taller-del-roco-a-la-roca-lfx-oct\/\"                            class=\"btn-black btn no-margin white-space-normal btn-small\">Llegir m\u00e9s<\/a>                    <\/div>                <\/div>            <\/div>        <\/div>        <div class=\"blog-style7-1  margin-60px-bottom sm-margin-30px-bottom xs-margin-15px-bottom col-md-4 col-sm-6 col-xs-12 \">            <div class=\"post-23460 post type-post status-publish format-image has-post-thumbnail new-cajetilla-blanca\">                <div class=\"blog-post blog-post-style2 xs-text-center\">                    <div class=\"blog-post-images overflow-hidden margin-25px-bottom xs-margin-15px-bottom\"><a href=\"https:\/\/climbat.com\/ca\/dia-del-soci-setembre-lfx\/\"><img width=\"1200\" height=\"674\" src=\"https:\/\/climbat.com\/wp-content\/uploads\/2022\/07\/SOCILFX-1200x674.jpeg\" class=\"attachment-post-thumbnail size-post-thumbnail wp-post-image\" alt=\"SOCI LFX\" decoding=\"async\" srcset=\"https:\/\/climbat.com\/wp-content\/uploads\/2022\/07\/SOCILFX-1200x674.jpeg 1200w, https:\/\/climbat.com\/wp-content\/uploads\/2022\/07\/SOCILFX-300x169.jpeg 300w, https:\/\/climbat.com\/wp-content\/uploads\/2022\/07\/SOCILFX-1024x575.jpeg 1024w, https:\/\/climbat.com\/wp-content\/uploads\/2022\/07\/SOCILFX-768x432.jpeg 768w, https:\/\/climbat.com\/wp-content\/uploads\/2022\/07\/SOCILFX-1536x863.jpeg 1536w, https:\/\/climbat.com\/wp-content\/uploads\/2022\/07\/SOCILFX-120x67.jpeg 120w, https:\/\/climbat.com\/wp-content\/uploads\/2022\/07\/SOCILFX-81x46.jpeg 81w, https:\/\/climbat.com\/wp-content\/uploads\/2022\/07\/SOCILFX.jpeg 1600w\" sizes=\"(max-width: 1200px) 100vw, 1200px\" \/><\/a><\/div>                   \t\t<div class=\"post-details pofo-post-description\">  \t\t\t\t\t\t<div class=\"novedad-title-container\"><a href=\"https:\/\/climbat.com\/ca\/dia-del-soci-setembre-lfx\/\" class=\"title-novedad-post\">DIA DEL SOCI\/A<\/a><\/div>                        <div class=\"entry-content margin-10px-bottom\"                            style=\"font-size: 16px; font-weight: 400; color: #000000;\" data-fontsize=\"16px\">Ens trobes a faltar? Nosaltres s\u00ed! Despr\u00e9s del estiu, comen\u00e7ar el mes escalant amb bona...<\/div>                        <div class=\"separator-line-horrizontal-full bg-medium-light-gray no-margin-top margin-20px-bottom xs-margin-15px-bottom\"                            style=\"background-color:#000;\"><\/div>                            <a href=\"https:\/\/climbat.com\/ca\/dia-del-soci-setembre-lfx\/\"                            class=\"btn-black btn no-margin white-space-normal btn-small\">Llegir m\u00e9s<\/a>                    <\/div>                <\/div>            <\/div>        <\/div>        <div class=\"blog-style7-1  margin-60px-bottom sm-margin-30px-bottom xs-margin-15px-bottom col-md-4 col-sm-6 col-xs-12 \">            <div class=\"post-23460 post type-post status-publish format-image has-post-thumbnail new-cajetilla-blanca\">                <div class=\"blog-post blog-post-style2 xs-text-center\">                    <div class=\"blog-post-images overflow-hidden margin-25px-bottom xs-margin-15px-bottom\"><a href=\"https:\/\/climbat.com\/ca\/portes-obertes-escola-escalada-lfx\/\"><img width=\"1200\" height=\"674\" src=\"https:\/\/climbat.com\/wp-content\/uploads\/2022\/07\/escolapacat-1200x674.jpeg\" class=\"attachment-post-thumbnail size-post-thumbnail wp-post-image\" alt=\"PORTES OBERTES ESCOLA\" decoding=\"async\" srcset=\"https:\/\/climbat.com\/wp-content\/uploads\/2022\/07\/escolapacat-1200x674.jpeg 1200w, https:\/\/climbat.com\/wp-content\/uploads\/2022\/07\/escolapacat-300x169.jpeg 300w, https:\/\/climbat.com\/wp-content\/uploads\/2022\/07\/escolapacat-1024x575.jpeg 1024w, https:\/\/climbat.com\/wp-content\/uploads\/2022\/07\/escolapacat-768x432.jpeg 768w, https:\/\/climbat.com\/wp-content\/uploads\/2022\/07\/escolapacat-1536x863.jpeg 1536w, https:\/\/climbat.com\/wp-content\/uploads\/2022\/07\/escolapacat-120x67.jpeg 120w, https:\/\/climbat.com\/wp-content\/uploads\/2022\/07\/escolapacat-81x46.jpeg 81w, https:\/\/climbat.com\/wp-content\/uploads\/2022\/07\/escolapacat.jpeg 1600w\" sizes=\"(max-width: 1200px) 100vw, 1200px\" \/><\/a><\/div>                   \t\t<div class=\"post-details pofo-post-description\">  \t\t\t\t\t\t<div class=\"novedad-title-container\"><a href=\"https:\/\/climbat.com\/ca\/portes-obertes-escola-escalada-lfx\/\" class=\"title-novedad-post\">PORTES OBERTES ESCOLA ESCALADA<\/a><\/div>                        <div class=\"entry-content margin-10px-bottom\"                            style=\"font-size: 16px; font-weight: 400; color: #000000;\" data-fontsize=\"16px\">Aquest setembre torna la&nbsp;Escola d\u2019Escalada&nbsp;i arrenca amb unes&nbsp;jornades de portes obertes&nbsp;perqu\u00e8 tots els nens\/es i...<\/div>                        <div class=\"separator-line-horrizontal-full bg-medium-light-gray no-margin-top margin-20px-bottom xs-margin-15px-bottom\"                            style=\"background-color:#000;\"><\/div>                            <a href=\"https:\/\/climbat.com\/ca\/portes-obertes-escola-escalada-lfx\/\"                            class=\"btn-black btn no-margin white-space-normal btn-small\">Llegir m\u00e9s<\/a>                    <\/div>                <\/div>            <\/div>        <\/div>        <div class=\"blog-style7-1  margin-60px-bottom sm-margin-30px-bottom xs-margin-15px-bottom col-md-4 col-sm-6 col-xs-12 \">            <div class=\"post-23460 post type-post status-publish format-image has-post-thumbnail new-cajetilla-blanca\">                <div class=\"blog-post blog-post-style2 xs-text-center\">                    <div class=\"blog-post-images overflow-hidden margin-25px-bottom xs-margin-15px-bottom\"><a href=\"https:\/\/climbat.com\/ca\/promocio-setembre-22\/\"><img width=\"1200\" height=\"733\" src=\"https:\/\/climbat.com\/wp-content\/uploads\/2022\/07\/MicrosoftTeams-image-56-1200x733.jpg\" class=\"attachment-post-thumbnail size-post-thumbnail wp-post-image\" alt=\"PROMO 3+1\" decoding=\"async\" srcset=\"https:\/\/climbat.com\/wp-content\/uploads\/2022\/07\/MicrosoftTeams-image-56-1200x733.jpg 1200w, https:\/\/climbat.com\/wp-content\/uploads\/2022\/07\/MicrosoftTeams-image-56-300x183.jpg 300w, https:\/\/climbat.com\/wp-content\/uploads\/2022\/07\/MicrosoftTeams-image-56-1024x626.jpg 1024w, https:\/\/climbat.com\/wp-content\/uploads\/2022\/07\/MicrosoftTeams-image-56-768x469.jpg 768w, https:\/\/climbat.com\/wp-content\/uploads\/2022\/07\/MicrosoftTeams-image-56-1536x939.jpg 1536w, https:\/\/climbat.com\/wp-content\/uploads\/2022\/07\/MicrosoftTeams-image-56-120x73.jpg 120w, https:\/\/climbat.com\/wp-content\/uploads\/2022\/07\/MicrosoftTeams-image-56-81x50.jpg 81w, https:\/\/climbat.com\/wp-content\/uploads\/2022\/07\/MicrosoftTeams-image-56.jpg 1767w\" sizes=\"(max-width: 1200px) 100vw, 1200px\" \/><\/a><\/div>                   \t\t<div class=\"post-details pofo-post-description\">  \t\t\t\t\t\t<div class=\"novedad-title-container\"><a href=\"https:\/\/climbat.com\/ca\/promocio-setembre-22\/\" class=\"title-novedad-post\">PROMOCI\u00d3 3+1 SENSE MATR\u00cdCULA<\/a><\/div>                        <div class=\"entry-content margin-10px-bottom\"                            style=\"font-size: 16px; font-weight: 400; color: #000000;\" data-fontsize=\"16px\">Les vacances acaben i el cos et demana esport? Vols practicar un esport complet i...<\/div>                        <div class=\"separator-line-horrizontal-full bg-medium-light-gray no-margin-top margin-20px-bottom xs-margin-15px-bottom\"                            style=\"background-color:#000;\"><\/div>                            <a href=\"https:\/\/climbat.com\/ca\/promocio-setembre-22\/\"                            class=\"btn-black btn no-margin white-space-normal btn-small\">Llegir m\u00e9s<\/a>                    <\/div>                <\/div>            <\/div>        <\/div>        <div class=\"blog-style7-1  margin-60px-bottom sm-margin-30px-bottom xs-margin-15px-bottom col-md-4 col-sm-6 col-xs-12 \">            <div class=\"post-23460 post type-post status-publish format-image has-post-thumbnail new-cajetilla-blanca\">                <div class=\"blog-post blog-post-style2 xs-text-center\">                    <div class=\"blog-post-images overflow-hidden margin-25px-bottom xs-margin-15px-bottom\"><a href=\"https:\/\/climbat.com\/ca\/inscripcions-escola-escalada-lfx\/\"><img width=\"1200\" height=\"674\" src=\"https:\/\/climbat.com\/wp-content\/uploads\/2022\/07\/escolacat-1200x674.jpeg\" class=\"attachment-post-thumbnail size-post-thumbnail wp-post-image\" alt=\"ESCOLA ESCALADA\" decoding=\"async\" srcset=\"https:\/\/climbat.com\/wp-content\/uploads\/2022\/07\/escolacat-1200x674.jpeg 1200w, https:\/\/climbat.com\/wp-content\/uploads\/2022\/07\/escolacat-300x169.jpeg 300w, https:\/\/climbat.com\/wp-content\/uploads\/2022\/07\/escolacat-1024x575.jpeg 1024w, https:\/\/climbat.com\/wp-content\/uploads\/2022\/07\/escolacat-768x432.jpeg 768w, https:\/\/climbat.com\/wp-content\/uploads\/2022\/07\/escolacat-1536x863.jpeg 1536w, https:\/\/climbat.com\/wp-content\/uploads\/2022\/07\/escolacat-120x67.jpeg 120w, https:\/\/climbat.com\/wp-content\/uploads\/2022\/07\/escolacat-81x46.jpeg 81w, https:\/\/climbat.com\/wp-content\/uploads\/2022\/07\/escolacat.jpeg 1600w\" sizes=\"(max-width: 1200px) 100vw, 1200px\" \/><\/a><\/div>                   \t\t<div class=\"post-details pofo-post-description\">  \t\t\t\t\t\t<div class=\"novedad-title-container\"><a href=\"https:\/\/climbat.com\/ca\/inscripcions-escola-escalada-lfx\/\" class=\"title-novedad-post\">INSCRIPCIONS ESCOLA ESCALADA<\/a><\/div>                        <div class=\"entry-content margin-10px-bottom\"                            style=\"font-size: 16px; font-weight: 400; color: #000000;\" data-fontsize=\"16px\">Al setembre torna l\u2019escola d\u2019escalada! Un nou curs per seguir aprenent, millorant, assolint noves fites...<\/div>                        <div class=\"separator-line-horrizontal-full bg-medium-light-gray no-margin-top margin-20px-bottom xs-margin-15px-bottom\"                            style=\"background-color:#000;\"><\/div>                            <a href=\"https:\/\/climbat.com\/ca\/inscripcions-escola-escalada-lfx\/\"                            class=\"btn-black btn no-margin white-space-normal btn-small\">Llegir m\u00e9s<\/a>                    <\/div>                <\/div>            <\/div>        <\/div>        <div class=\"blog-style7-1  margin-60px-bottom sm-margin-30px-bottom xs-margin-15px-bottom col-md-4 col-sm-6 col-xs-12 \">            <div class=\"post-23460 post type-post status-publish format-image has-post-thumbnail new-cajetilla-blanca\">                <div class=\"blog-post blog-post-style2 xs-text-center\">                    <div class=\"blog-post-images overflow-hidden margin-25px-bottom xs-margin-15px-bottom\"><a href=\"https:\/\/climbat.com\/ca\/promo-abonament\/\"><img width=\"1200\" height=\"728\" src=\"https:\/\/climbat.com\/wp-content\/uploads\/2022\/07\/TV-BONO-104-AGOST_CAT-1200x728.jpg\" class=\"attachment-post-thumbnail size-post-thumbnail wp-post-image\" alt=\"\" decoding=\"async\" srcset=\"https:\/\/climbat.com\/wp-content\/uploads\/2022\/07\/TV-BONO-104-AGOST_CAT-1200x728.jpg 1200w, https:\/\/climbat.com\/wp-content\/uploads\/2022\/07\/TV-BONO-104-AGOST_CAT-300x182.jpg 300w, https:\/\/climbat.com\/wp-content\/uploads\/2022\/07\/TV-BONO-104-AGOST_CAT-1024x621.jpg 1024w, https:\/\/climbat.com\/wp-content\/uploads\/2022\/07\/TV-BONO-104-AGOST_CAT-768x466.jpg 768w, https:\/\/climbat.com\/wp-content\/uploads\/2022\/07\/TV-BONO-104-AGOST_CAT-1536x931.jpg 1536w, https:\/\/climbat.com\/wp-content\/uploads\/2022\/07\/TV-BONO-104-AGOST_CAT-120x73.jpg 120w, https:\/\/climbat.com\/wp-content\/uploads\/2022\/07\/TV-BONO-104-AGOST_CAT-81x49.jpg 81w, https:\/\/climbat.com\/wp-content\/uploads\/2022\/07\/TV-BONO-104-AGOST_CAT.jpg 1920w\" sizes=\"(max-width: 1200px) 100vw, 1200px\" \/><\/a><\/div>                   \t\t<div class=\"post-details pofo-post-description\">  \t\t\t\t\t\t<div class=\"novedad-title-container\"><a href=\"https:\/\/climbat.com\/ca\/promo-abonament\/\" class=\"title-novedad-post\">BONO 10+4<\/a><\/div>                        <div class=\"entry-content margin-10px-bottom\"                            style=\"font-size: 16px; font-weight: 400; color: #000000;\" data-fontsize=\"16px\">Combat la inflaci\u00f3... compra ara el teu&nbsp;abonament al millor preu! Paga l\u2019abonament de 10 entrades...<\/div>                        <div class=\"separator-line-horrizontal-full bg-medium-light-gray no-margin-top margin-20px-bottom xs-margin-15px-bottom\"                            style=\"background-color:#000;\"><\/div>                            <a href=\"https:\/\/climbat.com\/ca\/promo-abonament\/\"                            class=\"btn-black btn no-margin white-space-normal btn-small\">Llegir m\u00e9s<\/a>                    <\/div>                <\/div>            <\/div>        <\/div>        <div class=\"blog-style7-1  margin-60px-bottom sm-margin-30px-bottom xs-margin-15px-bottom col-md-4 col-sm-6 col-xs-12 \">            <div class=\"post-23460 post type-post status-publish format-image has-post-thumbnail new-cajetilla-blanca\">                <div class=\"blog-post blog-post-style2 xs-text-center\">                    <div class=\"blog-post-images overflow-hidden margin-25px-bottom xs-margin-15px-bottom\"><a href=\"https:\/\/climbat.com\/ca\/promocio-2x1\/\"><img width=\"1200\" height=\"674\" src=\"https:\/\/climbat.com\/wp-content\/uploads\/2022\/07\/2x1cat-1-1200x674.jpeg\" class=\"attachment-post-thumbnail size-post-thumbnail wp-post-image\" alt=\"\" decoding=\"async\" srcset=\"https:\/\/climbat.com\/wp-content\/uploads\/2022\/07\/2x1cat-1-1200x674.jpeg 1200w, https:\/\/climbat.com\/wp-content\/uploads\/2022\/07\/2x1cat-1-300x169.jpeg 300w, https:\/\/climbat.com\/wp-content\/uploads\/2022\/07\/2x1cat-1-1024x575.jpeg 1024w, https:\/\/climbat.com\/wp-content\/uploads\/2022\/07\/2x1cat-1-768x432.jpeg 768w, https:\/\/climbat.com\/wp-content\/uploads\/2022\/07\/2x1cat-1-1536x863.jpeg 1536w, https:\/\/climbat.com\/wp-content\/uploads\/2022\/07\/2x1cat-1-120x67.jpeg 120w, https:\/\/climbat.com\/wp-content\/uploads\/2022\/07\/2x1cat-1-81x46.jpeg 81w, https:\/\/climbat.com\/wp-content\/uploads\/2022\/07\/2x1cat-1.jpeg 1600w\" sizes=\"(max-width: 1200px) 100vw, 1200px\" \/><\/a><\/div>                   \t\t<div class=\"post-details pofo-post-description\">  \t\t\t\t\t\t<div class=\"novedad-title-container\"><a href=\"https:\/\/climbat.com\/ca\/promocio-2x1\/\" class=\"title-novedad-post\">PROMOCI\u00d3 2&#215;1 EN ENTRADA DE DIA<\/a><\/div>                        <div class=\"entry-content margin-10px-bottom\"                            style=\"font-size: 16px; font-weight: 400; color: #000000;\" data-fontsize=\"16px\">Aquest agost fuig de la calor venint a escalar a Climbat! Sempre \u00e9s millor escalar...<\/div>                        <div class=\"separator-line-horrizontal-full bg-medium-light-gray no-margin-top margin-20px-bottom xs-margin-15px-bottom\"                            style=\"background-color:#000;\"><\/div>                            <a href=\"https:\/\/climbat.com\/ca\/promocio-2x1\/\"                            class=\"btn-black btn no-margin white-space-normal btn-small\">Llegir m\u00e9s<\/a>                    <\/div>                <\/div>            <\/div>        <\/div>        <div class=\"blog-style7-1  margin-60px-bottom sm-margin-30px-bottom xs-margin-15px-bottom col-md-4 col-sm-6 col-xs-12 \">            <div class=\"post-23460 post type-post status-publish format-image has-post-thumbnail new-cajetilla-blanca\">                <div class=\"blog-post blog-post-style2 xs-text-center\">                    <div class=\"blog-post-images overflow-hidden margin-25px-bottom xs-margin-15px-bottom\"><a href=\"https:\/\/climbat.com\/ca\/inscripcions-escola-escalada-sjd\/\"><img width=\"1200\" height=\"674\" src=\"https:\/\/climbat.com\/wp-content\/uploads\/2022\/07\/escolacat-1200x674.jpeg\" class=\"attachment-post-thumbnail size-post-thumbnail wp-post-image\" alt=\"ESCOLA ESCALADA\" decoding=\"async\" srcset=\"https:\/\/climbat.com\/wp-content\/uploads\/2022\/07\/escolacat-1200x674.jpeg 1200w, https:\/\/climbat.com\/wp-content\/uploads\/2022\/07\/escolacat-300x169.jpeg 300w, https:\/\/climbat.com\/wp-content\/uploads\/2022\/07\/escolacat-1024x575.jpeg 1024w, https:\/\/climbat.com\/wp-content\/uploads\/2022\/07\/escolacat-768x432.jpeg 768w, https:\/\/climbat.com\/wp-content\/uploads\/2022\/07\/escolacat-1536x863.jpeg 1536w, https:\/\/climbat.com\/wp-content\/uploads\/2022\/07\/escolacat-120x67.jpeg 120w, https:\/\/climbat.com\/wp-content\/uploads\/2022\/07\/escolacat-81x46.jpeg 81w, https:\/\/climbat.com\/wp-content\/uploads\/2022\/07\/escolacat.jpeg 1600w\" sizes=\"(max-width: 1200px) 100vw, 1200px\" \/><\/a><\/div>                   \t\t<div class=\"post-details pofo-post-description\">  \t\t\t\t\t\t<div class=\"novedad-title-container\"><a href=\"https:\/\/climbat.com\/ca\/inscripcions-escola-escalada-sjd\/\" class=\"title-novedad-post\">INSCRIPCIONS ESCOLA ESCALADA<\/a><\/div>                        <div class=\"entry-content margin-10px-bottom\"                            style=\"font-size: 16px; font-weight: 400; color: #000000;\" data-fontsize=\"16px\">Al setembre torna l\u2019escola d\u2019escalada! Un nou curs per seguir aprenent, millorant, assolint noves fites...<\/div>                        <div class=\"separator-line-horrizontal-full bg-medium-light-gray no-margin-top margin-20px-bottom xs-margin-15px-bottom\"                            style=\"background-color:#000;\"><\/div>                            <a href=\"https:\/\/climbat.com\/ca\/inscripcions-escola-escalada-sjd\/\"                            class=\"btn-black btn no-margin white-space-normal btn-small\">Llegir m\u00e9s<\/a>                    <\/div>                <\/div>            <\/div>        <\/div>        <div class=\"blog-style7-1  margin-60px-bottom sm-margin-30px-bottom xs-margin-15px-bottom col-md-4 col-sm-6 col-xs-12 \">            <div class=\"post-23460 post type-post status-publish format-image has-post-thumbnail new-cajetilla-blanca\">                <div class=\"blog-post blog-post-style2 xs-text-center\">                    <div class=\"blog-post-images overflow-hidden margin-25px-bottom xs-margin-15px-bottom\"><a href=\"https:\/\/climbat.com\/ca\/casal-destiu-climbat-sjd\/\"><img width=\"1193\" height=\"771\" src=\"https:\/\/climbat.com\/wp-content\/uploads\/2022\/04\/TV_CASAL_BCN_CAT-scaled-1-1193x771.jpg\" class=\"attachment-post-thumbnail size-post-thumbnail wp-post-image\" alt=\"\" decoding=\"async\" srcset=\"https:\/\/climbat.com\/wp-content\/uploads\/2022\/04\/TV_CASAL_BCN_CAT-scaled-1-1193x771.jpg 1193w, https:\/\/climbat.com\/wp-content\/uploads\/2022\/04\/TV_CASAL_BCN_CAT-scaled-1-300x194.jpg 300w, https:\/\/climbat.com\/wp-content\/uploads\/2022\/04\/TV_CASAL_BCN_CAT-scaled-1-1024x662.jpg 1024w, https:\/\/climbat.com\/wp-content\/uploads\/2022\/04\/TV_CASAL_BCN_CAT-scaled-1-768x497.jpg 768w, https:\/\/climbat.com\/wp-content\/uploads\/2022\/04\/TV_CASAL_BCN_CAT-scaled-1-1536x993.jpg 1536w, https:\/\/climbat.com\/wp-content\/uploads\/2022\/04\/TV_CASAL_BCN_CAT-scaled-1-2048x1324.jpg 2048w, https:\/\/climbat.com\/wp-content\/uploads\/2022\/04\/TV_CASAL_BCN_CAT-scaled-1-120x78.jpg 120w, https:\/\/climbat.com\/wp-content\/uploads\/2022\/04\/TV_CASAL_BCN_CAT-scaled-1-81x52.jpg 81w\" sizes=\"(max-width: 1193px) 100vw, 1193px\" \/><\/a><\/div>                   \t\t<div class=\"post-details pofo-post-description\">  \t\t\t\t\t\t<div class=\"novedad-title-container\"><a href=\"https:\/\/climbat.com\/ca\/casal-destiu-climbat-sjd\/\" class=\"title-novedad-post\">CASAL D&#8217;ESTIU CLIMBAT<\/a><\/div>                        <div class=\"entry-content margin-10px-bottom\"                            style=\"font-size: 16px; font-weight: 400; color: #000000;\" data-fontsize=\"16px\">Aix\u00f2 cal viure-ho! Sabem que les vacances d'estiu poden implicar un reajustament de la rutina...<\/div>                        <div class=\"separator-line-horrizontal-full bg-medium-light-gray no-margin-top margin-20px-bottom xs-margin-15px-bottom\"                            style=\"background-color:#000;\"><\/div>                            <a href=\"https:\/\/climbat.com\/ca\/casal-destiu-climbat-sjd\/\"                            class=\"btn-black btn no-margin white-space-normal btn-small\">Llegir m\u00e9s<\/a>                    <\/div>                <\/div>            <\/div>        <\/div>        <div class=\"blog-style7-1  margin-60px-bottom sm-margin-30px-bottom xs-margin-15px-bottom col-md-4 col-sm-6 col-xs-12 \">            <div class=\"post-23460 post type-post status-publish format-image has-post-thumbnail new-cajetilla-blanca\">                <div class=\"blog-post blog-post-style2 xs-text-center\">                    <div class=\"blog-post-images overflow-hidden margin-25px-bottom xs-margin-15px-bottom\"><a href=\"https:\/\/climbat.com\/ca\/j5-lliga-climbat-sant-joan-despi\/\"><img width=\"1200\" height=\"728\" src=\"https:\/\/climbat.com\/wp-content\/uploads\/2022\/06\/lligacatokok-1200x728.jpeg\" class=\"attachment-post-thumbnail size-post-thumbnail wp-post-image\" alt=\"\" decoding=\"async\" srcset=\"https:\/\/climbat.com\/wp-content\/uploads\/2022\/06\/lligacatokok-1200x728.jpeg 1200w, https:\/\/climbat.com\/wp-content\/uploads\/2022\/06\/lligacatokok-300x182.jpeg 300w, https:\/\/climbat.com\/wp-content\/uploads\/2022\/06\/lligacatokok-1024x621.jpeg 1024w, https:\/\/climbat.com\/wp-content\/uploads\/2022\/06\/lligacatokok-768x466.jpeg 768w, https:\/\/climbat.com\/wp-content\/uploads\/2022\/06\/lligacatokok-1536x931.jpeg 1536w, https:\/\/climbat.com\/wp-content\/uploads\/2022\/06\/lligacatokok-120x73.jpeg 120w, https:\/\/climbat.com\/wp-content\/uploads\/2022\/06\/lligacatokok-81x49.jpeg 81w, https:\/\/climbat.com\/wp-content\/uploads\/2022\/06\/lligacatokok.jpeg 1600w\" sizes=\"(max-width: 1200px) 100vw, 1200px\" \/><\/a><\/div>                   \t\t<div class=\"post-details pofo-post-description\">  \t\t\t\t\t\t<div class=\"novedad-title-container\"><a href=\"https:\/\/climbat.com\/ca\/j5-lliga-climbat-sant-joan-despi\/\" class=\"title-novedad-post\">J5. LLIGA CLIMBAT &#8211; SANT JOAN DESP\u00cd<\/a><\/div>                        <div class=\"entry-content margin-10px-bottom\"                            style=\"font-size: 16px; font-weight: 400; color: #000000;\" data-fontsize=\"16px\">Prepara't per una nova jornada de la Lliga Climbat! Al setembre,&nbsp;Climbat Sant Joan Desp\u00ed&nbsp;es vestir\u00e0...<\/div>                        <div class=\"separator-line-horrizontal-full bg-medium-light-gray no-margin-top margin-20px-bottom xs-margin-15px-bottom\"                            style=\"background-color:#000;\"><\/div>                            <a href=\"https:\/\/climbat.com\/ca\/j5-lliga-climbat-sant-joan-despi\/\"                            class=\"btn-black btn no-margin white-space-normal btn-small\">Llegir m\u00e9s<\/a>                    <\/div>                <\/div>            <\/div>        <\/div>        <div class=\"blog-style7-1  margin-60px-bottom sm-margin-30px-bottom xs-margin-15px-bottom col-md-4 col-sm-6 col-xs-12 \">            <div class=\"post-23460 post type-post status-publish format-image has-post-thumbnail new-cajetilla-blanca\">                <div class=\"blog-post blog-post-style2 xs-text-center\">                    <div class=\"blog-post-images overflow-hidden margin-25px-bottom xs-margin-15px-bottom\"><a href=\"https:\/\/climbat.com\/ca\/dia-del-soci-a-2\/\"><img width=\"1200\" height=\"675\" src=\"https:\/\/climbat.com\/wp-content\/uploads\/2022\/06\/TV_DI\u0301A-DEL-SOCI_CAT-scaled-1-1200x675.jpg\" class=\"attachment-post-thumbnail size-post-thumbnail wp-post-image\" alt=\"\" decoding=\"async\" srcset=\"https:\/\/climbat.com\/wp-content\/uploads\/2022\/06\/TV_DI\u0301A-DEL-SOCI_CAT-scaled-1-1200x675.jpg 1200w, https:\/\/climbat.com\/wp-content\/uploads\/2022\/06\/TV_DI\u0301A-DEL-SOCI_CAT-scaled-1-300x169.jpg 300w, https:\/\/climbat.com\/wp-content\/uploads\/2022\/06\/TV_DI\u0301A-DEL-SOCI_CAT-scaled-1-1024x576.jpg 1024w, https:\/\/climbat.com\/wp-content\/uploads\/2022\/06\/TV_DI\u0301A-DEL-SOCI_CAT-scaled-1-768x432.jpg 768w, https:\/\/climbat.com\/wp-content\/uploads\/2022\/06\/TV_DI\u0301A-DEL-SOCI_CAT-scaled-1-1536x864.jpg 1536w, https:\/\/climbat.com\/wp-content\/uploads\/2022\/06\/TV_DI\u0301A-DEL-SOCI_CAT-scaled-1-2048x1152.jpg 2048w, https:\/\/climbat.com\/wp-content\/uploads\/2022\/06\/TV_DI\u0301A-DEL-SOCI_CAT-scaled-1-120x68.jpg 120w, https:\/\/climbat.com\/wp-content\/uploads\/2022\/06\/TV_DI\u0301A-DEL-SOCI_CAT-scaled-1-81x46.jpg 81w\" sizes=\"(max-width: 1200px) 100vw, 1200px\" \/><\/a><\/div>                   \t\t<div class=\"post-details pofo-post-description\">  \t\t\t\t\t\t<div class=\"novedad-title-container\"><a href=\"https:\/\/climbat.com\/ca\/dia-del-soci-a-2\/\" class=\"title-novedad-post\">DIA DEL SOCI\/A<\/a><\/div>                        <div class=\"entry-content margin-10px-bottom\"                            style=\"font-size: 16px; font-weight: 400; color: #000000;\" data-fontsize=\"16px\">Hola soci\/a, el dia&nbsp;1 de juliol&nbsp;tens la teva cita mensual amb Climbat La Foixarda! Vine...<\/div>                        <div class=\"separator-line-horrizontal-full bg-medium-light-gray no-margin-top margin-20px-bottom xs-margin-15px-bottom\"                            style=\"background-color:#000;\"><\/div>                            <a href=\"https:\/\/climbat.com\/ca\/dia-del-soci-a-2\/\"                            class=\"btn-black btn no-margin white-space-normal btn-small\">Llegir m\u00e9s<\/a>                    <\/div>                <\/div>            <\/div>        <\/div>        <div class=\"blog-style7-1  margin-60px-bottom sm-margin-30px-bottom xs-margin-15px-bottom col-md-4 col-sm-6 col-xs-12 \">            <div class=\"post-23460 post type-post status-publish format-image has-post-thumbnail new-cajetilla-blanca\">                <div class=\"blog-post blog-post-style2 xs-text-center\">                    <div class=\"blog-post-images overflow-hidden margin-25px-bottom xs-margin-15px-bottom\"><a href=\"https:\/\/climbat.com\/ca\/taller-de-caigudes\/\"><img width=\"1200\" height=\"728\" src=\"https:\/\/climbat.com\/wp-content\/uploads\/2022\/06\/MicrosoftTeams-image-29-1-1200x728.jpg\" class=\"attachment-post-thumbnail size-post-thumbnail wp-post-image\" alt=\"\" decoding=\"async\" srcset=\"https:\/\/climbat.com\/wp-content\/uploads\/2022\/06\/MicrosoftTeams-image-29-1-1200x728.jpg 1200w, https:\/\/climbat.com\/wp-content\/uploads\/2022\/06\/MicrosoftTeams-image-29-1-300x182.jpg 300w, https:\/\/climbat.com\/wp-content\/uploads\/2022\/06\/MicrosoftTeams-image-29-1-1024x621.jpg 1024w, https:\/\/climbat.com\/wp-content\/uploads\/2022\/06\/MicrosoftTeams-image-29-1-768x466.jpg 768w, https:\/\/climbat.com\/wp-content\/uploads\/2022\/06\/MicrosoftTeams-image-29-1-1536x931.jpg 1536w, https:\/\/climbat.com\/wp-content\/uploads\/2022\/06\/MicrosoftTeams-image-29-1-120x73.jpg 120w, https:\/\/climbat.com\/wp-content\/uploads\/2022\/06\/MicrosoftTeams-image-29-1-81x49.jpg 81w, https:\/\/climbat.com\/wp-content\/uploads\/2022\/06\/MicrosoftTeams-image-29-1.jpg 1920w\" sizes=\"(max-width: 1200px) 100vw, 1200px\" \/><\/a><\/div>                   \t\t<div class=\"post-details pofo-post-description\">  \t\t\t\t\t\t<div class=\"novedad-title-container\"><a href=\"https:\/\/climbat.com\/ca\/taller-de-caigudes\/\" class=\"title-novedad-post\">TALLER DE CAIGUDES<\/a><\/div>                        <div class=\"entry-content margin-10px-bottom\"                            style=\"font-size: 16px; font-weight: 400; color: #000000;\" data-fontsize=\"16px\">Vols aprendre a realitzar caigudes amb seguretat i assegurar-les correctament? Vols practicar caigudes previsibles i...<\/div>                        <div class=\"separator-line-horrizontal-full bg-medium-light-gray no-margin-top margin-20px-bottom xs-margin-15px-bottom\"                            style=\"background-color:#000;\"><\/div>                            <a href=\"https:\/\/climbat.com\/ca\/taller-de-caigudes\/\"                            class=\"btn-black btn no-margin white-space-normal btn-small\">Llegir m\u00e9s<\/a>                    <\/div>                <\/div>            <\/div>        <\/div>        <div class=\"blog-style7-1  margin-60px-bottom sm-margin-30px-bottom xs-margin-15px-bottom col-md-4 col-sm-6 col-xs-12 \">            <div class=\"post-23460 post type-post status-publish format-image has-post-thumbnail new-cajetilla-blanca\">                <div class=\"blog-post blog-post-style2 xs-text-center\">                    <div class=\"blog-post-images overflow-hidden margin-25px-bottom xs-margin-15px-bottom\"><a href=\"https:\/\/climbat.com\/ca\/j3-lliga-climbat-cem-la-foixarda-bcn\/\"><img width=\"1043\" height=\"771\" src=\"https:\/\/climbat.com\/wp-content\/uploads\/2022\/05\/JORNADA-4-LA-LLIGA_CAT-WEB-scaled-1-1043x771.jpg\" class=\"attachment-post-thumbnail size-post-thumbnail wp-post-image\" alt=\"\" decoding=\"async\" srcset=\"https:\/\/climbat.com\/wp-content\/uploads\/2022\/05\/JORNADA-4-LA-LLIGA_CAT-WEB-scaled-1-1043x771.jpg 1043w, https:\/\/climbat.com\/wp-content\/uploads\/2022\/05\/JORNADA-4-LA-LLIGA_CAT-WEB-scaled-1-300x222.jpg 300w, https:\/\/climbat.com\/wp-content\/uploads\/2022\/05\/JORNADA-4-LA-LLIGA_CAT-WEB-scaled-1-1024x757.jpg 1024w, https:\/\/climbat.com\/wp-content\/uploads\/2022\/05\/JORNADA-4-LA-LLIGA_CAT-WEB-scaled-1-768x568.jpg 768w, https:\/\/climbat.com\/wp-content\/uploads\/2022\/05\/JORNADA-4-LA-LLIGA_CAT-WEB-scaled-1-1536x1135.jpg 1536w, https:\/\/climbat.com\/wp-content\/uploads\/2022\/05\/JORNADA-4-LA-LLIGA_CAT-WEB-scaled-1-2048x1514.jpg 2048w, https:\/\/climbat.com\/wp-content\/uploads\/2022\/05\/JORNADA-4-LA-LLIGA_CAT-WEB-scaled-1-120x89.jpg 120w, https:\/\/climbat.com\/wp-content\/uploads\/2022\/05\/JORNADA-4-LA-LLIGA_CAT-WEB-scaled-1-81x60.jpg 81w\" sizes=\"(max-width: 1043px) 100vw, 1043px\" \/><\/a><\/div>                   \t\t<div class=\"post-details pofo-post-description\">  \t\t\t\t\t\t<div class=\"novedad-title-container\"><a href=\"https:\/\/climbat.com\/ca\/j3-lliga-climbat-cem-la-foixarda-bcn\/\" class=\"title-novedad-post\">J4 LLIGA CLIMBAT &#8211; CEM LA FOIXARDA &#8211; BCN<\/a><\/div>                        <div class=\"entry-content margin-10px-bottom\"                            style=\"font-size: 16px; font-weight: 400; color: #000000;\" data-fontsize=\"16px\">El&nbsp;19 de juny, juguem a casa! La lliga Climbat arriba a Climbat La Foixarda\u2026 Ha...<\/div>                        <div class=\"separator-line-horrizontal-full bg-medium-light-gray no-margin-top margin-20px-bottom xs-margin-15px-bottom\"                            style=\"background-color:#000;\"><\/div>                            <a href=\"https:\/\/climbat.com\/ca\/j3-lliga-climbat-cem-la-foixarda-bcn\/\"                            class=\"btn-black btn no-margin white-space-normal btn-small\">Llegir m\u00e9s<\/a>                    <\/div>                <\/div>            <\/div>        <\/div>        <div class=\"blog-style7-1  margin-60px-bottom sm-margin-30px-bottom xs-margin-15px-bottom col-md-4 col-sm-6 col-xs-12 \">            <div class=\"post-23460 post type-post status-publish format-image has-post-thumbnail new-cajetilla-blanca\">                <div class=\"blog-post blog-post-style2 xs-text-center\">                    <div class=\"blog-post-images overflow-hidden margin-25px-bottom xs-margin-15px-bottom\"><a href=\"https:\/\/climbat.com\/ca\/taller-de-gestio-de-la-por-en-lescalada\/\"><img width=\"1200\" height=\"728\" src=\"https:\/\/climbat.com\/wp-content\/uploads\/2022\/04\/TV_PSICO-ABRIL-LFX_CAT-copia-2-1200x728.jpeg\" class=\"attachment-post-thumbnail size-post-thumbnail wp-post-image\" alt=\"\" decoding=\"async\" srcset=\"https:\/\/climbat.com\/wp-content\/uploads\/2022\/04\/TV_PSICO-ABRIL-LFX_CAT-copia-2-1200x728.jpeg 1200w, https:\/\/climbat.com\/wp-content\/uploads\/2022\/04\/TV_PSICO-ABRIL-LFX_CAT-copia-2-300x182.jpeg 300w, https:\/\/climbat.com\/wp-content\/uploads\/2022\/04\/TV_PSICO-ABRIL-LFX_CAT-copia-2-1024x621.jpeg 1024w, https:\/\/climbat.com\/wp-content\/uploads\/2022\/04\/TV_PSICO-ABRIL-LFX_CAT-copia-2-768x466.jpeg 768w, https:\/\/climbat.com\/wp-content\/uploads\/2022\/04\/TV_PSICO-ABRIL-LFX_CAT-copia-2-1536x931.jpeg 1536w, https:\/\/climbat.com\/wp-content\/uploads\/2022\/04\/TV_PSICO-ABRIL-LFX_CAT-copia-2-120x73.jpeg 120w, https:\/\/climbat.com\/wp-content\/uploads\/2022\/04\/TV_PSICO-ABRIL-LFX_CAT-copia-2-81x49.jpeg 81w, https:\/\/climbat.com\/wp-content\/uploads\/2022\/04\/TV_PSICO-ABRIL-LFX_CAT-copia-2.jpeg 1920w\" sizes=\"(max-width: 1200px) 100vw, 1200px\" \/><\/a><\/div>                   \t\t<div class=\"post-details pofo-post-description\">  \t\t\t\t\t\t<div class=\"novedad-title-container\"><a href=\"https:\/\/climbat.com\/ca\/taller-de-gestio-de-la-por-en-lescalada\/\" class=\"title-novedad-post\">TALLER DE GESTI\u00d3 DE LA POR EN L&#8217;ESCALADA<\/a><\/div>                        <div class=\"entry-content margin-10px-bottom\"                            style=\"font-size: 16px; font-weight: 400; color: #000000;\" data-fontsize=\"16px\">Un dels aspectes m\u00e9s importants i que m\u00e9s limiten el progr\u00e9s en l\u2019escalada es la...<\/div>                        <div class=\"separator-line-horrizontal-full bg-medium-light-gray no-margin-top margin-20px-bottom xs-margin-15px-bottom\"                            style=\"background-color:#000;\"><\/div>                            <a href=\"https:\/\/climbat.com\/ca\/taller-de-gestio-de-la-por-en-lescalada\/\"                            class=\"btn-black btn no-margin white-space-normal btn-small\">Llegir m\u00e9s<\/a>                    <\/div>                <\/div>            <\/div>        <\/div>        <div class=\"blog-style7-1  margin-60px-bottom sm-margin-30px-bottom xs-margin-15px-bottom col-md-4 col-sm-6 col-xs-12 \">            <div class=\"post-23460 post type-post status-publish format-image has-post-thumbnail new-cajetilla-blanca\">                <div class=\"blog-post blog-post-style2 xs-text-center\">                    <div class=\"blog-post-images overflow-hidden margin-25px-bottom xs-margin-15px-bottom\"><a href=\"https:\/\/climbat.com\/ca\/escola-descalada-destiu-2\/\"><img width=\"1200\" height=\"675\" src=\"https:\/\/climbat.com\/wp-content\/uploads\/2022\/05\/TV_NEW_WEB_CLIMBAT_VERANO-CAT-1200x675.jpg\" class=\"attachment-post-thumbnail size-post-thumbnail wp-post-image\" alt=\"\" decoding=\"async\" srcset=\"https:\/\/climbat.com\/wp-content\/uploads\/2022\/05\/TV_NEW_WEB_CLIMBAT_VERANO-CAT-1200x675.jpg 1200w, https:\/\/climbat.com\/wp-content\/uploads\/2022\/05\/TV_NEW_WEB_CLIMBAT_VERANO-CAT-300x169.jpg 300w, https:\/\/climbat.com\/wp-content\/uploads\/2022\/05\/TV_NEW_WEB_CLIMBAT_VERANO-CAT-1024x576.jpg 1024w, https:\/\/climbat.com\/wp-content\/uploads\/2022\/05\/TV_NEW_WEB_CLIMBAT_VERANO-CAT-768x432.jpg 768w, https:\/\/climbat.com\/wp-content\/uploads\/2022\/05\/TV_NEW_WEB_CLIMBAT_VERANO-CAT-1536x864.jpg 1536w, https:\/\/climbat.com\/wp-content\/uploads\/2022\/05\/TV_NEW_WEB_CLIMBAT_VERANO-CAT-120x68.jpg 120w, https:\/\/climbat.com\/wp-content\/uploads\/2022\/05\/TV_NEW_WEB_CLIMBAT_VERANO-CAT-81x46.jpg 81w, https:\/\/climbat.com\/wp-content\/uploads\/2022\/05\/TV_NEW_WEB_CLIMBAT_VERANO-CAT.jpg 1920w\" sizes=\"(max-width: 1200px) 100vw, 1200px\" \/><\/a><\/div>                   \t\t<div class=\"post-details pofo-post-description\">  \t\t\t\t\t\t<div class=\"novedad-title-container\"><a href=\"https:\/\/climbat.com\/ca\/escola-descalada-destiu-2\/\" class=\"title-novedad-post\">ESCOLA D&#8217;ESCALADA D&#8217;ESTIU<\/a><\/div>                        <div class=\"entry-content margin-10px-bottom\"                            style=\"font-size: 16px; font-weight: 400; color: #000000;\" data-fontsize=\"16px\">Tens ganes de continuar aprenent, millorant, superan-te i assolint noves fites? L\u2019escola d\u2019escalada no s\u2019atura...<\/div>                        <div class=\"separator-line-horrizontal-full bg-medium-light-gray no-margin-top margin-20px-bottom xs-margin-15px-bottom\"                            style=\"background-color:#000;\"><\/div>                            <a href=\"https:\/\/climbat.com\/ca\/escola-descalada-destiu-2\/\"                            class=\"btn-black btn no-margin white-space-normal btn-small\">Llegir m\u00e9s<\/a>                    <\/div>                <\/div>            <\/div>        <\/div>        <div class=\"blog-style7-1  margin-60px-bottom sm-margin-30px-bottom xs-margin-15px-bottom col-md-4 col-sm-6 col-xs-12 \">            <div class=\"post-23460 post type-post status-publish format-image has-post-thumbnail new-cajetilla-blanca\">                <div class=\"blog-post blog-post-style2 xs-text-center\">                    <div class=\"blog-post-images overflow-hidden margin-25px-bottom xs-margin-15px-bottom\"><a href=\"https:\/\/climbat.com\/ca\/aquest-estiu-escala-mes-que-mai\/\"><img width=\"1200\" height=\"733\" src=\"https:\/\/climbat.com\/wp-content\/uploads\/2022\/05\/TV_CLIMBAT_21-sin-mat_CAT-1200x733.jpg\" class=\"attachment-post-thumbnail size-post-thumbnail wp-post-image\" alt=\"\" decoding=\"async\" srcset=\"https:\/\/climbat.com\/wp-content\/uploads\/2022\/05\/TV_CLIMBAT_21-sin-mat_CAT-1200x733.jpg 1200w, https:\/\/climbat.com\/wp-content\/uploads\/2022\/05\/TV_CLIMBAT_21-sin-mat_CAT-300x183.jpg 300w, https:\/\/climbat.com\/wp-content\/uploads\/2022\/05\/TV_CLIMBAT_21-sin-mat_CAT-1024x626.jpg 1024w, https:\/\/climbat.com\/wp-content\/uploads\/2022\/05\/TV_CLIMBAT_21-sin-mat_CAT-768x469.jpg 768w, https:\/\/climbat.com\/wp-content\/uploads\/2022\/05\/TV_CLIMBAT_21-sin-mat_CAT-1536x939.jpg 1536w, https:\/\/climbat.com\/wp-content\/uploads\/2022\/05\/TV_CLIMBAT_21-sin-mat_CAT-120x73.jpg 120w, https:\/\/climbat.com\/wp-content\/uploads\/2022\/05\/TV_CLIMBAT_21-sin-mat_CAT-81x50.jpg 81w, https:\/\/climbat.com\/wp-content\/uploads\/2022\/05\/TV_CLIMBAT_21-sin-mat_CAT.jpg 1767w\" sizes=\"(max-width: 1200px) 100vw, 1200px\" \/><\/a><\/div>                   \t\t<div class=\"post-details pofo-post-description\">  \t\t\t\t\t\t<div class=\"novedad-title-container\"><a href=\"https:\/\/climbat.com\/ca\/aquest-estiu-escala-mes-que-mai\/\" class=\"title-novedad-post\">AQUEST ESTIU ESCALA M\u00c9S QUE MAI<\/a><\/div>                        <div class=\"entry-content margin-10px-bottom\"                            style=\"font-size: 16px; font-weight: 400; color: #000000;\" data-fontsize=\"16px\">Aquest estiu forma part de la fam\u00edlia Climbat!&nbsp;Fes-te soci els mesos de juny i juliol...<\/div>                        <div class=\"separator-line-horrizontal-full bg-medium-light-gray no-margin-top margin-20px-bottom xs-margin-15px-bottom\"                            style=\"background-color:#000;\"><\/div>                            <a href=\"https:\/\/climbat.com\/ca\/aquest-estiu-escala-mes-que-mai\/\"                            class=\"btn-black btn no-margin white-space-normal btn-small\">Llegir m\u00e9s<\/a>                    <\/div>                <\/div>            <\/div>        <\/div>        <div class=\"blog-style7-1  margin-60px-bottom sm-margin-30px-bottom xs-margin-15px-bottom col-md-4 col-sm-6 col-xs-12 \">            <div class=\"post-23460 post type-post status-publish format-image has-post-thumbnail new-cajetilla-blanca\">                <div class=\"blog-post blog-post-style2 xs-text-center\">                    <div class=\"blog-post-images overflow-hidden margin-25px-bottom xs-margin-15px-bottom\"><a href=\"https:\/\/climbat.com\/ca\/dia-del-soci-a\/\"><img width=\"1200\" height=\"675\" src=\"https:\/\/climbat.com\/wp-content\/uploads\/2022\/05\/TV_DI\u0301A-DEL-SOCI_CAT-scaled-1-1200x675.jpg\" class=\"attachment-post-thumbnail size-post-thumbnail wp-post-image\" alt=\"\" decoding=\"async\" srcset=\"https:\/\/climbat.com\/wp-content\/uploads\/2022\/05\/TV_DI\u0301A-DEL-SOCI_CAT-scaled-1-1200x675.jpg 1200w, https:\/\/climbat.com\/wp-content\/uploads\/2022\/05\/TV_DI\u0301A-DEL-SOCI_CAT-scaled-1-300x169.jpg 300w, https:\/\/climbat.com\/wp-content\/uploads\/2022\/05\/TV_DI\u0301A-DEL-SOCI_CAT-scaled-1-1024x576.jpg 1024w, https:\/\/climbat.com\/wp-content\/uploads\/2022\/05\/TV_DI\u0301A-DEL-SOCI_CAT-scaled-1-768x432.jpg 768w, https:\/\/climbat.com\/wp-content\/uploads\/2022\/05\/TV_DI\u0301A-DEL-SOCI_CAT-scaled-1-1536x864.jpg 1536w, https:\/\/climbat.com\/wp-content\/uploads\/2022\/05\/TV_DI\u0301A-DEL-SOCI_CAT-scaled-1-2048x1152.jpg 2048w, https:\/\/climbat.com\/wp-content\/uploads\/2022\/05\/TV_DI\u0301A-DEL-SOCI_CAT-scaled-1-120x68.jpg 120w, https:\/\/climbat.com\/wp-content\/uploads\/2022\/05\/TV_DI\u0301A-DEL-SOCI_CAT-scaled-1-81x46.jpg 81w\" sizes=\"(max-width: 1200px) 100vw, 1200px\" \/><\/a><\/div>                   \t\t<div class=\"post-details pofo-post-description\">  \t\t\t\t\t\t<div class=\"novedad-title-container\"><a href=\"https:\/\/climbat.com\/ca\/dia-del-soci-a\/\" class=\"title-novedad-post\">DIA DEL SOCI\/A<\/a><\/div>                        <div class=\"entry-content margin-10px-bottom\"                            style=\"font-size: 16px; font-weight: 400; color: #000000;\" data-fontsize=\"16px\">Soci\/a reserva\u2019t aquesta data\u2026 El pr\u00f2xim&nbsp;3 de juny&nbsp;\u00e9s el teu dia! Encara no has triat...<\/div>                        <div class=\"separator-line-horrizontal-full bg-medium-light-gray no-margin-top margin-20px-bottom xs-margin-15px-bottom\"                            style=\"background-color:#000;\"><\/div>                            <a href=\"https:\/\/climbat.com\/ca\/dia-del-soci-a\/\"                            class=\"btn-black btn no-margin white-space-normal btn-small\">Llegir m\u00e9s<\/a>                    <\/div>                <\/div>            <\/div>        <\/div>        <div class=\"blog-style7-1  margin-60px-bottom sm-margin-30px-bottom xs-margin-15px-bottom col-md-4 col-sm-6 col-xs-12 \">            <div class=\"post-23460 post type-post status-publish format-image has-post-thumbnail new-cajetilla-blanca\">                <div class=\"blog-post blog-post-style2 xs-text-center\">                    <div class=\"blog-post-images overflow-hidden margin-25px-bottom xs-margin-15px-bottom\"><a href=\"https:\/\/climbat.com\/ca\/casal-destiu-climbat-lfx\/\"><img width=\"1193\" height=\"771\" src=\"https:\/\/climbat.com\/wp-content\/uploads\/2022\/04\/TV_CASAL_BCN_CAT-scaled-1-1193x771.jpg\" class=\"attachment-post-thumbnail size-post-thumbnail wp-post-image\" alt=\"\" decoding=\"async\" srcset=\"https:\/\/climbat.com\/wp-content\/uploads\/2022\/04\/TV_CASAL_BCN_CAT-scaled-1-1193x771.jpg 1193w, https:\/\/climbat.com\/wp-content\/uploads\/2022\/04\/TV_CASAL_BCN_CAT-scaled-1-300x194.jpg 300w, https:\/\/climbat.com\/wp-content\/uploads\/2022\/04\/TV_CASAL_BCN_CAT-scaled-1-1024x662.jpg 1024w, https:\/\/climbat.com\/wp-content\/uploads\/2022\/04\/TV_CASAL_BCN_CAT-scaled-1-768x497.jpg 768w, https:\/\/climbat.com\/wp-content\/uploads\/2022\/04\/TV_CASAL_BCN_CAT-scaled-1-1536x993.jpg 1536w, https:\/\/climbat.com\/wp-content\/uploads\/2022\/04\/TV_CASAL_BCN_CAT-scaled-1-2048x1324.jpg 2048w, https:\/\/climbat.com\/wp-content\/uploads\/2022\/04\/TV_CASAL_BCN_CAT-scaled-1-120x78.jpg 120w, https:\/\/climbat.com\/wp-content\/uploads\/2022\/04\/TV_CASAL_BCN_CAT-scaled-1-81x52.jpg 81w\" sizes=\"(max-width: 1193px) 100vw, 1193px\" \/><\/a><\/div>                   \t\t<div class=\"post-details pofo-post-description\">  \t\t\t\t\t\t<div class=\"novedad-title-container\"><a href=\"https:\/\/climbat.com\/ca\/casal-destiu-climbat-lfx\/\" class=\"title-novedad-post\">CASAL D&#8217;ESTIU CLIMBAT<\/a><\/div>                        <div class=\"entry-content margin-10px-bottom\"                            style=\"font-size: 16px; font-weight: 400; color: #000000;\" data-fontsize=\"16px\">Aix\u00f2 cal viure-ho! Sabem que les vacances d'estiu poden implicar un reajustament de la rutina...<\/div>                        <div class=\"separator-line-horrizontal-full bg-medium-light-gray no-margin-top margin-20px-bottom xs-margin-15px-bottom\"                            style=\"background-color:#000;\"><\/div>                            <a href=\"https:\/\/climbat.com\/ca\/casal-destiu-climbat-lfx\/\"                            class=\"btn-black btn no-margin white-space-normal btn-small\">Llegir m\u00e9s<\/a>                    <\/div>                <\/div>            <\/div>        <\/div>        <div class=\"blog-style7-1  margin-60px-bottom sm-margin-30px-bottom xs-margin-15px-bottom col-md-4 col-sm-6 col-xs-12 \">            <div class=\"post-23460 post type-post status-publish format-image has-post-thumbnail new-cajetilla-blanca\">                <div class=\"blog-post blog-post-style2 xs-text-center\">                    <div class=\"blog-post-images overflow-hidden margin-25px-bottom xs-margin-15px-bottom\"><a href=\"https:\/\/climbat.com\/ca\/del-roco-a-la-roca-maig\/\"><img width=\"1200\" height=\"709\" src=\"https:\/\/climbat.com\/wp-content\/uploads\/2022\/04\/TV_DEL-ROCO-A-LA-ROCA_CAT-1200x709.jpeg\" class=\"attachment-post-thumbnail size-post-thumbnail wp-post-image\" alt=\"\" decoding=\"async\" srcset=\"https:\/\/climbat.com\/wp-content\/uploads\/2022\/04\/TV_DEL-ROCO-A-LA-ROCA_CAT-1200x709.jpeg 1200w, https:\/\/climbat.com\/wp-content\/uploads\/2022\/04\/TV_DEL-ROCO-A-LA-ROCA_CAT-300x177.jpeg 300w, https:\/\/climbat.com\/wp-content\/uploads\/2022\/04\/TV_DEL-ROCO-A-LA-ROCA_CAT-1024x605.jpeg 1024w, https:\/\/climbat.com\/wp-content\/uploads\/2022\/04\/TV_DEL-ROCO-A-LA-ROCA_CAT-768x454.jpeg 768w, https:\/\/climbat.com\/wp-content\/uploads\/2022\/04\/TV_DEL-ROCO-A-LA-ROCA_CAT-1536x908.jpeg 1536w, https:\/\/climbat.com\/wp-content\/uploads\/2022\/04\/TV_DEL-ROCO-A-LA-ROCA_CAT-120x71.jpeg 120w, https:\/\/climbat.com\/wp-content\/uploads\/2022\/04\/TV_DEL-ROCO-A-LA-ROCA_CAT-81x48.jpeg 81w, https:\/\/climbat.com\/wp-content\/uploads\/2022\/04\/TV_DEL-ROCO-A-LA-ROCA_CAT.jpeg 1920w\" sizes=\"(max-width: 1200px) 100vw, 1200px\" \/><\/a><\/div>                   \t\t<div class=\"post-details pofo-post-description\">  \t\t\t\t\t\t<div class=\"novedad-title-container\"><a href=\"https:\/\/climbat.com\/ca\/del-roco-a-la-roca-maig\/\" class=\"title-novedad-post\">DEL ROCO A LA ROCA &#8211; MAIG<\/a><\/div>                        <div class=\"entry-content margin-10px-bottom\"                            style=\"font-size: 16px; font-weight: 400; color: #000000;\" data-fontsize=\"16px\">Vols posar en pr\u00e0ctica tots els teus coneixements ara, al medi natural? En aquest taller...<\/div>                        <div class=\"separator-line-horrizontal-full bg-medium-light-gray no-margin-top margin-20px-bottom xs-margin-15px-bottom\"                            style=\"background-color:#000;\"><\/div>                            <a href=\"https:\/\/climbat.com\/ca\/del-roco-a-la-roca-maig\/\"                            class=\"btn-black btn no-margin white-space-normal btn-small\">Llegir m\u00e9s<\/a>                    <\/div>                <\/div>            <\/div>        <\/div>        <div class=\"blog-style7-1  margin-60px-bottom sm-margin-30px-bottom xs-margin-15px-bottom col-md-4 col-sm-6 col-xs-12 \">            <div class=\"post-23460 post type-post status-publish format-image has-post-thumbnail new-cajetilla-blanca\">                <div class=\"blog-post blog-post-style2 xs-text-center\">                    <div class=\"blog-post-images overflow-hidden margin-25px-bottom xs-margin-15px-bottom\"><a href=\"https:\/\/climbat.com\/ca\/dia-de-la-mare-3\/\"><img width=\"1200\" height=\"712\" src=\"https:\/\/climbat.com\/wp-content\/uploads\/2022\/04\/TV_DIA-MADREECAT-1200x712.jpg\" class=\"attachment-post-thumbnail size-post-thumbnail wp-post-image\" alt=\"\" decoding=\"async\" srcset=\"https:\/\/climbat.com\/wp-content\/uploads\/2022\/04\/TV_DIA-MADREECAT-1200x712.jpg 1200w, https:\/\/climbat.com\/wp-content\/uploads\/2022\/04\/TV_DIA-MADREECAT-300x178.jpg 300w, https:\/\/climbat.com\/wp-content\/uploads\/2022\/04\/TV_DIA-MADREECAT-1024x607.jpg 1024w, https:\/\/climbat.com\/wp-content\/uploads\/2022\/04\/TV_DIA-MADREECAT-768x456.jpg 768w, https:\/\/climbat.com\/wp-content\/uploads\/2022\/04\/TV_DIA-MADREECAT-1536x911.jpg 1536w, https:\/\/climbat.com\/wp-content\/uploads\/2022\/04\/TV_DIA-MADREECAT-120x71.jpg 120w, https:\/\/climbat.com\/wp-content\/uploads\/2022\/04\/TV_DIA-MADREECAT-81x48.jpg 81w, https:\/\/climbat.com\/wp-content\/uploads\/2022\/04\/TV_DIA-MADREECAT.jpg 1920w\" sizes=\"(max-width: 1200px) 100vw, 1200px\" \/><\/a><\/div>                   \t\t<div class=\"post-details pofo-post-description\">  \t\t\t\t\t\t<div class=\"novedad-title-container\"><a href=\"https:\/\/climbat.com\/ca\/dia-de-la-mare-3\/\" class=\"title-novedad-post\">DIA DE LA MARE<\/a><\/div>                        <div class=\"entry-content margin-10px-bottom\"                            style=\"font-size: 16px; font-weight: 400; color: #000000;\" data-fontsize=\"16px\">Escalar amb els teus fills \u00e9s la millor manera d'enfortir els vincles i sumar experi\u00e8ncies...<\/div>                        <div class=\"separator-line-horrizontal-full bg-medium-light-gray no-margin-top margin-20px-bottom xs-margin-15px-bottom\"                            style=\"background-color:#000;\"><\/div>                            <a href=\"https:\/\/climbat.com\/ca\/dia-de-la-mare-3\/\"                            class=\"btn-black btn no-margin white-space-normal btn-small\">Llegir m\u00e9s<\/a>                    <\/div>                <\/div>            <\/div>        <\/div>        <div class=\"blog-style7-1  margin-60px-bottom sm-margin-30px-bottom xs-margin-15px-bottom col-md-4 col-sm-6 col-xs-12 \">            <div class=\"post-23460 post type-post status-publish format-image has-post-thumbnail new-cajetilla-blanca\">                <div class=\"blog-post blog-post-style2 xs-text-center\">                    <div class=\"blog-post-images overflow-hidden margin-25px-bottom xs-margin-15px-bottom\"><a href=\"https:\/\/climbat.com\/ca\/no-et-perdis-el-dia-del-soci-i-la-socia\/\"><img width=\"1200\" height=\"675\" src=\"https:\/\/climbat.com\/wp-content\/uploads\/2022\/04\/cat-lfx-scaled-1-1200x675.jpg\" class=\"attachment-post-thumbnail size-post-thumbnail wp-post-image\" alt=\"\" decoding=\"async\" srcset=\"https:\/\/climbat.com\/wp-content\/uploads\/2022\/04\/cat-lfx-scaled-1-1200x675.jpg 1200w, https:\/\/climbat.com\/wp-content\/uploads\/2022\/04\/cat-lfx-scaled-1-300x169.jpg 300w, https:\/\/climbat.com\/wp-content\/uploads\/2022\/04\/cat-lfx-scaled-1-1024x576.jpg 1024w, https:\/\/climbat.com\/wp-content\/uploads\/2022\/04\/cat-lfx-scaled-1-768x432.jpg 768w, https:\/\/climbat.com\/wp-content\/uploads\/2022\/04\/cat-lfx-scaled-1-1536x864.jpg 1536w, https:\/\/climbat.com\/wp-content\/uploads\/2022\/04\/cat-lfx-scaled-1-2048x1152.jpg 2048w, https:\/\/climbat.com\/wp-content\/uploads\/2022\/04\/cat-lfx-scaled-1-120x68.jpg 120w, https:\/\/climbat.com\/wp-content\/uploads\/2022\/04\/cat-lfx-scaled-1-81x46.jpg 81w\" sizes=\"(max-width: 1200px) 100vw, 1200px\" \/><\/a><\/div>                   \t\t<div class=\"post-details pofo-post-description\">  \t\t\t\t\t\t<div class=\"novedad-title-container\"><a href=\"https:\/\/climbat.com\/ca\/no-et-perdis-el-dia-del-soci-i-la-socia\/\" class=\"title-novedad-post\">NO ET PERDIS EL DIA DEL SOCI I LA S\u00d2CIA<\/a><\/div>                        <div class=\"entry-content margin-10px-bottom\"                            style=\"font-size: 16px; font-weight: 400; color: #000000;\" data-fontsize=\"16px\">El 6 de maig no \u00e9s un dia m\u00e9s, \u00e9s el dia del soci i...<\/div>                        <div class=\"separator-line-horrizontal-full bg-medium-light-gray no-margin-top margin-20px-bottom xs-margin-15px-bottom\"                            style=\"background-color:#000;\"><\/div>                            <a href=\"https:\/\/climbat.com\/ca\/no-et-perdis-el-dia-del-soci-i-la-socia\/\"                            class=\"btn-black btn no-margin white-space-normal btn-small\">Llegir m\u00e9s<\/a>                    <\/div>                <\/div>            <\/div>        <\/div>        <div class=\"blog-style7-1  margin-60px-bottom sm-margin-30px-bottom xs-margin-15px-bottom col-md-4 col-sm-6 col-xs-12 \">            <div class=\"post-23460 post type-post status-publish format-image has-post-thumbnail new-cajetilla-blanca\">                <div class=\"blog-post blog-post-style2 xs-text-center\">                    <div class=\"blog-post-images overflow-hidden margin-25px-bottom xs-margin-15px-bottom\"><a href=\"https:\/\/climbat.com\/ca\/estrena-del-documental-trad-la-badalona-als-cingles-del-berti\/\"><img width=\"1200\" height=\"713\" src=\"https:\/\/climbat.com\/wp-content\/uploads\/2022\/04\/ENTRADA-CAT-TV-copia-1200x713.jpeg\" class=\"attachment-post-thumbnail size-post-thumbnail wp-post-image\" alt=\"TRAD ESTRENO\" decoding=\"async\" srcset=\"https:\/\/climbat.com\/wp-content\/uploads\/2022\/04\/ENTRADA-CAT-TV-copia-1200x713.jpeg 1200w, https:\/\/climbat.com\/wp-content\/uploads\/2022\/04\/ENTRADA-CAT-TV-copia-300x178.jpeg 300w, https:\/\/climbat.com\/wp-content\/uploads\/2022\/04\/ENTRADA-CAT-TV-copia-1024x608.jpeg 1024w, https:\/\/climbat.com\/wp-content\/uploads\/2022\/04\/ENTRADA-CAT-TV-copia-768x456.jpeg 768w, https:\/\/climbat.com\/wp-content\/uploads\/2022\/04\/ENTRADA-CAT-TV-copia-1536x912.jpeg 1536w, https:\/\/climbat.com\/wp-content\/uploads\/2022\/04\/ENTRADA-CAT-TV-copia-2048x1216.jpeg 2048w, https:\/\/climbat.com\/wp-content\/uploads\/2022\/04\/ENTRADA-CAT-TV-copia-120x71.jpeg 120w, https:\/\/climbat.com\/wp-content\/uploads\/2022\/04\/ENTRADA-CAT-TV-copia-81x48.jpeg 81w\" sizes=\"(max-width: 1200px) 100vw, 1200px\" \/><\/a><\/div>                   \t\t<div class=\"post-details pofo-post-description\">  \t\t\t\t\t\t<div class=\"novedad-title-container\"><a href=\"https:\/\/climbat.com\/ca\/estrena-del-documental-trad-la-badalona-als-cingles-del-berti\/\" class=\"title-novedad-post\">ESTRENA DEL DOCUMENTAL TRAD: LA BADALONA ALS CINGLES DEL BERT\u00cd<\/a><\/div>                        <div class=\"entry-content margin-10px-bottom\"                            style=\"font-size: 16px; font-weight: 400; color: #000000;\" data-fontsize=\"16px\">Si ets una amant de l'escalada i t'encanta descobrir noves hist\u00f2ries el 26 de maig...<\/div>                        <div class=\"separator-line-horrizontal-full bg-medium-light-gray no-margin-top margin-20px-bottom xs-margin-15px-bottom\"                            style=\"background-color:#000;\"><\/div>                            <a href=\"https:\/\/climbat.com\/ca\/estrena-del-documental-trad-la-badalona-als-cingles-del-berti\/\"                            class=\"btn-black btn no-margin white-space-normal btn-small\">Llegir m\u00e9s<\/a>                    <\/div>                <\/div>            <\/div>        <\/div>        <div class=\"blog-style7-1  margin-60px-bottom sm-margin-30px-bottom xs-margin-15px-bottom col-md-4 col-sm-6 col-xs-12 \">            <div class=\"post-23460 post type-post status-publish format-image has-post-thumbnail new-cajetilla-blanca\">                <div class=\"blog-post blog-post-style2 xs-text-center\">                    <div class=\"blog-post-images overflow-hidden margin-25px-bottom xs-margin-15px-bottom\"><a href=\"https:\/\/climbat.com\/ca\/summer-festival-2-2\/\"><img width=\"1200\" height=\"675\" src=\"https:\/\/climbat.com\/wp-content\/uploads\/2022\/04\/TV_SUMMER_CAT-1200x675.jpg\" class=\"attachment-post-thumbnail size-post-thumbnail wp-post-image\" alt=\"\" decoding=\"async\" srcset=\"https:\/\/climbat.com\/wp-content\/uploads\/2022\/04\/TV_SUMMER_CAT-1200x675.jpg 1200w, https:\/\/climbat.com\/wp-content\/uploads\/2022\/04\/TV_SUMMER_CAT-300x169.jpg 300w, https:\/\/climbat.com\/wp-content\/uploads\/2022\/04\/TV_SUMMER_CAT-1024x576.jpg 1024w, https:\/\/climbat.com\/wp-content\/uploads\/2022\/04\/TV_SUMMER_CAT-768x432.jpg 768w, https:\/\/climbat.com\/wp-content\/uploads\/2022\/04\/TV_SUMMER_CAT-1536x864.jpg 1536w, https:\/\/climbat.com\/wp-content\/uploads\/2022\/04\/TV_SUMMER_CAT-120x68.jpg 120w, https:\/\/climbat.com\/wp-content\/uploads\/2022\/04\/TV_SUMMER_CAT-81x46.jpg 81w, https:\/\/climbat.com\/wp-content\/uploads\/2022\/04\/TV_SUMMER_CAT.jpg 1920w\" sizes=\"(max-width: 1200px) 100vw, 1200px\" \/><\/a><\/div>                   \t\t<div class=\"post-details pofo-post-description\">  \t\t\t\t\t\t<div class=\"novedad-title-container\"><a href=\"https:\/\/climbat.com\/ca\/summer-festival-2-2\/\" class=\"title-novedad-post\">SUMMER FESTIVAL<\/a><\/div>                        <div class=\"entry-content margin-10px-bottom\"                            style=\"font-size: 16px; font-weight: 400; color: #000000;\" data-fontsize=\"16px\">Donem la benvinguda al bon temps amb la millor festa de l'escalada, el&nbsp;Summer&nbsp;Festival! El 20...<\/div>                        <div class=\"separator-line-horrizontal-full bg-medium-light-gray no-margin-top margin-20px-bottom xs-margin-15px-bottom\"                            style=\"background-color:#000;\"><\/div>                            <a href=\"https:\/\/climbat.com\/ca\/summer-festival-2-2\/\"                            class=\"btn-black btn no-margin white-space-normal btn-small\">Llegir m\u00e9s<\/a>                    <\/div>                <\/div>            <\/div>        <\/div>        <div class=\"blog-style7-1  margin-60px-bottom sm-margin-30px-bottom xs-margin-15px-bottom col-md-4 col-sm-6 col-xs-12 \">            <div class=\"post-23460 post type-post status-publish format-image has-post-thumbnail new-cajetilla-blanca\">                <div class=\"blog-post blog-post-style2 xs-text-center\">                    <div class=\"blog-post-images overflow-hidden margin-25px-bottom xs-margin-15px-bottom\"><a href=\"https:\/\/climbat.com\/ca\/aniversari-10\/\"><img width=\"1200\" height=\"733\" src=\"https:\/\/climbat.com\/wp-content\/uploads\/2022\/03\/cumplecat-1200x733.jpeg\" class=\"attachment-post-thumbnail size-post-thumbnail wp-post-image\" alt=\"\" decoding=\"async\" srcset=\"https:\/\/climbat.com\/wp-content\/uploads\/2022\/03\/cumplecat-1200x733.jpeg 1200w, https:\/\/climbat.com\/wp-content\/uploads\/2022\/03\/cumplecat-300x183.jpeg 300w, https:\/\/climbat.com\/wp-content\/uploads\/2022\/03\/cumplecat-1024x625.jpeg 1024w, https:\/\/climbat.com\/wp-content\/uploads\/2022\/03\/cumplecat-768x469.jpeg 768w, https:\/\/climbat.com\/wp-content\/uploads\/2022\/03\/cumplecat-1536x938.jpeg 1536w, https:\/\/climbat.com\/wp-content\/uploads\/2022\/03\/cumplecat-120x73.jpeg 120w, https:\/\/climbat.com\/wp-content\/uploads\/2022\/03\/cumplecat-81x49.jpeg 81w, https:\/\/climbat.com\/wp-content\/uploads\/2022\/03\/cumplecat.jpeg 1600w\" sizes=\"(max-width: 1200px) 100vw, 1200px\" \/><\/a><\/div>                   \t\t<div class=\"post-details pofo-post-description\">  \t\t\t\t\t\t<div class=\"novedad-title-container\"><a href=\"https:\/\/climbat.com\/ca\/aniversari-10\/\" class=\"title-novedad-post\">CELEBRA EL TEU ANIVERSARI AMB UN 10% DE DESCOMPTE<\/a><\/div>                        <div class=\"entry-content margin-10px-bottom\"                            style=\"font-size: 16px; font-weight: 400; color: #000000;\" data-fontsize=\"16px\">S\u2019acosta el teu aniversari i vols gaudir d\u2019una festa plena d\u2019aventura i emocions amb els...<\/div>                        <div class=\"separator-line-horrizontal-full bg-medium-light-gray no-margin-top margin-20px-bottom xs-margin-15px-bottom\"                            style=\"background-color:#000;\"><\/div>                            <a href=\"https:\/\/climbat.com\/ca\/aniversari-10\/\"                            class=\"btn-black btn no-margin white-space-normal btn-small\">Llegir m\u00e9s<\/a>                    <\/div>                <\/div>            <\/div>        <\/div>        <div class=\"blog-style7-1  margin-60px-bottom sm-margin-30px-bottom xs-margin-15px-bottom col-md-4 col-sm-6 col-xs-12 \">            <div class=\"post-23460 post type-post status-publish format-image has-post-thumbnail new-cajetilla-blanca\">                <div class=\"blog-post blog-post-style2 xs-text-center\">                    <div class=\"blog-post-images overflow-hidden margin-25px-bottom xs-margin-15px-bottom\"><a href=\"https:\/\/climbat.com\/ca\/2a-jornada-lliga-infantil-climbat\/\"><\/a><\/div>                   \t\t<div class=\"post-details pofo-post-description\">  \t\t\t\t\t\t<div class=\"novedad-title-container\"><a href=\"https:\/\/climbat.com\/ca\/2a-jornada-lliga-infantil-climbat\/\" class=\"title-novedad-post\">2\u00aa JORNADA LLIGA INFANTIL CLIMBAT<\/a><\/div>                        <div class=\"entry-content margin-10px-bottom\"                            style=\"font-size: 16px; font-weight: 400; color: #000000;\" data-fontsize=\"16px\">Torna la&nbsp;Lliga Infantil Climbat&nbsp;i aquesta vegada juguem a casa! Climbat La Foixarda es vestir\u00e0 de...<\/div>                        <div class=\"separator-line-horrizontal-full bg-medium-light-gray no-margin-top margin-20px-bottom xs-margin-15px-bottom\"                            style=\"background-color:#000;\"><\/div>                            <a href=\"https:\/\/climbat.com\/ca\/2a-jornada-lliga-infantil-climbat\/\"                            class=\"btn-black btn no-margin white-space-normal btn-small\">Llegir m\u00e9s<\/a>                    <\/div>                <\/div>            <\/div>        <\/div>        <div class=\"blog-style7-1  margin-60px-bottom sm-margin-30px-bottom xs-margin-15px-bottom col-md-4 col-sm-6 col-xs-12 \">            <div class=\"post-23460 post type-post status-publish format-image has-post-thumbnail new-cajetilla-blanca\">                <div class=\"blog-post blog-post-style2 xs-text-center\">                    <div class=\"blog-post-images overflow-hidden margin-25px-bottom xs-margin-15px-bottom\"><a href=\"https:\/\/climbat.com\/ca\/mes-del-amic-ga\/\"><img width=\"1200\" height=\"733\" src=\"https:\/\/climbat.com\/wp-content\/uploads\/2022\/03\/MESAMIC_CAT-1200x733.jpg\" class=\"attachment-post-thumbnail size-post-thumbnail wp-post-image\" alt=\"\" decoding=\"async\" srcset=\"https:\/\/climbat.com\/wp-content\/uploads\/2022\/03\/MESAMIC_CAT-1200x733.jpg 1200w, https:\/\/climbat.com\/wp-content\/uploads\/2022\/03\/MESAMIC_CAT-300x183.jpg 300w, https:\/\/climbat.com\/wp-content\/uploads\/2022\/03\/MESAMIC_CAT-1024x626.jpg 1024w, https:\/\/climbat.com\/wp-content\/uploads\/2022\/03\/MESAMIC_CAT-768x469.jpg 768w, https:\/\/climbat.com\/wp-content\/uploads\/2022\/03\/MESAMIC_CAT-1536x939.jpg 1536w, https:\/\/climbat.com\/wp-content\/uploads\/2022\/03\/MESAMIC_CAT-120x73.jpg 120w, https:\/\/climbat.com\/wp-content\/uploads\/2022\/03\/MESAMIC_CAT-81x50.jpg 81w, https:\/\/climbat.com\/wp-content\/uploads\/2022\/03\/MESAMIC_CAT.jpg 1767w\" sizes=\"(max-width: 1200px) 100vw, 1200px\" \/><\/a><\/div>                   \t\t<div class=\"post-details pofo-post-description\">  \t\t\t\t\t\t<div class=\"novedad-title-container\"><a href=\"https:\/\/climbat.com\/ca\/mes-del-amic-ga\/\" class=\"title-novedad-post\">MES DEL AMIC\/GA<\/a><\/div>                        <div class=\"entry-content margin-10px-bottom\"                            style=\"font-size: 16px; font-weight: 400; color: #000000;\" data-fontsize=\"16px\">\u00bfVols aconseguir un mes gratu\u00eft i gaudir acompanyat\/da del esport que m\u00e9s t\u2019agrada? Compartir aficions...<\/div>                        <div class=\"separator-line-horrizontal-full bg-medium-light-gray no-margin-top margin-20px-bottom xs-margin-15px-bottom\"                            style=\"background-color:#000;\"><\/div>                            <a href=\"https:\/\/climbat.com\/ca\/mes-del-amic-ga\/\"                            class=\"btn-black btn no-margin white-space-normal btn-small\">Llegir m\u00e9s<\/a>                    <\/div>                <\/div>            <\/div>        <\/div>        <div class=\"blog-style7-1  margin-60px-bottom sm-margin-30px-bottom xs-margin-15px-bottom col-md-4 col-sm-6 col-xs-12 \">            <div class=\"post-23460 post type-post status-publish format-image has-post-thumbnail new-cajetilla-blanca\">                <div class=\"blog-post blog-post-style2 xs-text-center\">                    <div class=\"blog-post-images overflow-hidden margin-25px-bottom xs-margin-15px-bottom\"><a href=\"https:\/\/climbat.com\/ca\/gaudeix-escalant-acompanyat-da-en-el-dia-del-soci-a\/\"><img width=\"1200\" height=\"675\" src=\"https:\/\/climbat.com\/wp-content\/uploads\/2022\/03\/soci8-lfx-scaled-1-1200x675.jpg\" class=\"attachment-post-thumbnail size-post-thumbnail wp-post-image\" alt=\"\" decoding=\"async\" srcset=\"https:\/\/climbat.com\/wp-content\/uploads\/2022\/03\/soci8-lfx-scaled-1-1200x675.jpg 1200w, https:\/\/climbat.com\/wp-content\/uploads\/2022\/03\/soci8-lfx-scaled-1-300x169.jpg 300w, https:\/\/climbat.com\/wp-content\/uploads\/2022\/03\/soci8-lfx-scaled-1-1024x576.jpg 1024w, https:\/\/climbat.com\/wp-content\/uploads\/2022\/03\/soci8-lfx-scaled-1-768x432.jpg 768w, https:\/\/climbat.com\/wp-content\/uploads\/2022\/03\/soci8-lfx-scaled-1-1536x864.jpg 1536w, https:\/\/climbat.com\/wp-content\/uploads\/2022\/03\/soci8-lfx-scaled-1-2048x1152.jpg 2048w, https:\/\/climbat.com\/wp-content\/uploads\/2022\/03\/soci8-lfx-scaled-1-120x68.jpg 120w, https:\/\/climbat.com\/wp-content\/uploads\/2022\/03\/soci8-lfx-scaled-1-81x46.jpg 81w\" sizes=\"(max-width: 1200px) 100vw, 1200px\" \/><\/a><\/div>                   \t\t<div class=\"post-details pofo-post-description\">  \t\t\t\t\t\t<div class=\"novedad-title-container\"><a href=\"https:\/\/climbat.com\/ca\/gaudeix-escalant-acompanyat-da-en-el-dia-del-soci-a\/\" class=\"title-novedad-post\">GAUDEIX ESCALANT ACOMPANYAT\/DA EN EL DIA DEL SOCI\/A<\/a><\/div>                        <div class=\"entry-content margin-10px-bottom\"                            style=\"font-size: 16px; font-weight: 400; color: #000000;\" data-fontsize=\"16px\">Climbat \u00e9s dels socis i les s\u00f2cies, gr\u00e0cies a ells\/es podem seguir millorant i fent...<\/div>                        <div class=\"separator-line-horrizontal-full bg-medium-light-gray no-margin-top margin-20px-bottom xs-margin-15px-bottom\"                            style=\"background-color:#000;\"><\/div>                            <a href=\"https:\/\/climbat.com\/ca\/gaudeix-escalant-acompanyat-da-en-el-dia-del-soci-a\/\"                            class=\"btn-black btn no-margin white-space-normal btn-small\">Llegir m\u00e9s<\/a>                    <\/div>                <\/div>            <\/div>        <\/div>        <div class=\"blog-style7-1  margin-60px-bottom sm-margin-30px-bottom xs-margin-15px-bottom col-md-4 col-sm-6 col-xs-12 \">            <div class=\"post-23460 post type-post status-publish format-image has-post-thumbnail new-cajetilla-blanca\">                <div class=\"blog-post blog-post-style2 xs-text-center\">                    <div class=\"blog-post-images overflow-hidden margin-25px-bottom xs-margin-15px-bottom\"><a href=\"https:\/\/climbat.com\/ca\/atencio-escaladors-es-2\/\"><\/a><\/div>                   \t\t<div class=\"post-details pofo-post-description\">  \t\t\t\t\t\t<div class=\"novedad-title-container\"><a href=\"https:\/\/climbat.com\/ca\/atencio-escaladors-es-2\/\" class=\"title-novedad-post\">ATENCI\u00d3 ESCALADORS\/ES<\/a><\/div>                        <div class=\"entry-content margin-10px-bottom\"                            style=\"font-size: 16px; font-weight: 400; color: #000000;\" data-fontsize=\"16px\">A causa d'uns problemes el\u00e8ctrics el Centri Esportiu Municipal d'escalada&nbsp;Climbat&nbsp;La Foixarda s'ha quedat sense llum,...<\/div>                        <div class=\"separator-line-horrizontal-full bg-medium-light-gray no-margin-top margin-20px-bottom xs-margin-15px-bottom\"                            style=\"background-color:#000;\"><\/div>                            <a href=\"https:\/\/climbat.com\/ca\/atencio-escaladors-es-2\/\"                            class=\"btn-black btn no-margin white-space-normal btn-small\">Llegir m\u00e9s<\/a>                    <\/div>                <\/div>            <\/div>        <\/div>        <div class=\"blog-style7-1  margin-60px-bottom sm-margin-30px-bottom xs-margin-15px-bottom col-md-4 col-sm-6 col-xs-12 \">            <div class=\"post-23460 post type-post status-publish format-image has-post-thumbnail new-cajetilla-blanca\">                <div class=\"blog-post blog-post-style2 xs-text-center\">                    <div class=\"blog-post-images overflow-hidden margin-25px-bottom xs-margin-15px-bottom\"><a href=\"https:\/\/climbat.com\/ca\/casal-de-setmana-santa\/\"><img width=\"1193\" height=\"771\" src=\"https:\/\/climbat.com\/wp-content\/uploads\/2022\/03\/CAMPS-TV_BCN_CAT_WEB-scaled-1-1193x771.jpg\" class=\"attachment-post-thumbnail size-post-thumbnail wp-post-image\" alt=\"\" decoding=\"async\" srcset=\"https:\/\/climbat.com\/wp-content\/uploads\/2022\/03\/CAMPS-TV_BCN_CAT_WEB-scaled-1-1193x771.jpg 1193w, https:\/\/climbat.com\/wp-content\/uploads\/2022\/03\/CAMPS-TV_BCN_CAT_WEB-scaled-1-300x194.jpg 300w, https:\/\/climbat.com\/wp-content\/uploads\/2022\/03\/CAMPS-TV_BCN_CAT_WEB-scaled-1-1024x662.jpg 1024w, https:\/\/climbat.com\/wp-content\/uploads\/2022\/03\/CAMPS-TV_BCN_CAT_WEB-scaled-1-768x497.jpg 768w, https:\/\/climbat.com\/wp-content\/uploads\/2022\/03\/CAMPS-TV_BCN_CAT_WEB-scaled-1-1536x993.jpg 1536w, https:\/\/climbat.com\/wp-content\/uploads\/2022\/03\/CAMPS-TV_BCN_CAT_WEB-scaled-1-2048x1324.jpg 2048w, https:\/\/climbat.com\/wp-content\/uploads\/2022\/03\/CAMPS-TV_BCN_CAT_WEB-scaled-1-120x78.jpg 120w, https:\/\/climbat.com\/wp-content\/uploads\/2022\/03\/CAMPS-TV_BCN_CAT_WEB-scaled-1-81x52.jpg 81w\" sizes=\"(max-width: 1193px) 100vw, 1193px\" \/><\/a><\/div>                   \t\t<div class=\"post-details pofo-post-description\">  \t\t\t\t\t\t<div class=\"novedad-title-container\"><a href=\"https:\/\/climbat.com\/ca\/casal-de-setmana-santa\/\" class=\"title-novedad-post\">CASAL DE SETMANA SANTA<\/a><\/div>                        <div class=\"entry-content margin-10px-bottom\"                            style=\"font-size: 16px; font-weight: 400; color: #000000;\" data-fontsize=\"16px\">Aix\u00f2 cal viure-ho! Sabem que les vacances escolars poden implicar un reajustament de la rutina...<\/div>                        <div class=\"separator-line-horrizontal-full bg-medium-light-gray no-margin-top margin-20px-bottom xs-margin-15px-bottom\"                            style=\"background-color:#000;\"><\/div>                            <a href=\"https:\/\/climbat.com\/ca\/casal-de-setmana-santa\/\"                            class=\"btn-black btn no-margin white-space-normal btn-small\">Llegir m\u00e9s<\/a>                    <\/div>                <\/div>            <\/div>        <\/div>        <div class=\"blog-style7-1  margin-60px-bottom sm-margin-30px-bottom xs-margin-15px-bottom col-md-4 col-sm-6 col-xs-12 \">            <div class=\"post-23460 post type-post status-publish format-image has-post-thumbnail new-cajetilla-blanca\">                <div class=\"blog-post blog-post-style2 xs-text-center\">                    <div class=\"blog-post-images overflow-hidden margin-25px-bottom xs-margin-15px-bottom\"><a href=\"https:\/\/climbat.com\/ca\/el-8-de-marc-climbat-es-vesteix-de-morat\/\"><img width=\"1200\" height=\"675\" src=\"https:\/\/climbat.com\/wp-content\/uploads\/2022\/02\/TV_C8M_CAT-1200x675.jpg\" class=\"attachment-post-thumbnail size-post-thumbnail wp-post-image\" alt=\"\" decoding=\"async\" srcset=\"https:\/\/climbat.com\/wp-content\/uploads\/2022\/02\/TV_C8M_CAT-1200x675.jpg 1200w, https:\/\/climbat.com\/wp-content\/uploads\/2022\/02\/TV_C8M_CAT-300x169.jpg 300w, https:\/\/climbat.com\/wp-content\/uploads\/2022\/02\/TV_C8M_CAT-1024x576.jpg 1024w, https:\/\/climbat.com\/wp-content\/uploads\/2022\/02\/TV_C8M_CAT-768x432.jpg 768w, https:\/\/climbat.com\/wp-content\/uploads\/2022\/02\/TV_C8M_CAT-1536x864.jpg 1536w, https:\/\/climbat.com\/wp-content\/uploads\/2022\/02\/TV_C8M_CAT-120x68.jpg 120w, https:\/\/climbat.com\/wp-content\/uploads\/2022\/02\/TV_C8M_CAT-81x46.jpg 81w, https:\/\/climbat.com\/wp-content\/uploads\/2022\/02\/TV_C8M_CAT.jpg 1920w\" sizes=\"(max-width: 1200px) 100vw, 1200px\" \/><\/a><\/div>                   \t\t<div class=\"post-details pofo-post-description\">  \t\t\t\t\t\t<div class=\"novedad-title-container\"><a href=\"https:\/\/climbat.com\/ca\/el-8-de-marc-climbat-es-vesteix-de-morat\/\" class=\"title-novedad-post\">EL 8 DE MAR\u00c7 CLIMBAT ES VESTEIX DE MORAT<\/a><\/div>                        <div class=\"entry-content margin-10px-bottom\"                            style=\"font-size: 16px; font-weight: 400; color: #000000;\" data-fontsize=\"16px\">&nbsp; Cada dia hi ha m\u00e9s dones que escullen l'escalada com el seu esport i...<\/div>                        <div class=\"separator-line-horrizontal-full bg-medium-light-gray no-margin-top margin-20px-bottom xs-margin-15px-bottom\"                            style=\"background-color:#000;\"><\/div>                            <a href=\"https:\/\/climbat.com\/ca\/el-8-de-marc-climbat-es-vesteix-de-morat\/\"                            class=\"btn-black btn no-margin white-space-normal btn-small\">Llegir m\u00e9s<\/a>                    <\/div>                <\/div>            <\/div>        <\/div>        <div class=\"blog-style7-1  margin-60px-bottom sm-margin-30px-bottom xs-margin-15px-bottom col-md-4 col-sm-6 col-xs-12 \">            <div class=\"post-23460 post type-post status-publish format-image has-post-thumbnail new-cajetilla-blanca\">                <div class=\"blog-post blog-post-style2 xs-text-center\">                    <div class=\"blog-post-images overflow-hidden margin-25px-bottom xs-margin-15px-bottom\"><a href=\"https:\/\/climbat.com\/ca\/celebre-el-dia-del-pare-a-climbat\/\"><img width=\"1200\" height=\"675\" src=\"https:\/\/climbat.com\/wp-content\/uploads\/2022\/02\/TV_DIA-PADRECAT-1200x675.jpg\" class=\"attachment-post-thumbnail size-post-thumbnail wp-post-image\" alt=\"\" decoding=\"async\" srcset=\"https:\/\/climbat.com\/wp-content\/uploads\/2022\/02\/TV_DIA-PADRECAT-1200x675.jpg 1200w, https:\/\/climbat.com\/wp-content\/uploads\/2022\/02\/TV_DIA-PADRECAT-300x169.jpg 300w, https:\/\/climbat.com\/wp-content\/uploads\/2022\/02\/TV_DIA-PADRECAT-1024x576.jpg 1024w, https:\/\/climbat.com\/wp-content\/uploads\/2022\/02\/TV_DIA-PADRECAT-768x432.jpg 768w, https:\/\/climbat.com\/wp-content\/uploads\/2022\/02\/TV_DIA-PADRECAT-1536x864.jpg 1536w, https:\/\/climbat.com\/wp-content\/uploads\/2022\/02\/TV_DIA-PADRECAT-120x68.jpg 120w, https:\/\/climbat.com\/wp-content\/uploads\/2022\/02\/TV_DIA-PADRECAT-81x46.jpg 81w, https:\/\/climbat.com\/wp-content\/uploads\/2022\/02\/TV_DIA-PADRECAT.jpg 1920w\" sizes=\"(max-width: 1200px) 100vw, 1200px\" \/><\/a><\/div>                   \t\t<div class=\"post-details pofo-post-description\">  \t\t\t\t\t\t<div class=\"novedad-title-container\"><a href=\"https:\/\/climbat.com\/ca\/celebre-el-dia-del-pare-a-climbat\/\" class=\"title-novedad-post\">CELEBRA EL DIA DEL PARE A CLIMBAT<\/a><\/div>                        <div class=\"entry-content margin-10px-bottom\"                            style=\"font-size: 16px; font-weight: 400; color: #000000;\" data-fontsize=\"16px\">Hi ha alguna cosa millor que compartir moments amb els teus fills? Practicar esport en...<\/div>                        <div class=\"separator-line-horrizontal-full bg-medium-light-gray no-margin-top margin-20px-bottom xs-margin-15px-bottom\"                            style=\"background-color:#000;\"><\/div>                            <a href=\"https:\/\/climbat.com\/ca\/celebre-el-dia-del-pare-a-climbat\/\"                            class=\"btn-black btn no-margin white-space-normal btn-small\">Llegir m\u00e9s<\/a>                    <\/div>                <\/div>            <\/div>        <\/div>        <div class=\"blog-style7-1  margin-60px-bottom sm-margin-30px-bottom xs-margin-15px-bottom col-md-4 col-sm-6 col-xs-12 \">            <div class=\"post-23460 post type-post status-publish format-image has-post-thumbnail new-cajetilla-blanca\">                <div class=\"blog-post blog-post-style2 xs-text-center\">                    <div class=\"blog-post-images overflow-hidden margin-25px-bottom xs-margin-15px-bottom\"><a href=\"https:\/\/climbat.com\/ca\/arriba-la-segona-jornada-de-la-lliga-climbat-a-aviles\/\"><img width=\"1043\" height=\"771\" src=\"https:\/\/climbat.com\/wp-content\/uploads\/2022\/02\/WEB_JORNADA-2-LA-LLIGA_CATWB-scaled-1-1043x771.jpg\" class=\"attachment-post-thumbnail size-post-thumbnail wp-post-image\" alt=\"\" decoding=\"async\" srcset=\"https:\/\/climbat.com\/wp-content\/uploads\/2022\/02\/WEB_JORNADA-2-LA-LLIGA_CATWB-scaled-1-1043x771.jpg 1043w, https:\/\/climbat.com\/wp-content\/uploads\/2022\/02\/WEB_JORNADA-2-LA-LLIGA_CATWB-scaled-1-300x222.jpg 300w, https:\/\/climbat.com\/wp-content\/uploads\/2022\/02\/WEB_JORNADA-2-LA-LLIGA_CATWB-scaled-1-1024x757.jpg 1024w, https:\/\/climbat.com\/wp-content\/uploads\/2022\/02\/WEB_JORNADA-2-LA-LLIGA_CATWB-scaled-1-768x568.jpg 768w, https:\/\/climbat.com\/wp-content\/uploads\/2022\/02\/WEB_JORNADA-2-LA-LLIGA_CATWB-scaled-1-1536x1135.jpg 1536w, https:\/\/climbat.com\/wp-content\/uploads\/2022\/02\/WEB_JORNADA-2-LA-LLIGA_CATWB-scaled-1-2048x1514.jpg 2048w, https:\/\/climbat.com\/wp-content\/uploads\/2022\/02\/WEB_JORNADA-2-LA-LLIGA_CATWB-scaled-1-120x89.jpg 120w, https:\/\/climbat.com\/wp-content\/uploads\/2022\/02\/WEB_JORNADA-2-LA-LLIGA_CATWB-scaled-1-81x60.jpg 81w\" sizes=\"(max-width: 1043px) 100vw, 1043px\" \/><\/a><\/div>                   \t\t<div class=\"post-details pofo-post-description\">  \t\t\t\t\t\t<div class=\"novedad-title-container\"><a href=\"https:\/\/climbat.com\/ca\/arriba-la-segona-jornada-de-la-lliga-climbat-a-aviles\/\" class=\"title-novedad-post\">ARRIBA LA SEGONA JORNADA DE LA LLIGA CLIMBAT A AVIL\u00c9S<\/a><\/div>                        <div class=\"entry-content margin-10px-bottom\"                            style=\"font-size: 16px; font-weight: 400; color: #000000;\" data-fontsize=\"16px\">Al mar\u00e7 celebrarem una&nbsp;nova jornada de la Lliga Climbat! Despr\u00e9s de viure un dia ple...<\/div>                        <div class=\"separator-line-horrizontal-full bg-medium-light-gray no-margin-top margin-20px-bottom xs-margin-15px-bottom\"                            style=\"background-color:#000;\"><\/div>                            <a href=\"https:\/\/climbat.com\/ca\/arriba-la-segona-jornada-de-la-lliga-climbat-a-aviles\/\"                            class=\"btn-black btn no-margin white-space-normal btn-small\">Llegir m\u00e9s<\/a>                    <\/div>                <\/div>            <\/div>        <\/div>        <div class=\"blog-style7-1  margin-60px-bottom sm-margin-30px-bottom xs-margin-15px-bottom col-md-4 col-sm-6 col-xs-12 \">            <div class=\"post-23460 post type-post status-publish format-image has-post-thumbnail new-cajetilla-blanca\">                <div class=\"blog-post blog-post-style2 xs-text-center\">                    <div class=\"blog-post-images overflow-hidden margin-25px-bottom xs-margin-15px-bottom\"><a href=\"https:\/\/climbat.com\/ca\/soci-marc\/\"><img width=\"1200\" height=\"675\" src=\"https:\/\/climbat.com\/wp-content\/uploads\/2022\/02\/TV_DI\u0301A-DEL-SOCI_CAT-copia-scaled-1-1200x675.jpg\" class=\"attachment-post-thumbnail size-post-thumbnail wp-post-image\" alt=\"\" decoding=\"async\" srcset=\"https:\/\/climbat.com\/wp-content\/uploads\/2022\/02\/TV_DI\u0301A-DEL-SOCI_CAT-copia-scaled-1-1200x675.jpg 1200w, https:\/\/climbat.com\/wp-content\/uploads\/2022\/02\/TV_DI\u0301A-DEL-SOCI_CAT-copia-scaled-1-300x169.jpg 300w, https:\/\/climbat.com\/wp-content\/uploads\/2022\/02\/TV_DI\u0301A-DEL-SOCI_CAT-copia-scaled-1-1024x576.jpg 1024w, https:\/\/climbat.com\/wp-content\/uploads\/2022\/02\/TV_DI\u0301A-DEL-SOCI_CAT-copia-scaled-1-768x432.jpg 768w, https:\/\/climbat.com\/wp-content\/uploads\/2022\/02\/TV_DI\u0301A-DEL-SOCI_CAT-copia-scaled-1-1536x864.jpg 1536w, https:\/\/climbat.com\/wp-content\/uploads\/2022\/02\/TV_DI\u0301A-DEL-SOCI_CAT-copia-scaled-1-2048x1152.jpg 2048w, https:\/\/climbat.com\/wp-content\/uploads\/2022\/02\/TV_DI\u0301A-DEL-SOCI_CAT-copia-scaled-1-120x68.jpg 120w, https:\/\/climbat.com\/wp-content\/uploads\/2022\/02\/TV_DI\u0301A-DEL-SOCI_CAT-copia-scaled-1-81x46.jpg 81w\" sizes=\"(max-width: 1200px) 100vw, 1200px\" \/><\/a><\/div>                   \t\t<div class=\"post-details pofo-post-description\">  \t\t\t\t\t\t<div class=\"novedad-title-container\"><a href=\"https:\/\/climbat.com\/ca\/soci-marc\/\" class=\"title-novedad-post\">GAUDEIX DE L\u2019ESCALADA EN DIA DEL SOCI I LA S\u00d2CIA ACOMPANYAT D\u2019UN AMIC O AMIGA<\/a><\/div>                        <div class=\"entry-content margin-10px-bottom\"                            style=\"font-size: 16px; font-weight: 400; color: #000000;\" data-fontsize=\"16px\">No hi ha res que ens agradi m\u00e9s que veure el centre ple d'escaladors i...<\/div>                        <div class=\"separator-line-horrizontal-full bg-medium-light-gray no-margin-top margin-20px-bottom xs-margin-15px-bottom\"                            style=\"background-color:#000;\"><\/div>                            <a href=\"https:\/\/climbat.com\/ca\/soci-marc\/\"                            class=\"btn-black btn no-margin white-space-normal btn-small\">Llegir m\u00e9s<\/a>                    <\/div>                <\/div>            <\/div>        <\/div>        <div class=\"blog-style7-1  margin-60px-bottom sm-margin-30px-bottom xs-margin-15px-bottom col-md-4 col-sm-6 col-xs-12 \">            <div class=\"post-23460 post type-post status-publish format-image has-post-thumbnail new-cajetilla-blanca\">                <div class=\"blog-post blog-post-style2 xs-text-center\">                    <div class=\"blog-post-images overflow-hidden margin-25px-bottom xs-margin-15px-bottom\"><a href=\"https:\/\/climbat.com\/ca\/viu-lesperit-de-carnestoltes-a-climbat-i-aconsegueix-el-teu-2x1\/\"><img width=\"1200\" height=\"675\" src=\"https:\/\/climbat.com\/wp-content\/uploads\/2022\/02\/TV_NEW_WEB_CLIMBAT_1024x528_CAT-1200x675.jpg\" class=\"attachment-post-thumbnail size-post-thumbnail wp-post-image\" alt=\"\" decoding=\"async\" srcset=\"https:\/\/climbat.com\/wp-content\/uploads\/2022\/02\/TV_NEW_WEB_CLIMBAT_1024x528_CAT-1200x675.jpg 1200w, https:\/\/climbat.com\/wp-content\/uploads\/2022\/02\/TV_NEW_WEB_CLIMBAT_1024x528_CAT-300x169.jpg 300w, https:\/\/climbat.com\/wp-content\/uploads\/2022\/02\/TV_NEW_WEB_CLIMBAT_1024x528_CAT-1024x576.jpg 1024w, https:\/\/climbat.com\/wp-content\/uploads\/2022\/02\/TV_NEW_WEB_CLIMBAT_1024x528_CAT-768x432.jpg 768w, https:\/\/climbat.com\/wp-content\/uploads\/2022\/02\/TV_NEW_WEB_CLIMBAT_1024x528_CAT-1536x864.jpg 1536w, https:\/\/climbat.com\/wp-content\/uploads\/2022\/02\/TV_NEW_WEB_CLIMBAT_1024x528_CAT-120x68.jpg 120w, https:\/\/climbat.com\/wp-content\/uploads\/2022\/02\/TV_NEW_WEB_CLIMBAT_1024x528_CAT-81x46.jpg 81w, https:\/\/climbat.com\/wp-content\/uploads\/2022\/02\/TV_NEW_WEB_CLIMBAT_1024x528_CAT.jpg 1920w\" sizes=\"(max-width: 1200px) 100vw, 1200px\" \/><\/a><\/div>                   \t\t<div class=\"post-details pofo-post-description\">  \t\t\t\t\t\t<div class=\"novedad-title-container\"><a href=\"https:\/\/climbat.com\/ca\/viu-lesperit-de-carnestoltes-a-climbat-i-aconsegueix-el-teu-2x1\/\" class=\"title-novedad-post\">VIU L&#8217;ESPERIT DE CARNESTOLTES A CLIMBAT I ACONSEGUEIX EL TEU 2X1<\/a><\/div>                        <div class=\"entry-content margin-10px-bottom\"                            style=\"font-size: 16px; font-weight: 400; color: #000000;\" data-fontsize=\"16px\">Ja tens la teva disfressa preparada? Si encara no saps de qu\u00e8 disfressar-te per Carnestoltes,...<\/div>                        <div class=\"separator-line-horrizontal-full bg-medium-light-gray no-margin-top margin-20px-bottom xs-margin-15px-bottom\"                            style=\"background-color:#000;\"><\/div>                            <a href=\"https:\/\/climbat.com\/ca\/viu-lesperit-de-carnestoltes-a-climbat-i-aconsegueix-el-teu-2x1\/\"                            class=\"btn-black btn no-margin white-space-normal btn-small\">Llegir m\u00e9s<\/a>                    <\/div>                <\/div>            <\/div>        <\/div>        <div class=\"blog-style7-1  margin-60px-bottom sm-margin-30px-bottom xs-margin-15px-bottom col-md-4 col-sm-6 col-xs-12 \">            <div class=\"post-23460 post type-post status-publish format-image has-post-thumbnail new-cajetilla-blanca\">                <div class=\"blog-post blog-post-style2 xs-text-center\">                    <div class=\"blog-post-images overflow-hidden margin-25px-bottom xs-margin-15px-bottom\"><a href=\"https:\/\/climbat.com\/ca\/del-roco-a-la-roca-2\/\"><img width=\"1200\" height=\"709\" src=\"https:\/\/climbat.com\/wp-content\/uploads\/2022\/02\/ROCO-ROCA-1200x709.jpeg\" class=\"attachment-post-thumbnail size-post-thumbnail wp-post-image\" alt=\"\" decoding=\"async\" srcset=\"https:\/\/climbat.com\/wp-content\/uploads\/2022\/02\/ROCO-ROCA-1200x709.jpeg 1200w, https:\/\/climbat.com\/wp-content\/uploads\/2022\/02\/ROCO-ROCA-300x177.jpeg 300w, https:\/\/climbat.com\/wp-content\/uploads\/2022\/02\/ROCO-ROCA-1024x605.jpeg 1024w, https:\/\/climbat.com\/wp-content\/uploads\/2022\/02\/ROCO-ROCA-768x454.jpeg 768w, https:\/\/climbat.com\/wp-content\/uploads\/2022\/02\/ROCO-ROCA-1536x908.jpeg 1536w, https:\/\/climbat.com\/wp-content\/uploads\/2022\/02\/ROCO-ROCA-120x71.jpeg 120w, https:\/\/climbat.com\/wp-content\/uploads\/2022\/02\/ROCO-ROCA-81x48.jpeg 81w, https:\/\/climbat.com\/wp-content\/uploads\/2022\/02\/ROCO-ROCA.jpeg 1920w\" sizes=\"(max-width: 1200px) 100vw, 1200px\" \/><\/a><\/div>                   \t\t<div class=\"post-details pofo-post-description\">  \t\t\t\t\t\t<div class=\"novedad-title-container\"><a href=\"https:\/\/climbat.com\/ca\/del-roco-a-la-roca-2\/\" class=\"title-novedad-post\">DEL ROCO A LA ROCA<\/a><\/div>                        <div class=\"entry-content margin-10px-bottom\"                            style=\"font-size: 16px; font-weight: 400; color: #000000;\" data-fontsize=\"16px\">Vols posar en pr\u00e0ctica tots els teus coneixements ara, al medi natural? En aquest taller...<\/div>                        <div class=\"separator-line-horrizontal-full bg-medium-light-gray no-margin-top margin-20px-bottom xs-margin-15px-bottom\"                            style=\"background-color:#000;\"><\/div>                            <a href=\"https:\/\/climbat.com\/ca\/del-roco-a-la-roca-2\/\"                            class=\"btn-black btn no-margin white-space-normal btn-small\">Llegir m\u00e9s<\/a>                    <\/div>                <\/div>            <\/div>        <\/div>        <div class=\"blog-style7-1  margin-60px-bottom sm-margin-30px-bottom xs-margin-15px-bottom col-md-4 col-sm-6 col-xs-12 \">            <div class=\"post-23460 post type-post status-publish format-image has-post-thumbnail new-cajetilla-blanca\">                <div class=\"blog-post blog-post-style2 xs-text-center\">                    <div class=\"blog-post-images overflow-hidden margin-25px-bottom xs-margin-15px-bottom\"><a href=\"https:\/\/climbat.com\/ca\/nova-promocio-dinscripcio-anual\/\"><\/a><\/div>                   \t\t<div class=\"post-details pofo-post-description\">  \t\t\t\t\t\t<div class=\"novedad-title-container\"><a href=\"https:\/\/climbat.com\/ca\/nova-promocio-dinscripcio-anual\/\" class=\"title-novedad-post\">NOVA PROMOCI\u00d3 D&#8217;INSCRIPCI\u00d3 ANUAL<\/a><\/div>                        <div class=\"entry-content margin-10px-bottom\"                            style=\"font-size: 16px; font-weight: 400; color: #000000;\" data-fontsize=\"16px\">Comen\u00e7a l'any i acaba'l escalant amb la nova promoci\u00f3 d'inscripci\u00f3 anual Vols escalar en el...<\/div>                        <div class=\"separator-line-horrizontal-full bg-medium-light-gray no-margin-top margin-20px-bottom xs-margin-15px-bottom\"                            style=\"background-color:#000;\"><\/div>                            <a href=\"https:\/\/climbat.com\/ca\/nova-promocio-dinscripcio-anual\/\"                            class=\"btn-black btn no-margin white-space-normal btn-small\">Llegir m\u00e9s<\/a>                    <\/div>                <\/div>            <\/div>        <\/div>        <div class=\"blog-style7-1  margin-60px-bottom sm-margin-30px-bottom xs-margin-15px-bottom col-md-4 col-sm-6 col-xs-12 \">            <div class=\"post-23460 post type-post status-publish format-image has-post-thumbnail new-cajetilla-blanca\">                <div class=\"blog-post blog-post-style2 xs-text-center\">                    <div class=\"blog-post-images overflow-hidden margin-25px-bottom xs-margin-15px-bottom\"><a href=\"https:\/\/climbat.com\/ca\/lliga-infantil-climbat-2021-2022\/\"><img width=\"1200\" height=\"675\" src=\"https:\/\/climbat.com\/wp-content\/uploads\/2022\/01\/TV_LIGA-INFANIL_CAT_FEBRER-1200x675.jpg\" class=\"attachment-post-thumbnail size-post-thumbnail wp-post-image\" alt=\"\" decoding=\"async\" srcset=\"https:\/\/climbat.com\/wp-content\/uploads\/2022\/01\/TV_LIGA-INFANIL_CAT_FEBRER-1200x675.jpg 1200w, https:\/\/climbat.com\/wp-content\/uploads\/2022\/01\/TV_LIGA-INFANIL_CAT_FEBRER-300x169.jpg 300w, https:\/\/climbat.com\/wp-content\/uploads\/2022\/01\/TV_LIGA-INFANIL_CAT_FEBRER-1024x576.jpg 1024w, https:\/\/climbat.com\/wp-content\/uploads\/2022\/01\/TV_LIGA-INFANIL_CAT_FEBRER-768x432.jpg 768w, https:\/\/climbat.com\/wp-content\/uploads\/2022\/01\/TV_LIGA-INFANIL_CAT_FEBRER-1536x864.jpg 1536w, https:\/\/climbat.com\/wp-content\/uploads\/2022\/01\/TV_LIGA-INFANIL_CAT_FEBRER-120x68.jpg 120w, https:\/\/climbat.com\/wp-content\/uploads\/2022\/01\/TV_LIGA-INFANIL_CAT_FEBRER-81x46.jpg 81w, https:\/\/climbat.com\/wp-content\/uploads\/2022\/01\/TV_LIGA-INFANIL_CAT_FEBRER.jpg 1920w\" sizes=\"(max-width: 1200px) 100vw, 1200px\" \/><\/a><\/div>                   \t\t<div class=\"post-details pofo-post-description\">  \t\t\t\t\t\t<div class=\"novedad-title-container\"><a href=\"https:\/\/climbat.com\/ca\/lliga-infantil-climbat-2021-2022\/\" class=\"title-novedad-post\">LLIGA INFANTIL CLIMBAT 2021-2022<\/a><\/div>                        <div class=\"entry-content margin-10px-bottom\"                            style=\"font-size: 16px; font-weight: 400; color: #000000;\" data-fontsize=\"16px\">A Climbat no ens oblidem d'aquells que seran el futur del nostre esport per aix\u00f2,...<\/div>                        <div class=\"separator-line-horrizontal-full bg-medium-light-gray no-margin-top margin-20px-bottom xs-margin-15px-bottom\"                            style=\"background-color:#000;\"><\/div>                            <a href=\"https:\/\/climbat.com\/ca\/lliga-infantil-climbat-2021-2022\/\"                            class=\"btn-black btn no-margin white-space-normal btn-small\">Llegir m\u00e9s<\/a>                    <\/div>                <\/div>            <\/div>        <\/div>        <div class=\"blog-style7-1  margin-60px-bottom sm-margin-30px-bottom xs-margin-15px-bottom col-md-4 col-sm-6 col-xs-12 \">            <div class=\"post-23460 post type-post status-publish format-image has-post-thumbnail new-cajetilla-blanca\">                <div class=\"blog-post blog-post-style2 xs-text-center\">                    <div class=\"blog-post-images overflow-hidden margin-25px-bottom xs-margin-15px-bottom\"><a href=\"https:\/\/climbat.com\/ca\/el-primer-divendres-del-mes-a-climbat-es-sinonim-de-dia-del-soci-a\/\"><img width=\"1200\" height=\"675\" src=\"https:\/\/climbat.com\/wp-content\/uploads\/2022\/01\/TV_DI\u0301A-DEL-SOCI_CAT-scaled-1-1200x675.jpg\" class=\"attachment-post-thumbnail size-post-thumbnail wp-post-image\" alt=\"\" decoding=\"async\" srcset=\"https:\/\/climbat.com\/wp-content\/uploads\/2022\/01\/TV_DI\u0301A-DEL-SOCI_CAT-scaled-1-1200x675.jpg 1200w, https:\/\/climbat.com\/wp-content\/uploads\/2022\/01\/TV_DI\u0301A-DEL-SOCI_CAT-scaled-1-300x169.jpg 300w, https:\/\/climbat.com\/wp-content\/uploads\/2022\/01\/TV_DI\u0301A-DEL-SOCI_CAT-scaled-1-1024x576.jpg 1024w, https:\/\/climbat.com\/wp-content\/uploads\/2022\/01\/TV_DI\u0301A-DEL-SOCI_CAT-scaled-1-768x432.jpg 768w, https:\/\/climbat.com\/wp-content\/uploads\/2022\/01\/TV_DI\u0301A-DEL-SOCI_CAT-scaled-1-1536x864.jpg 1536w, https:\/\/climbat.com\/wp-content\/uploads\/2022\/01\/TV_DI\u0301A-DEL-SOCI_CAT-scaled-1-2048x1152.jpg 2048w, https:\/\/climbat.com\/wp-content\/uploads\/2022\/01\/TV_DI\u0301A-DEL-SOCI_CAT-scaled-1-120x68.jpg 120w, https:\/\/climbat.com\/wp-content\/uploads\/2022\/01\/TV_DI\u0301A-DEL-SOCI_CAT-scaled-1-81x46.jpg 81w\" sizes=\"(max-width: 1200px) 100vw, 1200px\" \/><\/a><\/div>                   \t\t<div class=\"post-details pofo-post-description\">  \t\t\t\t\t\t<div class=\"novedad-title-container\"><a href=\"https:\/\/climbat.com\/ca\/el-primer-divendres-del-mes-a-climbat-es-sinonim-de-dia-del-soci-a\/\" class=\"title-novedad-post\">EL PRIMER DIVENDRES DEL MES A CLIMBAT \u00c9S SIN\u00d2NIM DE DIA DEL SOCI\/A<\/a><\/div>                        <div class=\"entry-content margin-10px-bottom\"                            style=\"font-size: 16px; font-weight: 400; color: #000000;\" data-fontsize=\"16px\">Donem la benvinguda a febrer i, com sempre, el primer divendres de mes \u00e9s un...<\/div>                        <div class=\"separator-line-horrizontal-full bg-medium-light-gray no-margin-top margin-20px-bottom xs-margin-15px-bottom\"                            style=\"background-color:#000;\"><\/div>                            <a href=\"https:\/\/climbat.com\/ca\/el-primer-divendres-del-mes-a-climbat-es-sinonim-de-dia-del-soci-a\/\"                            class=\"btn-black btn no-margin white-space-normal btn-small\">Llegir m\u00e9s<\/a>                    <\/div>                <\/div>            <\/div>        <\/div>    <\/div><\/div>\n<\/div><\/div><\/div><\/div><\/section><div class=\"vc_row-full-width vc_clearfix\"><\/div>\n<\/div>","protected":false},"excerpt":{"rendered":"Donem la benvinguda a febrer i, com sempre, el primer divendres de mes \u00e9s un dia especial, a Climbat celebrem el&nbsp;dia del soci i la s\u00f2cia! &nbsp; Divendres que ve,&nbsp;4 de febrer, tots els socis i s\u00f2cies podeu venir amb un amic o amiga que entrar\u00e0 gratis per a gaudir tant com tu de la nostra sala. &nbsp;Ja has triat a l\u2019afortunat\/da?","protected":false},"author":2,"featured_media":0,"parent":0,"menu_order":0,"comment_status":"closed","ping_status":"closed","template":"","meta":{"footnotes":""},"categoria_centro":[101],"acf":[],"yoast_head":"<!-- This site is optimized with the Yoast SEO plugin v22.5 - https:\/\/yoast.com\/wordpress\/plugins\/seo\/ -->\n<title>Not\u00edcies | Climbat La Foixarda<\/title>\n<meta name=\"description\" content=\"Consulta les \u00faltimes novetats i esdeveniments al centre d\u2019escalada Climbat La Foixarda de Barcelona: competicions, tallers, activitats familiars i m\u00e9s.\" \/>\n<meta name=\"robots\" content=\"index, follow, max-snippet:-1, max-image-preview:large, max-video-preview:-1\" \/>\n<link rel=\"canonical\" href=\"https:\/\/climbat.com\/ca\/noticies-la-foixarda\/\" \/>\n<meta property=\"og:locale\" content=\"en_US\" \/>\n<meta property=\"og:type\" content=\"article\" \/>\n<meta property=\"og:title\" content=\"Not\u00edcies | Climbat La Foixarda\" \/>\n<meta property=\"og:description\" content=\"Consulta les \u00faltimes novetats i esdeveniments al centre d\u2019escalada Climbat La Foixarda de Barcelona: competicions, tallers, activitats familiars i m\u00e9s.\" \/>\n<meta property=\"og:url\" content=\"https:\/\/climbat.com\/ca\/noticies-la-foixarda\/\" \/>\n<meta property=\"og:site_name\" content=\"Inicio - Climbat | Climbing gyms\" \/>\n<meta property=\"article:modified_time\" content=\"2025-10-28T12:44:42+00:00\" \/>\n<meta name=\"twitter:card\" content=\"summary_large_image\" \/>\n<meta name=\"twitter:label1\" content=\"Est. reading time\" \/>\n\t<meta name=\"twitter:data1\" content=\"1 minute\" \/>\n<script type=\"application\/ld+json\" class=\"yoast-schema-graph\">{\"@context\":\"https:\/\/schema.org\",\"@graph\":[{\"@type\":\"WebPage\",\"@id\":\"https:\/\/climbat.com\/ca\/noticies-la-foixarda\/\",\"url\":\"https:\/\/climbat.com\/ca\/noticies-la-foixarda\/\",\"name\":\"Not\u00edcies | Climbat La Foixarda\",\"isPartOf\":{\"@id\":\"https:\/\/climbat.com\/#website\"},\"datePublished\":\"2025-10-11T20:08:59+00:00\",\"dateModified\":\"2025-10-28T12:44:42+00:00\",\"description\":\"Consulta les \u00faltimes novetats i esdeveniments al centre d\u2019escalada Climbat La Foixarda de Barcelona: competicions, tallers, activitats familiars i m\u00e9s.\",\"breadcrumb\":{\"@id\":\"https:\/\/climbat.com\/ca\/noticies-la-foixarda\/#breadcrumb\"},\"inLanguage\":\"cat\",\"potentialAction\":[{\"@type\":\"ReadAction\",\"target\":[\"https:\/\/climbat.com\/ca\/noticies-la-foixarda\/\"]}]},{\"@type\":\"BreadcrumbList\",\"@id\":\"https:\/\/climbat.com\/ca\/noticies-la-foixarda\/#breadcrumb\",\"itemListElement\":[{\"@type\":\"ListItem\",\"position\":1,\"name\":\"Portada\",\"item\":\"https:\/\/climbat.com\/ca\/\"},{\"@type\":\"ListItem\",\"position\":2,\"name\":\"Not\u00edcies La Foixarda\"}]},{\"@type\":\"WebSite\",\"@id\":\"https:\/\/climbat.com\/#website\",\"url\":\"https:\/\/climbat.com\/\",\"name\":\"Inicio - Climbat | Climbing gyms\",\"description\":\"Climbat es referente en el mundo de la escalada como operador de salas de escalada orientados a p\u00fablicos de todos los niveles\",\"potentialAction\":[{\"@type\":\"SearchAction\",\"target\":{\"@type\":\"EntryPoint\",\"urlTemplate\":\"https:\/\/climbat.com\/?s={search_term_string}\"},\"query-input\":\"required name=search_term_string\"}],\"inLanguage\":\"cat\"}]}<\/script>\n<!-- \/ Yoast SEO plugin. -->","yoast_head_json":{"title":"Not\u00edcies | Climbat La Foixarda","description":"Consulta les \u00faltimes novetats i esdeveniments al centre d\u2019escalada Climbat La Foixarda de Barcelona: competicions, tallers, activitats familiars i m\u00e9s.","robots":{"index":"index","follow":"follow","max-snippet":"max-snippet:-1","max-image-preview":"max-image-preview:large","max-video-preview":"max-video-preview:-1"},"canonical":"https:\/\/climbat.com\/ca\/noticies-la-foixarda\/","og_locale":"en_US","og_type":"article","og_title":"Not\u00edcies | Climbat La Foixarda","og_description":"Consulta les \u00faltimes novetats i esdeveniments al centre d\u2019escalada Climbat La Foixarda de Barcelona: competicions, tallers, activitats familiars i m\u00e9s.","og_url":"https:\/\/climbat.com\/ca\/noticies-la-foixarda\/","og_site_name":"Inicio - Climbat | Climbing gyms","article_modified_time":"2025-10-28T12:44:42+00:00","twitter_card":"summary_large_image","twitter_misc":{"Est. reading time":"1 minute"},"schema":{"@context":"https:\/\/schema.org","@graph":[{"@type":"WebPage","@id":"https:\/\/climbat.com\/ca\/noticies-la-foixarda\/","url":"https:\/\/climbat.com\/ca\/noticies-la-foixarda\/","name":"Not\u00edcies | Climbat La Foixarda","isPartOf":{"@id":"https:\/\/climbat.com\/#website"},"datePublished":"2025-10-11T20:08:59+00:00","dateModified":"2025-10-28T12:44:42+00:00","description":"Consulta les \u00faltimes novetats i esdeveniments al centre d\u2019escalada Climbat La Foixarda de Barcelona: competicions, tallers, activitats familiars i m\u00e9s.","breadcrumb":{"@id":"https:\/\/climbat.com\/ca\/noticies-la-foixarda\/#breadcrumb"},"inLanguage":"cat","potentialAction":[{"@type":"ReadAction","target":["https:\/\/climbat.com\/ca\/noticies-la-foixarda\/"]}]},{"@type":"BreadcrumbList","@id":"https:\/\/climbat.com\/ca\/noticies-la-foixarda\/#breadcrumb","itemListElement":[{"@type":"ListItem","position":1,"name":"Portada","item":"https:\/\/climbat.com\/ca\/"},{"@type":"ListItem","position":2,"name":"Not\u00edcies La Foixarda"}]},{"@type":"WebSite","@id":"https:\/\/climbat.com\/#website","url":"https:\/\/climbat.com\/","name":"Inicio - Climbat | Climbing gyms","description":"Climbat es referente en el mundo de la escalada como operador de salas de escalada orientados a p\u00fablicos de todos los niveles","potentialAction":[{"@type":"SearchAction","target":{"@type":"EntryPoint","urlTemplate":"https:\/\/climbat.com\/?s={search_term_string}"},"query-input":"required name=search_term_string"}],"inLanguage":"cat"}]}},"_links":{"self":[{"href":"https:\/\/climbat.com\/ca\/wp-json\/wp\/v2\/pages\/27090"}],"collection":[{"href":"https:\/\/climbat.com\/ca\/wp-json\/wp\/v2\/pages"}],"about":[{"href":"https:\/\/climbat.com\/ca\/wp-json\/wp\/v2\/types\/page"}],"author":[{"embeddable":true,"href":"https:\/\/climbat.com\/ca\/wp-json\/wp\/v2\/users\/2"}],"replies":[{"embeddable":true,"href":"https:\/\/climbat.com\/ca\/wp-json\/wp\/v2\/comments?post=27090"}],"version-history":[{"count":0,"href":"https:\/\/climbat.com\/ca\/wp-json\/wp\/v2\/pages\/27090\/revisions"}],"wp:attachment":[{"href":"https:\/\/climbat.com\/ca\/wp-json\/wp\/v2\/media?parent=27090"}],"wp:term":[{"taxonomy":"categoria_centro","embeddable":true,"href":"https:\/\/climbat.com\/ca\/wp-json\/wp\/v2\/categoria_centro?post=27090"}],"curies":[{"name":"wp","href":"https:\/\/api.w.org\/{rel}","templated":true}]}}